{"id":78834,"date":"2025-02-18T15:23:06","date_gmt":"2025-02-18T14:23:06","guid":{"rendered":"https:\/\/waldspurger.ch\/trasporto-passeggeri\/sedile-monoposto-e-panca\/einzel-schlafsitz\/"},"modified":"2025-04-15T15:03:52","modified_gmt":"2025-04-15T13:03:52","slug":"sedile-letto-singolo","status":"publish","type":"page","link":"https:\/\/waldspurger.ch\/it\/trasporto-passeggeri\/sedile-monoposto-e-panca\/sedile-letto-singolo\/","title":{"rendered":"Sedile letto singolo"},"content":{"rendered":"<div class=\"wpb-content-wrapper\"><p>[vc_section full_width=&#8221;stretch_row&#8221; full_height=&#8221;yes&#8221; content_placement=&#8221;top&#8221; css_animation=&#8221;fadeIn&#8221; css=&#8221;.vc_custom_1740571098433{margin-top: 0px !important;border-top-width: 0px !important;padding-top: 0px !important;background-image: url(https:\/\/waldspurger.ch\/wp-content\/uploads\/2025\/02\/Waldspurger_AG_RelaX-Sitz_Einzel-Schlafsitz.jpg?id=78735) !important;background-position: center !important;background-repeat: no-repeat !important;background-size: cover !important;}&#8221; el_class=&#8221;custom-fullheight-section&#8221;][vc_row full_height=&#8221;yes&#8221; content_placement=&#8221;top&#8221; css_animation=&#8221;fadeIn&#8221; el_class=&#8221;stretch-fullheight-innerrow&#8221; effects_enabled_delay=&#8221;500&#8243;][vc_column width=&#8221;1\/4&#8243; css=&#8221;.vc_custom_1582122319023{background-color: rgba(179,32,34,0.58) !important;background-position: center !important;background-repeat: no-repeat !important;background-size: cover !important;*background-color: rgb(179,32,34) !important;}&#8221; el_class=&#8221;.stretch-fullheight-innerrow-column main-visual-column&#8221;][vc_column_text css=&#8221;&#8221;]<\/p>\n<h3 style=\"text-align: center;\"><span style=\"color: #ffffff;\">Sedile letto singolo <\/span><\/h3>\n<p style=\"text-align: center; color: #ffffff; padding-bottom: 35px;\">Con poche mosse, RelaX si trasforma da comodo sedile singolo in pratico letto, offrendo la massima flessibilit\u00e0 con il minimo ingombro.<\/p>\n<p>[\/vc_column_text][\/vc_column][vc_column width=&#8221;1\/4&#8243;][\/vc_column][vc_column width=&#8221;1\/4&#8243;][\/vc_column][vc_column width=&#8221;1\/4&#8243;][\/vc_column][\/vc_row][\/vc_section][vc_row mobile_padding_top=&#8221;0&#8243; mobile_margin_top=&#8221;0&#8243;][vc_column width=&#8221;1\/2&#8243; css_animation=&#8221;fadeInLeft&#8221; css=&#8221;.vc_custom_1642411767066{margin-bottom: 25px !important;padding-top: 45px !important;padding-bottom: 0px !important;}&#8221;][vc_column_text css=&#8221;.vc_custom_1743603387763{margin-top: 40px !important;margin-bottom: 20px !important;padding-bottom: 20px !important;}&#8221;]<\/p>\n<h2><strong>Sedile letto singolo<\/strong><\/h2>\n<p>Il sedile letto singolo si pu\u00f2 montare in ogni momento nella maggior parte dei camper e furgoni. Il sedile \u00e8 provvisto di rapporto di prova DTC ed \u00e8 pertanto approvato dall\u2019ufficio della circolazione stradale e riportato nei documenti del veicolo. Per questo motivo pu\u00f2 essere utilizzato per il trasporto di persone nel rispetto delle normative. Il sedile letto singolo \u00e8 dotato di sistema di cinture a tre punti integrato. Non \u00e8 quindi necessario applicare cinture o supporti alla carrozzeria del veicolo o sul pavimento.<br \/>\nCon poche mosse, RelaX si trasforma da comodo sedile singolo in pratico letto, offrendo il massimo comfort.<br \/>\nLa posizione dello schienale \u00e8 personalizzabile grazie al sistema di regolazione continua all\u2019indietro.<br \/>\nIl poggiatesta estraibile consente di ampliare la superficie di riposo.<br \/>\nIl sedile letto singolo RelaX si fissa facilmente al nostro pratico sistema di guide e pu\u00f2 essere spostato all\u2019interno del veicolo. Grazie all\u2019Isofix, anche i seggiolini per bambini possono essere fissati con sicurezza. Inoltre, qualora ve ne sia la necessit\u00e0, il RelaX \u00e8 facilmente smontabile dal veicolo, grazie agli attacchi a chiusura rapida. Sulle guide si possono montare anche ulteriori sedili singoli, uno scaffale o un tavolo.<br \/>\n[\/vc_column_text][\/vc_column][vc_column width=&#8221;1\/2&#8243; css_animation=&#8221;fadeInRight&#8221; mobile_padding_top=&#8221;0&#8243; mobile_padding_bottom=&#8221;0&#8243; mobile_margin_top=&#8221;0&#8243; mobile_margin_bottom=&#8221;20&#8243; css=&#8221;.vc_custom_1642411775188{margin-top: 120px !important;margin-bottom: 30px !important;}&#8221;][vc_single_image source=&#8221;external_link&#8221; css=&#8221;.vc_custom_1739889275343{margin-top: 0px !important;margin-bottom: 0px !important;}&#8221; custom_src=&#8221;https:\/\/waldspurger.ch\/wp-content\/uploads\/2025\/02\/Waldspurger_AG_Einzel-Schlafsitz_RelaX.gif&#8221;][\/vc_column][\/vc_row][vc_row full_width=&#8221;stretch_row&#8221; css=&#8221;.vc_custom_1618489965952{padding-top: 30px !important;padding-bottom: 70px !important;background-color: #f2f2ed !important;}&#8221;][vc_column css_animation=&#8221;fadeInUp&#8221;][vc_icon icon_fontawesome=&#8221;fas fa-arrow-right&#8221; color=&#8221;custom&#8221; background_style=&#8221;rounded&#8221; background_color=&#8221;custom&#8221; size=&#8221;lg&#8221; custom_color=&#8221;#c3bab9&#8243; el_class=&#8221;custom_round_icon_border_floatleft&#8221;][vc_column_text css=&#8221;.vc_custom_1743603402907{margin-bottom: 40px !important;}&#8221; el_class=&#8221;custom_maxwidth c_dblock&#8221;]<\/p>\n<h3><strong>MODELLI DI VEICOLI<\/strong><\/h3>\n<h4 style=\"margin-bottom: 20px;\">IL SEDILE GIUSTO PER IL SUO VEICOLO<\/h4>\n<p>[\/vc_column_text][vc_column_text css=&#8221;&#8221; el_class=&#8221;custom_maxwidth&#8221;]<strong>I sistemi di seduta waldspurger hanno superato numerosi test dtc o fakt. per questo motivo i nostri sedili soddisfano i pi\u00f9 elevati standard di sicurezza svizzeri e sono sempre consegnati corredati da un rapporto di verifica svizzero.<br \/>\nGrazie alla nostra pluriennale esperienza possiamo installare i sedili monoposto e le panche della nostra vasta gamma sui seguenti veicoli:<\/strong><\/p>\n<p>Citro\u00ebn Jumpy, Jumper<br \/>\nFiat Talento, Ducato<br \/>\nFord Custom, Transit<br \/>\nIveco Daily<br \/>\nMAN TGE<br \/>\nMercedes Vito, Viano, V-Klasse, Sprinter<br \/>\nMaxus eDeliver 3, EV80, eDeliver9<br \/>\nNissan NV300 (Primastar), NV400 (Interstar)<br \/>\nOpel Vivaro, Movano<br \/>\nPeugeot Expert, Boxer<br \/>\nRenault Trafic, Master<br \/>\nToyota Hiace, Proace, Proace Max<br \/>\nVW T4, T5, T6, T7, LT, Crafter<\/p>\n<p><strong>Non trova il suo veicolo in questo elenco? Nessun problema! Ci contatti. Insieme troveremo una soluzione per le sue esigenze.<\/strong>[\/vc_column_text][\/vc_column][\/vc_row][vc_row css_animation=&#8221;fadeInUp&#8221; css=&#8221;.vc_custom_1641484065414{margin-top: 50px !important;padding-top: 0px !important;}&#8221; mobile_padding_bottom=&#8221;0&#8243; mobile_margin_bottom=&#8221;0&#8243;][vc_column css=&#8221;.vc_custom_1641804991476{margin-top: 0px !important;padding-top: 0px !important;}&#8221; mobile_margin_bottom=&#8221;30&#8243;][vc_icon icon_fontawesome=&#8221;fas fa-video&#8221; color=&#8221;custom&#8221; background_style=&#8221;rounded&#8221; background_color=&#8221;custom&#8221; size=&#8221;lg&#8221; custom_color=&#8221;#c3bab9&#8243; el_class=&#8221;custom_round_icon_border_floatleft&#8221;][vc_column_text css=&#8221;.vc_custom_1743603429407{margin-bottom: 20px !important;}&#8221; el_class=&#8221;custom_maxwidth&#8221;]<\/p>\n<h3><span style=\"color: #b32022;\">Videos<\/span><\/h3>\n<p>Possiede gi\u00e0 un veicolo riequipaggiato da noi e desidera ricevere le istruzioni per l\u2019uso? Desidera vedere come ha origine il riequipaggiamento di un veicolo? Guardi i nostri video sull\u2019argomento.[\/vc_column_text][\/vc_column][\/vc_row][vc_row content_placement=&#8221;middle&#8221; css_animation=&#8221;fadeInUp&#8221; css=&#8221;.vc_custom_1740583551876{padding-right: 10px !important;padding-bottom: 50px !important;padding-left: 10px !important;}&#8221;][vc_column width=&#8221;1\/3&#8243; css=&#8221;.vc_custom_1641484162693{margin-top: 0px !important;margin-right: 0px !important;margin-bottom: 30px !important;margin-left: 0px !important;padding-top: 0px !important;padding-right: 10px !important;padding-bottom: 0px !important;padding-left: 10px !important;background-position: center !important;background-repeat: no-repeat !important;background-size: cover !important;}&#8221; el_id=&#8221;entstehungsvideo&#8221; mobile_margin_bottom=&#8221;0&#8243;][vc_column_text css=&#8221;.vc_custom_1739891762188{margin-top: 0px !important;margin-right: 0px !important;margin-bottom: 0px !important;margin-left: 0px !important;padding-top: 0px !important;padding-right: 0px !important;padding-bottom: 0px !important;padding-left: 0px !important;}&#8221;]<div class=\"wonderplugin-video\" style=\"width:600px;height:400px;position:relative;display:block;background-color:#000;overflow:hidden;max-width:100%;margin:0 auto\" data-aspectratio=\"1.5\"><div class=\"wpve-videoplayer\" style=\"display:block;position:relative;width:100%;height:100%\" data-mp4=\"https:\/\/waldspurger.ch\/wp-content\/uploads\/2025\/02\/Waldspurger_AG_RelaX-Sitz.mp4\" data-skinfolder=\"https:\/\/waldspurger.ch\/wp-content\/plugins\/wonderplugin-video-embed\/engine\/\" data-poster=\"https:\/\/waldspurger.ch\/wp-content\/uploads\/2025\/02\/Waldspurger_AG_RelaX-Sitz_Poster.png\" data-playbutton=\"https:\/\/waldspurger.ch\/wp-content\/plugins\/wonderplugin-video-embed\/engine\/playvideo-64-64-0.png\"><\/div><\/div>[\/vc_column_text][\/vc_column][\/vc_row]<\/p>\n<\/div>","protected":false},"excerpt":{"rendered":"<p>[vc_section full_width=&#8221;stretch_row&#8221; full_height=&#8221;yes&#8221; content_placement=&#8221;top&#8221; css_animation=&#8221;fadeIn&#8221; css=&#8221;.vc_custom_1740571098433{margin-top: 0px !important;border-top-width: 0px !important;padding-top: 0px !important;background-image: url(https:\/\/waldspurger.ch\/wp-content\/uploads\/2025\/02\/Waldspurger_AG_RelaX-Sitz_Einzel-Schlafsitz.jpg?id=78735) !important;background-position: center !important;background-repeat: no-repeat !important;background-size: cover !important;}&#8221;&#8230;<\/p>\n","protected":false},"author":1,"featured_media":0,"parent":35247,"menu_order":0,"comment_status":"closed","ping_status":"closed","template":"","meta":{"footnotes":""},"class_list":["post-78834","page","type-page","status-publish"],"yoast_head":"<!-- This site is optimized with the Yoast SEO plugin v27.2 - https:\/\/yoast.com\/product\/yoast-seo-wordpress\/ -->\n<title>Sedile letto singolo - Waldspurger<\/title>\n<meta name=\"robots\" content=\"index, follow, max-snippet:-1, max-image-preview:large, max-video-preview:-1\" \/>\n<link rel=\"canonical\" href=\"https:\/\/waldspurger.ch\/it\/trasporto-passeggeri\/sedile-monoposto-e-panca\/sedile-letto-singolo\/\" \/>\n<meta property=\"og:locale\" content=\"it_IT\" \/>\n<meta property=\"og:type\" content=\"article\" \/>\n<meta property=\"og:title\" content=\"Sedile letto singolo - Waldspurger\" \/>\n<meta property=\"og:description\" content=\"[vc_section full_width=&#8221;stretch_row&#8221; full_height=&#8221;yes&#8221; content_placement=&#8221;top&#8221; css_animation=&#8221;fadeIn&#8221; css=&#8221;.vc_custom_1740571098433{margin-top: 0px !important;border-top-width: 0px !important;padding-top: 0px !important;background-image: url(https:\/\/waldspurger.ch\/wp-content\/uploads\/2025\/02\/Waldspurger_AG_RelaX-Sitz_Einzel-Schlafsitz.jpg?id=78735) !important;background-position: center !important;background-repeat: no-repeat !important;background-size: cover !important;}&#8221;...\" \/>\n<meta property=\"og:url\" content=\"https:\/\/waldspurger.ch\/it\/trasporto-passeggeri\/sedile-monoposto-e-panca\/sedile-letto-singolo\/\" \/>\n<meta property=\"og:site_name\" content=\"Waldspurger\" \/>\n<meta property=\"article:modified_time\" content=\"2025-04-15T13:03:52+00:00\" \/>\n<meta property=\"og:image\" content=\"https:\/\/waldspurger.ch\/wp-content\/uploads\/2022\/02\/logo_de.png\" \/>\n\t<meta property=\"og:image:width\" content=\"320\" \/>\n\t<meta property=\"og:image:height\" content=\"223\" \/>\n\t<meta property=\"og:image:type\" content=\"image\/png\" \/>\n<meta name=\"twitter:card\" content=\"summary_large_image\" \/>\n<script type=\"application\/ld+json\" class=\"yoast-schema-graph\">{\"@context\":\"https:\/\/schema.org\",\"@graph\":[{\"@type\":\"Article\",\"@id\":\"https:\/\/waldspurger.ch\/it\/trasporto-passeggeri\/sedile-monoposto-e-panca\/sedile-letto-singolo\/#article\",\"isPartOf\":{\"@id\":\"https:\/\/waldspurger.ch\/it\/trasporto-passeggeri\/sedile-monoposto-e-panca\/sedile-letto-singolo\/\"},\"author\":{\"name\":\"Adminmoritzi\",\"@id\":\"https:\/\/waldspurger.ch\/it\/#\/schema\/person\/e92a92f5b5a240afd932a5eba15ae94c\"},\"headline\":\"Sedile letto singolo\",\"datePublished\":\"2025-02-18T14:23:06+00:00\",\"dateModified\":\"2025-04-15T13:03:52+00:00\",\"mainEntityOfPage\":{\"@id\":\"https:\/\/waldspurger.ch\/it\/trasporto-passeggeri\/sedile-monoposto-e-panca\/sedile-letto-singolo\/\"},\"wordCount\":948,\"publisher\":{\"@id\":\"https:\/\/waldspurger.ch\/it\/#organization\"},\"inLanguage\":\"it-IT\"},{\"@type\":\"WebPage\",\"@id\":\"https:\/\/waldspurger.ch\/it\/trasporto-passeggeri\/sedile-monoposto-e-panca\/sedile-letto-singolo\/\",\"url\":\"https:\/\/waldspurger.ch\/it\/trasporto-passeggeri\/sedile-monoposto-e-panca\/sedile-letto-singolo\/\",\"name\":\"Sedile letto singolo - Waldspurger\",\"isPartOf\":{\"@id\":\"https:\/\/waldspurger.ch\/it\/#website\"},\"datePublished\":\"2025-02-18T14:23:06+00:00\",\"dateModified\":\"2025-04-15T13:03:52+00:00\",\"breadcrumb\":{\"@id\":\"https:\/\/waldspurger.ch\/it\/trasporto-passeggeri\/sedile-monoposto-e-panca\/sedile-letto-singolo\/#breadcrumb\"},\"inLanguage\":\"it-IT\",\"potentialAction\":[{\"@type\":\"ReadAction\",\"target\":[\"https:\/\/waldspurger.ch\/it\/trasporto-passeggeri\/sedile-monoposto-e-panca\/sedile-letto-singolo\/\"]}]},{\"@type\":\"BreadcrumbList\",\"@id\":\"https:\/\/waldspurger.ch\/it\/trasporto-passeggeri\/sedile-monoposto-e-panca\/sedile-letto-singolo\/#breadcrumb\",\"itemListElement\":[{\"@type\":\"ListItem\",\"position\":1,\"name\":\"Startseite\",\"item\":\"https:\/\/waldspurger.ch\/it\/\"},{\"@type\":\"ListItem\",\"position\":2,\"name\":\"Trasporto Passeggeri\",\"item\":\"https:\/\/waldspurger.ch\/it\/trasporto-passeggeri\/\"},{\"@type\":\"ListItem\",\"position\":3,\"name\":\"Sedile monoposto e panca\",\"item\":\"https:\/\/waldspurger.ch\/it\/trasporto-passeggeri\/sedile-monoposto-e-panca\/\"},{\"@type\":\"ListItem\",\"position\":4,\"name\":\"Sedile letto singolo\"}]},{\"@type\":\"WebSite\",\"@id\":\"https:\/\/waldspurger.ch\/it\/#website\",\"url\":\"https:\/\/waldspurger.ch\/it\/\",\"name\":\"Waldspurger\",\"description\":\"Allestimento di veicoli\",\"publisher\":{\"@id\":\"https:\/\/waldspurger.ch\/it\/#organization\"},\"potentialAction\":[{\"@type\":\"SearchAction\",\"target\":{\"@type\":\"EntryPoint\",\"urlTemplate\":\"https:\/\/waldspurger.ch\/it\/?s={search_term_string}\"},\"query-input\":{\"@type\":\"PropertyValueSpecification\",\"valueRequired\":true,\"valueName\":\"search_term_string\"}}],\"inLanguage\":\"it-IT\"},{\"@type\":\"Organization\",\"@id\":\"https:\/\/waldspurger.ch\/it\/#organization\",\"name\":\"Waldspurger AG\",\"url\":\"https:\/\/waldspurger.ch\/it\/\",\"logo\":{\"@type\":\"ImageObject\",\"inLanguage\":\"it-IT\",\"@id\":\"https:\/\/waldspurger.ch\/it\/#\/schema\/logo\/image\/\",\"url\":\"https:\/\/waldspurger.ch\/wp-content\/uploads\/2022\/02\/logo_de.png\",\"contentUrl\":\"https:\/\/waldspurger.ch\/wp-content\/uploads\/2022\/02\/logo_de.png\",\"width\":320,\"height\":223,\"caption\":\"Waldspurger AG\"},\"image\":{\"@id\":\"https:\/\/waldspurger.ch\/it\/#\/schema\/logo\/image\/\"},\"sameAs\":[\"https:\/\/ch.linkedin.com\/company\/waldspurger-bergdietikon\",\"https:\/\/www.youtube.com\/channel\/UC4BYucVfPuWzNF4hyfO3YTw\"]},{\"@type\":\"Person\",\"@id\":\"https:\/\/waldspurger.ch\/it\/#\/schema\/person\/e92a92f5b5a240afd932a5eba15ae94c\",\"name\":\"Adminmoritzi\",\"image\":{\"@type\":\"ImageObject\",\"inLanguage\":\"it-IT\",\"@id\":\"https:\/\/secure.gravatar.com\/avatar\/4f43fbec0cc1848d75d18da5595fa2e9d12bc02d9d761756323c70efe587d61a?s=96&d=mm&r=g\",\"url\":\"https:\/\/secure.gravatar.com\/avatar\/4f43fbec0cc1848d75d18da5595fa2e9d12bc02d9d761756323c70efe587d61a?s=96&d=mm&r=g\",\"contentUrl\":\"https:\/\/secure.gravatar.com\/avatar\/4f43fbec0cc1848d75d18da5595fa2e9d12bc02d9d761756323c70efe587d61a?s=96&d=mm&r=g\",\"caption\":\"Adminmoritzi\"}}]}<\/script>\n<!-- \/ Yoast SEO plugin. -->","yoast_head_json":{"title":"Sedile letto singolo - Waldspurger","robots":{"index":"index","follow":"follow","max-snippet":"max-snippet:-1","max-image-preview":"max-image-preview:large","max-video-preview":"max-video-preview:-1"},"canonical":"https:\/\/waldspurger.ch\/it\/trasporto-passeggeri\/sedile-monoposto-e-panca\/sedile-letto-singolo\/","og_locale":"it_IT","og_type":"article","og_title":"Sedile letto singolo - Waldspurger","og_description":"[vc_section full_width=&#8221;stretch_row&#8221; full_height=&#8221;yes&#8221; content_placement=&#8221;top&#8221; css_animation=&#8221;fadeIn&#8221; css=&#8221;.vc_custom_1740571098433{margin-top: 0px !important;border-top-width: 0px !important;padding-top: 0px !important;background-image: url(https:\/\/waldspurger.ch\/wp-content\/uploads\/2025\/02\/Waldspurger_AG_RelaX-Sitz_Einzel-Schlafsitz.jpg?id=78735) !important;background-position: center !important;background-repeat: no-repeat !important;background-size: cover !important;}&#8221;...","og_url":"https:\/\/waldspurger.ch\/it\/trasporto-passeggeri\/sedile-monoposto-e-panca\/sedile-letto-singolo\/","og_site_name":"Waldspurger","article_modified_time":"2025-04-15T13:03:52+00:00","og_image":[{"width":320,"height":223,"url":"https:\/\/waldspurger.ch\/wp-content\/uploads\/2022\/02\/logo_de.png","type":"image\/png"}],"twitter_card":"summary_large_image","schema":{"@context":"https:\/\/schema.org","@graph":[{"@type":"Article","@id":"https:\/\/waldspurger.ch\/it\/trasporto-passeggeri\/sedile-monoposto-e-panca\/sedile-letto-singolo\/#article","isPartOf":{"@id":"https:\/\/waldspurger.ch\/it\/trasporto-passeggeri\/sedile-monoposto-e-panca\/sedile-letto-singolo\/"},"author":{"name":"Adminmoritzi","@id":"https:\/\/waldspurger.ch\/it\/#\/schema\/person\/e92a92f5b5a240afd932a5eba15ae94c"},"headline":"Sedile letto singolo","datePublished":"2025-02-18T14:23:06+00:00","dateModified":"2025-04-15T13:03:52+00:00","mainEntityOfPage":{"@id":"https:\/\/waldspurger.ch\/it\/trasporto-passeggeri\/sedile-monoposto-e-panca\/sedile-letto-singolo\/"},"wordCount":948,"publisher":{"@id":"https:\/\/waldspurger.ch\/it\/#organization"},"inLanguage":"it-IT"},{"@type":"WebPage","@id":"https:\/\/waldspurger.ch\/it\/trasporto-passeggeri\/sedile-monoposto-e-panca\/sedile-letto-singolo\/","url":"https:\/\/waldspurger.ch\/it\/trasporto-passeggeri\/sedile-monoposto-e-panca\/sedile-letto-singolo\/","name":"Sedile letto singolo - Waldspurger","isPartOf":{"@id":"https:\/\/waldspurger.ch\/it\/#website"},"datePublished":"2025-02-18T14:23:06+00:00","dateModified":"2025-04-15T13:03:52+00:00","breadcrumb":{"@id":"https:\/\/waldspurger.ch\/it\/trasporto-passeggeri\/sedile-monoposto-e-panca\/sedile-letto-singolo\/#breadcrumb"},"inLanguage":"it-IT","potentialAction":[{"@type":"ReadAction","target":["https:\/\/waldspurger.ch\/it\/trasporto-passeggeri\/sedile-monoposto-e-panca\/sedile-letto-singolo\/"]}]},{"@type":"BreadcrumbList","@id":"https:\/\/waldspurger.ch\/it\/trasporto-passeggeri\/sedile-monoposto-e-panca\/sedile-letto-singolo\/#breadcrumb","itemListElement":[{"@type":"ListItem","position":1,"name":"Startseite","item":"https:\/\/waldspurger.ch\/it\/"},{"@type":"ListItem","position":2,"name":"Trasporto Passeggeri","item":"https:\/\/waldspurger.ch\/it\/trasporto-passeggeri\/"},{"@type":"ListItem","position":3,"name":"Sedile monoposto e panca","item":"https:\/\/waldspurger.ch\/it\/trasporto-passeggeri\/sedile-monoposto-e-panca\/"},{"@type":"ListItem","position":4,"name":"Sedile letto singolo"}]},{"@type":"WebSite","@id":"https:\/\/waldspurger.ch\/it\/#website","url":"https:\/\/waldspurger.ch\/it\/","name":"Waldspurger","description":"Allestimento di veicoli","publisher":{"@id":"https:\/\/waldspurger.ch\/it\/#organization"},"potentialAction":[{"@type":"SearchAction","target":{"@type":"EntryPoint","urlTemplate":"https:\/\/waldspurger.ch\/it\/?s={search_term_string}"},"query-input":{"@type":"PropertyValueSpecification","valueRequired":true,"valueName":"search_term_string"}}],"inLanguage":"it-IT"},{"@type":"Organization","@id":"https:\/\/waldspurger.ch\/it\/#organization","name":"Waldspurger AG","url":"https:\/\/waldspurger.ch\/it\/","logo":{"@type":"ImageObject","inLanguage":"it-IT","@id":"https:\/\/waldspurger.ch\/it\/#\/schema\/logo\/image\/","url":"https:\/\/waldspurger.ch\/wp-content\/uploads\/2022\/02\/logo_de.png","contentUrl":"https:\/\/waldspurger.ch\/wp-content\/uploads\/2022\/02\/logo_de.png","width":320,"height":223,"caption":"Waldspurger AG"},"image":{"@id":"https:\/\/waldspurger.ch\/it\/#\/schema\/logo\/image\/"},"sameAs":["https:\/\/ch.linkedin.com\/company\/waldspurger-bergdietikon","https:\/\/www.youtube.com\/channel\/UC4BYucVfPuWzNF4hyfO3YTw"]},{"@type":"Person","@id":"https:\/\/waldspurger.ch\/it\/#\/schema\/person\/e92a92f5b5a240afd932a5eba15ae94c","name":"Adminmoritzi","image":{"@type":"ImageObject","inLanguage":"it-IT","@id":"https:\/\/secure.gravatar.com\/avatar\/4f43fbec0cc1848d75d18da5595fa2e9d12bc02d9d761756323c70efe587d61a?s=96&d=mm&r=g","url":"https:\/\/secure.gravatar.com\/avatar\/4f43fbec0cc1848d75d18da5595fa2e9d12bc02d9d761756323c70efe587d61a?s=96&d=mm&r=g","contentUrl":"https:\/\/secure.gravatar.com\/avatar\/4f43fbec0cc1848d75d18da5595fa2e9d12bc02d9d761756323c70efe587d61a?s=96&d=mm&r=g","caption":"Adminmoritzi"}}]}},"_links":{"self":[{"href":"https:\/\/waldspurger.ch\/it\/wp-json\/wp\/v2\/pages\/78834","targetHints":{"allow":["GET"]}}],"collection":[{"href":"https:\/\/waldspurger.ch\/it\/wp-json\/wp\/v2\/pages"}],"about":[{"href":"https:\/\/waldspurger.ch\/it\/wp-json\/wp\/v2\/types\/page"}],"author":[{"embeddable":true,"href":"https:\/\/waldspurger.ch\/it\/wp-json\/wp\/v2\/users\/1"}],"replies":[{"embeddable":true,"href":"https:\/\/waldspurger.ch\/it\/wp-json\/wp\/v2\/comments?post=78834"}],"version-history":[{"count":5,"href":"https:\/\/waldspurger.ch\/it\/wp-json\/wp\/v2\/pages\/78834\/revisions"}],"predecessor-version":[{"id":78944,"href":"https:\/\/waldspurger.ch\/it\/wp-json\/wp\/v2\/pages\/78834\/revisions\/78944"}],"up":[{"embeddable":true,"href":"https:\/\/waldspurger.ch\/it\/wp-json\/wp\/v2\/pages\/35247"}],"wp:attachment":[{"href":"https:\/\/waldspurger.ch\/it\/wp-json\/wp\/v2\/media?parent=78834"}],"curies":[{"name":"wp","href":"https:\/\/api.w.org\/{rel}","templated":true}]}}