{"id":76728,"date":"2023-06-23T11:07:09","date_gmt":"2023-06-23T09:07:09","guid":{"rendered":"https:\/\/waldspurger.ch\/chi-siamo\/geschichte\/"},"modified":"2023-11-06T08:28:45","modified_gmt":"2023-11-06T07:28:45","slug":"storia","status":"publish","type":"page","link":"https:\/\/waldspurger.ch\/it\/chi-siamo\/storia\/","title":{"rendered":"La storia di Waldspurger"},"content":{"rendered":"<div class=\"wpb-content-wrapper\"><p>[vc_section full_width=&#8221;stretch_row&#8221; full_height=&#8221;yes&#8221; content_placement=&#8221;top&#8221; css_animation=&#8221;fadeIn&#8221; css=&#8221;.vc_custom_1687786088210{margin-top: 0px !important;border-top-width: 0px !important;padding-top: 0px !important;background-image: url(https:\/\/waldspurger.ch\/wp-content\/uploads\/2022\/02\/Waldspurger_Preislisten_2400\u200a\u00d7\u200a1601.jpg?id=36151) !important;background-position: center !important;background-repeat: no-repeat !important;background-size: cover !important;}&#8221; el_class=&#8221;custom-fullheight-section&#8221;][vc_row full_height=&#8221;yes&#8221; content_placement=&#8221;top&#8221; css_animation=&#8221;fadeIn&#8221; el_class=&#8221;stretch-fullheight-innerrow&#8221; effects_enabled_delay=&#8221;500&#8243;][vc_column width=&#8221;1\/4&#8243; css=&#8221;.vc_custom_1582122319023{background-color: rgba(179,32,34,0.58) !important;background-position: center !important;background-repeat: no-repeat !important;background-size: cover !important;*background-color: rgb(179,32,34) !important;}&#8221; el_class=&#8221;.stretch-fullheight-innerrow-column main-visual-column&#8221;][vc_column_text]<\/p>\n<h3 style=\"text-align: center;\"><span style=\"color: #ffffff;\">La nostra storia<\/span><\/h3>\n<p style=\"text-align: center; margin-bottom: 30px;\"><span style=\"color: #ffffff;\">Dal 1978 offriamo ai nostri clienti riequipaggiamenti di veicoli personalizzati. Oggi \u00e8 gi\u00e0 la terza generazione a tenere le redini dell\u2019azienda.<\/span><\/p>\n<p>[\/vc_column_text][\/vc_column][vc_column width=&#8221;1\/4&#8243;][\/vc_column][vc_column width=&#8221;1\/4&#8243;][\/vc_column][vc_column width=&#8221;1\/4&#8243;][\/vc_column][\/vc_row][\/vc_section][vc_row full_width=&#8221;stretch_row&#8221; css=&#8221;.vc_custom_1699255720879{margin-top: 0px !important;margin-bottom: 0px !important;padding-top: 70px !important;padding-bottom: 0px !important;background-color: #f2f2f2 !important;}&#8221; el_class=&#8221;c_reverse_row_mobile&#8221;][vc_column width=&#8221;1\/2&#8243; css_animation=&#8221;fadeInLeft&#8221; css=&#8221;.vc_custom_1687792806806{margin-top: 0px !important;margin-bottom: 0px !important;padding-top: 0px !important;padding-bottom: 50px !important;}&#8221; mobile_padding_bottom=&#8221;20&#8243;][vc_single_image image=&#8221;76940&#8243; img_size=&#8221;full&#8221; css=&#8221;.vc_custom_1699255639244{margin-top: 0px !important;margin-bottom: 0px !important;padding-bottom: 0px !important;}&#8221;][\/vc_column][vc_column width=&#8221;1\/2&#8243; css_animation=&#8221;fadeInRight&#8221; css=&#8221;.vc_custom_1687790511033{margin-top: 0px !important;margin-bottom: 0px !important;padding-top: 0px !important;padding-bottom: 50px !important;}&#8221;][vc_column_text css=&#8221;.vc_custom_1699255600432{margin-top: 0px !important;margin-bottom: 0px !important;padding-bottom: 0px !important;}&#8221;]<\/p>\n<h3><span style=\"color: #b32022;\">2023<\/span><\/h3>\n<p>Il bisnonno Hansruedi, il nonno Rolf e il padre Marc sono felici per la nascita di Diego Waldspurger.[\/vc_column_text][\/vc_column][\/vc_row][vc_row thegem_revesrse_columns_mobile=&#8221;true&#8221; css=&#8221;.vc_custom_1699255572611{margin-top: 0px !important;margin-bottom: 0px !important;padding-top: 50px !important;padding-bottom: 0px !important;}&#8221;][vc_column width=&#8221;1\/2&#8243; css_animation=&#8221;fadeInLeft&#8221; css=&#8221;.vc_custom_1687790583868{margin-bottom: 0px !important;padding-bottom: 50px !important;}&#8221;][vc_column_text css=&#8221;.vc_custom_1691656759509{margin-top: 0px !important;margin-bottom: 0px !important;padding-bottom: 0px !important;}&#8221;]<\/p>\n<h3><span style=\"color: #b32022;\">2022<\/span><\/h3>\n<p>Impieghiamo 22 collaboratori e siamo leader in Svizzera nell\u2019allestimento di veicoli per il trasporto di persone e disabili.[\/vc_column_text][\/vc_column][vc_column width=&#8221;1\/2&#8243; css_animation=&#8221;fadeInRight&#8221; css=&#8221;.vc_custom_1687792797178{margin-top: 0px !important;margin-bottom: 0px !important;padding-top: 0px !important;padding-bottom: 50px !important;}&#8221; mobile_padding_bottom=&#8221;20&#8243;][vc_single_image image=&#8221;76586&#8243; img_size=&#8221;full&#8221; css=&#8221;.vc_custom_1687790533097{margin-top: 0px !important;margin-bottom: 0px !important;padding-bottom: 0px !important;}&#8221;][\/vc_column][\/vc_row][vc_row full_width=&#8221;stretch_row&#8221; css=&#8221;.vc_custom_1699255546518{margin-top: 0px !important;margin-bottom: 0px !important;padding-top: 50px !important;padding-bottom: 0px !important;background-color: #f2f2f2 !important;}&#8221; el_class=&#8221;c_reverse_row_mobile&#8221;][vc_column width=&#8221;1\/2&#8243; css_animation=&#8221;fadeInLeft&#8221; css=&#8221;.vc_custom_1687792806806{margin-top: 0px !important;margin-bottom: 0px !important;padding-top: 0px !important;padding-bottom: 50px !important;}&#8221; mobile_padding_bottom=&#8221;20&#8243;][vc_single_image image=&#8221;76583&#8243; img_size=&#8221;full&#8221; css=&#8221;.vc_custom_1687790454167{margin-top: 0px !important;margin-bottom: 0px !important;padding-bottom: 0px !important;}&#8221;][\/vc_column][vc_column width=&#8221;1\/2&#8243; css_animation=&#8221;fadeInRight&#8221; css=&#8221;.vc_custom_1687790511033{margin-top: 0px !important;margin-bottom: 0px !important;padding-top: 0px !important;padding-bottom: 50px !important;}&#8221;][vc_column_text css=&#8221;.vc_custom_1691656771411{margin-top: 0px !important;margin-bottom: 0px !important;padding-bottom: 0px !important;}&#8221;]<\/p>\n<h3><span style=\"color: #b32022;\">2022<\/span><\/h3>\n<p>La costruzione di un piano intermedio crea spazio di stoccaggio aggiuntivo per componenti in plastica.[\/vc_column_text][\/vc_column][\/vc_row][vc_row thegem_revesrse_columns_mobile=&#8221;true&#8221; css=&#8221;.vc_custom_1687790409031{margin-top: 0px !important;margin-bottom: 0px !important;padding-top: 50px !important;padding-bottom: 0px !important;}&#8221;][vc_column width=&#8221;1\/2&#8243; css_animation=&#8221;fadeInLeft&#8221; css=&#8221;.vc_custom_1687790947424{margin-top: 0px !important;margin-bottom: 0px !important;padding-top: 0px !important;padding-bottom: 50px !important;}&#8221;][vc_column_text css=&#8221;.vc_custom_1691656783208{margin-top: 0px !important;margin-bottom: 0px !important;padding-bottom: 0px !important;}&#8221;]<\/p>\n<h3><span style=\"color: #b32022;\">2021<\/span><\/h3>\n<p>Entra in funzione l\u2019impianto fotovoltaico sul tetto. Questo ci rende neutrali dal punto di vista climatico e contribuisce a ridurre in modo significativo la nostra impronta ecologica.[\/vc_column_text][\/vc_column][vc_column width=&#8221;1\/2&#8243; css_animation=&#8221;fadeInRight&#8221; css=&#8221;.vc_custom_1687792827568{margin-top: 0px !important;margin-bottom: 0px !important;padding-top: 0px !important;padding-bottom: 50px !important;}&#8221; mobile_padding_bottom=&#8221;20&#8243;][vc_single_image image=&#8221;76580&#8243; img_size=&#8221;full&#8221; css=&#8221;.vc_custom_1687790385778{margin-top: 0px !important;margin-bottom: 0px !important;padding-bottom: 0px !important;}&#8221;][\/vc_column][\/vc_row][vc_row full_width=&#8221;stretch_row&#8221; css=&#8221;.vc_custom_1640211208016{margin-top: 0px !important;margin-bottom: 0px !important;padding-top: 50px !important;padding-bottom: 0px !important;background-color: #f2f2f2 !important;}&#8221; el_class=&#8221;c_reverse_row_mobile&#8221;][vc_column width=&#8221;1\/2&#8243; css_animation=&#8221;fadeInLeft&#8221; css=&#8221;.vc_custom_1687792835432{margin-top: 0px !important;margin-bottom: 0px !important;padding-top: 0px !important;padding-bottom: 50px !important;}&#8221; mobile_padding_bottom=&#8221;20&#8243;][vc_single_image image=&#8221;76577&#8243; img_size=&#8221;full&#8221; alignment=&#8221;center&#8221; css=&#8221;.vc_custom_1687790327791{margin-top: 0px !important;margin-bottom: 0px !important;padding-bottom: 0px !important;}&#8221;][\/vc_column][vc_column width=&#8221;1\/2&#8243; css_animation=&#8221;fadeInRight&#8221; css=&#8221;.vc_custom_1687790361376{margin-top: 0px !important;margin-bottom: 0px !important;padding-top: 0px !important;padding-bottom: 50px !important;}&#8221;][vc_column_text css=&#8221;.vc_custom_1691656814642{margin-top: 0px !important;margin-bottom: 0px !important;padding-bottom: 0px !important;}&#8221;]<\/p>\n<h3><span style=\"color: #b32022;\">2021<\/span><\/h3>\n<p>Ci aggiudichiamo il pi\u00f9 grande incarico della nostra storia aziendale: riequipaggiare veicoli per l\u2019Esercito svizzero con ancoraggi a pavimento e per i sedili, oltre a un sistema di seduta.[\/vc_column_text][\/vc_column][\/vc_row][vc_row thegem_revesrse_columns_mobile=&#8221;true&#8221; css=&#8221;.vc_custom_1687790271003{margin-top: 0px !important;margin-bottom: 0px !important;padding-top: 50px !important;padding-bottom: 0px !important;}&#8221;][vc_column width=&#8221;1\/2&#8243; css_animation=&#8221;fadeInLeft&#8221; el_id=&#8221;einstiegshilfe&#8221; css=&#8221;.vc_custom_1687790282788{margin-top: 0px !important;margin-bottom: 0px !important;padding-top: 0px !important;padding-bottom: 50px !important;}&#8221;][vc_column_text css=&#8221;.vc_custom_1691656866389{margin-top: 0px !important;margin-bottom: 0px !important;padding-bottom: 0px !important;}&#8221;]<\/p>\n<h3><span style=\"color: #b32022;\">2019<\/span><\/h3>\n<p>Hansruedi Waldspurger si ritira dall\u2019attivit\u00e0 operativa, Marc Waldspurger diventa membro della Direzione. La famiglia, di cui fa parte anche il figlio Yves, si congeda dal fondatore e patron.[\/vc_column_text][\/vc_column][vc_column width=&#8221;1\/2&#8243; css_animation=&#8221;fadeInRight&#8221; css=&#8221;.vc_custom_1687792844646{margin-top: 0px !important;margin-bottom: 0px !important;padding-top: 0px !important;padding-bottom: 50px !important;}&#8221; mobile_padding_bottom=&#8221;20&#8243;][vc_single_image image=&#8221;76574&#8243; img_size=&#8221;full&#8221; alignment=&#8221;center&#8221; css=&#8221;.vc_custom_1687790225434{margin-top: 0px !important;margin-bottom: 0px !important;padding-bottom: 0px !important;}&#8221;][\/vc_column][\/vc_row][vc_row full_width=&#8221;stretch_row&#8221; css=&#8221;.vc_custom_1640211053814{margin-top: 0px !important;margin-bottom: 0px !important;padding-top: 50px !important;padding-bottom: 0px !important;background-color: #f2f2f2 !important;}&#8221; el_class=&#8221;c_reverse_row_mobile&#8221;][vc_column width=&#8221;1\/2&#8243; css_animation=&#8221;fadeInLeft&#8221; css=&#8221;.vc_custom_1687792853625{margin-top: 0px !important;margin-bottom: 0px !important;padding-top: 0px !important;padding-bottom: 50px !important;}&#8221; mobile_padding_bottom=&#8221;20&#8243;][vc_single_image image=&#8221;76571&#8243; img_size=&#8221;full&#8221; css=&#8221;.vc_custom_1687790097602{margin-top: 0px !important;margin-bottom: 0px !important;padding-bottom: 0px !important;}&#8221;][\/vc_column][vc_column width=&#8221;1\/2&#8243; css_animation=&#8221;fadeInRight&#8221; effects_enabled_delay=&#8221;0&#8243; css=&#8221;.vc_custom_1687790146373{margin-top: 0px !important;margin-bottom: 0px !important;padding-top: 0px !important;padding-bottom: 50px !important;}&#8221;][vc_column_text css=&#8221;.vc_custom_1691656902894{margin-top: 0px !important;margin-bottom: 0px !important;padding-bottom: 0px !important;}&#8221;]<\/p>\n<h3><span style=\"color: #b32022;\">2017<\/span><\/h3>\n<p>Sponsorizziamo l\u2019allestimento interno di un veicolo fornito da VW Veicoli Commerciali per il programma televisivo <a href=\"https:\/\/www.srf.ch\/play\/tv\/happy-day\/video\/ein-mini-van-fuer-fabian?urn=urn:srf:video:bf820c3f-ec18-4a74-8f1b-a520948e577b\" target=\"_blank\" rel=\"noopener\">Happy Day<\/a>, facendo la felicit\u00e0 di Fabian e dei suoi genitori. [\/vc_column_text][\/vc_column][\/vc_row][vc_row thegem_revesrse_columns_mobile=&#8221;true&#8221; css=&#8221;.vc_custom_1687789980146{margin-top: 0px !important;margin-bottom: 0px !important;padding-top: 50px !important;padding-bottom: 0px !important;}&#8221;][vc_column width=&#8221;1\/2&#8243; css_animation=&#8221;fadeInLeft&#8221; css=&#8221;.vc_custom_1687789990348{margin-top: 0px !important;margin-bottom: 0px !important;padding-top: 0px !important;padding-bottom: 50px !important;}&#8221;][vc_column_text css=&#8221;.vc_custom_1691656917560{margin-top: 0px !important;margin-bottom: 0px !important;padding-bottom: 0px !important;}&#8221;]<\/p>\n<h3><span style=\"color: #b32022;\">2015<\/span><\/h3>\n<p>Marc Waldspurger entra a far parte dell\u2019azienda.[\/vc_column_text][\/vc_column][vc_column width=&#8221;1\/2&#8243; css_animation=&#8221;fadeInRight&#8221; css=&#8221;.vc_custom_1687792863409{margin-top: 0px !important;margin-bottom: 0px !important;padding-top: 0px !important;padding-bottom: 50px !important;}&#8221; mobile_padding_bottom=&#8221;20&#8243;][vc_single_image image=&#8221;76568&#8243; img_size=&#8221;full&#8221; css=&#8221;.vc_custom_1687789957101{margin-top: 0px !important;margin-bottom: 0px !important;padding-bottom: 0px !important;}&#8221;][\/vc_column][\/vc_row][vc_row full_width=&#8221;stretch_row&#8221; css=&#8221;.vc_custom_1640211053814{margin-top: 0px !important;margin-bottom: 0px !important;padding-top: 50px !important;padding-bottom: 0px !important;background-color: #f2f2f2 !important;}&#8221; el_class=&#8221;c_reverse_row_mobile&#8221;][vc_column width=&#8221;1\/2&#8243; css_animation=&#8221;fadeInLeft&#8221; css=&#8221;.vc_custom_1687792874074{margin-top: 0px !important;margin-bottom: 0px !important;padding-top: 0px !important;padding-bottom: 50px !important;}&#8221; mobile_padding_bottom=&#8221;20&#8243;][vc_single_image image=&#8221;76562&#8243; img_size=&#8221;full&#8221; css=&#8221;.vc_custom_1687789868672{margin-top: 0px !important;margin-bottom: 0px !important;padding-bottom: 0px !important;}&#8221;][\/vc_column][vc_column width=&#8221;1\/2&#8243; css_animation=&#8221;fadeInRight&#8221; css=&#8221;.vc_custom_1687789909256{margin-top: 0px !important;margin-bottom: 0px !important;padding-top: 0px !important;padding-bottom: 50px !important;}&#8221;][vc_column_text css=&#8221;.vc_custom_1691656931062{margin-top: 0px !important;margin-bottom: 0px !important;padding-bottom: 0px !important;}&#8221;]<\/p>\n<h3><span style=\"color: #b32022;\">2015<\/span><\/h3>\n<p>Ci trasferiamo nel nuovo edificio di Bergdietikon. Ora abbiamo a disposizione 3500 metri quadrati di superficie coperta.[\/vc_column_text][\/vc_column][\/vc_row][vc_row thegem_revesrse_columns_mobile=&#8221;true&#8221; css=&#8221;.vc_custom_1687789820510{margin-top: 0px !important;margin-bottom: 0px !important;padding-top: 50px !important;padding-bottom: 0px !important;}&#8221;][vc_column width=&#8221;1\/2&#8243; css_animation=&#8221;fadeInLeft&#8221; css=&#8221;.vc_custom_1687789832826{margin-top: 0px !important;margin-bottom: 0px !important;padding-top: 0px !important;padding-bottom: 50px !important;}&#8221;][vc_column_text css=&#8221;.vc_custom_1691656943707{margin-top: 0px !important;margin-bottom: 0px !important;padding-bottom: 0px !important;}&#8221;]<\/p>\n<h3><span style=\"color: #b32022;\">2014<\/span><\/h3>\n<p>Il 4 luglio Marc, Rolf e Hansruedi Waldspurger posano la prima pietra del nuovo edificio.[\/vc_column_text][\/vc_column][vc_column width=&#8221;1\/2&#8243; css_animation=&#8221;fadeInRight&#8221; css=&#8221;.vc_custom_1687792883139{margin-top: 0px !important;margin-bottom: 0px !important;padding-top: 0px !important;padding-bottom: 50px !important;}&#8221; mobile_padding_bottom=&#8221;20&#8243;][vc_single_image image=&#8221;76559&#8243; img_size=&#8221;full&#8221; css=&#8221;.vc_custom_1687789803890{margin-top: 0px !important;margin-bottom: 0px !important;padding-bottom: 0px !important;}&#8221;][\/vc_column][\/vc_row][vc_row full_width=&#8221;stretch_row&#8221; css=&#8221;.vc_custom_1640211053814{margin-top: 0px !important;margin-bottom: 0px !important;padding-top: 50px !important;padding-bottom: 0px !important;background-color: #f2f2f2 !important;}&#8221; el_class=&#8221;c_reverse_row_mobile&#8221;][vc_column width=&#8221;1\/2&#8243; css_animation=&#8221;fadeInLeft&#8221; css=&#8221;.vc_custom_1687792940929{margin-top: 0px !important;margin-bottom: 0px !important;padding-top: 0px !important;padding-bottom: 50px !important;}&#8221; mobile_padding_bottom=&#8221;20&#8243;][vc_single_image image=&#8221;76556&#8243; img_size=&#8221;full&#8221; css=&#8221;.vc_custom_1687789783787{margin-top: 0px !important;margin-bottom: 0px !important;padding-bottom: 0px !important;}&#8221;][\/vc_column][vc_column width=&#8221;1\/2&#8243; css_animation=&#8221;fadeInRight&#8221; css=&#8221;.vc_custom_1687789740932{margin-top: 0px !important;margin-bottom: 0px !important;padding-top: 0px !important;padding-bottom: 50px !important;}&#8221;][vc_column_text css=&#8221;.vc_custom_1691656956364{margin-top: 0px !important;margin-bottom: 0px !important;padding-bottom: 0px !important;}&#8221;]<\/p>\n<h3><span style=\"color: #b32022;\">2014<\/span><\/h3>\n<p>Il 25 febbraio si celebra la cerimonia per il primo colpo di vanga della costruzione del nuovo edificio di Bergdietikon.[\/vc_column_text][\/vc_column][\/vc_row][vc_row thegem_revesrse_columns_mobile=&#8221;true&#8221; css=&#8221;.vc_custom_1687789633811{margin-top: 0px !important;margin-bottom: 0px !important;padding-top: 50px !important;padding-bottom: 0px !important;}&#8221;][vc_column width=&#8221;1\/2&#8243; css_animation=&#8221;fadeInLeft&#8221; css=&#8221;.vc_custom_1687789645372{margin-top: 0px !important;margin-bottom: 0px !important;padding-top: 0px !important;padding-bottom: 50px !important;}&#8221;][vc_column_text css=&#8221;.vc_custom_1691656981454{margin-top: 0px !important;margin-bottom: 0px !important;padding-bottom: 0px !important;}&#8221;]<\/p>\n<h3><span style=\"color: #b32022;\">2013<\/span><\/h3>\n<p>Alla prima riunione di costruzione del nuovo edificio \u00e8 presente anche Marc Waldspurger. In quel periodo si stava preparando per l\u2019esame finale di tirocinio.[\/vc_column_text][\/vc_column][vc_column width=&#8221;1\/2&#8243; css_animation=&#8221;fadeInRight&#8221; effects_enabled_delay=&#8221;200&#8243; css=&#8221;.vc_custom_1687793875420{margin-top: 0px !important;margin-bottom: 0px !important;padding-top: 0px !important;padding-bottom: 50px !important;}&#8221; mobile_padding_bottom=&#8221;20&#8243;][vc_single_image image=&#8221;76547&#8243; img_size=&#8221;full&#8221; css=&#8221;.vc_custom_1687789492945{margin-top: 0px !important;margin-bottom: 0px !important;padding-bottom: 0px !important;}&#8221;][\/vc_column][\/vc_row][vc_row full_width=&#8221;stretch_row&#8221; css=&#8221;.vc_custom_1640211053814{margin-top: 0px !important;margin-bottom: 0px !important;padding-top: 50px !important;padding-bottom: 0px !important;background-color: #f2f2f2 !important;}&#8221; el_class=&#8221;c_reverse_row_mobile&#8221;][vc_column width=&#8221;1\/2&#8243; css_animation=&#8221;fadeInLeft&#8221; css=&#8221;.vc_custom_1687792954073{margin-top: 0px !important;margin-bottom: 0px !important;padding-top: 0px !important;padding-bottom: 50px !important;}&#8221; mobile_padding_bottom=&#8221;20&#8243;][vc_single_image image=&#8221;76550&#8243; img_size=&#8221;full&#8221; css=&#8221;.vc_custom_1687789602039{margin-top: 0px !important;margin-bottom: 0px !important;padding-bottom: 0px !important;}&#8221;][\/vc_column][vc_column width=&#8221;1\/2&#8243; css_animation=&#8221;fadeInRight&#8221; css=&#8221;.vc_custom_1687789536385{margin-top: 0px !important;margin-bottom: 0px !important;padding-top: 0px !important;padding-bottom: 50px !important;}&#8221;][vc_column_text css=&#8221;.vc_custom_1691657011080{margin-top: 0px !important;margin-bottom: 0px !important;padding-bottom: 0px !important;}&#8221;]<\/p>\n<h3><span style=\"color: #b32022;\">2013<\/span><\/h3>\n<p>Sviluppiamo il portasci girevole, un prodotto molto apprezzato ancora oggi.[\/vc_column_text][\/vc_column][\/vc_row][vc_row thegem_revesrse_columns_mobile=&#8221;true&#8221; css=&#8221;.vc_custom_1687789447651{margin-top: 0px !important;margin-bottom: 0px !important;padding-top: 50px !important;padding-bottom: 0px !important;}&#8221;][vc_column width=&#8221;1\/2&#8243; css_animation=&#8221;fadeInLeft&#8221; css=&#8221;.vc_custom_1687789458942{margin-top: 0px !important;margin-bottom: 0px !important;padding-top: 0px !important;padding-bottom: 50px !important;}&#8221;][vc_column_text css=&#8221;.vc_custom_1691657027663{margin-top: 0px !important;margin-bottom: 0px !important;padding-bottom: 0px !important;}&#8221;]<\/p>\n<h3><span style=\"color: #b32022;\">2012<\/span><\/h3>\n<p>Ampliamo l\u2019equipaggiamento dell\u2019officina con un sollevatore a 4 colonne, una sezionatrice verticale Striebig e altri macchinari.[\/vc_column_text][\/vc_column][vc_column width=&#8221;1\/2&#8243; css_animation=&#8221;fadeInRight&#8221; effects_enabled_delay=&#8221;200&#8243; css=&#8221;.vc_custom_1687792963418{margin-top: 0px !important;margin-bottom: 0px !important;padding-top: 0px !important;padding-bottom: 50px !important;}&#8221; mobile_padding_bottom=&#8221;20&#8243;][vc_single_image image=&#8221;76544&#8243; img_size=&#8221;full&#8221; css=&#8221;.vc_custom_1687789418800{margin-top: 0px !important;margin-bottom: 0px !important;padding-bottom: 0px !important;}&#8221;][\/vc_column][\/vc_row][vc_row full_width=&#8221;stretch_row&#8221; css=&#8221;.vc_custom_1640211053814{margin-top: 0px !important;margin-bottom: 0px !important;padding-top: 50px !important;padding-bottom: 0px !important;background-color: #f2f2f2 !important;}&#8221; el_class=&#8221;c_reverse_row_mobile&#8221;][vc_column width=&#8221;1\/2&#8243; css_animation=&#8221;fadeInLeft&#8221; css=&#8221;.vc_custom_1687792972245{margin-top: 0px !important;margin-bottom: 0px !important;padding-top: 0px !important;padding-bottom: 50px !important;}&#8221; mobile_padding_bottom=&#8221;20&#8243;][vc_single_image image=&#8221;76541&#8243; img_size=&#8221;full&#8221; css=&#8221;.vc_custom_1687789303557{margin-top: 0px !important;margin-bottom: 0px !important;padding-bottom: 0px !important;}&#8221;][\/vc_column][vc_column width=&#8221;1\/2&#8243; css_animation=&#8221;fadeInRight&#8221; css=&#8221;.vc_custom_1687789384532{margin-top: 0px !important;margin-bottom: 0px !important;padding-top: 0px !important;padding-bottom: 50px !important;}&#8221;][vc_column_text css=&#8221;.vc_custom_1691657034936{margin-top: 0px !important;margin-bottom: 0px !important;padding-bottom: 0px !important;}&#8221;]<\/p>\n<h3><span style=\"color: #b32022;\">2010<\/span><\/h3>\n<p>L\u2019azienda cresce e prendiamo in affitto altri spazi per lo stoccaggio e la produzione nell\u2019edificio.[\/vc_column_text][\/vc_column][\/vc_row][vc_row thegem_revesrse_columns_mobile=&#8221;true&#8221; css=&#8221;.vc_custom_1687789329109{margin-top: 0px !important;margin-bottom: 0px !important;padding-top: 50px !important;padding-bottom: 0px !important;}&#8221;][vc_column width=&#8221;1\/2&#8243; css_animation=&#8221;fadeInLeft&#8221; css=&#8221;.vc_custom_1687789255493{margin-top: 0px !important;margin-bottom: 0px !important;padding-top: 0px !important;padding-bottom: 50px !important;}&#8221;][vc_column_text css=&#8221;.vc_custom_1691657053949{margin-top: 0px !important;margin-bottom: 0px !important;padding-bottom: 0px !important;}&#8221;]<\/p>\n<h3><span style=\"color: #b32022;\">2007<\/span><\/h3>\n<p>Per la prima volta, Waldspurger AG partecipa alla manifestazione di settore \u00abTransportCH\u00bb.[\/vc_column_text][\/vc_column][vc_column width=&#8221;1\/2&#8243; css_animation=&#8221;fadeInRight&#8221; css=&#8221;.vc_custom_1687792982515{margin-top: 0px !important;margin-bottom: 0px !important;padding-top: 0px !important;padding-bottom: 50px !important;}&#8221; mobile_padding_bottom=&#8221;20&#8243;][vc_single_image image=&#8221;76538&#8243; img_size=&#8221;full&#8221; css=&#8221;.vc_custom_1687789226080{margin-top: 0px !important;margin-bottom: 0px !important;padding-bottom: 0px !important;}&#8221;][\/vc_column][\/vc_row][vc_row full_width=&#8221;stretch_row&#8221; css=&#8221;.vc_custom_1640211053814{margin-top: 0px !important;margin-bottom: 0px !important;padding-top: 50px !important;padding-bottom: 0px !important;background-color: #f2f2f2 !important;}&#8221; el_class=&#8221;c_reverse_row_mobile&#8221;][vc_column width=&#8221;1\/2&#8243; css_animation=&#8221;fadeInLeft&#8221; css=&#8221;.vc_custom_1687792997437{margin-top: 0px !important;margin-bottom: 0px !important;padding-top: 0px !important;padding-bottom: 50px !important;}&#8221; mobile_padding_bottom=&#8221;20&#8243;][vc_single_image image=&#8221;76535&#8243; img_size=&#8221;full&#8221; css=&#8221;.vc_custom_1687789138986{margin-top: 0px !important;margin-bottom: 0px !important;padding-bottom: 0px !important;}&#8221;][\/vc_column][vc_column width=&#8221;1\/2&#8243; css_animation=&#8221;fadeInRight&#8221; css=&#8221;.vc_custom_1687789186759{margin-top: 0px !important;margin-bottom: 0px !important;padding-top: 0px !important;padding-bottom: 50px !important;}&#8221;][vc_column_text css=&#8221;.vc_custom_1691657065227{margin-top: 0px !important;margin-bottom: 0px !important;padding-bottom: 0px !important;}&#8221;]<\/p>\n<h3><span style=\"color: #b32022;\">2007<\/span><\/h3>\n<p>La nostra azienda impiega oltre 10 collaboratori.[\/vc_column_text][\/vc_column][\/vc_row][vc_row thegem_revesrse_columns_mobile=&#8221;true&#8221; css=&#8221;.vc_custom_1687789085449{margin-top: 0px !important;margin-bottom: 0px !important;padding-top: 50px !important;padding-bottom: 0px !important;}&#8221;][vc_column width=&#8221;1\/2&#8243; css_animation=&#8221;fadeInLeft&#8221; css=&#8221;.vc_custom_1687789095306{margin-top: 0px !important;margin-bottom: 0px !important;padding-top: 0px !important;padding-bottom: 50px !important;}&#8221;][vc_column_text css=&#8221;.vc_custom_1691657078225{margin-top: 0px !important;margin-bottom: 0px !important;padding-bottom: 0px !important;}&#8221;]<\/p>\n<h3><span style=\"color: #b32022;\">2006<\/span><\/h3>\n<p>Per soddisfare le crescenti esigenze di spazio, prendiamo in affitto un ulteriore locale per lo stoccaggio. Poich\u00e9 quest\u2019ultimo non viene riscaldato, gli viene assegnato il soprannome di \u00abfrigo\u00bb.[\/vc_column_text][\/vc_column][vc_column width=&#8221;1\/2&#8243; css_animation=&#8221;fadeInRight&#8221; css=&#8221;.vc_custom_1687793008823{margin-top: 0px !important;margin-bottom: 0px !important;padding-top: 0px !important;padding-bottom: 50px !important;}&#8221; mobile_padding_bottom=&#8221;20&#8243;][vc_single_image image=&#8221;76532&#8243; img_size=&#8221;full&#8221; css=&#8221;.vc_custom_1687789047235{margin-top: 0px !important;margin-bottom: 0px !important;padding-bottom: 0px !important;}&#8221;][\/vc_column][\/vc_row][vc_row full_width=&#8221;stretch_row&#8221; css=&#8221;.vc_custom_1640211053814{margin-top: 0px !important;margin-bottom: 0px !important;padding-top: 50px !important;padding-bottom: 0px !important;background-color: #f2f2f2 !important;}&#8221; el_class=&#8221;c_reverse_row_mobile&#8221;][vc_column width=&#8221;1\/2&#8243; css_animation=&#8221;fadeInLeft&#8221; css=&#8221;.vc_custom_1687793019834{margin-top: 0px !important;margin-bottom: 0px !important;padding-top: 0px !important;padding-bottom: 50px !important;}&#8221; mobile_padding_bottom=&#8221;20&#8243;][vc_single_image image=&#8221;76528&#8243; img_size=&#8221;full&#8221; css=&#8221;.vc_custom_1687788364333{margin-top: 0px !important;margin-bottom: 0px !important;padding-bottom: 0px !important;}&#8221;][\/vc_column][vc_column width=&#8221;1\/2&#8243; css_animation=&#8221;fadeInRight&#8221; css=&#8221;.vc_custom_1687788323783{margin-top: 0px !important;margin-bottom: 0px !important;padding-top: 0px !important;padding-bottom: 50px !important;}&#8221;][vc_column_text css=&#8221;.vc_custom_1691657097225{margin-top: 0px !important;margin-bottom: 0px !important;padding-bottom: 0px !important;}&#8221;]<\/p>\n<h3><span style=\"color: #b32022;\">2003<\/span><\/h3>\n<p>Ampliamo ulteriormente il nostro showroom. La clientela pu\u00f2 cos\u00ec farsi un\u2019idea dei nostri sedili e ancoraggi per sedie a rotelle.[\/vc_column_text][\/vc_column][\/vc_row][vc_row thegem_revesrse_columns_mobile=&#8221;true&#8221; css=&#8221;.vc_custom_1687788744674{margin-top: 0px !important;margin-bottom: 0px !important;padding-top: 50px !important;padding-bottom: 0px !important;}&#8221;][vc_column width=&#8221;1\/2&#8243; css_animation=&#8221;fadeInLeft&#8221; css=&#8221;.vc_custom_1687788213612{margin-top: 0px !important;margin-bottom: 0px !important;padding-top: 0px !important;padding-bottom: 50px !important;}&#8221;][vc_column_text css=&#8221;.vc_custom_1691657451340{margin-top: 0px !important;margin-bottom: 0px !important;padding-bottom: 0px !important;}&#8221;]<\/p>\n<h3><span style=\"color: #b32022;\">2002<\/span><\/h3>\n<p>Occupiamo gi\u00e0 sei collaboratori.[\/vc_column_text][\/vc_column][vc_column width=&#8221;1\/2&#8243; css_animation=&#8221;fadeInRight&#8221; css=&#8221;.vc_custom_1687793888142{margin-top: 0px !important;margin-bottom: 0px !important;padding-top: 0px !important;padding-bottom: 50px !important;}&#8221; mobile_padding_bottom=&#8221;20&#8243;][vc_single_image image=&#8221;76525&#8243; img_size=&#8221;full&#8221; css=&#8221;.vc_custom_1687788567107{margin-top: 0px !important;margin-bottom: 0px !important;padding-bottom: 0px !important;}&#8221;][\/vc_column][\/vc_row][vc_row full_width=&#8221;stretch_row&#8221; css=&#8221;.vc_custom_1640211053814{margin-top: 0px !important;margin-bottom: 0px !important;padding-top: 50px !important;padding-bottom: 0px !important;background-color: #f2f2f2 !important;}&#8221; el_class=&#8221;c_reverse_row_mobile&#8221;][vc_column width=&#8221;1\/2&#8243; css_animation=&#8221;fadeInLeft&#8221; css=&#8221;.vc_custom_1687793031712{margin-top: 0px !important;margin-bottom: 0px !important;padding-top: 0px !important;padding-bottom: 50px !important;}&#8221; mobile_padding_bottom=&#8221;20&#8243;][vc_single_image image=&#8221;76522&#8243; img_size=&#8221;full&#8221; css=&#8221;.vc_custom_1687788516918{margin-top: 0px !important;margin-bottom: 0px !important;padding-bottom: 0px !important;}&#8221;][\/vc_column][vc_column width=&#8221;1\/2&#8243; css_animation=&#8221;fadeInRight&#8221; css=&#8221;.vc_custom_1687788175568{margin-top: 0px !important;margin-bottom: 0px !important;padding-top: 0px !important;padding-bottom: 50px !important;}&#8221;][vc_column_text css=&#8221;.vc_custom_1691657462325{margin-top: 0px !important;margin-bottom: 0px !important;padding-bottom: 0px !important;}&#8221;]<\/p>\n<h3><span style=\"color: #b32022;\">2002<\/span><\/h3>\n<p>Partecipiamo all\u2019esposizione nazionale svizzera Expo.02. Waldspurger AG mette a disposizione tutti i veicoli per disabili.[\/vc_column_text][\/vc_column][\/vc_row][vc_row thegem_revesrse_columns_mobile=&#8221;true&#8221; css=&#8221;.vc_custom_1687788705560{margin-top: 0px !important;margin-bottom: 0px !important;padding-top: 50px !important;padding-bottom: 0px !important;}&#8221;][vc_column width=&#8221;1\/2&#8243; css_animation=&#8221;fadeInLeft&#8221; css=&#8221;.vc_custom_1687788102207{margin-top: 0px !important;margin-bottom: 0px !important;padding-top: 0px !important;padding-bottom: 50px !important;}&#8221;][vc_column_text css=&#8221;.vc_custom_1691657474175{margin-top: 0px !important;margin-bottom: 0px !important;padding-bottom: 0px !important;}&#8221;]<\/p>\n<h3><span style=\"color: #b32022;\">2001<\/span><\/h3>\n<p>Il primo sedile sviluppato da Waldspurger AG supera il test.[\/vc_column_text][\/vc_column][vc_column width=&#8221;1\/2&#8243; css_animation=&#8221;fadeInRight&#8221; css=&#8221;.vc_custom_1687793040458{margin-top: 0px !important;margin-bottom: 0px !important;padding-top: 0px !important;padding-bottom: 50px !important;}&#8221; mobile_padding_bottom=&#8221;20&#8243;][vc_single_image image=&#8221;76519&#8243; img_size=&#8221;full&#8221; css=&#8221;.vc_custom_1687788499773{margin-top: 0px !important;margin-bottom: 0px !important;padding-bottom: 0px !important;}&#8221;][\/vc_column][\/vc_row][vc_row full_width=&#8221;stretch_row&#8221; css=&#8221;.vc_custom_1640211053814{margin-top: 0px !important;margin-bottom: 0px !important;padding-top: 50px !important;padding-bottom: 0px !important;background-color: #f2f2f2 !important;}&#8221; el_class=&#8221;c_reverse_row_mobile&#8221;][vc_column width=&#8221;1\/2&#8243; css_animation=&#8221;fadeInLeft&#8221; css=&#8221;.vc_custom_1687793049996{margin-top: 0px !important;margin-bottom: 0px !important;padding-top: 0px !important;padding-bottom: 50px !important;}&#8221; mobile_padding_bottom=&#8221;20&#8243;][vc_single_image image=&#8221;76516&#8243; img_size=&#8221;full&#8221; css=&#8221;.vc_custom_1687788486893{margin-top: 0px !important;margin-bottom: 0px !important;padding-bottom: 0px !important;}&#8221;][\/vc_column][vc_column width=&#8221;1\/2&#8243; css_animation=&#8221;fadeInRight&#8221; css=&#8221;.vc_custom_1687787968368{margin-top: 0px !important;margin-bottom: 0px !important;padding-top: 0px !important;padding-bottom: 50px !important;}&#8221;][vc_column_text css=&#8221;.vc_custom_1691657486485{margin-top: 0px !important;margin-bottom: 0px !important;padding-bottom: 0px !important;}&#8221;]<\/p>\n<h3><span style=\"color: #b32022;\">1998<\/span><\/h3>\n<p>Ci presentiamo per la prima volta a una fiera: al Salone dei veicoli commerciali di Ginevra riusciamo ad allacciare contatti importanti e ci godiamo anche alcuni momenti di socialit\u00e0 nel \u00abdopo-salone\u00bb.[\/vc_column_text][\/vc_column][\/vc_row][vc_row thegem_revesrse_columns_mobile=&#8221;true&#8221; css=&#8221;.vc_custom_1687788691973{margin-top: 0px !important;margin-bottom: 0px !important;padding-top: 50px !important;padding-bottom: 0px !important;}&#8221;][vc_column width=&#8221;1\/2&#8243; css_animation=&#8221;fadeInLeft&#8221; css=&#8221;.vc_custom_1687787943527{margin-top: 0px !important;margin-bottom: 0px !important;padding-top: 0px !important;padding-bottom: 50px !important;}&#8221;][vc_column_text css=&#8221;.vc_custom_1691657502098{margin-top: 0px !important;margin-bottom: 0px !important;padding-bottom: 0px !important;}&#8221;]<\/p>\n<h3><span style=\"color: #b32022;\">1997<\/span><\/h3>\n<p>Vengono stampati e inviati i primi listini prezzi in francese. In questo modo, facciamo il nostro ingresso anche sul mercato romando.[\/vc_column_text][\/vc_column][vc_column width=&#8221;1\/2&#8243; css_animation=&#8221;fadeInRight&#8221; css=&#8221;.vc_custom_1687793059712{margin-top: 0px !important;margin-bottom: 0px !important;padding-top: 0px !important;padding-bottom: 50px !important;}&#8221; mobile_padding_bottom=&#8221;20&#8243;][vc_single_image image=&#8221;76513&#8243; img_size=&#8221;full&#8221; css=&#8221;.vc_custom_1687788475149{margin-top: 0px !important;margin-bottom: 0px !important;padding-bottom: 0px !important;}&#8221;][\/vc_column][\/vc_row][vc_row full_width=&#8221;stretch_row&#8221; css=&#8221;.vc_custom_1640211053814{margin-top: 0px !important;margin-bottom: 0px !important;padding-top: 50px !important;padding-bottom: 0px !important;background-color: #f2f2f2 !important;}&#8221; el_class=&#8221;c_reverse_row_mobile&#8221;][vc_column width=&#8221;1\/2&#8243; css_animation=&#8221;fadeInLeft&#8221; css=&#8221;.vc_custom_1687793068845{margin-top: 0px !important;margin-bottom: 0px !important;padding-top: 0px !important;padding-bottom: 50px !important;}&#8221; mobile_padding_bottom=&#8221;20&#8243;][vc_single_image image=&#8221;76498&#8243; img_size=&#8221;full&#8221; css=&#8221;.vc_custom_1689853323997{margin-top: 0px !important;margin-bottom: 0px !important;padding-bottom: 0px !important;}&#8221;][\/vc_column][vc_column width=&#8221;1\/2&#8243; css_animation=&#8221;fadeInRight&#8221; css=&#8221;.vc_custom_1687787901647{margin-top: 0px !important;margin-bottom: 0px !important;padding-top: 0px !important;padding-bottom: 50px !important;}&#8221;][vc_column_text css=&#8221;.vc_custom_1691657583568{margin-top: 0px !important;margin-bottom: 0px !important;padding-bottom: 0px !important;}&#8221;]<\/p>\n<h3><span style=\"color: #b32022;\">1997<\/span><\/h3>\n<p>Le pratiche panche longitudinali di Waldspurger AG vengono vendute in tutta la Svizzera.[\/vc_column_text][\/vc_column][\/vc_row][vc_row thegem_revesrse_columns_mobile=&#8221;true&#8221; css=&#8221;.vc_custom_1687788676801{margin-top: 0px !important;margin-bottom: 0px !important;padding-top: 50px !important;padding-bottom: 0px !important;}&#8221;][vc_column width=&#8221;1\/2&#8243; css_animation=&#8221;fadeInLeft&#8221; css=&#8221;.vc_custom_1687787754418{margin-top: 0px !important;margin-bottom: 0px !important;padding-top: 0px !important;padding-bottom: 50px !important;}&#8221;][vc_column_text css=&#8221;.vc_custom_1691657595538{margin-top: 0px !important;margin-bottom: 0px !important;padding-bottom: 0px !important;}&#8221;]<\/p>\n<h3><span style=\"color: #b32022;\">1996<\/span><\/h3>\n<p>Il primo importante contratto per la fondazione Behinderten Transport Z\u00fcrich segna l\u2019inizio di una collaborazione che continua tuttora. Anche Marc Waldspurger \u00e8 gi\u00e0 della partita, tra le braccia di suo padre Rolf.[\/vc_column_text][\/vc_column][vc_column width=&#8221;1\/2&#8243; css_animation=&#8221;fadeInRight&#8221; css=&#8221;.vc_custom_1687793078525{margin-top: 0px !important;margin-bottom: 0px !important;padding-top: 0px !important;padding-bottom: 50px !important;}&#8221; mobile_padding_bottom=&#8221;20&#8243;][vc_single_image image=&#8221;76504&#8243; img_size=&#8221;full&#8221; css=&#8221;.vc_custom_1687788466011{margin-top: 0px !important;margin-bottom: 0px !important;padding-bottom: 0px !important;}&#8221;][\/vc_column][\/vc_row][vc_row full_width=&#8221;stretch_row&#8221; css=&#8221;.vc_custom_1640211053814{margin-top: 0px !important;margin-bottom: 0px !important;padding-top: 50px !important;padding-bottom: 0px !important;background-color: #f2f2f2 !important;}&#8221; el_class=&#8221;c_reverse_row_mobile&#8221;][vc_column width=&#8221;1\/2&#8243; css_animation=&#8221;fadeInLeft&#8221; css=&#8221;.vc_custom_1687793068845{margin-top: 0px !important;margin-bottom: 0px !important;padding-top: 0px !important;padding-bottom: 50px !important;}&#8221; mobile_padding_bottom=&#8221;20&#8243;][vc_single_image image=&#8221;76510&#8243; img_size=&#8221;full&#8221; css=&#8221;.vc_custom_1687788442843{margin-top: 0px !important;margin-bottom: 0px !important;padding-bottom: 0px !important;}&#8221;][\/vc_column][vc_column width=&#8221;1\/2&#8243; css_animation=&#8221;fadeInRight&#8221; css=&#8221;.vc_custom_1687787901647{margin-top: 0px !important;margin-bottom: 0px !important;padding-top: 0px !important;padding-bottom: 50px !important;}&#8221;][vc_column_text css=&#8221;.vc_custom_1691657607883{margin-top: 0px !important;margin-bottom: 0px !important;padding-bottom: 0px !important;}&#8221;]<\/p>\n<h3><span style=\"color: #b32022;\">1996<\/span><\/h3>\n<p>Hansruedi e Rolf Waldspurger si separano dalla famiglia B\u00fchlmann e fondano la Waldspurger AG. La gamma di prodotti \u00e8 composta principalmente da panche longitudinali, pareti divisorie, rivestimenti per pavimento e pareti laterali.[\/vc_column_text][\/vc_column][\/vc_row][vc_row full_width=&#8221;stretch_row&#8221; thegem_revesrse_columns_mobile=&#8221;true&#8221; css=&#8221;.vc_custom_1689853559588{margin-top: 0px !important;margin-bottom: 0px !important;padding-top: 50px !important;padding-bottom: 0px !important;background-color: #ffffff !important;}&#8221; el_class=&#8221;c_reverse_row_mobile&#8221;][vc_column width=&#8221;1\/2&#8243; css_animation=&#8221;fadeInLeft&#8221; css=&#8221;.vc_custom_1687787623556{margin-top: 0px !important;margin-bottom: 0px !important;padding-top: 0px !important;padding-bottom: 50px !important;}&#8221;][vc_column_text css=&#8221;.vc_custom_1691657618693{margin-top: 0px !important;margin-bottom: 0px !important;padding-bottom: 0px !important;}&#8221;]<\/p>\n<h3><span style=\"color: #b32022;\">1977<\/span><\/h3>\n<p>Assieme a Ernst B\u00fchlmann, Hansruedi Waldspurger fonda la Waldspurger + B\u00fchlmann AG a Dietikon. Sullo sfondo, il dodicenne Rolf Waldspurger lavora gi\u00e0 al trapano a colonna.[\/vc_column_text][\/vc_column][vc_column width=&#8221;1\/2&#8243; css_animation=&#8221;fadeInRight&#8221; css=&#8221;.vc_custom_1687793901687{margin-top: 0px !important;margin-bottom: 0px !important;padding-top: 0px !important;padding-bottom: 50px !important;}&#8221; mobile_padding_bottom=&#8221;20&#8243;][vc_single_image image=&#8221;76501&#8243; img_size=&#8221;full&#8221; css=&#8221;.vc_custom_1687788430733{margin-top: 0px !important;margin-bottom: 0px !important;padding-bottom: 0px !important;}&#8221;][\/vc_column][\/vc_row][vc_row full_width=&#8221;stretch_row&#8221; css=&#8221;.vc_custom_1689853565815{margin-top: 0px !important;margin-bottom: 0px !important;padding-top: 50px !important;padding-bottom: 50px !important;background-color: #f2f2f2 !important;}&#8221; el_class=&#8221;c_reverse_row_mobile&#8221;][vc_column width=&#8221;1\/2&#8243; css_animation=&#8221;fadeInLeft&#8221; css=&#8221;.vc_custom_1687793087405{margin-top: 0px !important;margin-bottom: 0px !important;padding-top: 0px !important;padding-bottom: 50px !important;}&#8221; mobile_padding_bottom=&#8221;20&#8243;][vc_single_image image=&#8221;76688&#8243; img_size=&#8221;full&#8221; alignment=&#8221;center&#8221; css=&#8221;.vc_custom_1689853016997{margin-top: 0px !important;margin-bottom: 20px !important;}&#8221;][\/vc_column][vc_column width=&#8221;1\/2&#8243; css_animation=&#8221;fadeInRight&#8221; css=&#8221;.vc_custom_1687787808113{margin-top: 0px !important;margin-bottom: 0px !important;padding-top: 0px !important;padding-bottom: 50px !important;}&#8221;][vc_column_text css=&#8221;.vc_custom_1691657635739{margin-top: 0px !important;padding-top: 0px !important;}&#8221;]<\/p>\n<h3><span style=\"color: #b32022;\">1965<\/span><\/h3>\n<p>Hansruedi Waldspurger sviluppa il primo programma di vendita per il riequipaggiamento personalizzato di veicoli.[\/vc_column_text][\/vc_column][\/vc_row]<\/p>\n<\/div>","protected":false},"excerpt":{"rendered":"<p>[vc_section full_width=&#8221;stretch_row&#8221; full_height=&#8221;yes&#8221; content_placement=&#8221;top&#8221; css_animation=&#8221;fadeIn&#8221; css=&#8221;.vc_custom_1687786088210{margin-top: 0px !important;border-top-width: 0px !important;padding-top: 0px !important;background-image: url(https:\/\/waldspurger.ch\/wp-content\/uploads\/2022\/02\/Waldspurger_Preislisten_2400\u200a\u00d7\u200a1601.jpg?id=36151) !important;background-position: center !important;background-repeat: no-repeat !important;background-size: cover !important;}&#8221;&#8230;<\/p>\n","protected":false},"author":1,"featured_media":0,"parent":35206,"menu_order":0,"comment_status":"closed","ping_status":"closed","template":"","meta":{"footnotes":""},"class_list":["post-76728","page","type-page","status-publish"],"yoast_head":"<!-- This site is optimized with the Yoast SEO plugin v27.2 - https:\/\/yoast.com\/product\/yoast-seo-wordpress\/ -->\n<title>La storia di Waldspurger - Waldspurger<\/title>\n<meta name=\"description\" content=\"Sie m\u00f6chten nachtr\u00e4glich eine Kopf- und R\u00fcckenst\u00fctze einbauen oder anstelle der Rampe einen Lift montieren? Bei Waldspurger finden Sie die passende L\u00f6sung, um Ihren Bus auf Ihre Bed\u00fcrfnisse anzupassen.\" \/>\n<meta name=\"robots\" content=\"index, follow, max-snippet:-1, max-image-preview:large, max-video-preview:-1\" \/>\n<link rel=\"canonical\" href=\"https:\/\/waldspurger.ch\/it\/chi-siamo\/storia\/\" \/>\n<meta property=\"og:locale\" content=\"it_IT\" \/>\n<meta property=\"og:type\" content=\"article\" \/>\n<meta property=\"og:title\" content=\"La storia di Waldspurger - Waldspurger\" \/>\n<meta property=\"og:description\" content=\"Sie m\u00f6chten nachtr\u00e4glich eine Kopf- und R\u00fcckenst\u00fctze einbauen oder anstelle der Rampe einen Lift montieren? Bei Waldspurger finden Sie die passende L\u00f6sung, um Ihren Bus auf Ihre Bed\u00fcrfnisse anzupassen.\" \/>\n<meta property=\"og:url\" content=\"https:\/\/waldspurger.ch\/it\/chi-siamo\/storia\/\" \/>\n<meta property=\"og:site_name\" content=\"Waldspurger\" \/>\n<meta property=\"article:modified_time\" content=\"2023-11-06T07:28:45+00:00\" \/>\n<meta property=\"og:image\" content=\"https:\/\/waldspurger.ch\/wp-content\/uploads\/2022\/02\/logo_de.png\" \/>\n\t<meta property=\"og:image:width\" content=\"320\" \/>\n\t<meta property=\"og:image:height\" content=\"223\" \/>\n\t<meta property=\"og:image:type\" content=\"image\/png\" \/>\n<meta name=\"twitter:card\" content=\"summary_large_image\" \/>\n<script type=\"application\/ld+json\" class=\"yoast-schema-graph\">{\"@context\":\"https:\/\/schema.org\",\"@graph\":[{\"@type\":\"Article\",\"@id\":\"https:\/\/waldspurger.ch\/it\/chi-siamo\/storia\/#article\",\"isPartOf\":{\"@id\":\"https:\/\/waldspurger.ch\/it\/chi-siamo\/storia\/\"},\"author\":{\"name\":\"Adminmoritzi\",\"@id\":\"https:\/\/waldspurger.ch\/it\/#\/schema\/person\/e92a92f5b5a240afd932a5eba15ae94c\"},\"headline\":\"La storia di Waldspurger\",\"datePublished\":\"2023-06-23T09:07:09+00:00\",\"dateModified\":\"2023-11-06T07:28:45+00:00\",\"mainEntityOfPage\":{\"@id\":\"https:\/\/waldspurger.ch\/it\/chi-siamo\/storia\/\"},\"wordCount\":4065,\"publisher\":{\"@id\":\"https:\/\/waldspurger.ch\/it\/#organization\"},\"inLanguage\":\"it-IT\"},{\"@type\":\"WebPage\",\"@id\":\"https:\/\/waldspurger.ch\/it\/chi-siamo\/storia\/\",\"url\":\"https:\/\/waldspurger.ch\/it\/chi-siamo\/storia\/\",\"name\":\"La storia di Waldspurger - Waldspurger\",\"isPartOf\":{\"@id\":\"https:\/\/waldspurger.ch\/it\/#website\"},\"datePublished\":\"2023-06-23T09:07:09+00:00\",\"dateModified\":\"2023-11-06T07:28:45+00:00\",\"description\":\"Sie m\u00f6chten nachtr\u00e4glich eine Kopf- und R\u00fcckenst\u00fctze einbauen oder anstelle der Rampe einen Lift montieren? Bei Waldspurger finden Sie die passende L\u00f6sung, um Ihren Bus auf Ihre Bed\u00fcrfnisse anzupassen.\",\"breadcrumb\":{\"@id\":\"https:\/\/waldspurger.ch\/it\/chi-siamo\/storia\/#breadcrumb\"},\"inLanguage\":\"it-IT\",\"potentialAction\":[{\"@type\":\"ReadAction\",\"target\":[\"https:\/\/waldspurger.ch\/it\/chi-siamo\/storia\/\"]}]},{\"@type\":\"BreadcrumbList\",\"@id\":\"https:\/\/waldspurger.ch\/it\/chi-siamo\/storia\/#breadcrumb\",\"itemListElement\":[{\"@type\":\"ListItem\",\"position\":1,\"name\":\"Startseite\",\"item\":\"https:\/\/waldspurger.ch\/it\/\"},{\"@type\":\"ListItem\",\"position\":2,\"name\":\"Chi siamo\",\"item\":\"https:\/\/waldspurger.ch\/it\/chi-siamo\/\"},{\"@type\":\"ListItem\",\"position\":3,\"name\":\"La storia di Waldspurger\"}]},{\"@type\":\"WebSite\",\"@id\":\"https:\/\/waldspurger.ch\/it\/#website\",\"url\":\"https:\/\/waldspurger.ch\/it\/\",\"name\":\"Waldspurger\",\"description\":\"Allestimento di veicoli\",\"publisher\":{\"@id\":\"https:\/\/waldspurger.ch\/it\/#organization\"},\"potentialAction\":[{\"@type\":\"SearchAction\",\"target\":{\"@type\":\"EntryPoint\",\"urlTemplate\":\"https:\/\/waldspurger.ch\/it\/?s={search_term_string}\"},\"query-input\":{\"@type\":\"PropertyValueSpecification\",\"valueRequired\":true,\"valueName\":\"search_term_string\"}}],\"inLanguage\":\"it-IT\"},{\"@type\":\"Organization\",\"@id\":\"https:\/\/waldspurger.ch\/it\/#organization\",\"name\":\"Waldspurger AG\",\"url\":\"https:\/\/waldspurger.ch\/it\/\",\"logo\":{\"@type\":\"ImageObject\",\"inLanguage\":\"it-IT\",\"@id\":\"https:\/\/waldspurger.ch\/it\/#\/schema\/logo\/image\/\",\"url\":\"https:\/\/waldspurger.ch\/wp-content\/uploads\/2022\/02\/logo_de.png\",\"contentUrl\":\"https:\/\/waldspurger.ch\/wp-content\/uploads\/2022\/02\/logo_de.png\",\"width\":320,\"height\":223,\"caption\":\"Waldspurger AG\"},\"image\":{\"@id\":\"https:\/\/waldspurger.ch\/it\/#\/schema\/logo\/image\/\"},\"sameAs\":[\"https:\/\/ch.linkedin.com\/company\/waldspurger-bergdietikon\",\"https:\/\/www.youtube.com\/channel\/UC4BYucVfPuWzNF4hyfO3YTw\"]},{\"@type\":\"Person\",\"@id\":\"https:\/\/waldspurger.ch\/it\/#\/schema\/person\/e92a92f5b5a240afd932a5eba15ae94c\",\"name\":\"Adminmoritzi\",\"image\":{\"@type\":\"ImageObject\",\"inLanguage\":\"it-IT\",\"@id\":\"https:\/\/secure.gravatar.com\/avatar\/4f43fbec0cc1848d75d18da5595fa2e9d12bc02d9d761756323c70efe587d61a?s=96&d=mm&r=g\",\"url\":\"https:\/\/secure.gravatar.com\/avatar\/4f43fbec0cc1848d75d18da5595fa2e9d12bc02d9d761756323c70efe587d61a?s=96&d=mm&r=g\",\"contentUrl\":\"https:\/\/secure.gravatar.com\/avatar\/4f43fbec0cc1848d75d18da5595fa2e9d12bc02d9d761756323c70efe587d61a?s=96&d=mm&r=g\",\"caption\":\"Adminmoritzi\"}}]}<\/script>\n<!-- \/ Yoast SEO plugin. -->","yoast_head_json":{"title":"La storia di Waldspurger - Waldspurger","description":"Sie m\u00f6chten nachtr\u00e4glich eine Kopf- und R\u00fcckenst\u00fctze einbauen oder anstelle der Rampe einen Lift montieren? Bei Waldspurger finden Sie die passende L\u00f6sung, um Ihren Bus auf Ihre Bed\u00fcrfnisse anzupassen.","robots":{"index":"index","follow":"follow","max-snippet":"max-snippet:-1","max-image-preview":"max-image-preview:large","max-video-preview":"max-video-preview:-1"},"canonical":"https:\/\/waldspurger.ch\/it\/chi-siamo\/storia\/","og_locale":"it_IT","og_type":"article","og_title":"La storia di Waldspurger - Waldspurger","og_description":"Sie m\u00f6chten nachtr\u00e4glich eine Kopf- und R\u00fcckenst\u00fctze einbauen oder anstelle der Rampe einen Lift montieren? Bei Waldspurger finden Sie die passende L\u00f6sung, um Ihren Bus auf Ihre Bed\u00fcrfnisse anzupassen.","og_url":"https:\/\/waldspurger.ch\/it\/chi-siamo\/storia\/","og_site_name":"Waldspurger","article_modified_time":"2023-11-06T07:28:45+00:00","og_image":[{"width":320,"height":223,"url":"https:\/\/waldspurger.ch\/wp-content\/uploads\/2022\/02\/logo_de.png","type":"image\/png"}],"twitter_card":"summary_large_image","schema":{"@context":"https:\/\/schema.org","@graph":[{"@type":"Article","@id":"https:\/\/waldspurger.ch\/it\/chi-siamo\/storia\/#article","isPartOf":{"@id":"https:\/\/waldspurger.ch\/it\/chi-siamo\/storia\/"},"author":{"name":"Adminmoritzi","@id":"https:\/\/waldspurger.ch\/it\/#\/schema\/person\/e92a92f5b5a240afd932a5eba15ae94c"},"headline":"La storia di Waldspurger","datePublished":"2023-06-23T09:07:09+00:00","dateModified":"2023-11-06T07:28:45+00:00","mainEntityOfPage":{"@id":"https:\/\/waldspurger.ch\/it\/chi-siamo\/storia\/"},"wordCount":4065,"publisher":{"@id":"https:\/\/waldspurger.ch\/it\/#organization"},"inLanguage":"it-IT"},{"@type":"WebPage","@id":"https:\/\/waldspurger.ch\/it\/chi-siamo\/storia\/","url":"https:\/\/waldspurger.ch\/it\/chi-siamo\/storia\/","name":"La storia di Waldspurger - Waldspurger","isPartOf":{"@id":"https:\/\/waldspurger.ch\/it\/#website"},"datePublished":"2023-06-23T09:07:09+00:00","dateModified":"2023-11-06T07:28:45+00:00","description":"Sie m\u00f6chten nachtr\u00e4glich eine Kopf- und R\u00fcckenst\u00fctze einbauen oder anstelle der Rampe einen Lift montieren? Bei Waldspurger finden Sie die passende L\u00f6sung, um Ihren Bus auf Ihre Bed\u00fcrfnisse anzupassen.","breadcrumb":{"@id":"https:\/\/waldspurger.ch\/it\/chi-siamo\/storia\/#breadcrumb"},"inLanguage":"it-IT","potentialAction":[{"@type":"ReadAction","target":["https:\/\/waldspurger.ch\/it\/chi-siamo\/storia\/"]}]},{"@type":"BreadcrumbList","@id":"https:\/\/waldspurger.ch\/it\/chi-siamo\/storia\/#breadcrumb","itemListElement":[{"@type":"ListItem","position":1,"name":"Startseite","item":"https:\/\/waldspurger.ch\/it\/"},{"@type":"ListItem","position":2,"name":"Chi siamo","item":"https:\/\/waldspurger.ch\/it\/chi-siamo\/"},{"@type":"ListItem","position":3,"name":"La storia di Waldspurger"}]},{"@type":"WebSite","@id":"https:\/\/waldspurger.ch\/it\/#website","url":"https:\/\/waldspurger.ch\/it\/","name":"Waldspurger","description":"Allestimento di veicoli","publisher":{"@id":"https:\/\/waldspurger.ch\/it\/#organization"},"potentialAction":[{"@type":"SearchAction","target":{"@type":"EntryPoint","urlTemplate":"https:\/\/waldspurger.ch\/it\/?s={search_term_string}"},"query-input":{"@type":"PropertyValueSpecification","valueRequired":true,"valueName":"search_term_string"}}],"inLanguage":"it-IT"},{"@type":"Organization","@id":"https:\/\/waldspurger.ch\/it\/#organization","name":"Waldspurger AG","url":"https:\/\/waldspurger.ch\/it\/","logo":{"@type":"ImageObject","inLanguage":"it-IT","@id":"https:\/\/waldspurger.ch\/it\/#\/schema\/logo\/image\/","url":"https:\/\/waldspurger.ch\/wp-content\/uploads\/2022\/02\/logo_de.png","contentUrl":"https:\/\/waldspurger.ch\/wp-content\/uploads\/2022\/02\/logo_de.png","width":320,"height":223,"caption":"Waldspurger AG"},"image":{"@id":"https:\/\/waldspurger.ch\/it\/#\/schema\/logo\/image\/"},"sameAs":["https:\/\/ch.linkedin.com\/company\/waldspurger-bergdietikon","https:\/\/www.youtube.com\/channel\/UC4BYucVfPuWzNF4hyfO3YTw"]},{"@type":"Person","@id":"https:\/\/waldspurger.ch\/it\/#\/schema\/person\/e92a92f5b5a240afd932a5eba15ae94c","name":"Adminmoritzi","image":{"@type":"ImageObject","inLanguage":"it-IT","@id":"https:\/\/secure.gravatar.com\/avatar\/4f43fbec0cc1848d75d18da5595fa2e9d12bc02d9d761756323c70efe587d61a?s=96&d=mm&r=g","url":"https:\/\/secure.gravatar.com\/avatar\/4f43fbec0cc1848d75d18da5595fa2e9d12bc02d9d761756323c70efe587d61a?s=96&d=mm&r=g","contentUrl":"https:\/\/secure.gravatar.com\/avatar\/4f43fbec0cc1848d75d18da5595fa2e9d12bc02d9d761756323c70efe587d61a?s=96&d=mm&r=g","caption":"Adminmoritzi"}}]}},"_links":{"self":[{"href":"https:\/\/waldspurger.ch\/it\/wp-json\/wp\/v2\/pages\/76728","targetHints":{"allow":["GET"]}}],"collection":[{"href":"https:\/\/waldspurger.ch\/it\/wp-json\/wp\/v2\/pages"}],"about":[{"href":"https:\/\/waldspurger.ch\/it\/wp-json\/wp\/v2\/types\/page"}],"author":[{"embeddable":true,"href":"https:\/\/waldspurger.ch\/it\/wp-json\/wp\/v2\/users\/1"}],"replies":[{"embeddable":true,"href":"https:\/\/waldspurger.ch\/it\/wp-json\/wp\/v2\/comments?post=76728"}],"version-history":[{"count":0,"href":"https:\/\/waldspurger.ch\/it\/wp-json\/wp\/v2\/pages\/76728\/revisions"}],"up":[{"embeddable":true,"href":"https:\/\/waldspurger.ch\/it\/wp-json\/wp\/v2\/pages\/35206"}],"wp:attachment":[{"href":"https:\/\/waldspurger.ch\/it\/wp-json\/wp\/v2\/media?parent=76728"}],"curies":[{"name":"wp","href":"https:\/\/api.w.org\/{rel}","templated":true}]}}