{"id":35263,"date":"2020-03-25T15:13:22","date_gmt":"2020-03-25T14:13:22","guid":{"rendered":"https:\/\/waldspurger.getads.ch\/trasporto-di-materiale\/sollevatore-e-rampa-per-il-carico-merci\/"},"modified":"2022-03-17T12:05:17","modified_gmt":"2022-03-17T11:05:17","slug":"sollevatore-e-rampa-per-il-carico-merci","status":"publish","type":"page","link":"https:\/\/waldspurger.ch\/it\/trasporto-materiale\/sollevatore-e-rampa-per-il-carico-merci\/","title":{"rendered":"Sollevatore e rampa per il carico merci"},"content":{"rendered":"<div class=\"wpb-content-wrapper\"><p>[vc_section full_width=&#8221;stretch_row&#8221; full_height=&#8221;yes&#8221; content_placement=&#8221;top&#8221; css_animation=&#8221;fadeIn&#8221; css=&#8221;.vc_custom_1640619991088{margin-top: 0px !important;border-top-width: 0px !important;padding-top: 0px !important;background-image: url(https:\/\/waldspurger.ch\/wp-content\/uploads\/2021\/11\/Rampe-Mercedes_Vito-Waldspurger_2560x1708.jpg?id=32165) !important;background-position: center !important;background-repeat: no-repeat !important;background-size: cover !important;}&#8221; el_class=&#8221;custom-fullheight-section&#8221;][vc_row full_height=&#8221;yes&#8221; content_placement=&#8221;top&#8221; css_animation=&#8221;fadeIn&#8221; el_class=&#8221;stretch-fullheight-innerrow&#8221; effects_enabled_delay=&#8221;500&#8243;][vc_column width=&#8221;1\/4&#8243; css=&#8221;.vc_custom_1582122319023{background-color: rgba(179,32,34,0.58) !important;background-position: center !important;background-repeat: no-repeat !important;background-size: cover !important;*background-color: rgb(179,32,34) !important;}&#8221; el_class=&#8221;.stretch-fullheight-innerrow-column main-visual-column&#8221;][vc_column_text]<\/p>\n<h3 style=\"text-align: center;\"><span style=\"color: #ffffff;\">SOLLEVATORE E RAMPA PER CARICO MERCI<\/span><\/h3>\n<p style=\"text-align: center;padding-bottom:35px;\"><span style=\"color: #ffffff;\">Da Waldspurger trova le soluzioni rampa e sollevatore adatte al trasporto di materiale.<\/span><\/p>\n<p>[\/vc_column_text][\/vc_column][vc_column width=&#8221;1\/4&#8243;][\/vc_column][vc_column width=&#8221;1\/4&#8243;][\/vc_column][vc_column width=&#8221;1\/4&#8243;][\/vc_column][\/vc_row][\/vc_section][vc_row css=&#8221;.vc_custom_1640620091194{margin-top: 0px !important;margin-bottom: 0px !important;padding-top: 70px !important;padding-bottom: 40px !important;}&#8221;][vc_column css_animation=&#8221;fadeInUp&#8221; css=&#8221;.vc_custom_1640620080280{margin-top: 0px !important;margin-bottom: 0px !important;padding-top: 0px !important;padding-bottom: 0px !important;}&#8221;][vc_column_text css=&#8221;.vc_custom_1640621496009{margin-top: 0px !important;margin-bottom: 0px !important;padding-top: 0px !important;padding-bottom: 20px !important;}&#8221; el_class=&#8221;custom_maxwidth&#8221;]<\/p>\n<h2><strong>SOLLEVATORE E RAMPA PER CARICO MERCI<\/strong><\/h2>\n<h3>CARICARE IN MODO SEMPLICE E SICURO<\/h3>\n<p>Le nostre diverse soluzioni per rampe e sollevatori semplificano e rendono pi\u00f9 sicure le operazioni di carico. Grazie alla leggerezza e alla stabilit\u00e0 della struttura otteniamo un buon compromesso tra carico utile massimo e carico nominale massimo. Grazie alla nostra ampia gamma di rampe e sollevatori per merci offriamo la soluzione adatta per diverse possibilit\u00e0 di utilizzo.[\/vc_column_text][\/vc_column][\/vc_row][vc_row full_width=&#8221;stretch_row&#8221; css_animation=&#8221;fadeInUp&#8221; css=&#8221;.vc_custom_1641478914443{margin-top: 0px !important;margin-bottom: 0px !important;padding-top: 50px !important;padding-bottom: 20px !important;background-color: #f2f2f2 !important;}&#8221; mobile_padding_bottom=&#8221;0&#8243; mobile_margin_bottom=&#8221;0&#8243;][vc_column css_animation=&#8221;fadeInUp&#8221; css=&#8221;.vc_custom_1641478905566{margin-top: 0px !important;margin-bottom: 0px !important;padding-top: 0px !important;padding-bottom: 0px !important;}&#8221; mobile_margin_bottom=&#8221;50&#8243;][vc_icon icon_fontawesome=&#8221;fas fa-arrow-right&#8221; color=&#8221;custom&#8221; background_style=&#8221;rounded&#8221; background_color=&#8221;custom&#8221; size=&#8221;lg&#8221; custom_color=&#8221;#c3bab9&#8243; el_class=&#8221;custom_round_icon_border_floatleft&#8221;][vc_column_text el_class=&#8221;custom_maxwidth&#8221;]<\/p>\n<h3 style=\"margin-bottom: 5px;\"><strong>ALLESTIMENTI E PRODOTTI<\/strong><\/h3>\n<p>Si informi qui in merito alle diverse opzioni. <span style=\"color: #333333;\"><a style=\"color: #333333; text-decoration: underline;\" href=\"https:\/\/waldspurger.ch\/it\/contatti\/\">Saremo lieti di consigliarla personalmente per telefono o da noi a Bergdietikon.<\/a><\/span>[\/vc_column_text][\/vc_column][\/vc_row][vc_row full_width=&#8221;stretch_row&#8221; css=&#8221;.vc_custom_1640621960162{margin-top: 0px !important;margin-bottom: 0px !important;padding-top: 0px !important;padding-bottom: 0px !important;background-color: #f2f2f2 !important;}&#8221;][vc_column width=&#8221;1\/2&#8243; css_animation=&#8221;fadeInUp&#8221; css=&#8221;.vc_custom_1640621982953{margin-top: 0px !important;margin-bottom: 0px !important;padding-top: 0px !important;padding-bottom: 50px !important;}&#8221;][vc_single_image image=&#8221;37473&#8243; img_size=&#8221;full&#8221; css=&#8221;.vc_custom_1645180613537{margin-top: 0px !important;margin-bottom: 20px !important;}&#8221;][vc_column_text css=&#8221;.vc_custom_1645180675439{margin-top: 0px !important;margin-bottom: 20px !important;}&#8221;]<\/p>\n<h3><span style=\"color: #b32022;\">RAMPE DI CARICO<\/span><\/h3>\n<p>I nostri diversi sistemi di rampe sono convenienti e la aiutano a caricare in sicurezza la sua merce. La loro leggera struttura in alluminio ne consente il comando manuale e senza grossi sforzi. Grazie alle diverse opzioni antiscivolo, la rampa \u00e8 stabile e impedisce di scivolare anche nei freddi e umidi mesi invernali. Solitamente utilizziamo punzonature antisdrucciolo. Offriamo diverse opzioni per consentirle di trovare la rampa adatta alle sue esigenze.[\/vc_column_text][\/vc_column][vc_column width=&#8221;1\/2&#8243; css_animation=&#8221;fadeInUp&#8221; css=&#8221;.vc_custom_1640621996580{margin-top: 0px !important;margin-bottom: 0px !important;padding-top: 0px !important;padding-bottom: 50px !important;}&#8221; effects_enabled_delay=&#8221;200&#8243;][vc_single_image image=&#8221;37482&#8243; img_size=&#8221;full&#8221; css=&#8221;.vc_custom_1645180619173{margin-top: 0px !important;margin-bottom: 20px !important;}&#8221;][vc_column_text css=&#8221;.vc_custom_1645180680925{margin-top: 0px !important;}&#8221;]<\/p>\n<h3><span style=\"color: #b32022;\">RAMPA GIREVOLE<\/span><\/h3>\n<p>Opzionalmente \u00e8 possibile dotare le nostre rampe di un meccanismo di rotazione. In tal modo, oltre a ripiegarla, \u00e8 possibile anche ruotare la rampa lateralmente verso l\u2019interno o l\u2019esterno quando \u00e8 in verticale. Cos\u00ec, in caso di necessit\u00e0 il vano di carico \u00e8 subito accessibile, mentre la rampa viene fissata al bordo in sicurezza, risparmiando spazio.[\/vc_column_text][\/vc_column][\/vc_row][vc_row css=&#8221;.vc_custom_1640622093072{margin-top: 0px !important;margin-bottom: 0px !important;padding-top: 50px !important;padding-bottom: 0px !important;}&#8221;][vc_column width=&#8221;1\/2&#8243; css_animation=&#8221;fadeInUp&#8221; css=&#8221;.vc_custom_1640622041232{margin-top: 0px !important;margin-bottom: 0px !important;padding-top: 0px !important;padding-bottom: 50px !important;}&#8221;][vc_single_image image=&#8221;37481&#8243; img_size=&#8221;full&#8221; css=&#8221;.vc_custom_1645180623390{margin-top: 0px !important;margin-bottom: 20px !important;}&#8221;][vc_column_text css=&#8221;.vc_custom_1645180686209{margin-top: 0px !important;}&#8221;]<\/p>\n<h3><span style=\"color: #b32022;\">RAMPA RIVESTITA IN CORINDONE<\/span><\/h3>\n<p>Le punzonature antiscivolo rendono la rampa un percorso accidentato se si utilizzano rotelle. Con un rivestimento in corindone sulla rampa di carico creiamo un accesso piano e antiscivolo.[\/vc_column_text][\/vc_column][vc_column width=&#8221;1\/2&#8243; css_animation=&#8221;fadeInUp&#8221; css=&#8221;.vc_custom_1640622055889{margin-top: 0px !important;margin-bottom: 0px !important;padding-top: 0px !important;padding-bottom: 50px !important;}&#8221; effects_enabled_delay=&#8221;200&#8243;][vc_single_image image=&#8221;37480&#8243; img_size=&#8221;full&#8221; css=&#8221;.vc_custom_1645180627859{margin-top: 0px !important;margin-bottom: 20px !important;}&#8221;][vc_column_text css=&#8221;.vc_custom_1645180691094{margin-top: 0px !important;margin-bottom: 20px !important;}&#8221;]<\/p>\n<h3><span style=\"color: #b32022;\">RAMPE PER CARICHI PESANTI<\/span><\/h3>\n<p>Tramite rinforzi e piedi di sostegno supplementari \u00e8 possibile raddoppiare la portata delle nostre rampe di carico. Offriamo soluzioni anche per il carico di apparecchi pesanti.[\/vc_column_text][\/vc_column][\/vc_row][vc_row full_width=&#8221;stretch_row&#8221; css=&#8221;.vc_custom_1640622081845{margin-top: 0px !important;margin-bottom: 0px !important;padding-top: 50px !important;padding-bottom: 0px !important;background-color: #f2f2f2 !important;}&#8221;][vc_column width=&#8221;1\/2&#8243; css_animation=&#8221;fadeInUp&#8221; css=&#8221;.vc_custom_1640622107597{margin-top: 0px !important;margin-bottom: 0px !important;padding-top: 0px !important;padding-bottom: 50px !important;}&#8221;][vc_single_image image=&#8221;36007&#8243; img_size=&#8221;full&#8221; css=&#8221;.vc_custom_1645180638063{margin-top: 0px !important;margin-bottom: 20px !important;}&#8221;][vc_column_text css=&#8221;.vc_custom_1645180707901{margin-top: 0px !important;}&#8221;]<\/p>\n<h3><span style=\"color: #b32022;\">RAMPA IN 3 PARTI<\/span><\/h3>\n<p>La nostra rampa in 3 parti \u00e8 la perfetta soluzione per lei, se desidera installare una rampa fissa sul veicolo e allo stesso tempo deve mantenere l\u2019altezza di quest\u2019ultimo entro certi limiti. Installando una rampa ripiegabile in 3 parti, l\u2019angolo di inclinazione per il carico di materiale all\u2019interno del suo veicolo compatto si riduce.[\/vc_column_text][\/vc_column][vc_column width=&#8221;1\/2&#8243; css_animation=&#8221;fadeInUp&#8221; css=&#8221;.vc_custom_1640622123279{margin-top: 0px !important;margin-bottom: 0px !important;padding-top: 0px !important;padding-bottom: 50px !important;}&#8221; effects_enabled_delay=&#8221;200&#8243;][vc_single_image image=&#8221;37478&#8243; img_size=&#8221;full&#8221; css=&#8221;.vc_custom_1645180646414{margin-top: 0px !important;margin-bottom: 20px !important;}&#8221;][vc_column_text css=&#8221;.vc_custom_1645180715384{margin-top: 0px !important;}&#8221;]<\/p>\n<h3><span style=\"color: #b32022;\">ELEVATORE PER MERCI<\/span><\/h3>\n<p>Il nostro elevatore per merci porta il materiale all\u2019interno del vano di carico in modo semplice e sicuro. La struttura rinforzata con due bracci di sollevamento garantisce la massima portata e la stabilit\u00e0 della piattaforma. La pedana antiribaltamento automatica serve a superare la distanza dalla piattaforma di sollevamento all\u2019interno del veicolo e impedisce contemporaneamente che il materiale scivoli durante i processi di sollevamento e di abbassamento.[\/vc_column_text][\/vc_column][\/vc_row][vc_row css=&#8221;.vc_custom_1640622141173{margin-top: 0px !important;margin-bottom: 0px !important;padding-top: 50px !important;padding-bottom: 0px !important;}&#8221;][vc_column width=&#8221;1\/2&#8243; css_animation=&#8221;fadeInUp&#8221; css=&#8221;.vc_custom_1640622158659{margin-top: 0px !important;margin-bottom: 0px !important;padding-top: 0px !important;padding-bottom: 50px !important;}&#8221;][vc_single_image image=&#8221;37477&#8243; img_size=&#8221;full&#8221; css=&#8221;.vc_custom_1645180652050{margin-top: 0px !important;margin-bottom: 20px !important;}&#8221;][vc_column_text css=&#8221;.vc_custom_1645180722637{margin-top: 0px !important;}&#8221;]<\/p>\n<h3><span style=\"color: #b32022;\">ELEVATORE PER MERCI IN 2 PARTI<\/span><\/h3>\n<p>L\u2019elevatore per merci con piattaforma di sollevamento in due parti \u00e8 perfetto per veicoli con una notevole altezza interna, oppure se si desidera una visibilit\u00e0 posteriore libera. Durante il funzionamento, la piattaforma di sollevamento dell\u2019elevatore si apre nel mezzo, distendendosi, creando una piattaforma completa. Dopo l\u2019utilizzo, premendo un pulsante si riporta l\u2019elevatore per merci all\u2019interno del veicolo e la piattaforma di sollevamento si ripiega.[\/vc_column_text][\/vc_column][vc_column width=&#8221;1\/2&#8243; css_animation=&#8221;fadeInUp&#8221; css=&#8221;.vc_custom_1640622177041{margin-top: 0px !important;margin-bottom: 0px !important;padding-top: 0px !important;padding-bottom: 50px !important;}&#8221; effects_enabled_delay=&#8221;200&#8243;][vc_single_image image=&#8221;37476&#8243; img_size=&#8221;full&#8221; css=&#8221;.vc_custom_1645180657084{margin-top: 0px !important;margin-bottom: 20px !important;}&#8221;][vc_column_text css=&#8221;.vc_custom_1645180727555{margin-top: 0px !important;margin-bottom: 20px !important;}&#8221;]<\/p>\n<h3><span style=\"color: #b32022;\">ELEVATORE PER MERCI DIVISO VERTICALMENTE<\/span><\/h3>\n<p>La piattaforma divisa verticalmente dell\u2019elevatore offre al conducente una visibilit\u00e0 posteriore molto migliore e un facile accesso all\u2019interno del veicolo per caricare velocemente il materiale leggero.[\/vc_column_text][\/vc_column][\/vc_row][vc_row full_width=&#8221;stretch_row&#8221; css=&#8221;.vc_custom_1642162105020{margin-top: 0px !important;margin-bottom: 0px !important;padding-top: 50px !important;padding-bottom: 50px !important;background-color: #f2f2f2 !important;}&#8221;][vc_column width=&#8221;1\/2&#8243; css_animation=&#8221;fadeInUp&#8221; css=&#8221;.vc_custom_1640622217080{margin-top: 0px !important;margin-bottom: 0px !important;padding-top: 0px !important;padding-bottom: 50px !important;}&#8221;][vc_single_image image=&#8221;37475&#8243; img_size=&#8221;full&#8221; css=&#8221;.vc_custom_1645180662168{margin-top: 0px !important;margin-bottom: 20px !important;}&#8221;][vc_column_text css=&#8221;.vc_custom_1645180737675{margin-top: 0px !important;}&#8221;]<\/p>\n<h3><span style=\"color: #b32022;\">ELEVATORE PER MERCI ACCANTO ALLA PORTIERA SCORREVOLE <\/span><\/h3>\n<p>L\u2019elevatore per il carico della merce accanto alla portiera scorrevole \u00e8 un\u2019alternativa salvaspazio ai comuni elevatori per merci. La cassetta viene montata lateralmente, al di sotto del veicolo, e non limita n\u00e9 l\u2019accesso, n\u00e9 l\u2019utilizzo dell\u2019abitacolo. La versione piatta offre la massima altezza libera dal suolo possibile e la struttura chiusa garantisce una perfetta protezione dell\u2019elevatore, anche nelle condizioni meteo tipiche della Svizzera: pioggia, neve e ghiaccio.[\/vc_column_text][\/vc_column][vc_column width=&#8221;1\/2&#8243; css_animation=&#8221;fadeInUp&#8221; css=&#8221;.vc_custom_1640622259462{margin-top: 0px !important;margin-bottom: 0px !important;padding-top: 0px !important;padding-bottom: 50px !important;}&#8221; effects_enabled_delay=&#8221;200&#8243;][vc_single_image image=&#8221;37474&#8243; img_size=&#8221;600&#215;400&#8243; css=&#8221;.vc_custom_1645180667005{margin-top: 0px !important;margin-bottom: 20px !important;}&#8221;][vc_column_text css=&#8221;.vc_custom_1645180743043{margin-top: 0px !important;margin-bottom: 20px !important;}&#8221;]<\/p>\n<h3><span style=\"color: #b32022;\">ELEVATORE PER MERCI MONTATO ALLA PARETE DIVISORIA<\/span><\/h3>\n<p>Per il trasporto di carichi dal volume inferiore, il nostro elevatore per merci applicato alla parete divisoria \u00e8 la soluzione ottimale. L\u2019elevatore interno \u00e8 facile da comandare. Grazie alla possibilit\u00e0 di ruotare la piattaforma verso la parete divisoria in posizione terminale, \u00e8 possibile inserirlo risparmiando spazio.[\/vc_column_text][\/vc_column][\/vc_row]<\/p>\n<\/div>","protected":false},"excerpt":{"rendered":"<p>[vc_section full_width=&#8221;stretch_row&#8221; full_height=&#8221;yes&#8221; content_placement=&#8221;top&#8221; css_animation=&#8221;fadeIn&#8221; css=&#8221;.vc_custom_1640619991088{margin-top: 0px !important;border-top-width: 0px !important;padding-top: 0px !important;background-image: url(https:\/\/waldspurger.ch\/wp-content\/uploads\/2021\/11\/Rampe-Mercedes_Vito-Waldspurger_2560x1708.jpg?id=32165) !important;background-position: center !important;background-repeat: no-repeat !important;background-size: cover !important;}&#8221;&#8230;<\/p>\n","protected":false},"author":1,"featured_media":0,"parent":35203,"menu_order":0,"comment_status":"closed","ping_status":"closed","template":"","meta":{"footnotes":""},"class_list":["post-35263","page","type-page","status-publish"],"yoast_head":"<!-- This site is optimized with the Yoast SEO plugin v27.2 - https:\/\/yoast.com\/product\/yoast-seo-wordpress\/ -->\n<title>Sollevatore e rampa per il carico merci - Waldspurger<\/title>\n<meta name=\"robots\" content=\"index, follow, max-snippet:-1, max-image-preview:large, max-video-preview:-1\" \/>\n<link rel=\"canonical\" href=\"https:\/\/waldspurger.ch\/it\/trasporto-materiale\/sollevatore-e-rampa-per-il-carico-merci\/\" \/>\n<meta property=\"og:locale\" content=\"it_IT\" \/>\n<meta property=\"og:type\" content=\"article\" \/>\n<meta property=\"og:title\" content=\"Sollevatore e rampa per il carico merci - Waldspurger\" \/>\n<meta property=\"og:description\" content=\"[vc_section full_width=&#8221;stretch_row&#8221; full_height=&#8221;yes&#8221; content_placement=&#8221;top&#8221; css_animation=&#8221;fadeIn&#8221; css=&#8221;.vc_custom_1640619991088{margin-top: 0px !important;border-top-width: 0px !important;padding-top: 0px !important;background-image: url(https:\/\/waldspurger.ch\/wp-content\/uploads\/2021\/11\/Rampe-Mercedes_Vito-Waldspurger_2560x1708.jpg?id=32165) !important;background-position: center !important;background-repeat: no-repeat !important;background-size: cover !important;}&#8221;...\" \/>\n<meta property=\"og:url\" content=\"https:\/\/waldspurger.ch\/it\/trasporto-materiale\/sollevatore-e-rampa-per-il-carico-merci\/\" \/>\n<meta property=\"og:site_name\" content=\"Waldspurger\" \/>\n<meta property=\"article:modified_time\" content=\"2022-03-17T11:05:17+00:00\" \/>\n<meta property=\"og:image\" content=\"https:\/\/waldspurger.ch\/wp-content\/uploads\/2022\/02\/logo_de.png\" \/>\n\t<meta property=\"og:image:width\" content=\"320\" \/>\n\t<meta property=\"og:image:height\" content=\"223\" \/>\n\t<meta property=\"og:image:type\" content=\"image\/png\" \/>\n<meta name=\"twitter:card\" content=\"summary_large_image\" \/>\n<script type=\"application\/ld+json\" class=\"yoast-schema-graph\">{\"@context\":\"https:\/\/schema.org\",\"@graph\":[{\"@type\":\"Article\",\"@id\":\"https:\/\/waldspurger.ch\/it\/trasporto-materiale\/sollevatore-e-rampa-per-il-carico-merci\/#article\",\"isPartOf\":{\"@id\":\"https:\/\/waldspurger.ch\/it\/trasporto-materiale\/sollevatore-e-rampa-per-il-carico-merci\/\"},\"author\":{\"name\":\"Adminmoritzi\",\"@id\":\"https:\/\/waldspurger.ch\/it\/#\/schema\/person\/e92a92f5b5a240afd932a5eba15ae94c\"},\"headline\":\"Sollevatore e rampa per il carico merci\",\"datePublished\":\"2020-03-25T14:13:22+00:00\",\"dateModified\":\"2022-03-17T11:05:17+00:00\",\"mainEntityOfPage\":{\"@id\":\"https:\/\/waldspurger.ch\/it\/trasporto-materiale\/sollevatore-e-rampa-per-il-carico-merci\/\"},\"wordCount\":1617,\"publisher\":{\"@id\":\"https:\/\/waldspurger.ch\/it\/#organization\"},\"inLanguage\":\"it-IT\"},{\"@type\":\"WebPage\",\"@id\":\"https:\/\/waldspurger.ch\/it\/trasporto-materiale\/sollevatore-e-rampa-per-il-carico-merci\/\",\"url\":\"https:\/\/waldspurger.ch\/it\/trasporto-materiale\/sollevatore-e-rampa-per-il-carico-merci\/\",\"name\":\"Sollevatore e rampa per il carico merci - Waldspurger\",\"isPartOf\":{\"@id\":\"https:\/\/waldspurger.ch\/it\/#website\"},\"datePublished\":\"2020-03-25T14:13:22+00:00\",\"dateModified\":\"2022-03-17T11:05:17+00:00\",\"breadcrumb\":{\"@id\":\"https:\/\/waldspurger.ch\/it\/trasporto-materiale\/sollevatore-e-rampa-per-il-carico-merci\/#breadcrumb\"},\"inLanguage\":\"it-IT\",\"potentialAction\":[{\"@type\":\"ReadAction\",\"target\":[\"https:\/\/waldspurger.ch\/it\/trasporto-materiale\/sollevatore-e-rampa-per-il-carico-merci\/\"]}]},{\"@type\":\"BreadcrumbList\",\"@id\":\"https:\/\/waldspurger.ch\/it\/trasporto-materiale\/sollevatore-e-rampa-per-il-carico-merci\/#breadcrumb\",\"itemListElement\":[{\"@type\":\"ListItem\",\"position\":1,\"name\":\"Startseite\",\"item\":\"https:\/\/waldspurger.ch\/it\/\"},{\"@type\":\"ListItem\",\"position\":2,\"name\":\"Trasporto Materiale\",\"item\":\"https:\/\/waldspurger.ch\/it\/trasporto-materiale\/\"},{\"@type\":\"ListItem\",\"position\":3,\"name\":\"Sollevatore e rampa per il carico merci\"}]},{\"@type\":\"WebSite\",\"@id\":\"https:\/\/waldspurger.ch\/it\/#website\",\"url\":\"https:\/\/waldspurger.ch\/it\/\",\"name\":\"Waldspurger\",\"description\":\"Allestimento di veicoli\",\"publisher\":{\"@id\":\"https:\/\/waldspurger.ch\/it\/#organization\"},\"potentialAction\":[{\"@type\":\"SearchAction\",\"target\":{\"@type\":\"EntryPoint\",\"urlTemplate\":\"https:\/\/waldspurger.ch\/it\/?s={search_term_string}\"},\"query-input\":{\"@type\":\"PropertyValueSpecification\",\"valueRequired\":true,\"valueName\":\"search_term_string\"}}],\"inLanguage\":\"it-IT\"},{\"@type\":\"Organization\",\"@id\":\"https:\/\/waldspurger.ch\/it\/#organization\",\"name\":\"Waldspurger AG\",\"url\":\"https:\/\/waldspurger.ch\/it\/\",\"logo\":{\"@type\":\"ImageObject\",\"inLanguage\":\"it-IT\",\"@id\":\"https:\/\/waldspurger.ch\/it\/#\/schema\/logo\/image\/\",\"url\":\"https:\/\/waldspurger.ch\/wp-content\/uploads\/2022\/02\/logo_de.png\",\"contentUrl\":\"https:\/\/waldspurger.ch\/wp-content\/uploads\/2022\/02\/logo_de.png\",\"width\":320,\"height\":223,\"caption\":\"Waldspurger AG\"},\"image\":{\"@id\":\"https:\/\/waldspurger.ch\/it\/#\/schema\/logo\/image\/\"},\"sameAs\":[\"https:\/\/ch.linkedin.com\/company\/waldspurger-bergdietikon\",\"https:\/\/www.youtube.com\/channel\/UC4BYucVfPuWzNF4hyfO3YTw\"]},{\"@type\":\"Person\",\"@id\":\"https:\/\/waldspurger.ch\/it\/#\/schema\/person\/e92a92f5b5a240afd932a5eba15ae94c\",\"name\":\"Adminmoritzi\",\"image\":{\"@type\":\"ImageObject\",\"inLanguage\":\"it-IT\",\"@id\":\"https:\/\/secure.gravatar.com\/avatar\/4f43fbec0cc1848d75d18da5595fa2e9d12bc02d9d761756323c70efe587d61a?s=96&d=mm&r=g\",\"url\":\"https:\/\/secure.gravatar.com\/avatar\/4f43fbec0cc1848d75d18da5595fa2e9d12bc02d9d761756323c70efe587d61a?s=96&d=mm&r=g\",\"contentUrl\":\"https:\/\/secure.gravatar.com\/avatar\/4f43fbec0cc1848d75d18da5595fa2e9d12bc02d9d761756323c70efe587d61a?s=96&d=mm&r=g\",\"caption\":\"Adminmoritzi\"}}]}<\/script>\n<!-- \/ Yoast SEO plugin. -->","yoast_head_json":{"title":"Sollevatore e rampa per il carico merci - Waldspurger","robots":{"index":"index","follow":"follow","max-snippet":"max-snippet:-1","max-image-preview":"max-image-preview:large","max-video-preview":"max-video-preview:-1"},"canonical":"https:\/\/waldspurger.ch\/it\/trasporto-materiale\/sollevatore-e-rampa-per-il-carico-merci\/","og_locale":"it_IT","og_type":"article","og_title":"Sollevatore e rampa per il carico merci - Waldspurger","og_description":"[vc_section full_width=&#8221;stretch_row&#8221; full_height=&#8221;yes&#8221; content_placement=&#8221;top&#8221; css_animation=&#8221;fadeIn&#8221; css=&#8221;.vc_custom_1640619991088{margin-top: 0px !important;border-top-width: 0px !important;padding-top: 0px !important;background-image: url(https:\/\/waldspurger.ch\/wp-content\/uploads\/2021\/11\/Rampe-Mercedes_Vito-Waldspurger_2560x1708.jpg?id=32165) !important;background-position: center !important;background-repeat: no-repeat !important;background-size: cover !important;}&#8221;...","og_url":"https:\/\/waldspurger.ch\/it\/trasporto-materiale\/sollevatore-e-rampa-per-il-carico-merci\/","og_site_name":"Waldspurger","article_modified_time":"2022-03-17T11:05:17+00:00","og_image":[{"width":320,"height":223,"url":"https:\/\/waldspurger.ch\/wp-content\/uploads\/2022\/02\/logo_de.png","type":"image\/png"}],"twitter_card":"summary_large_image","schema":{"@context":"https:\/\/schema.org","@graph":[{"@type":"Article","@id":"https:\/\/waldspurger.ch\/it\/trasporto-materiale\/sollevatore-e-rampa-per-il-carico-merci\/#article","isPartOf":{"@id":"https:\/\/waldspurger.ch\/it\/trasporto-materiale\/sollevatore-e-rampa-per-il-carico-merci\/"},"author":{"name":"Adminmoritzi","@id":"https:\/\/waldspurger.ch\/it\/#\/schema\/person\/e92a92f5b5a240afd932a5eba15ae94c"},"headline":"Sollevatore e rampa per il carico merci","datePublished":"2020-03-25T14:13:22+00:00","dateModified":"2022-03-17T11:05:17+00:00","mainEntityOfPage":{"@id":"https:\/\/waldspurger.ch\/it\/trasporto-materiale\/sollevatore-e-rampa-per-il-carico-merci\/"},"wordCount":1617,"publisher":{"@id":"https:\/\/waldspurger.ch\/it\/#organization"},"inLanguage":"it-IT"},{"@type":"WebPage","@id":"https:\/\/waldspurger.ch\/it\/trasporto-materiale\/sollevatore-e-rampa-per-il-carico-merci\/","url":"https:\/\/waldspurger.ch\/it\/trasporto-materiale\/sollevatore-e-rampa-per-il-carico-merci\/","name":"Sollevatore e rampa per il carico merci - Waldspurger","isPartOf":{"@id":"https:\/\/waldspurger.ch\/it\/#website"},"datePublished":"2020-03-25T14:13:22+00:00","dateModified":"2022-03-17T11:05:17+00:00","breadcrumb":{"@id":"https:\/\/waldspurger.ch\/it\/trasporto-materiale\/sollevatore-e-rampa-per-il-carico-merci\/#breadcrumb"},"inLanguage":"it-IT","potentialAction":[{"@type":"ReadAction","target":["https:\/\/waldspurger.ch\/it\/trasporto-materiale\/sollevatore-e-rampa-per-il-carico-merci\/"]}]},{"@type":"BreadcrumbList","@id":"https:\/\/waldspurger.ch\/it\/trasporto-materiale\/sollevatore-e-rampa-per-il-carico-merci\/#breadcrumb","itemListElement":[{"@type":"ListItem","position":1,"name":"Startseite","item":"https:\/\/waldspurger.ch\/it\/"},{"@type":"ListItem","position":2,"name":"Trasporto Materiale","item":"https:\/\/waldspurger.ch\/it\/trasporto-materiale\/"},{"@type":"ListItem","position":3,"name":"Sollevatore e rampa per il carico merci"}]},{"@type":"WebSite","@id":"https:\/\/waldspurger.ch\/it\/#website","url":"https:\/\/waldspurger.ch\/it\/","name":"Waldspurger","description":"Allestimento di veicoli","publisher":{"@id":"https:\/\/waldspurger.ch\/it\/#organization"},"potentialAction":[{"@type":"SearchAction","target":{"@type":"EntryPoint","urlTemplate":"https:\/\/waldspurger.ch\/it\/?s={search_term_string}"},"query-input":{"@type":"PropertyValueSpecification","valueRequired":true,"valueName":"search_term_string"}}],"inLanguage":"it-IT"},{"@type":"Organization","@id":"https:\/\/waldspurger.ch\/it\/#organization","name":"Waldspurger AG","url":"https:\/\/waldspurger.ch\/it\/","logo":{"@type":"ImageObject","inLanguage":"it-IT","@id":"https:\/\/waldspurger.ch\/it\/#\/schema\/logo\/image\/","url":"https:\/\/waldspurger.ch\/wp-content\/uploads\/2022\/02\/logo_de.png","contentUrl":"https:\/\/waldspurger.ch\/wp-content\/uploads\/2022\/02\/logo_de.png","width":320,"height":223,"caption":"Waldspurger AG"},"image":{"@id":"https:\/\/waldspurger.ch\/it\/#\/schema\/logo\/image\/"},"sameAs":["https:\/\/ch.linkedin.com\/company\/waldspurger-bergdietikon","https:\/\/www.youtube.com\/channel\/UC4BYucVfPuWzNF4hyfO3YTw"]},{"@type":"Person","@id":"https:\/\/waldspurger.ch\/it\/#\/schema\/person\/e92a92f5b5a240afd932a5eba15ae94c","name":"Adminmoritzi","image":{"@type":"ImageObject","inLanguage":"it-IT","@id":"https:\/\/secure.gravatar.com\/avatar\/4f43fbec0cc1848d75d18da5595fa2e9d12bc02d9d761756323c70efe587d61a?s=96&d=mm&r=g","url":"https:\/\/secure.gravatar.com\/avatar\/4f43fbec0cc1848d75d18da5595fa2e9d12bc02d9d761756323c70efe587d61a?s=96&d=mm&r=g","contentUrl":"https:\/\/secure.gravatar.com\/avatar\/4f43fbec0cc1848d75d18da5595fa2e9d12bc02d9d761756323c70efe587d61a?s=96&d=mm&r=g","caption":"Adminmoritzi"}}]}},"_links":{"self":[{"href":"https:\/\/waldspurger.ch\/it\/wp-json\/wp\/v2\/pages\/35263","targetHints":{"allow":["GET"]}}],"collection":[{"href":"https:\/\/waldspurger.ch\/it\/wp-json\/wp\/v2\/pages"}],"about":[{"href":"https:\/\/waldspurger.ch\/it\/wp-json\/wp\/v2\/types\/page"}],"author":[{"embeddable":true,"href":"https:\/\/waldspurger.ch\/it\/wp-json\/wp\/v2\/users\/1"}],"replies":[{"embeddable":true,"href":"https:\/\/waldspurger.ch\/it\/wp-json\/wp\/v2\/comments?post=35263"}],"version-history":[{"count":0,"href":"https:\/\/waldspurger.ch\/it\/wp-json\/wp\/v2\/pages\/35263\/revisions"}],"up":[{"embeddable":true,"href":"https:\/\/waldspurger.ch\/it\/wp-json\/wp\/v2\/pages\/35203"}],"wp:attachment":[{"href":"https:\/\/waldspurger.ch\/it\/wp-json\/wp\/v2\/media?parent=35263"}],"curies":[{"name":"wp","href":"https:\/\/api.w.org\/{rel}","templated":true}]}}