{"id":35247,"date":"2021-02-09T10:14:28","date_gmt":"2021-02-09T09:14:28","guid":{"rendered":"https:\/\/waldspurger.getads.ch\/transporto-di-passeggeri\/sedile-monoposto-e-panca\/"},"modified":"2026-03-02T09:42:01","modified_gmt":"2026-03-02T08:42:01","slug":"sedile-monoposto-e-panca","status":"publish","type":"page","link":"https:\/\/waldspurger.ch\/it\/trasporto-passeggeri\/sedile-monoposto-e-panca\/","title":{"rendered":"Sedile monoposto e panca"},"content":{"rendered":"<div class=\"wpb-content-wrapper\"><p>[vc_section full_width=&#8221;stretch_row&#8221; full_height=&#8221;yes&#8221; content_placement=&#8221;top&#8221; css_animation=&#8221;fadeIn&#8221; css=&#8221;.vc_custom_1637679194017{margin-top: 0px !important;border-top-width: 0px !important;padding-top: 0px !important;background-image: url(https:\/\/waldspurger.ch\/wp-content\/uploads\/2021\/11\/Waldspurger_Personentransporter_Einselsitz-Sitzbank_2560x1708.jpg?id=32275) !important;background-position: center !important;background-repeat: no-repeat !important;background-size: cover !important;}&#8221; el_class=&#8221;custom-fullheight-section&#8221;][vc_row full_height=&#8221;yes&#8221; content_placement=&#8221;top&#8221; css_animation=&#8221;fadeIn&#8221; el_class=&#8221;stretch-fullheight-innerrow&#8221; effects_enabled_delay=&#8221;500&#8243;][vc_column width=&#8221;1\/4&#8243; css=&#8221;.vc_custom_1582122319023{background-color: rgba(179,32,34,0.58) !important;background-position: center !important;background-repeat: no-repeat !important;background-size: cover !important;*background-color: rgb(179,32,34) !important;}&#8221; el_class=&#8221;.stretch-fullheight-innerrow-column main-visual-column&#8221;][vc_column_text]<\/p>\n<h3 style=\"text-align: center;\"><span style=\"color: #ffffff;\">SEDILE MONOPOSTO E PANCA<\/span><\/h3>\n<p style=\"text-align: center; color: #ffffff; padding-bottom: 35px;\">Da Waldspurger trova sedili monoposto o panche supplementari omologati per la Svizzera per il vano di carico del suo furgone.<\/p>\n<p>[\/vc_column_text][\/vc_column][vc_column width=&#8221;1\/4&#8243;][\/vc_column][vc_column width=&#8221;1\/4&#8243;][\/vc_column][vc_column width=&#8221;1\/4&#8243;][\/vc_column][\/vc_row][\/vc_section][vc_row css=&#8221;.vc_custom_1640200510886{margin-top: 0px !important;margin-bottom: 0px !important;padding-top: 0px !important;padding-bottom: 0px !important;}&#8221;][vc_column width=&#8221;1\/2&#8243; css=&#8221;.vc_custom_1640201176459{padding-top: 70px !important;padding-bottom: 0px !important;}&#8221;][vc_column_text css=&#8221;.vc_custom_1632996495533{margin-top: 40px !important;margin-bottom: 20px !important;padding-bottom: 0px !important;}&#8221; css_animation=&#8221;fadeInLeft&#8221;]<\/p>\n<h2><strong>SEDILE MONOPOSTO E PANCA<\/strong><\/h2>\n<h3>LE NOSTRE SOLUZIONI DI SEDUTA: PERSONALI COME LEI<\/h3>\n<p>La soluzione di fabbrica non \u00e8 sufficiente per le sue esigenze? Vuole installare una panca omologata per la Svizzera sul suo furgone, ad esempio un Fiat Ducato? Oppure desidera installare sul suo camper un sedile girevole supplementare a ingombro ridotto o una panca trasformabile con pochi gesti in un comodo letto? Le offriamo le opzioni pi\u00f9 adatte a configurare il suo veicolo secondo i suoi desideri. Si faccia consigliare da noi.[\/vc_column_text][\/vc_column][vc_column width=&#8221;1\/2&#8243; mobile_padding_bottom=&#8221;50&#8243; css=&#8221;.vc_custom_1641546565183{padding-bottom: 60px !important;}&#8221;][vc_column_text css=&#8221;.vc_custom_1645708745684{margin-top: -20px !important;margin-bottom: -50px !important;padding-bottom: 20px !important;padding-left: 50% !important;}&#8221; css_animation=&#8221;zoomIn&#8221; el_class=&#8221;custom-burst24-textcontainer4&#8243; effects_enabled_delay=&#8221;100&#8243;]\r\n<a href=\"#video_manual\" target=\"_self\" id=\"burst24_35373\" class=\"burst24-wrapper-small\" rel=\"noopener noreferrer\" style=\"opacity: 1.0;\">\r\n\t<div class=\"burst24-before\">  \r\n\t\t\r\n\t\t<div class=\"burst24-text burst24-leftrot\" style=\"line-height:17px\">\r\n\t\t\r\n\t\t\t<span>\r\n\t\t\t\t<p><i class=\"fa fa-video\" style=\"color: #fff; font-size: 40px;\"><\/i><br \/>\n<span style=\"font-size: 14px;\">Istruzioni<\/span><br \/>\n<span style=\"font-size: 14px;\">per l&#8217;uso<\/span><br \/>\n<span style=\"font-size: 14px;\">come video<\/span><\/p>\n\r\n\t\t\t<\/span>\r\n\t\t<\/div> \r\n\t<\/div>\r\n\t<div class=\"burst24-after\"><\/div>\r\n<\/a>\r\n\r\n\r\n<style>\r\n\t#burst24_35373 .burst24-before, #burst24_35373 .burst24-after,\r\n\t#burst24_35373 .burst24-before:before, #burst24_35373 .burst24-after:before, \r\n\t#burst24_35373 .burst24-before:after, #burst24_35373 .burst24-after:after {\r\n\t\tbackground-color: #b32022};\r\n\t}\r\n\t\r\n<\/style>\r\n\r\n[\/vc_column_text][vc_single_image image=&#8221;37700&#8243; img_size=&#8221;full&#8221; css=&#8221;.vc_custom_1641546281631{margin-top: 120px !important;}&#8221; css_animation=&#8221;fadeInRight&#8221;][\/vc_column][\/vc_row][vc_row full_width=&#8221;stretch_row&#8221; css_animation=&#8221;none&#8221; css=&#8221;.vc_custom_1641478677563{margin-top: 0px !important;margin-bottom: 0px !important;padding-top: 50px !important;padding-bottom: 20px !important;background-color: #f2f2f2 !important;}&#8221; mobile_padding_bottom=&#8221;0&#8243; mobile_margin_bottom=&#8221;0&#8243;][vc_column css_animation=&#8221;fadeInUp&#8221; css=&#8221;.vc_custom_1641478688486{margin-top: 0px !important;padding-top: 0px !important;}&#8221; mobile_margin_bottom=&#8221;50&#8243;][vc_icon icon_fontawesome=&#8221;fas fa-arrow-right&#8221; color=&#8221;custom&#8221; background_style=&#8221;rounded&#8221; background_color=&#8221;custom&#8221; size=&#8221;lg&#8221; custom_color=&#8221;#c3bab9&#8243; el_class=&#8221;custom_round_icon_border_floatleft&#8221;][vc_column_text el_class=&#8221;custom_maxwidth&#8221;]<\/p>\n<h3 style=\"margin-bottom: 5px;\"><strong>ALLESTIMENTI E PRODOTTI<\/strong><\/h3>\n<p>Si informi qui in merito alle diverse opzioni. <span style=\"color: #333333;\"><a style=\"color: #333333; text-decoration: underline;\" href=\"https:\/\/waldspurger.ch\/it\/contatti\/\">Saremo lieti di consigliarla personalmente per telefono o da noi a Bergdietikon.<\/a><\/span>[\/vc_column_text][\/vc_column][\/vc_row][vc_row full_width=&#8221;stretch_row&#8221; css=&#8221;.vc_custom_1640199981359{margin-top: 0px !important;margin-bottom: 0px !important;padding-top: 0px !important;padding-bottom: 0px !important;background-color: #f2f2f2 !important;}&#8221;][vc_column width=&#8221;1\/2&#8243; css_animation=&#8221;fadeInUp&#8221; css=&#8221;.vc_custom_1640200061801{margin-top: 0px !important;margin-bottom: 0px !important;padding-top: 0px !important;padding-bottom: 50px !important;}&#8221;][vc_single_image image=&#8221;37536&#8243; img_size=&#8221;600&#215;400&#8243; css=&#8221;.vc_custom_1645179196707{margin-top: 0px !important;margin-bottom: 20px !important;}&#8221;][vc_column_text css=&#8221;.vc_custom_1645179222496{margin-top: 0px !important;}&#8221;]<\/p>\n<h3><span style=\"color: #b32022;\">PANCHE<\/span><\/h3>\n<p>Pu\u00f2 scegliere tra diverse panche a uno, due o tre posti supplementari per trasportare pi\u00f9 passeggeri con il suo furgone. Il compatto sistema per i piedi e le piastre di fissaggio garantiscono un\u2019estetica dalle linee essenziali. In tal modo \u00e8 possibile montare facilmente ogni panca e, se necessario, smontarla dal veicolo.[\/vc_column_text][\/vc_column][vc_column width=&#8221;1\/2&#8243; css_animation=&#8221;fadeInUp&#8221; effects_enabled_delay=&#8221;200&#8243; css=&#8221;.vc_custom_1640200074042{margin-top: 0px !important;margin-bottom: 0px !important;padding-top: 0px !important;padding-bottom: 50px !important;}&#8221;][vc_single_image image=&#8221;37535&#8243; img_size=&#8221;full&#8221; css=&#8221;.vc_custom_1645179211194{margin-top: 0px !important;margin-bottom: 20px !important;}&#8221;][vc_column_text css=&#8221;.vc_custom_1645179233933{margin-top: 0px !important;margin-bottom: 20px !important;}&#8221;]<\/p>\n<h3><span style=\"color: #b32022;\">SEDILI MONOPOSTO SU GUIDE<\/span><\/h3>\n<p>I sedili monoposto su guide sono la soluzione di seduta perfetta per il suo furgone o il suo pulmino. Si possono spostare facilmente e smontare rapidamente in base alle esigenze. Offriamo di tutto: dal leggero e robusto sedile standard fino al lussuoso sedile monoposto girevole.[\/vc_column_text][\/vc_column][\/vc_row][vc_row full_width=&#8221;stretch_row&#8221; css=&#8221;.vc_custom_1640200004576{margin-top: 0px !important;margin-bottom: 0px !important;padding-top: 0px !important;padding-bottom: 0px !important;background-color: #f2f2f2 !important;}&#8221;][vc_column width=&#8221;1\/2&#8243; css_animation=&#8221;fadeInUp&#8221; css=&#8221;.vc_custom_1744722522810{margin-top: 0px !important;margin-bottom: 0px !important;padding-top: 0px !important;padding-bottom: 50px !important;}&#8221;][vc_single_image image=&#8221;78737&#8243; img_size=&#8221;full&#8221; alignment=&#8221;center&#8221; css=&#8221;.vc_custom_1744722020565{margin-top: 0px !important;margin-bottom: 20px !important;}&#8221;][vc_column_text css=&#8221;.vc_custom_1744722043471{margin-top: 0px !important;margin-bottom: 20px !important;}&#8221;]<\/p>\n<h3><span style=\"color: #b32022;\">Sedile letto singolo<\/span><\/h3>\n<p>Con poche mosse, RelaX si trasforma da comodo sedile singolo in pratico letto, offrendo la massima flessibilit\u00e0 con il minimo ingombro.[\/vc_column_text][vc_btn title=&#8221;Per saperne di pi\u00f9&#8221; style=&#8221;outline&#8221; css=&#8221;.vc_custom_1744722060955{margin-bottom: 0px !important;padding-bottom: 0px !important;}&#8221; el_class=&#8221;custom_button_black&#8221; link=&#8221;url:https%3A%2F%2Fwaldspurger.ch%2Fit%2Ftrasporto-passeggeri%2Fsedile-monoposto-e-panca%2Fsedile-letto-singolo%2F|title:Sedile%20letto%20singolo&#8221;][\/vc_column][vc_column width=&#8221;1\/2&#8243; css_animation=&#8221;fadeInUp&#8221; css=&#8221;.vc_custom_1744722528960{margin-top: 0px !important;margin-bottom: 0px !important;padding-top: 0px !important;padding-bottom: 50px !important;}&#8221; effects_enabled_delay=&#8221;100&#8243;][vc_single_image image=&#8221;37534&#8243; img_size=&#8221;full&#8221; css=&#8221;.vc_custom_1645179201957{margin-top: 0px !important;margin-bottom: 20px !important;}&#8221;][vc_column_text css=&#8221;.vc_custom_1645179245137{margin-top: 0px !important;}&#8221;]<\/p>\n<h3><span style=\"color: #b32022;\">DIVANO LETTO<\/span><\/h3>\n<p>Con pochi gesti, il nostro intelligente divano letto si trasforma da una pratica seduta in un comodo giaciglio per la notte. Il letto \u00e8 dotato di un\u2019imbottitura ultraspessa, in grado di garantire un sonno piacevole e profondo.[\/vc_column_text][vc_btn title=&#8221;Per saperne di pi\u00f9&#8221; style=&#8221;outline&#8221; css=&#8221;.vc_custom_1642507591927{margin-bottom: 0px !important;padding-bottom: 0px !important;}&#8221; el_class=&#8221;custom_button_black&#8221; link=&#8221;url:https%3A%2F%2Fwaldspurger.ch%2Fit%2Ftransporto-di-passeggeri%2Fsedile-monoposto-e-panca%2Fil-divano-letto%2F|title:Divano%20letto&#8221;][\/vc_column][\/vc_row][vc_row full_width=&#8221;stretch_row&#8221; css=&#8221;.vc_custom_1640200004576{margin-top: 0px !important;margin-bottom: 0px !important;padding-top: 0px !important;padding-bottom: 0px !important;background-color: #f2f2f2 !important;}&#8221;][vc_column width=&#8221;1\/2&#8243; css_animation=&#8221;fadeInUp&#8221; effects_enabled_delay=&#8221;200&#8243; css=&#8221;.vc_custom_1640200099594{margin-top: 0px !important;margin-bottom: 0px !important;padding-top: 0px !important;padding-bottom: 50px !important;}&#8221;][vc_single_image image=&#8221;37533&#8243; img_size=&#8221;full&#8221; alignment=&#8221;center&#8221; css=&#8221;.vc_custom_1645179206492{margin-top: 0px !important;margin-bottom: 20px !important;}&#8221;][vc_column_text css=&#8221;.vc_custom_1645179257491{margin-top: 0px !important;margin-bottom: 20px !important;}&#8221;]<\/p>\n<h3><span style=\"color: #b32022;\">SEDILI GIREVOLI E RIBALTABILI<\/span><\/h3>\n<p>Cerca il sedile ideale per un veicolo dagli spazi limitati? Offriamo sedili che \u00e8 possibile ribaltare o ruotare per riporli quando non sono utilizzati. In tal modo si sgombrano i passaggi o si crea spazio nell\u2019abitacolo.[\/vc_column_text][\/vc_column][vc_column width=&#8221;1\/2&#8243; css_animation=&#8221;fadeInUp&#8221; css=&#8221;.vc_custom_1640200483413{margin-top: 0px !important;margin-bottom: 0px !important;padding-top: 0px !important;padding-bottom: 50px !important;}&#8221;][vc_single_image image=&#8221;37531&#8243; img_size=&#8221;full&#8221; css=&#8221;.vc_custom_1645179282348{margin-top: 0px !important;margin-bottom: 20px !important;}&#8221;][vc_column_text css=&#8221;.vc_custom_1645179297035{margin-top: 0px !important;margin-bottom: 20px !important;}&#8221;]<\/p>\n<h3><span style=\"color: #b32022;\">SEDILI SPECIALI<\/span><\/h3>\n<p>Da noi trova sedili per i pi\u00f9 disparati ambiti di utilizzo. Offriamo sedili notevolmente resistenti, dotati di cuscini da seduta in materiale sintetico e cuscini dorsali per il trasporto di prigionieri, sedili per i vigili del fuoco o sedili per l\u2019ambulanza. Ha un\u2019esigenza speciale? Noi troviamo la soluzione![\/vc_column_text][\/vc_column][\/vc_row][vc_row full_width=&#8221;stretch_row&#8221; css=&#8221;.vc_custom_1640200017308{margin-top: 0px !important;margin-bottom: 0px !important;padding-top: 0px !important;padding-bottom: 0px !important;background-color: #f2f2f2 !important;}&#8221;][vc_column width=&#8221;1\/2&#8243; css_animation=&#8221;fadeInUp&#8221; css=&#8221;.vc_custom_1640200117908{margin-top: 0px !important;margin-bottom: 0px !important;padding-top: 0px !important;padding-bottom: 50px !important;}&#8221;][vc_single_image image=&#8221;37532&#8243; img_size=&#8221;full&#8221; css=&#8221;.vc_custom_1645179268827{margin-top: 0px !important;margin-bottom: 20px !important;}&#8221;][vc_column_text css=&#8221;.vc_custom_1645179291183{margin-top: 0px !important;margin-bottom: 20px !important;}&#8221;]<\/p>\n<h3><span style=\"color: #b32022;\">STRAPUNTINO<\/span><\/h3>\n<p>Il nostro strapuntino \u00e8 adatto al trasporto occasionale di passeggeri. Quando \u00e8 ripiegato, occupa pochissimo spazio, consentendole cos\u00ec di continuare a utilizzare il vano di carico senza grosse limitazioni.[\/vc_column_text][\/vc_column][vc_column width=&#8221;1\/2&#8243; css_animation=&#8221;fadeInUp&#8221; effects_enabled_delay=&#8221;200&#8243; css=&#8221;.vc_custom_1640200128798{margin-top: 0px !important;margin-bottom: 0px !important;padding-top: 0px !important;padding-bottom: 50px !important;}&#8221;][vc_single_image image=&#8221;36209&#8243; img_size=&#8221;full&#8221; css=&#8221;.vc_custom_1645179272893{margin-top: 0px !important;margin-bottom: 20px !important;}&#8221;][vc_column_text css=&#8221;.vc_custom_1645179309689{margin-top: 0px !important;}&#8221;]<\/p>\n<h3><span style=\"color: #b32022;\">UN SEDILE IN PI\u00d9 SUL SUO CAMPER<\/span><\/h3>\n<p>Il suo camper ha meno posti a sedere dei passeggeri che vorrebbe ospitare? Abbiamo la soluzione per il suo problema. Nella nostra vasta gamma di soluzioni di seduta, tutte testate in Svizzera, trover\u00e0 senz\u2019altro la variante che meglio si addice al suo veicolo. Tutti i nostri sedili sono dotati di cintura a tre punti e, su richiesta, anche di Isofix. Saremo lieti di ampliare il suo camper con sedili o panche, esattamente secondo le sue esigenze.[\/vc_column_text][\/vc_column][\/vc_row][vc_row full_width=&#8221;stretch_row&#8221; css=&#8221;.vc_custom_1640200031752{margin-top: 0px !important;margin-bottom: 0px !important;padding-top: 0px !important;padding-bottom: 0px !important;background-color: #f2f2f2 !important;}&#8221;][vc_column width=&#8221;1\/2&#8243; css_animation=&#8221;fadeInUp&#8221; css=&#8221;.vc_custom_1649935128537{padding-top: 0px !important;padding-bottom: 50px !important;}&#8221;][vc_single_image image=&#8221;37530&#8243; img_size=&#8221;full&#8221; css=&#8221;.vc_custom_1645179277731{margin-top: 0px !important;margin-bottom: 20px !important;}&#8221;][vc_column_text css=&#8221;.vc_custom_1645179321925{margin-top: 0px !important;}&#8221;]<\/p>\n<h3><span style=\"color: #b32022;\">Accessori<\/span><\/h3>\n<p>Desidera un tavolo nel vano di carico o vorrebbe migliorare il clima nel veicolo installando un impianto di climatizzazione? Da Waldspurger trova la soluzione idonea per adeguare il suo bus alle sue esigenze.[\/vc_column_text][vc_btn title=&#8221;Per saperne di pi\u00f9&#8221; style=&#8221;outline&#8221; css=&#8221;.vc_custom_1640202332391{margin-bottom: 0px !important;padding-bottom: 0px !important;}&#8221; el_class=&#8221;custom_button_black&#8221; link=&#8221;url:https%3A%2F%2Fwaldspurger.ch%2Fit%2Faccessori%2F%23einstiegshilfe|title:Accessori|&#8221;][\/vc_column][vc_column width=&#8221;1\/2&#8243; css_animation=&#8221;fadeInUp&#8221; css=&#8221;.vc_custom_1645179555092{margin-top: 0px !important;margin-bottom: 0px !important;padding-top: 0px !important;padding-bottom: 50px !important;}&#8221;][\/vc_column][\/vc_row][vc_row full_width=&#8221;stretch_row&#8221; css=&#8221;.vc_custom_1640200208438{margin-top: 0px !important;margin-bottom: 0px !important;padding-top: 50px !important;padding-bottom: 0px !important;}&#8221;][vc_column][vc_icon icon_fontawesome=&#8221;fas fa-arrow-right&#8221; color=&#8221;custom&#8221; background_style=&#8221;rounded&#8221; background_color=&#8221;custom&#8221; size=&#8221;lg&#8221; custom_color=&#8221;#c3bab9&#8243; el_class=&#8221;custom_round_icon_border_floatleft&#8221;][vc_column_text css=&#8221;.vc_custom_1633009477829{margin-bottom: 40px !important;}&#8221;]<\/p>\n<h3><strong>MODELLI DI VEICOLI<\/strong><\/h3>\n<h4 style=\"margin-bottom: 20px;\">IL SEDILE GIUSTO PER IL SUO VEICOLO<\/h4>\n<p>[\/vc_column_text][vc_column_text css=&#8221;.vc_custom_1744720808214{margin-bottom: 20px !important;}&#8221; el_class=&#8221;custom_maxwidth&#8221;]<strong>I sistemi di seduta waldspurger hanno superato numerosi test dtc o fakt. per questo motivo i nostri sedili soddisfano i pi\u00f9 elevati standard di sicurezza svizzeri e sono sempre consegnati corredati da un rapporto di verifica svizzero.<\/strong><br \/>\n<strong>Grazie alla nostra pluriennale esperienza possiamo installare i sedili monoposto e le panche della nostra vasta gamma sui seguenti veicoli:<\/strong><\/p>\n<p>Citro\u00ebn Jumpy, Jumper<br \/>\nFiat Talento, Ducato<br \/>\nFord Custom, Transit<br \/>\nIveco Daily<br \/>\nMAN TGE<br \/>\nMercedes Vito, Viano, V-Klasse, Sprinter<br \/>\nMaxus eDeliver 3, EV80, eDeliver9<br \/>\nNissan NV300 (Primastar), NV400 (Interstar)<br \/>\nOpel Vivaro, Movano<br \/>\nPeugeot Expert, Boxer<br \/>\nRenault Trafic, Master<br \/>\nToyota Hiace, Proace, Proace Max<br \/>\nVW T4, T5, T6, T7, LT, Crafter<\/p>\n<p><strong>Non trova il suo veicolo in questo elenco? Nessun problema! Ci contatti. Insieme troveremo una soluzione per le sue esigenze.<\/strong>[\/vc_column_text][\/vc_column][\/vc_row][vc_row css_animation=&#8221;fadeInUp&#8221; css=&#8221;.vc_custom_1641484209358{margin-top: 0px !important;padding-top: 50px !important;}&#8221; el_id=&#8221;video_manual&#8221; mobile_padding_bottom=&#8221;0&#8243; mobile_margin_bottom=&#8221;0&#8243;][vc_column mobile_margin_bottom=&#8221;30&#8243;][vc_icon icon_fontawesome=&#8221;fas fa-video&#8221; color=&#8221;custom&#8221; background_style=&#8221;rounded&#8221; background_color=&#8221;custom&#8221; size=&#8221;lg&#8221; custom_color=&#8221;#c3bab9&#8243; el_class=&#8221;custom_round_icon_border_floatleft&#8221;][vc_column_text css=&#8221;.vc_custom_1632996738281{margin-bottom: 20px !important;}&#8221; el_class=&#8221;custom_maxwidth&#8221;]<\/p>\n<h3><span style=\"color: #b32022;\">Video<\/span><\/h3>\n<p>Possiede gi\u00e0 un veicolo riequipaggiato da noi e desidera ricevere le istruzioni per l\u2019uso? Desidera vedere come ha origine il riequipaggiamento di un veicolo? Guardi i nostri video sull\u2019argomento.[\/vc_column_text][\/vc_column][\/vc_row][vc_row content_placement=&#8221;middle&#8221; css_animation=&#8221;fadeInUp&#8221; css=&#8221;.vc_custom_1641484191347{margin-top: 0px !important;margin-bottom: 20px !important;padding-top: 0px !important;padding-right: 0px !important;padding-bottom: 0px !important;padding-left: 0px !important;}&#8221; mobile_padding_bottom=&#8221;0&#8243; mobile_margin_bottom=&#8221;0&#8243;][vc_column width=&#8221;1\/3&#8243; css=&#8221;.vc_custom_1641484225265{margin-top: 0px !important;margin-right: 0px !important;margin-bottom: 0px !important;margin-left: 0px !important;padding-top: 0px !important;padding-right: 10px !important;padding-bottom: 0px !important;padding-left: 10px !important;background-position: center !important;background-repeat: no-repeat !important;background-size: cover !important;}&#8221; el_id=&#8221;entstehungsvideo&#8221; mobile_padding_bottom=&#8221;0&#8243; mobile_margin_bottom=&#8221;0&#8243;][vc_column_text css=&#8221;.vc_custom_1649849386212{margin-top: 0px !important;margin-right: 10px !important;margin-bottom: 0px !important;margin-left: 10px !important;padding-top: 0px !important;padding-right: 0px !important;padding-bottom: 0px !important;padding-left: 0px !important;}&#8221;]<div class=\"wonderplugin-video\" style=\"width:600px;height:400px;position:relative;display:block;background-color:#000;overflow:hidden;max-width:100%;margin:0 auto\" data-aspectratio=\"1.5\"><div class=\"wpve-videoplayer\" style=\"display:block;position:relative;width:100%;height:100%\" data-mp4=\"https:\/\/waldspurger.ch\/wp-content\/uploads\/2022\/03\/BDA-Safety-Sitz-De-und-Montage_IT.mp4\" data-skinfolder=\"https:\/\/waldspurger.ch\/wp-content\/plugins\/wonderplugin-video-embed\/engine\/\" data-poster=\"https:\/\/waldspurger.ch\/wp-content\/uploads\/2022\/04\/personen_02_einzelsitz_01_it.jpg\" data-playbutton=\"https:\/\/waldspurger.ch\/wp-content\/plugins\/wonderplugin-video-embed\/engine\/playvideo-64-64-0.png\"><\/div><\/div>[\/vc_column_text][\/vc_column][\/vc_row][vc_row full_width=&#8221;stretch_row&#8221; css_animation=&#8221;fadeInUp&#8221; css=&#8221;.vc_custom_1640200952754{margin-top: 0px !important;margin-bottom: 0px !important;padding-top: 50px !important;padding-bottom: 0px !important;}&#8221;][vc_column][vc_icon icon_fontawesome=&#8221;fas fa-file-alt&#8221; color=&#8221;custom&#8221; background_style=&#8221;rounded&#8221; background_color=&#8221;custom&#8221; size=&#8221;lg&#8221; custom_color=&#8221;#c3bab9&#8243; el_class=&#8221;custom_round_icon_border_floatleft&#8221;][vc_column_text css=&#8221;.vc_custom_1632996363264{margin-bottom: 20px !important;}&#8221; el_class=&#8221;custom_maxwidth&#8221;]<\/p>\n<h3><span style=\"color: #b32022;\">BROCHURE<\/span><\/h3>\n<p>Trova i dettagli sulle nostre offerte nelle brochure scaricabili da qui.[\/vc_column_text][vc_row_inner mobile_margin_top=&#8221;20&#8243;][vc_column_inner][vc_icon icon_fontawesome=&#8221;far fa-arrow-alt-circle-down&#8221; color=&#8221;custom&#8221; background_style=&#8221;rounded&#8221; background_color=&#8221;custom&#8221; size=&#8221;lg&#8221; custom_color=&#8221;#c3bab9&#8243; el_class=&#8221;custom_round_icon_border_floatleft_small&#8221;][vc_column_text css=&#8221;&#8221; el_class=&#8221;custom_maxwidth&#8221;]<\/p>\n<h5><a href=\"https:\/\/waldspurger.ch\/wp-content\/uploads\/2026\/03\/Bestuhlung_I.pdf\" target=\"_blank\" rel=\"noopener\"><strong>Opzioni per i posti a sedere<\/strong><\/a><\/h5>\n<p>[\/vc_column_text][\/vc_column_inner][\/vc_row_inner][\/vc_column][\/vc_row][vc_row full_width=&#8221;stretch_row&#8221; css_animation=&#8221;fadeInUp&#8221; css=&#8221;.vc_custom_1640200720920{margin-top: 0px !important;padding-top: 50px !important;padding-bottom: 100px !important;}&#8221;][vc_column][vc_icon icon_fontawesome=&#8221;far fa-edit&#8221; color=&#8221;custom&#8221; background_style=&#8221;rounded&#8221; background_color=&#8221;custom&#8221; size=&#8221;lg&#8221; custom_color=&#8221;#c3bab9&#8243; el_class=&#8221;custom_round_icon_border_floatleft&#8221;][vc_column_text css=&#8221;.vc_custom_1646383121862{margin-bottom: 20px !important;}&#8221; el_class=&#8221;custom_maxwidth&#8221;]<\/p>\n<h3><span style=\"color: #b32022;\">Richiesta di preventivo SEDILE MONOPOSTO E PANCA<\/span><\/h3>\n<p>Compila il nostro modulo di richiesta di preventivo e saremo lieti di fornirti un preventivo.[\/vc_column_text][vc_row_inner mobile_margin_top=&#8221;20&#8243;][vc_column_inner][vc_icon icon_fontawesome=&#8221;far fa-arrow-alt-circle-right&#8221; color=&#8221;custom&#8221; background_style=&#8221;rounded&#8221; background_color=&#8221;custom&#8221; size=&#8221;lg&#8221; custom_color=&#8221;#c3bab9&#8243; el_class=&#8221;custom_round_icon_border_floatleft_small&#8221;][vc_column_text css=&#8221;.vc_custom_1642507564042{margin-top: 0px !important;margin-bottom: 0px !important;padding-top: 0px !important;padding-bottom: 0px !important;}&#8221; el_class=&#8221;custom_maxwidth&#8221;]<\/p>\n<h5><a href=\"https:\/\/waldspurger.ch\/it\/preventivi\/sedile-monoposto-e-panca\/\" target=\"_blank\" rel=\"noopener\"><strong>Costi di richiesta<\/strong><\/a><\/h5>\n<p>[\/vc_column_text][\/vc_column_inner][\/vc_row_inner][\/vc_column][\/vc_row]<\/p>\n<\/div>","protected":false},"excerpt":{"rendered":"<p>[vc_section full_width=&#8221;stretch_row&#8221; full_height=&#8221;yes&#8221; content_placement=&#8221;top&#8221; css_animation=&#8221;fadeIn&#8221; css=&#8221;.vc_custom_1637679194017{margin-top: 0px !important;border-top-width: 0px !important;padding-top: 0px !important;background-image: url(https:\/\/waldspurger.ch\/wp-content\/uploads\/2021\/11\/Waldspurger_Personentransporter_Einselsitz-Sitzbank_2560x1708.jpg?id=32275) !important;background-position: center !important;background-repeat: no-repeat !important;background-size: cover !important;}&#8221;&#8230;<\/p>\n","protected":false},"author":1,"featured_media":0,"parent":35201,"menu_order":0,"comment_status":"closed","ping_status":"closed","template":"","meta":{"footnotes":""},"class_list":["post-35247","page","type-page","status-publish"],"yoast_head":"<!-- This site is optimized with the Yoast SEO plugin v27.2 - https:\/\/yoast.com\/product\/yoast-seo-wordpress\/ -->\n<title>Sedile monoposto e panca - Waldspurger<\/title>\n<meta name=\"robots\" content=\"index, follow, max-snippet:-1, max-image-preview:large, max-video-preview:-1\" \/>\n<link rel=\"canonical\" href=\"https:\/\/waldspurger.ch\/it\/trasporto-passeggeri\/sedile-monoposto-e-panca\/\" \/>\n<meta property=\"og:locale\" content=\"it_IT\" \/>\n<meta property=\"og:type\" content=\"article\" \/>\n<meta property=\"og:title\" content=\"Sedile monoposto e panca - Waldspurger\" \/>\n<meta property=\"og:description\" content=\"[vc_section full_width=&#8221;stretch_row&#8221; full_height=&#8221;yes&#8221; content_placement=&#8221;top&#8221; css_animation=&#8221;fadeIn&#8221; css=&#8221;.vc_custom_1637679194017{margin-top: 0px !important;border-top-width: 0px !important;padding-top: 0px !important;background-image: url(https:\/\/waldspurger.ch\/wp-content\/uploads\/2021\/11\/Waldspurger_Personentransporter_Einselsitz-Sitzbank_2560x1708.jpg?id=32275) !important;background-position: center !important;background-repeat: no-repeat !important;background-size: cover !important;}&#8221;...\" \/>\n<meta property=\"og:url\" content=\"https:\/\/waldspurger.ch\/it\/trasporto-passeggeri\/sedile-monoposto-e-panca\/\" \/>\n<meta property=\"og:site_name\" content=\"Waldspurger\" \/>\n<meta property=\"article:modified_time\" content=\"2026-03-02T08:42:01+00:00\" \/>\n<meta property=\"og:image\" content=\"https:\/\/waldspurger.ch\/wp-content\/uploads\/2022\/02\/logo_de.png\" \/>\n\t<meta property=\"og:image:width\" content=\"320\" \/>\n\t<meta property=\"og:image:height\" content=\"223\" \/>\n\t<meta property=\"og:image:type\" content=\"image\/png\" \/>\n<meta name=\"twitter:card\" content=\"summary_large_image\" \/>\n<script type=\"application\/ld+json\" class=\"yoast-schema-graph\">{\"@context\":\"https:\/\/schema.org\",\"@graph\":[{\"@type\":\"Article\",\"@id\":\"https:\/\/waldspurger.ch\/it\/trasporto-passeggeri\/sedile-monoposto-e-panca\/#article\",\"isPartOf\":{\"@id\":\"https:\/\/waldspurger.ch\/it\/trasporto-passeggeri\/sedile-monoposto-e-panca\/\"},\"author\":{\"name\":\"Adminmoritzi\",\"@id\":\"https:\/\/waldspurger.ch\/it\/#\/schema\/person\/e92a92f5b5a240afd932a5eba15ae94c\"},\"headline\":\"Sedile monoposto e panca\",\"datePublished\":\"2021-02-09T09:14:28+00:00\",\"dateModified\":\"2026-03-02T08:42:01+00:00\",\"mainEntityOfPage\":{\"@id\":\"https:\/\/waldspurger.ch\/it\/trasporto-passeggeri\/sedile-monoposto-e-panca\/\"},\"wordCount\":2451,\"publisher\":{\"@id\":\"https:\/\/waldspurger.ch\/it\/#organization\"},\"inLanguage\":\"it-IT\"},{\"@type\":\"WebPage\",\"@id\":\"https:\/\/waldspurger.ch\/it\/trasporto-passeggeri\/sedile-monoposto-e-panca\/\",\"url\":\"https:\/\/waldspurger.ch\/it\/trasporto-passeggeri\/sedile-monoposto-e-panca\/\",\"name\":\"Sedile monoposto e panca - Waldspurger\",\"isPartOf\":{\"@id\":\"https:\/\/waldspurger.ch\/it\/#website\"},\"datePublished\":\"2021-02-09T09:14:28+00:00\",\"dateModified\":\"2026-03-02T08:42:01+00:00\",\"breadcrumb\":{\"@id\":\"https:\/\/waldspurger.ch\/it\/trasporto-passeggeri\/sedile-monoposto-e-panca\/#breadcrumb\"},\"inLanguage\":\"it-IT\",\"potentialAction\":[{\"@type\":\"ReadAction\",\"target\":[\"https:\/\/waldspurger.ch\/it\/trasporto-passeggeri\/sedile-monoposto-e-panca\/\"]}]},{\"@type\":\"BreadcrumbList\",\"@id\":\"https:\/\/waldspurger.ch\/it\/trasporto-passeggeri\/sedile-monoposto-e-panca\/#breadcrumb\",\"itemListElement\":[{\"@type\":\"ListItem\",\"position\":1,\"name\":\"Startseite\",\"item\":\"https:\/\/waldspurger.ch\/it\/\"},{\"@type\":\"ListItem\",\"position\":2,\"name\":\"Trasporto Passeggeri\",\"item\":\"https:\/\/waldspurger.ch\/it\/trasporto-passeggeri\/\"},{\"@type\":\"ListItem\",\"position\":3,\"name\":\"Sedile monoposto e panca\"}]},{\"@type\":\"WebSite\",\"@id\":\"https:\/\/waldspurger.ch\/it\/#website\",\"url\":\"https:\/\/waldspurger.ch\/it\/\",\"name\":\"Waldspurger\",\"description\":\"Allestimento di veicoli\",\"publisher\":{\"@id\":\"https:\/\/waldspurger.ch\/it\/#organization\"},\"potentialAction\":[{\"@type\":\"SearchAction\",\"target\":{\"@type\":\"EntryPoint\",\"urlTemplate\":\"https:\/\/waldspurger.ch\/it\/?s={search_term_string}\"},\"query-input\":{\"@type\":\"PropertyValueSpecification\",\"valueRequired\":true,\"valueName\":\"search_term_string\"}}],\"inLanguage\":\"it-IT\"},{\"@type\":\"Organization\",\"@id\":\"https:\/\/waldspurger.ch\/it\/#organization\",\"name\":\"Waldspurger AG\",\"url\":\"https:\/\/waldspurger.ch\/it\/\",\"logo\":{\"@type\":\"ImageObject\",\"inLanguage\":\"it-IT\",\"@id\":\"https:\/\/waldspurger.ch\/it\/#\/schema\/logo\/image\/\",\"url\":\"https:\/\/waldspurger.ch\/wp-content\/uploads\/2022\/02\/logo_de.png\",\"contentUrl\":\"https:\/\/waldspurger.ch\/wp-content\/uploads\/2022\/02\/logo_de.png\",\"width\":320,\"height\":223,\"caption\":\"Waldspurger AG\"},\"image\":{\"@id\":\"https:\/\/waldspurger.ch\/it\/#\/schema\/logo\/image\/\"},\"sameAs\":[\"https:\/\/ch.linkedin.com\/company\/waldspurger-bergdietikon\",\"https:\/\/www.youtube.com\/channel\/UC4BYucVfPuWzNF4hyfO3YTw\"]},{\"@type\":\"Person\",\"@id\":\"https:\/\/waldspurger.ch\/it\/#\/schema\/person\/e92a92f5b5a240afd932a5eba15ae94c\",\"name\":\"Adminmoritzi\",\"image\":{\"@type\":\"ImageObject\",\"inLanguage\":\"it-IT\",\"@id\":\"https:\/\/secure.gravatar.com\/avatar\/4f43fbec0cc1848d75d18da5595fa2e9d12bc02d9d761756323c70efe587d61a?s=96&d=mm&r=g\",\"url\":\"https:\/\/secure.gravatar.com\/avatar\/4f43fbec0cc1848d75d18da5595fa2e9d12bc02d9d761756323c70efe587d61a?s=96&d=mm&r=g\",\"contentUrl\":\"https:\/\/secure.gravatar.com\/avatar\/4f43fbec0cc1848d75d18da5595fa2e9d12bc02d9d761756323c70efe587d61a?s=96&d=mm&r=g\",\"caption\":\"Adminmoritzi\"}}]}<\/script>\n<!-- \/ Yoast SEO plugin. -->","yoast_head_json":{"title":"Sedile monoposto e panca - Waldspurger","robots":{"index":"index","follow":"follow","max-snippet":"max-snippet:-1","max-image-preview":"max-image-preview:large","max-video-preview":"max-video-preview:-1"},"canonical":"https:\/\/waldspurger.ch\/it\/trasporto-passeggeri\/sedile-monoposto-e-panca\/","og_locale":"it_IT","og_type":"article","og_title":"Sedile monoposto e panca - Waldspurger","og_description":"[vc_section full_width=&#8221;stretch_row&#8221; full_height=&#8221;yes&#8221; content_placement=&#8221;top&#8221; css_animation=&#8221;fadeIn&#8221; css=&#8221;.vc_custom_1637679194017{margin-top: 0px !important;border-top-width: 0px !important;padding-top: 0px !important;background-image: url(https:\/\/waldspurger.ch\/wp-content\/uploads\/2021\/11\/Waldspurger_Personentransporter_Einselsitz-Sitzbank_2560x1708.jpg?id=32275) !important;background-position: center !important;background-repeat: no-repeat !important;background-size: cover !important;}&#8221;...","og_url":"https:\/\/waldspurger.ch\/it\/trasporto-passeggeri\/sedile-monoposto-e-panca\/","og_site_name":"Waldspurger","article_modified_time":"2026-03-02T08:42:01+00:00","og_image":[{"width":320,"height":223,"url":"https:\/\/waldspurger.ch\/wp-content\/uploads\/2022\/02\/logo_de.png","type":"image\/png"}],"twitter_card":"summary_large_image","schema":{"@context":"https:\/\/schema.org","@graph":[{"@type":"Article","@id":"https:\/\/waldspurger.ch\/it\/trasporto-passeggeri\/sedile-monoposto-e-panca\/#article","isPartOf":{"@id":"https:\/\/waldspurger.ch\/it\/trasporto-passeggeri\/sedile-monoposto-e-panca\/"},"author":{"name":"Adminmoritzi","@id":"https:\/\/waldspurger.ch\/it\/#\/schema\/person\/e92a92f5b5a240afd932a5eba15ae94c"},"headline":"Sedile monoposto e panca","datePublished":"2021-02-09T09:14:28+00:00","dateModified":"2026-03-02T08:42:01+00:00","mainEntityOfPage":{"@id":"https:\/\/waldspurger.ch\/it\/trasporto-passeggeri\/sedile-monoposto-e-panca\/"},"wordCount":2451,"publisher":{"@id":"https:\/\/waldspurger.ch\/it\/#organization"},"inLanguage":"it-IT"},{"@type":"WebPage","@id":"https:\/\/waldspurger.ch\/it\/trasporto-passeggeri\/sedile-monoposto-e-panca\/","url":"https:\/\/waldspurger.ch\/it\/trasporto-passeggeri\/sedile-monoposto-e-panca\/","name":"Sedile monoposto e panca - Waldspurger","isPartOf":{"@id":"https:\/\/waldspurger.ch\/it\/#website"},"datePublished":"2021-02-09T09:14:28+00:00","dateModified":"2026-03-02T08:42:01+00:00","breadcrumb":{"@id":"https:\/\/waldspurger.ch\/it\/trasporto-passeggeri\/sedile-monoposto-e-panca\/#breadcrumb"},"inLanguage":"it-IT","potentialAction":[{"@type":"ReadAction","target":["https:\/\/waldspurger.ch\/it\/trasporto-passeggeri\/sedile-monoposto-e-panca\/"]}]},{"@type":"BreadcrumbList","@id":"https:\/\/waldspurger.ch\/it\/trasporto-passeggeri\/sedile-monoposto-e-panca\/#breadcrumb","itemListElement":[{"@type":"ListItem","position":1,"name":"Startseite","item":"https:\/\/waldspurger.ch\/it\/"},{"@type":"ListItem","position":2,"name":"Trasporto Passeggeri","item":"https:\/\/waldspurger.ch\/it\/trasporto-passeggeri\/"},{"@type":"ListItem","position":3,"name":"Sedile monoposto e panca"}]},{"@type":"WebSite","@id":"https:\/\/waldspurger.ch\/it\/#website","url":"https:\/\/waldspurger.ch\/it\/","name":"Waldspurger","description":"Allestimento di veicoli","publisher":{"@id":"https:\/\/waldspurger.ch\/it\/#organization"},"potentialAction":[{"@type":"SearchAction","target":{"@type":"EntryPoint","urlTemplate":"https:\/\/waldspurger.ch\/it\/?s={search_term_string}"},"query-input":{"@type":"PropertyValueSpecification","valueRequired":true,"valueName":"search_term_string"}}],"inLanguage":"it-IT"},{"@type":"Organization","@id":"https:\/\/waldspurger.ch\/it\/#organization","name":"Waldspurger AG","url":"https:\/\/waldspurger.ch\/it\/","logo":{"@type":"ImageObject","inLanguage":"it-IT","@id":"https:\/\/waldspurger.ch\/it\/#\/schema\/logo\/image\/","url":"https:\/\/waldspurger.ch\/wp-content\/uploads\/2022\/02\/logo_de.png","contentUrl":"https:\/\/waldspurger.ch\/wp-content\/uploads\/2022\/02\/logo_de.png","width":320,"height":223,"caption":"Waldspurger AG"},"image":{"@id":"https:\/\/waldspurger.ch\/it\/#\/schema\/logo\/image\/"},"sameAs":["https:\/\/ch.linkedin.com\/company\/waldspurger-bergdietikon","https:\/\/www.youtube.com\/channel\/UC4BYucVfPuWzNF4hyfO3YTw"]},{"@type":"Person","@id":"https:\/\/waldspurger.ch\/it\/#\/schema\/person\/e92a92f5b5a240afd932a5eba15ae94c","name":"Adminmoritzi","image":{"@type":"ImageObject","inLanguage":"it-IT","@id":"https:\/\/secure.gravatar.com\/avatar\/4f43fbec0cc1848d75d18da5595fa2e9d12bc02d9d761756323c70efe587d61a?s=96&d=mm&r=g","url":"https:\/\/secure.gravatar.com\/avatar\/4f43fbec0cc1848d75d18da5595fa2e9d12bc02d9d761756323c70efe587d61a?s=96&d=mm&r=g","contentUrl":"https:\/\/secure.gravatar.com\/avatar\/4f43fbec0cc1848d75d18da5595fa2e9d12bc02d9d761756323c70efe587d61a?s=96&d=mm&r=g","caption":"Adminmoritzi"}}]}},"_links":{"self":[{"href":"https:\/\/waldspurger.ch\/it\/wp-json\/wp\/v2\/pages\/35247","targetHints":{"allow":["GET"]}}],"collection":[{"href":"https:\/\/waldspurger.ch\/it\/wp-json\/wp\/v2\/pages"}],"about":[{"href":"https:\/\/waldspurger.ch\/it\/wp-json\/wp\/v2\/types\/page"}],"author":[{"embeddable":true,"href":"https:\/\/waldspurger.ch\/it\/wp-json\/wp\/v2\/users\/1"}],"replies":[{"embeddable":true,"href":"https:\/\/waldspurger.ch\/it\/wp-json\/wp\/v2\/comments?post=35247"}],"version-history":[{"count":5,"href":"https:\/\/waldspurger.ch\/it\/wp-json\/wp\/v2\/pages\/35247\/revisions"}],"predecessor-version":[{"id":80081,"href":"https:\/\/waldspurger.ch\/it\/wp-json\/wp\/v2\/pages\/35247\/revisions\/80081"}],"up":[{"embeddable":true,"href":"https:\/\/waldspurger.ch\/it\/wp-json\/wp\/v2\/pages\/35201"}],"wp:attachment":[{"href":"https:\/\/waldspurger.ch\/it\/wp-json\/wp\/v2\/media?parent=35247"}],"curies":[{"name":"wp","href":"https:\/\/api.w.org\/{rel}","templated":true}]}}