{"id":77179,"date":"2024-01-25T11:04:40","date_gmt":"2024-01-25T10:04:40","guid":{"rendered":"https:\/\/waldspurger.ch\/?page_id=77179"},"modified":"2024-01-25T11:49:53","modified_gmt":"2024-01-25T10:49:53","slug":"porte-verre-interieur","status":"publish","type":"page","link":"https:\/\/waldspurger.ch\/fr\/transport-de-materiel\/transport-de-verre\/porte-verre-interieur\/","title":{"rendered":"Porte-verre int\u00e9rieur"},"content":{"rendered":"<div class=\"wpb-content-wrapper\"><p>[vc_row css=\u00a0\u00bb.vc_custom_1640616974868{margin-top: 90px !important;margin-bottom: 0px !important;padding-bottom: 0px !important;}\u00a0\u00bb][vc_column css_animation=\u00a0\u00bbfadeInUp\u00a0\u00bb css=\u00a0\u00bb.vc_custom_1640617052514{margin-top: 0px !important;margin-bottom: 0px !important;padding-top: 0px !important;padding-bottom: 0px !important;}\u00a0\u00bb][vc_column_text css=\u00a0\u00bb.vc_custom_1706178043764{margin-top: 20px !important;margin-bottom: 0px !important;padding-bottom: 50px !important;}\u00a0\u00bb el_class=\u00a0\u00bbcustom_maxwidth\u00a0\u00bb]<\/p>\n<h2><strong>PORTE-VERRE INT\u00c9RIEUR<\/strong><\/h2>\n<h3>En s\u00e9curit\u00e9 et bien prot\u00e9g\u00e9<\/h3>\n<p>Un pupitre porte-verre \u00e0 l\u2019int\u00e9rieur du v\u00e9hicule permet de transporter des vitres, des fen\u00eatres et des portes en toute s\u00e9curit\u00e9 et \u00e0 l\u2019abri des intemp\u00e9ries. Le porte-verre int\u00e9rieur est \u00e9galement disponible en version extensible, ce qui facilite le chargement et le d\u00e9chargement des objets transport\u00e9s. Pour qu\u2019il prenne moins de place, nous pouvons \u00e9galement le fournir avec une surface d\u2019appui rabattable.[\/vc_column_text][\/vc_column][\/vc_row][vc_row full_width=\u00a0\u00bbstretch_row\u00a0\u00bb css=\u00a0\u00bb.vc_custom_1640617173083{margin-top: 0px !important;margin-bottom: 2px !important;padding-top: 0px !important;padding-bottom: 20px !important;}\u00a0\u00bb][vc_column width=\u00a0\u00bb1\/2&Prime; css_animation=\u00a0\u00bbfadeInUp\u00a0\u00bb css=\u00a0\u00bb.vc_custom_1640617188443{margin-top: 0px !important;margin-bottom: 0px !important;padding-top: 0px !important;padding-bottom: 50px !important;}\u00a0\u00bb][vc_single_image image=\u00a0\u00bb77186&Prime; img_size=\u00a0\u00bbfull\u00a0\u00bb css=\u00a0\u00bb.vc_custom_1706179490078{margin-top: 0px !important;}\u00a0\u00bb][vc_column_text css=\u00a0\u00bb.vc_custom_1706178074575{margin-top: 20px !important;}\u00a0\u00bb]<\/p>\n<h3><span style=\"color: #b32022;\">PORTE-VERRE INT\u00c9RIEUR AVEC SURFACE D\u2019APPUI RABATTABLE<\/span><\/h3>\n<p>Avec ses surfaces d\u2019appui divis\u00e9es et rabattables, le porte-verre int\u00e9rieur offre une flexibilit\u00e9 maximale. Ainsi, il permet de transporter non seulement des vitres, des portes et des fen\u00eatres, mais se transforme en quelques gestes seulement en un v\u00e9hicule de transport universel, p.ex. pour transporter des palettes. Gr\u00e2ce au transport \u00e0 l\u2019int\u00e9rieur du v\u00e9hicule, les mat\u00e9riaux fragiles sont bien prot\u00e9g\u00e9s contre la pluie, la poussi\u00e8re ou les projections de pierres.[\/vc_column_text][\/vc_column][vc_column width=\u00a0\u00bb1\/2&Prime; css_animation=\u00a0\u00bbfadeInUp\u00a0\u00bb css=\u00a0\u00bb.vc_custom_1640617236299{margin-top: 0px !important;margin-bottom: 0px !important;padding-top: 0px !important;padding-bottom: 50px !important;}\u00a0\u00bb effects_enabled_delay=\u00a0\u00bb200&Prime;][vc_single_image image=\u00a0\u00bb77189&Prime; img_size=\u00a0\u00bbfull\u00a0\u00bb css=\u00a0\u00bb.vc_custom_1706179484625{margin-top: 0px !important;}\u00a0\u00bb][vc_column_text css=\u00a0\u00bb.vc_custom_1706178097039{margin-top: 20px !important;}\u00a0\u00bb]<\/p>\n<h3><span style=\"color: #b32022;\">PORTE-VERRE INT\u00c9RIEUR EXTENSIBLE<\/span><\/h3>\n<p>En optant pour un porte-verre int\u00e9rieur extensible, vous obtenez l\u2019une des solutions les plus innovantes et sophistiqu\u00e9es pour le transport de vitres, de portes et de fen\u00eatres. Le chargement et le d\u00e9chargement se font \u00e0 une hauteur confortable et ergonomique pour le dos. Ainsi, vous m\u00e9nagez non seulement votre sant\u00e9 mais vous r\u00e9duisez aussi le risque d&rsquo;endommager les objets transport\u00e9s. Gr\u00e2ce au transport \u00e0 l\u2019int\u00e9rieur du v\u00e9hicule, les mat\u00e9riaux fragiles sont bien prot\u00e9g\u00e9s contre la pluie, la poussi\u00e8re ou les projections de pierres.[\/vc_column_text][\/vc_column][\/vc_row]<\/p>\n<\/div>","protected":false},"excerpt":{"rendered":"<p>[vc_row css=\u00a0\u00bb.vc_custom_1640616974868{margin-top: 90px !important;margin-bottom: 0px !important;padding-bottom: 0px !important;}\u00a0\u00bb][vc_column css_animation=\u00a0\u00bbfadeInUp\u00a0\u00bb css=\u00a0\u00bb.vc_custom_1640617052514{margin-top: 0px !important;margin-bottom: 0px !important;padding-top: 0px !important;padding-bottom: 0px !important;}\u00a0\u00bb][vc_column_text css=\u00a0\u00bb.vc_custom_1706178043764{margin-top: 20px&#8230;<\/p>\n","protected":false},"author":1,"featured_media":0,"parent":34899,"menu_order":0,"comment_status":"closed","ping_status":"closed","template":"","meta":{"footnotes":""},"class_list":["post-77179","page","type-page","status-publish"],"yoast_head":"<!-- This site is optimized with the Yoast SEO plugin v27.2 - https:\/\/yoast.com\/product\/yoast-seo-wordpress\/ -->\n<title>Porte-verre int\u00e9rieur - Waldspurger SA<\/title>\n<meta name=\"description\" content=\"Un pupitre porte-verre \u00e0 l\u2019int\u00e9rieur du v\u00e9hicule permet de transporter des vitres, des fen\u00eatres et des portes en toute s\u00e9curit\u00e9 et \u00e0 l\u2019abri des intemp\u00e9ries.\" \/>\n<meta name=\"robots\" content=\"index, follow, max-snippet:-1, max-image-preview:large, max-video-preview:-1\" \/>\n<link rel=\"canonical\" href=\"https:\/\/waldspurger.ch\/fr\/transport-de-materiel\/transport-de-verre\/porte-verre-interieur\/\" \/>\n<meta property=\"og:locale\" content=\"fr_FR\" \/>\n<meta property=\"og:type\" content=\"article\" \/>\n<meta property=\"og:title\" content=\"Porte-verre int\u00e9rieur - Waldspurger SA\" \/>\n<meta property=\"og:description\" content=\"Un pupitre porte-verre \u00e0 l\u2019int\u00e9rieur du v\u00e9hicule permet de transporter des vitres, des fen\u00eatres et des portes en toute s\u00e9curit\u00e9 et \u00e0 l\u2019abri des intemp\u00e9ries.\" \/>\n<meta property=\"og:url\" content=\"https:\/\/waldspurger.ch\/fr\/transport-de-materiel\/transport-de-verre\/porte-verre-interieur\/\" \/>\n<meta property=\"og:site_name\" content=\"Waldspurger SA\" \/>\n<meta property=\"article:modified_time\" content=\"2024-01-25T10:49:53+00:00\" \/>\n<meta property=\"og:image\" content=\"https:\/\/waldspurger.ch\/wp-content\/uploads\/2022\/02\/logo_de.png\" \/>\n\t<meta property=\"og:image:width\" content=\"320\" \/>\n\t<meta property=\"og:image:height\" content=\"223\" \/>\n\t<meta property=\"og:image:type\" content=\"image\/png\" \/>\n<meta name=\"twitter:card\" content=\"summary_large_image\" \/>\n<script type=\"application\/ld+json\" class=\"yoast-schema-graph\">{\"@context\":\"https:\/\/schema.org\",\"@graph\":[{\"@type\":\"Article\",\"@id\":\"https:\/\/waldspurger.ch\/fr\/transport-de-materiel\/transport-de-verre\/porte-verre-interieur\/#article\",\"isPartOf\":{\"@id\":\"https:\/\/waldspurger.ch\/fr\/transport-de-materiel\/transport-de-verre\/porte-verre-interieur\/\"},\"author\":{\"name\":\"Adminmoritzi\",\"@id\":\"https:\/\/waldspurger.ch\/fr\/#\/schema\/person\/e92a92f5b5a240afd932a5eba15ae94c\"},\"headline\":\"Porte-verre int\u00e9rieur\",\"datePublished\":\"2024-01-25T10:04:40+00:00\",\"dateModified\":\"2024-01-25T10:49:53+00:00\",\"mainEntityOfPage\":{\"@id\":\"https:\/\/waldspurger.ch\/fr\/transport-de-materiel\/transport-de-verre\/porte-verre-interieur\/\"},\"wordCount\":458,\"publisher\":{\"@id\":\"https:\/\/waldspurger.ch\/fr\/#organization\"},\"inLanguage\":\"fr-FR\"},{\"@type\":\"WebPage\",\"@id\":\"https:\/\/waldspurger.ch\/fr\/transport-de-materiel\/transport-de-verre\/porte-verre-interieur\/\",\"url\":\"https:\/\/waldspurger.ch\/fr\/transport-de-materiel\/transport-de-verre\/porte-verre-interieur\/\",\"name\":\"Porte-verre int\u00e9rieur - Waldspurger SA\",\"isPartOf\":{\"@id\":\"https:\/\/waldspurger.ch\/fr\/#website\"},\"datePublished\":\"2024-01-25T10:04:40+00:00\",\"dateModified\":\"2024-01-25T10:49:53+00:00\",\"description\":\"Un pupitre porte-verre \u00e0 l\u2019int\u00e9rieur du v\u00e9hicule permet de transporter des vitres, des fen\u00eatres et des portes en toute s\u00e9curit\u00e9 et \u00e0 l\u2019abri des intemp\u00e9ries.\",\"breadcrumb\":{\"@id\":\"https:\/\/waldspurger.ch\/fr\/transport-de-materiel\/transport-de-verre\/porte-verre-interieur\/#breadcrumb\"},\"inLanguage\":\"fr-FR\",\"potentialAction\":[{\"@type\":\"ReadAction\",\"target\":[\"https:\/\/waldspurger.ch\/fr\/transport-de-materiel\/transport-de-verre\/porte-verre-interieur\/\"]}]},{\"@type\":\"BreadcrumbList\",\"@id\":\"https:\/\/waldspurger.ch\/fr\/transport-de-materiel\/transport-de-verre\/porte-verre-interieur\/#breadcrumb\",\"itemListElement\":[{\"@type\":\"ListItem\",\"position\":1,\"name\":\"Startseite\",\"item\":\"https:\/\/waldspurger.ch\/fr\/\"},{\"@type\":\"ListItem\",\"position\":2,\"name\":\"Transport de mat\u00e9riel\",\"item\":\"https:\/\/waldspurger.ch\/fr\/transport-de-materiel\/\"},{\"@type\":\"ListItem\",\"position\":3,\"name\":\"Transport de verre\",\"item\":\"https:\/\/waldspurger.ch\/fr\/transport-de-materiel\/transport-de-verre\/\"},{\"@type\":\"ListItem\",\"position\":4,\"name\":\"Porte-verre int\u00e9rieur\"}]},{\"@type\":\"WebSite\",\"@id\":\"https:\/\/waldspurger.ch\/fr\/#website\",\"url\":\"https:\/\/waldspurger.ch\/fr\/\",\"name\":\"Waldspurger SA\",\"description\":\"Am\u00e9nagement\",\"publisher\":{\"@id\":\"https:\/\/waldspurger.ch\/fr\/#organization\"},\"potentialAction\":[{\"@type\":\"SearchAction\",\"target\":{\"@type\":\"EntryPoint\",\"urlTemplate\":\"https:\/\/waldspurger.ch\/fr\/?s={search_term_string}\"},\"query-input\":{\"@type\":\"PropertyValueSpecification\",\"valueRequired\":true,\"valueName\":\"search_term_string\"}}],\"inLanguage\":\"fr-FR\"},{\"@type\":\"Organization\",\"@id\":\"https:\/\/waldspurger.ch\/fr\/#organization\",\"name\":\"Waldspurger AG\",\"url\":\"https:\/\/waldspurger.ch\/fr\/\",\"logo\":{\"@type\":\"ImageObject\",\"inLanguage\":\"fr-FR\",\"@id\":\"https:\/\/waldspurger.ch\/fr\/#\/schema\/logo\/image\/\",\"url\":\"https:\/\/waldspurger.ch\/wp-content\/uploads\/2022\/02\/logo_de.png\",\"contentUrl\":\"https:\/\/waldspurger.ch\/wp-content\/uploads\/2022\/02\/logo_de.png\",\"width\":320,\"height\":223,\"caption\":\"Waldspurger AG\"},\"image\":{\"@id\":\"https:\/\/waldspurger.ch\/fr\/#\/schema\/logo\/image\/\"},\"sameAs\":[\"https:\/\/ch.linkedin.com\/company\/waldspurger-bergdietikon\",\"https:\/\/www.youtube.com\/channel\/UC4BYucVfPuWzNF4hyfO3YTw\"]},{\"@type\":\"Person\",\"@id\":\"https:\/\/waldspurger.ch\/fr\/#\/schema\/person\/e92a92f5b5a240afd932a5eba15ae94c\",\"name\":\"Adminmoritzi\",\"image\":{\"@type\":\"ImageObject\",\"inLanguage\":\"fr-FR\",\"@id\":\"https:\/\/secure.gravatar.com\/avatar\/4f43fbec0cc1848d75d18da5595fa2e9d12bc02d9d761756323c70efe587d61a?s=96&d=mm&r=g\",\"url\":\"https:\/\/secure.gravatar.com\/avatar\/4f43fbec0cc1848d75d18da5595fa2e9d12bc02d9d761756323c70efe587d61a?s=96&d=mm&r=g\",\"contentUrl\":\"https:\/\/secure.gravatar.com\/avatar\/4f43fbec0cc1848d75d18da5595fa2e9d12bc02d9d761756323c70efe587d61a?s=96&d=mm&r=g\",\"caption\":\"Adminmoritzi\"}}]}<\/script>\n<!-- \/ Yoast SEO plugin. -->","yoast_head_json":{"title":"Porte-verre int\u00e9rieur - Waldspurger SA","description":"Un pupitre porte-verre \u00e0 l\u2019int\u00e9rieur du v\u00e9hicule permet de transporter des vitres, des fen\u00eatres et des portes en toute s\u00e9curit\u00e9 et \u00e0 l\u2019abri des intemp\u00e9ries.","robots":{"index":"index","follow":"follow","max-snippet":"max-snippet:-1","max-image-preview":"max-image-preview:large","max-video-preview":"max-video-preview:-1"},"canonical":"https:\/\/waldspurger.ch\/fr\/transport-de-materiel\/transport-de-verre\/porte-verre-interieur\/","og_locale":"fr_FR","og_type":"article","og_title":"Porte-verre int\u00e9rieur - Waldspurger SA","og_description":"Un pupitre porte-verre \u00e0 l\u2019int\u00e9rieur du v\u00e9hicule permet de transporter des vitres, des fen\u00eatres et des portes en toute s\u00e9curit\u00e9 et \u00e0 l\u2019abri des intemp\u00e9ries.","og_url":"https:\/\/waldspurger.ch\/fr\/transport-de-materiel\/transport-de-verre\/porte-verre-interieur\/","og_site_name":"Waldspurger SA","article_modified_time":"2024-01-25T10:49:53+00:00","og_image":[{"width":320,"height":223,"url":"https:\/\/waldspurger.ch\/wp-content\/uploads\/2022\/02\/logo_de.png","type":"image\/png"}],"twitter_card":"summary_large_image","schema":{"@context":"https:\/\/schema.org","@graph":[{"@type":"Article","@id":"https:\/\/waldspurger.ch\/fr\/transport-de-materiel\/transport-de-verre\/porte-verre-interieur\/#article","isPartOf":{"@id":"https:\/\/waldspurger.ch\/fr\/transport-de-materiel\/transport-de-verre\/porte-verre-interieur\/"},"author":{"name":"Adminmoritzi","@id":"https:\/\/waldspurger.ch\/fr\/#\/schema\/person\/e92a92f5b5a240afd932a5eba15ae94c"},"headline":"Porte-verre int\u00e9rieur","datePublished":"2024-01-25T10:04:40+00:00","dateModified":"2024-01-25T10:49:53+00:00","mainEntityOfPage":{"@id":"https:\/\/waldspurger.ch\/fr\/transport-de-materiel\/transport-de-verre\/porte-verre-interieur\/"},"wordCount":458,"publisher":{"@id":"https:\/\/waldspurger.ch\/fr\/#organization"},"inLanguage":"fr-FR"},{"@type":"WebPage","@id":"https:\/\/waldspurger.ch\/fr\/transport-de-materiel\/transport-de-verre\/porte-verre-interieur\/","url":"https:\/\/waldspurger.ch\/fr\/transport-de-materiel\/transport-de-verre\/porte-verre-interieur\/","name":"Porte-verre int\u00e9rieur - Waldspurger SA","isPartOf":{"@id":"https:\/\/waldspurger.ch\/fr\/#website"},"datePublished":"2024-01-25T10:04:40+00:00","dateModified":"2024-01-25T10:49:53+00:00","description":"Un pupitre porte-verre \u00e0 l\u2019int\u00e9rieur du v\u00e9hicule permet de transporter des vitres, des fen\u00eatres et des portes en toute s\u00e9curit\u00e9 et \u00e0 l\u2019abri des intemp\u00e9ries.","breadcrumb":{"@id":"https:\/\/waldspurger.ch\/fr\/transport-de-materiel\/transport-de-verre\/porte-verre-interieur\/#breadcrumb"},"inLanguage":"fr-FR","potentialAction":[{"@type":"ReadAction","target":["https:\/\/waldspurger.ch\/fr\/transport-de-materiel\/transport-de-verre\/porte-verre-interieur\/"]}]},{"@type":"BreadcrumbList","@id":"https:\/\/waldspurger.ch\/fr\/transport-de-materiel\/transport-de-verre\/porte-verre-interieur\/#breadcrumb","itemListElement":[{"@type":"ListItem","position":1,"name":"Startseite","item":"https:\/\/waldspurger.ch\/fr\/"},{"@type":"ListItem","position":2,"name":"Transport de mat\u00e9riel","item":"https:\/\/waldspurger.ch\/fr\/transport-de-materiel\/"},{"@type":"ListItem","position":3,"name":"Transport de verre","item":"https:\/\/waldspurger.ch\/fr\/transport-de-materiel\/transport-de-verre\/"},{"@type":"ListItem","position":4,"name":"Porte-verre int\u00e9rieur"}]},{"@type":"WebSite","@id":"https:\/\/waldspurger.ch\/fr\/#website","url":"https:\/\/waldspurger.ch\/fr\/","name":"Waldspurger SA","description":"Am\u00e9nagement","publisher":{"@id":"https:\/\/waldspurger.ch\/fr\/#organization"},"potentialAction":[{"@type":"SearchAction","target":{"@type":"EntryPoint","urlTemplate":"https:\/\/waldspurger.ch\/fr\/?s={search_term_string}"},"query-input":{"@type":"PropertyValueSpecification","valueRequired":true,"valueName":"search_term_string"}}],"inLanguage":"fr-FR"},{"@type":"Organization","@id":"https:\/\/waldspurger.ch\/fr\/#organization","name":"Waldspurger AG","url":"https:\/\/waldspurger.ch\/fr\/","logo":{"@type":"ImageObject","inLanguage":"fr-FR","@id":"https:\/\/waldspurger.ch\/fr\/#\/schema\/logo\/image\/","url":"https:\/\/waldspurger.ch\/wp-content\/uploads\/2022\/02\/logo_de.png","contentUrl":"https:\/\/waldspurger.ch\/wp-content\/uploads\/2022\/02\/logo_de.png","width":320,"height":223,"caption":"Waldspurger AG"},"image":{"@id":"https:\/\/waldspurger.ch\/fr\/#\/schema\/logo\/image\/"},"sameAs":["https:\/\/ch.linkedin.com\/company\/waldspurger-bergdietikon","https:\/\/www.youtube.com\/channel\/UC4BYucVfPuWzNF4hyfO3YTw"]},{"@type":"Person","@id":"https:\/\/waldspurger.ch\/fr\/#\/schema\/person\/e92a92f5b5a240afd932a5eba15ae94c","name":"Adminmoritzi","image":{"@type":"ImageObject","inLanguage":"fr-FR","@id":"https:\/\/secure.gravatar.com\/avatar\/4f43fbec0cc1848d75d18da5595fa2e9d12bc02d9d761756323c70efe587d61a?s=96&d=mm&r=g","url":"https:\/\/secure.gravatar.com\/avatar\/4f43fbec0cc1848d75d18da5595fa2e9d12bc02d9d761756323c70efe587d61a?s=96&d=mm&r=g","contentUrl":"https:\/\/secure.gravatar.com\/avatar\/4f43fbec0cc1848d75d18da5595fa2e9d12bc02d9d761756323c70efe587d61a?s=96&d=mm&r=g","caption":"Adminmoritzi"}}]}},"_links":{"self":[{"href":"https:\/\/waldspurger.ch\/fr\/wp-json\/wp\/v2\/pages\/77179","targetHints":{"allow":["GET"]}}],"collection":[{"href":"https:\/\/waldspurger.ch\/fr\/wp-json\/wp\/v2\/pages"}],"about":[{"href":"https:\/\/waldspurger.ch\/fr\/wp-json\/wp\/v2\/types\/page"}],"author":[{"embeddable":true,"href":"https:\/\/waldspurger.ch\/fr\/wp-json\/wp\/v2\/users\/1"}],"replies":[{"embeddable":true,"href":"https:\/\/waldspurger.ch\/fr\/wp-json\/wp\/v2\/comments?post=77179"}],"version-history":[{"count":0,"href":"https:\/\/waldspurger.ch\/fr\/wp-json\/wp\/v2\/pages\/77179\/revisions"}],"up":[{"embeddable":true,"href":"https:\/\/waldspurger.ch\/fr\/wp-json\/wp\/v2\/pages\/34899"}],"wp:attachment":[{"href":"https:\/\/waldspurger.ch\/fr\/wp-json\/wp\/v2\/media?parent=77179"}],"curies":[{"name":"wp","href":"https:\/\/api.w.org\/{rel}","templated":true}]}}