{"id":38608,"date":"2021-07-01T16:32:16","date_gmt":"2021-07-01T14:32:16","guid":{"rendered":"https:\/\/waldspurger.getads.ch\/demander-une-offre\/bus-scolaires\/"},"modified":"2022-03-17T18:49:02","modified_gmt":"2022-03-17T17:49:02","slug":"bus-scolaires","status":"publish","type":"page","link":"https:\/\/waldspurger.ch\/fr\/demander-une-offre\/bus-scolaires\/","title":{"rendered":"Offre &#8211; Bus Scolaires"},"content":{"rendered":"<div class=\"wpb-content-wrapper\"><p>[vc_row content_placement=\u00a0\u00bbmiddle\u00a0\u00bb css=\u00a0\u00bb.vc_custom_1623999837052{padding-top: 30px !important;}\u00a0\u00bb el_class=\u00a0\u00bbc_form_maxwidth\u00a0\u00bb][vc_column css_animation=\u00a0\u00bbfadeInUp\u00a0\u00bb][vc_column_text]<\/p>\n<p style=\"text-align: center;\">\n<div class=\"wpcf7 no-js\" id=\"wpcf7-f33930-o1\" lang=\"fr-FR\" dir=\"ltr\" data-wpcf7-id=\"33930\">\n<div class=\"screen-reader-response\"><p role=\"status\" aria-live=\"polite\" aria-atomic=\"true\"><\/p> <ul><\/ul><\/div>\n<form action=\"\/fr\/wp-json\/wp\/v2\/pages\/38608#wpcf7-f33930-o1\" method=\"post\" class=\"wpcf7-form init\" aria-label=\"Formulaire de contact\" novalidate=\"novalidate\" data-status=\"init\">\n<fieldset class=\"hidden-fields-container\"><legend class=\"screen-reader-text\">Hidden fields<\/legend><input type=\"hidden\" name=\"_wpcf7\" value=\"33930\" \/><input type=\"hidden\" name=\"_wpcf7_version\" value=\"6.1.5\" \/><input type=\"hidden\" name=\"_wpcf7_locale\" value=\"fr_FR\" \/><input type=\"hidden\" name=\"_wpcf7_unit_tag\" value=\"wpcf7-f33930-o1\" \/><input type=\"hidden\" name=\"_wpcf7_container_post\" value=\"0\" \/><input type=\"hidden\" name=\"_wpcf7_posted_data_hash\" value=\"\" \/><input type=\"hidden\" name=\"_wpcf7_recaptcha_response\" value=\"\" \/>\n<\/fieldset>\n<span id=\"wpcf7-69ee6739a1ceb-wrapper\" class=\"wpcf7-form-control-wrap hop-wrap\" style=\"display:none !important; visibility:hidden !important;\"><input type=\"hidden\" name=\"hop-time-start\" value=\"1777231673\"><input type=\"hidden\" name=\"hop-time-check\" value=\"15\"><label for=\"wpcf7-69ee6739a1ceb-field\" class=\"hp-message\">Veuillez laisser ce champ vide.<\/label><input id=\"wpcf7-69ee6739a1ceb-field\"  class=\"wpcf7-form-control wpcf7-text\" type=\"text\" name=\"hop\" value=\"\" size=\"40\" tabindex=\"-1\" autocomplete=\"new-password\" \/><\/span>\n<label><h4><strong>Demande d\u2019offre Bus scolaire<\/strong><\/h4>\n<p>Veuillez remplir le formulaire suivant, nous vous contacterons sans tarder.<\/p><\/label>\n\n<label><h4><strong>Marque du v\u00e9hicule<\/strong><\/h4>\n<p>Pour quelle marque de v\u00e9hicule souhaitez-vous recevoir une offre?<\/p>\nMarque de v\u00e9hicule, mod\u00e8le, type<span class=\"wpcf7-form-control-wrap\" data-name=\"fahrzeugmarke\"><input size=\"40\" maxlength=\"400\" class=\"wpcf7-form-control wpcf7-text\" aria-invalid=\"false\" value=\"\" type=\"text\" name=\"fahrzeugmarke\" \/><\/span><\/label>\n\n<label><h4><strong>Poids du v\u00e9hicule<\/strong><\/h4>\n<p>Veuillez choisir le poids d\u00e9sir\u00e9<\/p><span class=\"wpcf7-form-control-wrap\" data-name=\"fahrzeuggewicht\"><select class=\"wpcf7-form-control wpcf7-select\" aria-invalid=\"false\" name=\"fahrzeuggewicht\"><option value=\"Jusqu&#039;\u00e0 3,5 t\">Jusqu&#039;\u00e0 3,5 t<\/option><option value=\"Plus de 3,5 t\">Plus de 3,5 t<\/option><\/select><\/span><\/label>\n\n<label> <h4><strong>Grandeur du v\u00e9hicule<\/strong><\/h4>\n<p>La hauteur du v\u00e9hicule est-elle \u00e0 prendre en consid\u00e9ration?<\/p>\n<span class=\"wpcf7-form-control-wrap\" data-name=\"gesamthoehe_beachten\"><select class=\"wpcf7-form-control wpcf7-select\" aria-invalid=\"false\" name=\"gesamthoehe_beachten\"><option value=\"Encore ind\u00e9cis\">Encore ind\u00e9cis<\/option><option value=\"Oui\">Oui<\/option><option value=\"Non\">Non<\/option><\/select><\/span><\/label>\n<label><p>Si oui, quelle est la hauteur totale \u00e0 ne pas d\u00e9passer (en centim\u00e8tres)?<\/p>\n<span class=\"wpcf7-form-control-wrap\" data-name=\"maxgesamthoehe\"><input size=\"40\" maxlength=\"400\" class=\"wpcf7-form-control wpcf7-text\" aria-invalid=\"false\" value=\"\" type=\"text\" name=\"maxgesamthoehe\" \/><\/span><\/label>\n\n<label><h4><strong>Nombre de si\u00e8ges<\/strong><\/h4>\n<p>Nombre d\u2019adultes (conducteur y compris)<\/p><span class=\"wpcf7-form-control-wrap\" data-name=\"anzahl_erwachsene\"><input size=\"40\" maxlength=\"400\" class=\"wpcf7-form-control wpcf7-text\" aria-invalid=\"false\" value=\"\" type=\"text\" name=\"anzahl_erwachsene\" \/><\/span><\/label>\n<label><p>Nombre d\u2019enfants<\/p><span class=\"wpcf7-form-control-wrap\" data-name=\"anzahl_kinder\"><input size=\"40\" maxlength=\"400\" class=\"wpcf7-form-control wpcf7-text\" aria-invalid=\"false\" value=\"\" type=\"text\" name=\"anzahl_kinder\" \/><\/span><\/label>\n\n\n<label> <h4><strong>Aides \u00e0 la mont\u00e9e<\/strong><\/h4>\n<p>Marchepied \u00e0 la porte coulissante, enti\u00e8rement automatique<\/p><span class=\"wpcf7-form-control-wrap\" data-name=\"trittsufe_schiebetuer\"><select class=\"wpcf7-form-control wpcf7-select\" aria-invalid=\"false\" name=\"trittsufe_schiebetuer\"><option value=\"Encore ind\u00e9cis\">Encore ind\u00e9cis<\/option><option value=\"Oui\">Oui<\/option><option value=\"Non\">Non<\/option><\/select><\/span><\/label>\n\n<p>Porte coulissante, automatique<\/p><span class=\"wpcf7-form-control-wrap\" data-name=\"schiebetuer\"><select class=\"wpcf7-form-control wpcf7-select\" aria-invalid=\"false\" name=\"schiebetuer\"><option value=\"Encore ind\u00e9cis\">Encore ind\u00e9cis<\/option><option value=\"Oui\">Oui<\/option><option value=\"Non\">Non<\/option><\/select><\/span><\/label>\n\n<label><p>Poign\u00e9e de maintien \u00e0 droite de la porte coulissante (colonne B)<\/p>\n<span class=\"wpcf7-form-control-wrap\" data-name=\"handgriff_schiebetuer_rechts_b\"><select class=\"wpcf7-form-control wpcf7-select\" aria-invalid=\"false\" name=\"handgriff_schiebetuer_rechts_b\"><option value=\"Encore ind\u00e9cis\">Encore ind\u00e9cis<\/option><option value=\"Oui\">Oui<\/option><option value=\"Non\">Non<\/option><\/select><\/span><\/label>\n\n<label><p>Poign\u00e9e de maintien \u00e0 gauche de la porte coulissante (colonne C)<\/p>\n<span class=\"wpcf7-form-control-wrap\" data-name=\"haltestange_schiebetuer_links_c\"><select class=\"wpcf7-form-control wpcf7-select\" aria-invalid=\"false\" name=\"haltestange_schiebetuer_links_c\"><option value=\"Encore ind\u00e9cis\">Encore ind\u00e9cis<\/option><option value=\"Oui\">Oui<\/option><option value=\"Non\">Non<\/option><\/select><\/span><\/label>\n\n<label><h4><strong>Chauffage \/ Climatisation dans l\u2019espace passagers<\/strong><\/h4>\n<p>Climatisation<\/p><span class=\"wpcf7-form-control-wrap\" data-name=\"klimaanlage\"><select class=\"wpcf7-form-control wpcf7-select\" aria-invalid=\"false\" name=\"klimaanlage\"><option value=\"Encore ind\u00e9cis\">Encore ind\u00e9cis<\/option><option value=\"Oui\">Oui<\/option><option value=\"Non\">Non<\/option><\/select><\/span><\/label>\n<label><p>A\u00e9ration dans le toit<\/p><span class=\"wpcf7-form-control-wrap\" data-name=\"dachentlueftung\"><select class=\"wpcf7-form-control wpcf7-select\" aria-invalid=\"false\" name=\"dachentlueftung\"><option value=\"Encore ind\u00e9cis\">Encore ind\u00e9cis<\/option><option value=\"Oui\">Oui<\/option><option value=\"Non\">Non<\/option><\/select><\/span><\/label>\n<label><p>Hotte de toit<\/p><span class=\"wpcf7-form-control-wrap\" data-name=\"dachhaube\"><select class=\"wpcf7-form-control wpcf7-select\" aria-invalid=\"false\" name=\"dachhaube\"><option value=\"Encore ind\u00e9cis\">Encore ind\u00e9cis<\/option><option value=\"Oui\">Oui<\/option><option value=\"Non\">Non<\/option><\/select><\/span><\/label>\n<label><p>Chauffage auxiliaire<\/p><span class=\"wpcf7-form-control-wrap\" data-name=\"standheizung\"><select class=\"wpcf7-form-control wpcf7-select\" aria-invalid=\"false\" name=\"standheizung\"><option value=\"Encore ind\u00e9cis\">Encore ind\u00e9cis<\/option><option value=\"Oui\">Oui<\/option><option value=\"Non\">Non<\/option><\/select><\/span><\/label>\n\n<label><h4><strong>\u00c9quipements compl\u00e9mentaires<\/strong><\/h4><\/label>\n\n<label><p>Kit de s\u00e9curit\u00e9 (extincteur et pharmacie de bord)<\/p><span class=\"wpcf7-form-control-wrap\" data-name=\"sicherheitspaket\"><select class=\"wpcf7-form-control wpcf7-select\" aria-invalid=\"false\" name=\"sicherheitspaket\"><option value=\"Encore ind\u00e9cis\">Encore ind\u00e9cis<\/option><option value=\"Oui\">Oui<\/option><option value=\"Non\">Non<\/option><\/select><\/span><\/label>\n\n<label><p>Pictogramme bus scolaire appliqu\u00e9 directement sur la carrosserie<\/p><span class=\"wpcf7-form-control-wrap\" data-name=\"schulbusschild\"><select class=\"wpcf7-form-control wpcf7-select\" aria-invalid=\"false\" name=\"schulbusschild\"><option value=\"Encore ind\u00e9cis\">Encore ind\u00e9cis<\/option><option value=\"Oui\">Oui<\/option><option value=\"Non\">Non<\/option><\/select><\/span><\/label>\n\n<label><p>Pictogramme bus scolaire sur tapis magn\u00e9tique<\/p><span class=\"wpcf7-form-control-wrap\" data-name=\"schulbusschild_magnetmatte\"><select class=\"wpcf7-form-control wpcf7-select\" aria-invalid=\"false\" name=\"schulbusschild_magnetmatte\"><option value=\"Encore ind\u00e9cis\">Encore ind\u00e9cis<\/option><option value=\"Oui\">Oui<\/option><option value=\"Non\">Non<\/option><\/select><\/span><\/label>\n\n<label> <h4><strong>Vos coordonn\u00e9es<\/strong><\/h4><p>Nom\/Soci\u00e9t\u00e9<\/p><span class=\"wpcf7-form-control-wrap\" data-name=\"absender_namefirma\"><input size=\"40\" maxlength=\"400\" class=\"wpcf7-form-control wpcf7-text\" aria-invalid=\"false\" value=\"\" type=\"text\" name=\"absender_namefirma\" \/><\/span><\/label>\n\n<label><p>Interlocuteur <span class=\"ws_red\">*<\/span><\/p><span class=\"wpcf7-form-control-wrap\" data-name=\"absender_ansprechperson\"><input size=\"40\" maxlength=\"400\" class=\"wpcf7-form-control wpcf7-text wpcf7-validates-as-required\" aria-required=\"true\" aria-invalid=\"false\" value=\"\" type=\"text\" name=\"absender_ansprechperson\" \/><\/span><\/label>\n\n<label><p>Rue <span class=\"ws_red\">*<\/span><\/p><span class=\"wpcf7-form-control-wrap\" data-name=\"absender_strasse\"><input size=\"40\" maxlength=\"400\" class=\"wpcf7-form-control wpcf7-text wpcf7-validates-as-required\" aria-required=\"true\" aria-invalid=\"false\" value=\"\" type=\"text\" name=\"absender_strasse\" \/><\/span><\/label>\n\n<label>\n<p>NPA\/Localit\u00e9 <span class=\"ws_red\">*<\/span><\/p>\n<span class=\"wpcf7-form-control-wrap\" data-name=\"absender_plzort\"><input size=\"40\" maxlength=\"400\" class=\"wpcf7-form-control wpcf7-text wpcf7-validates-as-required\" aria-required=\"true\" aria-invalid=\"false\" value=\"\" type=\"text\" name=\"absender_plzort\" \/><\/span>\n<\/label>\n\n<label>\n<p>T\u00e9l\u00e9phone <span class=\"ws_red\">*<\/span><\/p>\n<span class=\"wpcf7-form-control-wrap\" data-name=\"absender_telefon\"><input size=\"40\" maxlength=\"400\" class=\"wpcf7-form-control wpcf7-text wpcf7-validates-as-required\" aria-required=\"true\" aria-invalid=\"false\" value=\"\" type=\"text\" name=\"absender_telefon\" \/><\/span>\n<\/label>\n\n<label>\n<p>E-mail <span class=\"ws_red\">*<\/span><\/p>\n<span class=\"wpcf7-form-control-wrap\" data-name=\"absender_email\"><input size=\"40\" maxlength=\"400\" class=\"wpcf7-form-control wpcf7-email wpcf7-validates-as-required wpcf7-text wpcf7-validates-as-email\" aria-required=\"true\" aria-invalid=\"false\" value=\"\" type=\"email\" name=\"absender_email\" \/><\/span>\n<\/label>\n\n\n<label> <h4 style=\"margin-bottom: 10px;\"><strong>Remarques<\/strong><\/h4>\n<p>D\u2019autres informations concernant votre demande d\u2019offre sans engagement.<\/p>\n<span class=\"wpcf7-form-control-wrap\" data-name=\"mitteilung\"><textarea cols=\"40\" rows=\"3\" maxlength=\"2000\" class=\"wpcf7-form-control wpcf7-textarea\" aria-invalid=\"false\" name=\"mitteilung\"><\/textarea><\/span>\n<\/label>\n\n\n<p>Apr\u00e8s l'envoi, vous recevrez un e-mail de confirmation avec vos donn\u00e9es pour v\u00e9rification.<\/p>\n<input class=\"wpcf7-form-control wpcf7-submit has-spinner\" type=\"submit\" value=\"Envoyer\" \/><div class=\"wpcf7-response-output\" aria-hidden=\"true\"><\/div>\n<\/form>\n<\/div>\n<p>[\/vc_column_text][\/vc_column][\/vc_row]<\/p>\n<\/div>","protected":false},"excerpt":{"rendered":"<p>[vc_row content_placement=\u00a0\u00bbmiddle\u00a0\u00bb css=\u00a0\u00bb.vc_custom_1623999837052{padding-top: 30px !important;}\u00a0\u00bb el_class=\u00a0\u00bbc_form_maxwidth\u00a0\u00bb][vc_column css_animation=\u00a0\u00bbfadeInUp\u00a0\u00bb][vc_column_text] [\/vc_column_text][\/vc_column][\/vc_row]<\/p>\n","protected":false},"author":1,"featured_media":0,"parent":34722,"menu_order":0,"comment_status":"closed","ping_status":"closed","template":"","meta":{"footnotes":""},"class_list":["post-38608","page","type-page","status-publish"],"yoast_head":"<!-- This site is optimized with the Yoast SEO plugin v27.2 - https:\/\/yoast.com\/product\/yoast-seo-wordpress\/ -->\n<title>Offre - Bus Scolaires - Waldspurger SA<\/title>\n<meta name=\"robots\" content=\"index, follow, max-snippet:-1, max-image-preview:large, max-video-preview:-1\" \/>\n<link rel=\"canonical\" href=\"https:\/\/waldspurger.ch\/fr\/demander-une-offre\/bus-scolaires\/\" \/>\n<meta property=\"og:locale\" content=\"fr_FR\" \/>\n<meta property=\"og:type\" content=\"article\" \/>\n<meta property=\"og:title\" content=\"Offre - Bus Scolaires - Waldspurger SA\" \/>\n<meta property=\"og:description\" content=\"[vc_row content_placement=\u00a0\u00bbmiddle\u00a0\u00bb css=\u00a0\u00bb.vc_custom_1623999837052{padding-top: 30px !important;}\u00a0\u00bb el_class=\u00a0\u00bbc_form_maxwidth\u00a0\u00bb][vc_column css_animation=\u00a0\u00bbfadeInUp\u00a0\u00bb][vc_column_text] [\/vc_column_text][\/vc_column][\/vc_row]\" \/>\n<meta property=\"og:url\" content=\"https:\/\/waldspurger.ch\/fr\/demander-une-offre\/bus-scolaires\/\" \/>\n<meta property=\"og:site_name\" content=\"Waldspurger SA\" \/>\n<meta property=\"article:modified_time\" content=\"2022-03-17T17:49:02+00:00\" \/>\n<meta property=\"og:image\" content=\"https:\/\/waldspurger.ch\/wp-content\/uploads\/2022\/02\/logo_de.png\" \/>\n\t<meta property=\"og:image:width\" content=\"320\" \/>\n\t<meta property=\"og:image:height\" content=\"223\" \/>\n\t<meta property=\"og:image:type\" content=\"image\/png\" \/>\n<meta name=\"twitter:card\" content=\"summary_large_image\" \/>\n<script type=\"application\/ld+json\" class=\"yoast-schema-graph\">{\"@context\":\"https:\/\/schema.org\",\"@graph\":[{\"@type\":\"Article\",\"@id\":\"https:\/\/waldspurger.ch\/fr\/demander-une-offre\/bus-scolaires\/#article\",\"isPartOf\":{\"@id\":\"https:\/\/waldspurger.ch\/fr\/demander-une-offre\/bus-scolaires\/\"},\"author\":{\"name\":\"Adminmoritzi\",\"@id\":\"https:\/\/waldspurger.ch\/fr\/#\/schema\/person\/e92a92f5b5a240afd932a5eba15ae94c\"},\"headline\":\"Offre &#8211; Bus Scolaires\",\"datePublished\":\"2021-07-01T14:32:16+00:00\",\"dateModified\":\"2022-03-17T17:49:02+00:00\",\"mainEntityOfPage\":{\"@id\":\"https:\/\/waldspurger.ch\/fr\/demander-une-offre\/bus-scolaires\/\"},\"wordCount\":39,\"publisher\":{\"@id\":\"https:\/\/waldspurger.ch\/fr\/#organization\"},\"inLanguage\":\"fr-FR\"},{\"@type\":\"WebPage\",\"@id\":\"https:\/\/waldspurger.ch\/fr\/demander-une-offre\/bus-scolaires\/\",\"url\":\"https:\/\/waldspurger.ch\/fr\/demander-une-offre\/bus-scolaires\/\",\"name\":\"Offre - Bus Scolaires - Waldspurger SA\",\"isPartOf\":{\"@id\":\"https:\/\/waldspurger.ch\/fr\/#website\"},\"datePublished\":\"2021-07-01T14:32:16+00:00\",\"dateModified\":\"2022-03-17T17:49:02+00:00\",\"breadcrumb\":{\"@id\":\"https:\/\/waldspurger.ch\/fr\/demander-une-offre\/bus-scolaires\/#breadcrumb\"},\"inLanguage\":\"fr-FR\",\"potentialAction\":[{\"@type\":\"ReadAction\",\"target\":[\"https:\/\/waldspurger.ch\/fr\/demander-une-offre\/bus-scolaires\/\"]}]},{\"@type\":\"BreadcrumbList\",\"@id\":\"https:\/\/waldspurger.ch\/fr\/demander-une-offre\/bus-scolaires\/#breadcrumb\",\"itemListElement\":[{\"@type\":\"ListItem\",\"position\":1,\"name\":\"Startseite\",\"item\":\"https:\/\/waldspurger.ch\/fr\/\"},{\"@type\":\"ListItem\",\"position\":2,\"name\":\"Demander une offre\",\"item\":\"https:\/\/waldspurger.ch\/fr\/demander-une-offre\/\"},{\"@type\":\"ListItem\",\"position\":3,\"name\":\"Offre &#8211; Bus Scolaires\"}]},{\"@type\":\"WebSite\",\"@id\":\"https:\/\/waldspurger.ch\/fr\/#website\",\"url\":\"https:\/\/waldspurger.ch\/fr\/\",\"name\":\"Waldspurger SA\",\"description\":\"Am\u00e9nagement\",\"publisher\":{\"@id\":\"https:\/\/waldspurger.ch\/fr\/#organization\"},\"potentialAction\":[{\"@type\":\"SearchAction\",\"target\":{\"@type\":\"EntryPoint\",\"urlTemplate\":\"https:\/\/waldspurger.ch\/fr\/?s={search_term_string}\"},\"query-input\":{\"@type\":\"PropertyValueSpecification\",\"valueRequired\":true,\"valueName\":\"search_term_string\"}}],\"inLanguage\":\"fr-FR\"},{\"@type\":\"Organization\",\"@id\":\"https:\/\/waldspurger.ch\/fr\/#organization\",\"name\":\"Waldspurger AG\",\"url\":\"https:\/\/waldspurger.ch\/fr\/\",\"logo\":{\"@type\":\"ImageObject\",\"inLanguage\":\"fr-FR\",\"@id\":\"https:\/\/waldspurger.ch\/fr\/#\/schema\/logo\/image\/\",\"url\":\"https:\/\/waldspurger.ch\/wp-content\/uploads\/2022\/02\/logo_de.png\",\"contentUrl\":\"https:\/\/waldspurger.ch\/wp-content\/uploads\/2022\/02\/logo_de.png\",\"width\":320,\"height\":223,\"caption\":\"Waldspurger AG\"},\"image\":{\"@id\":\"https:\/\/waldspurger.ch\/fr\/#\/schema\/logo\/image\/\"},\"sameAs\":[\"https:\/\/ch.linkedin.com\/company\/waldspurger-bergdietikon\",\"https:\/\/www.youtube.com\/channel\/UC4BYucVfPuWzNF4hyfO3YTw\"]},{\"@type\":\"Person\",\"@id\":\"https:\/\/waldspurger.ch\/fr\/#\/schema\/person\/e92a92f5b5a240afd932a5eba15ae94c\",\"name\":\"Adminmoritzi\",\"image\":{\"@type\":\"ImageObject\",\"inLanguage\":\"fr-FR\",\"@id\":\"https:\/\/secure.gravatar.com\/avatar\/4f43fbec0cc1848d75d18da5595fa2e9d12bc02d9d761756323c70efe587d61a?s=96&d=mm&r=g\",\"url\":\"https:\/\/secure.gravatar.com\/avatar\/4f43fbec0cc1848d75d18da5595fa2e9d12bc02d9d761756323c70efe587d61a?s=96&d=mm&r=g\",\"contentUrl\":\"https:\/\/secure.gravatar.com\/avatar\/4f43fbec0cc1848d75d18da5595fa2e9d12bc02d9d761756323c70efe587d61a?s=96&d=mm&r=g\",\"caption\":\"Adminmoritzi\"}}]}<\/script>\n<!-- \/ Yoast SEO plugin. -->","yoast_head_json":{"title":"Offre - Bus Scolaires - Waldspurger SA","robots":{"index":"index","follow":"follow","max-snippet":"max-snippet:-1","max-image-preview":"max-image-preview:large","max-video-preview":"max-video-preview:-1"},"canonical":"https:\/\/waldspurger.ch\/fr\/demander-une-offre\/bus-scolaires\/","og_locale":"fr_FR","og_type":"article","og_title":"Offre - Bus Scolaires - Waldspurger SA","og_description":"[vc_row content_placement=\u00a0\u00bbmiddle\u00a0\u00bb css=\u00a0\u00bb.vc_custom_1623999837052{padding-top: 30px !important;}\u00a0\u00bb el_class=\u00a0\u00bbc_form_maxwidth\u00a0\u00bb][vc_column css_animation=\u00a0\u00bbfadeInUp\u00a0\u00bb][vc_column_text] [\/vc_column_text][\/vc_column][\/vc_row]","og_url":"https:\/\/waldspurger.ch\/fr\/demander-une-offre\/bus-scolaires\/","og_site_name":"Waldspurger SA","article_modified_time":"2022-03-17T17:49:02+00:00","og_image":[{"width":320,"height":223,"url":"https:\/\/waldspurger.ch\/wp-content\/uploads\/2022\/02\/logo_de.png","type":"image\/png"}],"twitter_card":"summary_large_image","schema":{"@context":"https:\/\/schema.org","@graph":[{"@type":"Article","@id":"https:\/\/waldspurger.ch\/fr\/demander-une-offre\/bus-scolaires\/#article","isPartOf":{"@id":"https:\/\/waldspurger.ch\/fr\/demander-une-offre\/bus-scolaires\/"},"author":{"name":"Adminmoritzi","@id":"https:\/\/waldspurger.ch\/fr\/#\/schema\/person\/e92a92f5b5a240afd932a5eba15ae94c"},"headline":"Offre &#8211; Bus Scolaires","datePublished":"2021-07-01T14:32:16+00:00","dateModified":"2022-03-17T17:49:02+00:00","mainEntityOfPage":{"@id":"https:\/\/waldspurger.ch\/fr\/demander-une-offre\/bus-scolaires\/"},"wordCount":39,"publisher":{"@id":"https:\/\/waldspurger.ch\/fr\/#organization"},"inLanguage":"fr-FR"},{"@type":"WebPage","@id":"https:\/\/waldspurger.ch\/fr\/demander-une-offre\/bus-scolaires\/","url":"https:\/\/waldspurger.ch\/fr\/demander-une-offre\/bus-scolaires\/","name":"Offre - Bus Scolaires - Waldspurger SA","isPartOf":{"@id":"https:\/\/waldspurger.ch\/fr\/#website"},"datePublished":"2021-07-01T14:32:16+00:00","dateModified":"2022-03-17T17:49:02+00:00","breadcrumb":{"@id":"https:\/\/waldspurger.ch\/fr\/demander-une-offre\/bus-scolaires\/#breadcrumb"},"inLanguage":"fr-FR","potentialAction":[{"@type":"ReadAction","target":["https:\/\/waldspurger.ch\/fr\/demander-une-offre\/bus-scolaires\/"]}]},{"@type":"BreadcrumbList","@id":"https:\/\/waldspurger.ch\/fr\/demander-une-offre\/bus-scolaires\/#breadcrumb","itemListElement":[{"@type":"ListItem","position":1,"name":"Startseite","item":"https:\/\/waldspurger.ch\/fr\/"},{"@type":"ListItem","position":2,"name":"Demander une offre","item":"https:\/\/waldspurger.ch\/fr\/demander-une-offre\/"},{"@type":"ListItem","position":3,"name":"Offre &#8211; Bus Scolaires"}]},{"@type":"WebSite","@id":"https:\/\/waldspurger.ch\/fr\/#website","url":"https:\/\/waldspurger.ch\/fr\/","name":"Waldspurger SA","description":"Am\u00e9nagement","publisher":{"@id":"https:\/\/waldspurger.ch\/fr\/#organization"},"potentialAction":[{"@type":"SearchAction","target":{"@type":"EntryPoint","urlTemplate":"https:\/\/waldspurger.ch\/fr\/?s={search_term_string}"},"query-input":{"@type":"PropertyValueSpecification","valueRequired":true,"valueName":"search_term_string"}}],"inLanguage":"fr-FR"},{"@type":"Organization","@id":"https:\/\/waldspurger.ch\/fr\/#organization","name":"Waldspurger AG","url":"https:\/\/waldspurger.ch\/fr\/","logo":{"@type":"ImageObject","inLanguage":"fr-FR","@id":"https:\/\/waldspurger.ch\/fr\/#\/schema\/logo\/image\/","url":"https:\/\/waldspurger.ch\/wp-content\/uploads\/2022\/02\/logo_de.png","contentUrl":"https:\/\/waldspurger.ch\/wp-content\/uploads\/2022\/02\/logo_de.png","width":320,"height":223,"caption":"Waldspurger AG"},"image":{"@id":"https:\/\/waldspurger.ch\/fr\/#\/schema\/logo\/image\/"},"sameAs":["https:\/\/ch.linkedin.com\/company\/waldspurger-bergdietikon","https:\/\/www.youtube.com\/channel\/UC4BYucVfPuWzNF4hyfO3YTw"]},{"@type":"Person","@id":"https:\/\/waldspurger.ch\/fr\/#\/schema\/person\/e92a92f5b5a240afd932a5eba15ae94c","name":"Adminmoritzi","image":{"@type":"ImageObject","inLanguage":"fr-FR","@id":"https:\/\/secure.gravatar.com\/avatar\/4f43fbec0cc1848d75d18da5595fa2e9d12bc02d9d761756323c70efe587d61a?s=96&d=mm&r=g","url":"https:\/\/secure.gravatar.com\/avatar\/4f43fbec0cc1848d75d18da5595fa2e9d12bc02d9d761756323c70efe587d61a?s=96&d=mm&r=g","contentUrl":"https:\/\/secure.gravatar.com\/avatar\/4f43fbec0cc1848d75d18da5595fa2e9d12bc02d9d761756323c70efe587d61a?s=96&d=mm&r=g","caption":"Adminmoritzi"}}]}},"_links":{"self":[{"href":"https:\/\/waldspurger.ch\/fr\/wp-json\/wp\/v2\/pages\/38608","targetHints":{"allow":["GET"]}}],"collection":[{"href":"https:\/\/waldspurger.ch\/fr\/wp-json\/wp\/v2\/pages"}],"about":[{"href":"https:\/\/waldspurger.ch\/fr\/wp-json\/wp\/v2\/types\/page"}],"author":[{"embeddable":true,"href":"https:\/\/waldspurger.ch\/fr\/wp-json\/wp\/v2\/users\/1"}],"replies":[{"embeddable":true,"href":"https:\/\/waldspurger.ch\/fr\/wp-json\/wp\/v2\/comments?post=38608"}],"version-history":[{"count":0,"href":"https:\/\/waldspurger.ch\/fr\/wp-json\/wp\/v2\/pages\/38608\/revisions"}],"up":[{"embeddable":true,"href":"https:\/\/waldspurger.ch\/fr\/wp-json\/wp\/v2\/pages\/34722"}],"wp:attachment":[{"href":"https:\/\/waldspurger.ch\/fr\/wp-json\/wp\/v2\/media?parent=38608"}],"curies":[{"name":"wp","href":"https:\/\/api.w.org\/{rel}","templated":true}]}}