{"id":35030,"date":"2021-04-14T15:22:51","date_gmt":"2021-04-14T13:22:51","guid":{"rendered":"https:\/\/waldspurger.getads.ch\/transport-de-materiel\/revetement\/revetements-de-parois-laterales\/"},"modified":"2022-10-04T12:44:13","modified_gmt":"2022-10-04T10:44:13","slug":"revetements-de-parois-laterales","status":"publish","type":"page","link":"https:\/\/waldspurger.ch\/fr\/transport-de-materiel\/revetement\/revetements-de-parois-laterales\/","title":{"rendered":"Rev\u00eatements de parois lat\u00e9rales"},"content":{"rendered":"<div class=\"wpb-content-wrapper\"><p>[vc_row css=\u00a0\u00bb.vc_custom_1640616974868{margin-top: 90px !important;margin-bottom: 0px !important;padding-bottom: 0px !important;}\u00a0\u00bb][vc_column css_animation=\u00a0\u00bbfadeInUp\u00a0\u00bb css=\u00a0\u00bb.vc_custom_1640617052514{margin-top: 0px !important;margin-bottom: 0px !important;padding-top: 0px !important;padding-bottom: 0px !important;}\u00a0\u00bb][vc_column_text css=\u00a0\u00bb.vc_custom_1646313162826{margin-top: 20px !important;margin-bottom: 0px !important;padding-bottom: 50px !important;}\u00a0\u00bb el_class=\u00a0\u00bbcustom_maxwidth\u00a0\u00bb]<\/p>\n<h2><strong>REV\u00caTEMENT DES PAROIS LAT\u00c9RALES<\/strong><\/h2>\n<h3>R\u00c9SISTANT AUX RAYURES ET AUX CHOCS<\/h3>\n<p>Un rev\u00eatement de l\u2019int\u00e9rieur du v\u00e9hicule prot\u00e8ge la carrosserie lorsque des mat\u00e9riaux sont transport\u00e9s et augmente ainsi la long\u00e9vit\u00e9 du v\u00e9hicule. Tous les rev\u00eatements de parois lat\u00e9rales sont coup\u00e9s sur mesure et install\u00e9s de mani\u00e8re fixe sur les parois lat\u00e9rales de votre v\u00e9hicule. Vous avez le choix entre un rev\u00eatement \u00e0 mi-hauteur, qui couvre la zone allant du sol au bord inf\u00e9rieur des fen\u00eatres, et un rev\u00eatement des parois lat\u00e9rales qui couvre la zone allant du sol au cadre du toit.[\/vc_column_text][\/vc_column][\/vc_row][vc_row full_width=\u00a0\u00bbstretch_row\u00a0\u00bb css=\u00a0\u00bb.vc_custom_1640617173083{margin-top: 0px !important;margin-bottom: 2px !important;padding-top: 0px !important;padding-bottom: 20px !important;}\u00a0\u00bb][vc_column width=\u00a0\u00bb1\/2&Prime; css_animation=\u00a0\u00bbfadeInUp\u00a0\u00bb css=\u00a0\u00bb.vc_custom_1640617188443{margin-top: 0px !important;margin-bottom: 0px !important;padding-top: 0px !important;padding-bottom: 50px !important;}\u00a0\u00bb][vc_single_image image=\u00a0\u00bb29085&Prime; img_size=\u00a0\u00bb600&#215;400&Prime; css=\u00a0\u00bb.vc_custom_1641301758964{margin-top: 0px !important;}\u00a0\u00bb][vc_column_text css=\u00a0\u00bb.vc_custom_1646313189848{margin-top: 20px !important;}\u00a0\u00bb]<\/p>\n<h3><span style=\"color: #b32022;\">REV\u00caTEMENT DES PAROIS LAT\u00c9RALES EN BOIS<\/span><\/h3>\n<p>Avec un rev\u00eatement des parois lat\u00e9rales en bois, nous vous offrons un moyen peu co\u00fbteux et robuste de prot\u00e9ger l&rsquo;espace de chargement de votre v\u00e9hicule lors du chargement et de l&rsquo;arrimage des mat\u00e9riaux. Nos rev\u00eatements en bois sont fabriqu\u00e9s en contreplaqu\u00e9 de 5 mm d&rsquo;\u00e9paisseur. Pour augmenter la long\u00e9vit\u00e9 du v\u00e9hicule, les parties rev\u00eatues sont prot\u00e9g\u00e9es contre la rouille avec du dinitrol.[\/vc_column_text][\/vc_column][vc_column width=\u00a0\u00bb1\/2&Prime; css_animation=\u00a0\u00bbfadeInUp\u00a0\u00bb css=\u00a0\u00bb.vc_custom_1640617236299{margin-top: 0px !important;margin-bottom: 0px !important;padding-top: 0px !important;padding-bottom: 50px !important;}\u00a0\u00bb effects_enabled_delay=\u00a0\u00bb200&Prime;][vc_single_image image=\u00a0\u00bb29083&Prime; img_size=\u00a0\u00bb600&#215;400&Prime; css=\u00a0\u00bb.vc_custom_1641301764038{margin-top: 0px !important;}\u00a0\u00bb][vc_column_text css=\u00a0\u00bb.vc_custom_1646313216772{margin-top: 20px !important;}\u00a0\u00bb]<\/p>\n<h3><span style=\"color: #b32022;\">REV\u00caTEMENT DES PAROIS LAT\u00c9RALES EN ALUMINIUM<\/span><\/h3>\n<p>Prot\u00e9gez l\u2019int\u00e9rieur de votre voiture de livraison avec un rev\u00eatement en aluminium. Ce rev\u00eatement r\u00e9sistant offre une protection optimale, m\u00eame en cas d\u2019usage intense, car l\u2019aluminium est nettement plus robuste que le bois et ne pr\u00e9sente aucune alt\u00e9ration m\u00eame en cas d\u2019humidit\u00e9 \u00e9lev\u00e9e. Pour augmenter la long\u00e9vit\u00e9 du v\u00e9hicule, les parties rev\u00eatues sont prot\u00e9g\u00e9es contre la rouille avec du dinitrol.[\/vc_column_text][\/vc_column][\/vc_row]<\/p>\n<\/div>","protected":false},"excerpt":{"rendered":"<p>[vc_row css=\u00a0\u00bb.vc_custom_1640616974868{margin-top: 90px !important;margin-bottom: 0px !important;padding-bottom: 0px !important;}\u00a0\u00bb][vc_column css_animation=\u00a0\u00bbfadeInUp\u00a0\u00bb css=\u00a0\u00bb.vc_custom_1640617052514{margin-top: 0px !important;margin-bottom: 0px !important;padding-top: 0px !important;padding-bottom: 0px !important;}\u00a0\u00bb][vc_column_text css=\u00a0\u00bb.vc_custom_1646313162826{margin-top: 20px&#8230;<\/p>\n","protected":false},"author":1,"featured_media":0,"parent":34854,"menu_order":0,"comment_status":"closed","ping_status":"closed","template":"","meta":{"footnotes":""},"class_list":["post-35030","page","type-page","status-publish"],"yoast_head":"<!-- This site is optimized with the Yoast SEO plugin v27.2 - https:\/\/yoast.com\/product\/yoast-seo-wordpress\/ -->\n<title>Rev\u00eatements de parois lat\u00e9rales - Waldspurger SA<\/title>\n<meta name=\"description\" content=\"Un rev\u00eatement de l\u2019int\u00e9rieur du v\u00e9hicule prot\u00e8ge la carrosserie lorsque des mat\u00e9riaux sont transport\u00e9s et augmente ainsi la long\u00e9vit\u00e9 du v\u00e9hicule.\" \/>\n<meta name=\"robots\" content=\"index, follow, max-snippet:-1, max-image-preview:large, max-video-preview:-1\" \/>\n<link rel=\"canonical\" href=\"https:\/\/waldspurger.ch\/fr\/transport-de-materiel\/revetement\/revetements-de-parois-laterales\/\" \/>\n<meta property=\"og:locale\" content=\"fr_FR\" \/>\n<meta property=\"og:type\" content=\"article\" \/>\n<meta property=\"og:title\" content=\"Rev\u00eatements de parois lat\u00e9rales - Waldspurger SA\" \/>\n<meta property=\"og:description\" content=\"Un rev\u00eatement de l\u2019int\u00e9rieur du v\u00e9hicule prot\u00e8ge la carrosserie lorsque des mat\u00e9riaux sont transport\u00e9s et augmente ainsi la long\u00e9vit\u00e9 du v\u00e9hicule.\" \/>\n<meta property=\"og:url\" content=\"https:\/\/waldspurger.ch\/fr\/transport-de-materiel\/revetement\/revetements-de-parois-laterales\/\" \/>\n<meta property=\"og:site_name\" content=\"Waldspurger SA\" \/>\n<meta property=\"article:modified_time\" content=\"2022-10-04T10:44:13+00:00\" \/>\n<meta property=\"og:image\" content=\"https:\/\/waldspurger.ch\/wp-content\/uploads\/2022\/02\/logo_de.png\" \/>\n\t<meta property=\"og:image:width\" content=\"320\" \/>\n\t<meta property=\"og:image:height\" content=\"223\" \/>\n\t<meta property=\"og:image:type\" content=\"image\/png\" \/>\n<meta name=\"twitter:card\" content=\"summary_large_image\" \/>\n<script type=\"application\/ld+json\" class=\"yoast-schema-graph\">{\"@context\":\"https:\/\/schema.org\",\"@graph\":[{\"@type\":\"Article\",\"@id\":\"https:\/\/waldspurger.ch\/fr\/transport-de-materiel\/revetement\/revetements-de-parois-laterales\/#article\",\"isPartOf\":{\"@id\":\"https:\/\/waldspurger.ch\/fr\/transport-de-materiel\/revetement\/revetements-de-parois-laterales\/\"},\"author\":{\"name\":\"Adminmoritzi\",\"@id\":\"https:\/\/waldspurger.ch\/fr\/#\/schema\/person\/e92a92f5b5a240afd932a5eba15ae94c\"},\"headline\":\"Rev\u00eatements de parois lat\u00e9rales\",\"datePublished\":\"2021-04-14T13:22:51+00:00\",\"dateModified\":\"2022-10-04T10:44:13+00:00\",\"mainEntityOfPage\":{\"@id\":\"https:\/\/waldspurger.ch\/fr\/transport-de-materiel\/revetement\/revetements-de-parois-laterales\/\"},\"wordCount\":474,\"publisher\":{\"@id\":\"https:\/\/waldspurger.ch\/fr\/#organization\"},\"inLanguage\":\"fr-FR\"},{\"@type\":\"WebPage\",\"@id\":\"https:\/\/waldspurger.ch\/fr\/transport-de-materiel\/revetement\/revetements-de-parois-laterales\/\",\"url\":\"https:\/\/waldspurger.ch\/fr\/transport-de-materiel\/revetement\/revetements-de-parois-laterales\/\",\"name\":\"Rev\u00eatements de parois lat\u00e9rales - Waldspurger SA\",\"isPartOf\":{\"@id\":\"https:\/\/waldspurger.ch\/fr\/#website\"},\"datePublished\":\"2021-04-14T13:22:51+00:00\",\"dateModified\":\"2022-10-04T10:44:13+00:00\",\"description\":\"Un rev\u00eatement de l\u2019int\u00e9rieur du v\u00e9hicule prot\u00e8ge la carrosserie lorsque des mat\u00e9riaux sont transport\u00e9s et augmente ainsi la long\u00e9vit\u00e9 du v\u00e9hicule.\",\"breadcrumb\":{\"@id\":\"https:\/\/waldspurger.ch\/fr\/transport-de-materiel\/revetement\/revetements-de-parois-laterales\/#breadcrumb\"},\"inLanguage\":\"fr-FR\",\"potentialAction\":[{\"@type\":\"ReadAction\",\"target\":[\"https:\/\/waldspurger.ch\/fr\/transport-de-materiel\/revetement\/revetements-de-parois-laterales\/\"]}]},{\"@type\":\"BreadcrumbList\",\"@id\":\"https:\/\/waldspurger.ch\/fr\/transport-de-materiel\/revetement\/revetements-de-parois-laterales\/#breadcrumb\",\"itemListElement\":[{\"@type\":\"ListItem\",\"position\":1,\"name\":\"Startseite\",\"item\":\"https:\/\/waldspurger.ch\/fr\/\"},{\"@type\":\"ListItem\",\"position\":2,\"name\":\"Transport de mat\u00e9riel\",\"item\":\"https:\/\/waldspurger.ch\/fr\/transport-de-materiel\/\"},{\"@type\":\"ListItem\",\"position\":3,\"name\":\"Rev\u00eatement\",\"item\":\"https:\/\/waldspurger.ch\/fr\/transport-de-materiel\/revetement\/\"},{\"@type\":\"ListItem\",\"position\":4,\"name\":\"Rev\u00eatements de parois lat\u00e9rales\"}]},{\"@type\":\"WebSite\",\"@id\":\"https:\/\/waldspurger.ch\/fr\/#website\",\"url\":\"https:\/\/waldspurger.ch\/fr\/\",\"name\":\"Waldspurger SA\",\"description\":\"Am\u00e9nagement\",\"publisher\":{\"@id\":\"https:\/\/waldspurger.ch\/fr\/#organization\"},\"potentialAction\":[{\"@type\":\"SearchAction\",\"target\":{\"@type\":\"EntryPoint\",\"urlTemplate\":\"https:\/\/waldspurger.ch\/fr\/?s={search_term_string}\"},\"query-input\":{\"@type\":\"PropertyValueSpecification\",\"valueRequired\":true,\"valueName\":\"search_term_string\"}}],\"inLanguage\":\"fr-FR\"},{\"@type\":\"Organization\",\"@id\":\"https:\/\/waldspurger.ch\/fr\/#organization\",\"name\":\"Waldspurger AG\",\"url\":\"https:\/\/waldspurger.ch\/fr\/\",\"logo\":{\"@type\":\"ImageObject\",\"inLanguage\":\"fr-FR\",\"@id\":\"https:\/\/waldspurger.ch\/fr\/#\/schema\/logo\/image\/\",\"url\":\"https:\/\/waldspurger.ch\/wp-content\/uploads\/2022\/02\/logo_de.png\",\"contentUrl\":\"https:\/\/waldspurger.ch\/wp-content\/uploads\/2022\/02\/logo_de.png\",\"width\":320,\"height\":223,\"caption\":\"Waldspurger AG\"},\"image\":{\"@id\":\"https:\/\/waldspurger.ch\/fr\/#\/schema\/logo\/image\/\"},\"sameAs\":[\"https:\/\/ch.linkedin.com\/company\/waldspurger-bergdietikon\",\"https:\/\/www.youtube.com\/channel\/UC4BYucVfPuWzNF4hyfO3YTw\"]},{\"@type\":\"Person\",\"@id\":\"https:\/\/waldspurger.ch\/fr\/#\/schema\/person\/e92a92f5b5a240afd932a5eba15ae94c\",\"name\":\"Adminmoritzi\",\"image\":{\"@type\":\"ImageObject\",\"inLanguage\":\"fr-FR\",\"@id\":\"https:\/\/secure.gravatar.com\/avatar\/4f43fbec0cc1848d75d18da5595fa2e9d12bc02d9d761756323c70efe587d61a?s=96&d=mm&r=g\",\"url\":\"https:\/\/secure.gravatar.com\/avatar\/4f43fbec0cc1848d75d18da5595fa2e9d12bc02d9d761756323c70efe587d61a?s=96&d=mm&r=g\",\"contentUrl\":\"https:\/\/secure.gravatar.com\/avatar\/4f43fbec0cc1848d75d18da5595fa2e9d12bc02d9d761756323c70efe587d61a?s=96&d=mm&r=g\",\"caption\":\"Adminmoritzi\"}}]}<\/script>\n<!-- \/ Yoast SEO plugin. -->","yoast_head_json":{"title":"Rev\u00eatements de parois lat\u00e9rales - Waldspurger SA","description":"Un rev\u00eatement de l\u2019int\u00e9rieur du v\u00e9hicule prot\u00e8ge la carrosserie lorsque des mat\u00e9riaux sont transport\u00e9s et augmente ainsi la long\u00e9vit\u00e9 du v\u00e9hicule.","robots":{"index":"index","follow":"follow","max-snippet":"max-snippet:-1","max-image-preview":"max-image-preview:large","max-video-preview":"max-video-preview:-1"},"canonical":"https:\/\/waldspurger.ch\/fr\/transport-de-materiel\/revetement\/revetements-de-parois-laterales\/","og_locale":"fr_FR","og_type":"article","og_title":"Rev\u00eatements de parois lat\u00e9rales - Waldspurger SA","og_description":"Un rev\u00eatement de l\u2019int\u00e9rieur du v\u00e9hicule prot\u00e8ge la carrosserie lorsque des mat\u00e9riaux sont transport\u00e9s et augmente ainsi la long\u00e9vit\u00e9 du v\u00e9hicule.","og_url":"https:\/\/waldspurger.ch\/fr\/transport-de-materiel\/revetement\/revetements-de-parois-laterales\/","og_site_name":"Waldspurger SA","article_modified_time":"2022-10-04T10:44:13+00:00","og_image":[{"width":320,"height":223,"url":"https:\/\/waldspurger.ch\/wp-content\/uploads\/2022\/02\/logo_de.png","type":"image\/png"}],"twitter_card":"summary_large_image","schema":{"@context":"https:\/\/schema.org","@graph":[{"@type":"Article","@id":"https:\/\/waldspurger.ch\/fr\/transport-de-materiel\/revetement\/revetements-de-parois-laterales\/#article","isPartOf":{"@id":"https:\/\/waldspurger.ch\/fr\/transport-de-materiel\/revetement\/revetements-de-parois-laterales\/"},"author":{"name":"Adminmoritzi","@id":"https:\/\/waldspurger.ch\/fr\/#\/schema\/person\/e92a92f5b5a240afd932a5eba15ae94c"},"headline":"Rev\u00eatements de parois lat\u00e9rales","datePublished":"2021-04-14T13:22:51+00:00","dateModified":"2022-10-04T10:44:13+00:00","mainEntityOfPage":{"@id":"https:\/\/waldspurger.ch\/fr\/transport-de-materiel\/revetement\/revetements-de-parois-laterales\/"},"wordCount":474,"publisher":{"@id":"https:\/\/waldspurger.ch\/fr\/#organization"},"inLanguage":"fr-FR"},{"@type":"WebPage","@id":"https:\/\/waldspurger.ch\/fr\/transport-de-materiel\/revetement\/revetements-de-parois-laterales\/","url":"https:\/\/waldspurger.ch\/fr\/transport-de-materiel\/revetement\/revetements-de-parois-laterales\/","name":"Rev\u00eatements de parois lat\u00e9rales - Waldspurger SA","isPartOf":{"@id":"https:\/\/waldspurger.ch\/fr\/#website"},"datePublished":"2021-04-14T13:22:51+00:00","dateModified":"2022-10-04T10:44:13+00:00","description":"Un rev\u00eatement de l\u2019int\u00e9rieur du v\u00e9hicule prot\u00e8ge la carrosserie lorsque des mat\u00e9riaux sont transport\u00e9s et augmente ainsi la long\u00e9vit\u00e9 du v\u00e9hicule.","breadcrumb":{"@id":"https:\/\/waldspurger.ch\/fr\/transport-de-materiel\/revetement\/revetements-de-parois-laterales\/#breadcrumb"},"inLanguage":"fr-FR","potentialAction":[{"@type":"ReadAction","target":["https:\/\/waldspurger.ch\/fr\/transport-de-materiel\/revetement\/revetements-de-parois-laterales\/"]}]},{"@type":"BreadcrumbList","@id":"https:\/\/waldspurger.ch\/fr\/transport-de-materiel\/revetement\/revetements-de-parois-laterales\/#breadcrumb","itemListElement":[{"@type":"ListItem","position":1,"name":"Startseite","item":"https:\/\/waldspurger.ch\/fr\/"},{"@type":"ListItem","position":2,"name":"Transport de mat\u00e9riel","item":"https:\/\/waldspurger.ch\/fr\/transport-de-materiel\/"},{"@type":"ListItem","position":3,"name":"Rev\u00eatement","item":"https:\/\/waldspurger.ch\/fr\/transport-de-materiel\/revetement\/"},{"@type":"ListItem","position":4,"name":"Rev\u00eatements de parois lat\u00e9rales"}]},{"@type":"WebSite","@id":"https:\/\/waldspurger.ch\/fr\/#website","url":"https:\/\/waldspurger.ch\/fr\/","name":"Waldspurger SA","description":"Am\u00e9nagement","publisher":{"@id":"https:\/\/waldspurger.ch\/fr\/#organization"},"potentialAction":[{"@type":"SearchAction","target":{"@type":"EntryPoint","urlTemplate":"https:\/\/waldspurger.ch\/fr\/?s={search_term_string}"},"query-input":{"@type":"PropertyValueSpecification","valueRequired":true,"valueName":"search_term_string"}}],"inLanguage":"fr-FR"},{"@type":"Organization","@id":"https:\/\/waldspurger.ch\/fr\/#organization","name":"Waldspurger AG","url":"https:\/\/waldspurger.ch\/fr\/","logo":{"@type":"ImageObject","inLanguage":"fr-FR","@id":"https:\/\/waldspurger.ch\/fr\/#\/schema\/logo\/image\/","url":"https:\/\/waldspurger.ch\/wp-content\/uploads\/2022\/02\/logo_de.png","contentUrl":"https:\/\/waldspurger.ch\/wp-content\/uploads\/2022\/02\/logo_de.png","width":320,"height":223,"caption":"Waldspurger AG"},"image":{"@id":"https:\/\/waldspurger.ch\/fr\/#\/schema\/logo\/image\/"},"sameAs":["https:\/\/ch.linkedin.com\/company\/waldspurger-bergdietikon","https:\/\/www.youtube.com\/channel\/UC4BYucVfPuWzNF4hyfO3YTw"]},{"@type":"Person","@id":"https:\/\/waldspurger.ch\/fr\/#\/schema\/person\/e92a92f5b5a240afd932a5eba15ae94c","name":"Adminmoritzi","image":{"@type":"ImageObject","inLanguage":"fr-FR","@id":"https:\/\/secure.gravatar.com\/avatar\/4f43fbec0cc1848d75d18da5595fa2e9d12bc02d9d761756323c70efe587d61a?s=96&d=mm&r=g","url":"https:\/\/secure.gravatar.com\/avatar\/4f43fbec0cc1848d75d18da5595fa2e9d12bc02d9d761756323c70efe587d61a?s=96&d=mm&r=g","contentUrl":"https:\/\/secure.gravatar.com\/avatar\/4f43fbec0cc1848d75d18da5595fa2e9d12bc02d9d761756323c70efe587d61a?s=96&d=mm&r=g","caption":"Adminmoritzi"}}]}},"_links":{"self":[{"href":"https:\/\/waldspurger.ch\/fr\/wp-json\/wp\/v2\/pages\/35030","targetHints":{"allow":["GET"]}}],"collection":[{"href":"https:\/\/waldspurger.ch\/fr\/wp-json\/wp\/v2\/pages"}],"about":[{"href":"https:\/\/waldspurger.ch\/fr\/wp-json\/wp\/v2\/types\/page"}],"author":[{"embeddable":true,"href":"https:\/\/waldspurger.ch\/fr\/wp-json\/wp\/v2\/users\/1"}],"replies":[{"embeddable":true,"href":"https:\/\/waldspurger.ch\/fr\/wp-json\/wp\/v2\/comments?post=35030"}],"version-history":[{"count":0,"href":"https:\/\/waldspurger.ch\/fr\/wp-json\/wp\/v2\/pages\/35030\/revisions"}],"up":[{"embeddable":true,"href":"https:\/\/waldspurger.ch\/fr\/wp-json\/wp\/v2\/pages\/34854"}],"wp:attachment":[{"href":"https:\/\/waldspurger.ch\/fr\/wp-json\/wp\/v2\/media?parent=35030"}],"curies":[{"name":"wp","href":"https:\/\/api.w.org\/{rel}","templated":true}]}}