{"id":35013,"date":"2021-02-09T10:46:40","date_gmt":"2021-02-09T09:46:40","guid":{"rendered":"https:\/\/waldspurger.getads.ch\/accessoires\/climatisation-chauffage-auxiliaire\/"},"modified":"2022-04-14T12:50:12","modified_gmt":"2022-04-14T10:50:12","slug":"climatisation-chauffage-auxiliaire","status":"publish","type":"page","link":"https:\/\/waldspurger.ch\/fr\/accessoires\/climatisation-chauffage-auxiliaire\/","title":{"rendered":"Climatisation &#038; Chauffage auxiliaire"},"content":{"rendered":"<div class=\"wpb-content-wrapper\"><p>[vc_row css=\u00a0\u00bb.vc_custom_1649933301727{margin-top: 90px !important;margin-bottom: 0px !important;padding-bottom: 0px !important;}\u00a0\u00bb mobile_margin_bottom=\u00a0\u00bb20&Prime;][vc_column css=\u00a0\u00bb.vc_custom_1649932901813{margin-top: 0px !important;margin-bottom: 0px !important;padding-top: 0px !important;padding-bottom: 0px !important;}\u00a0\u00bb][vc_column_text css=\u00a0\u00bb.vc_custom_1649932922728{margin-top: 20px !important;margin-bottom: 0px !important;padding-bottom: 50px !important;}\u00a0\u00bb el_class=\u00a0\u00bbcustom_maxwidth\u00a0\u00bb]<\/p>\n<h2><strong>CLIMATISATION &amp; CHAUFFAGE AUXILIAIRE<\/strong><\/h2>\n<h3>POUR UN CONFORT DE CONDUITE OPTIMAL<\/h3>\n<p>Nous \u00e9quipons votre v\u00e9hicule d\u2019une climatisation ou d\u2019un chauffage auxiliaire. Ainsi, vous avez toujours la bonne temp\u00e9rature dans votre bus, ce qui am\u00e9liore le confort pour vos passagers.[\/vc_column_text][\/vc_column][\/vc_row][vc_row css=\u00a0\u00bb.vc_custom_1649933406901{margin-top: 0px !important;padding-top: 0px !important;padding-bottom: 70px !important;}\u00a0\u00bb][vc_column width=\u00a0\u00bb1\/2&Prime; css=\u00a0\u00bb.vc_custom_1641806817663{margin-bottom: 25px !important;}\u00a0\u00bb mobile_margin_bottom=\u00a0\u00bb50&Prime;][vc_single_image image=\u00a0\u00bb32584&Prime; img_size=\u00a0\u00bbfull\u00a0\u00bb alignment=\u00a0\u00bbcenter\u00a0\u00bb css=\u00a0\u00bb.vc_custom_1641302738353{margin-top: 0px !important;}\u00a0\u00bb][vc_column_text css=\u00a0\u00bb.vc_custom_1646312655420{margin-top: 20px !important;}\u00a0\u00bb el_class=\u00a0\u00bbcustom_image_title\u00a0\u00bb]<\/p>\n<h3><span style=\"color: #b32022;\">CLIMATISATION<\/span><\/h3>\n<p>\u00c0 l&rsquo;ext\u00e9rieur, le soleil tape sur votre v\u00e9hicule, \u00e0 l\u2019int\u00e9rieur la temp\u00e9rature est agr\u00e9ablement fra\u00eeche. Un climat agr\u00e9able est essentiel pour voyager en toute s\u00e9r\u00e9nit\u00e9 dans votre minibus ou v\u00e9hicule adapt\u00e9 au transport de fauteuil roulant. Si aucune climatisation n\u2019est disponible d\u2019usine ou si votre bus n&rsquo;en a pas pour une autre raison, sachez que nous pouvons vous proposer une solution appropri\u00e9e.[\/vc_column_text][\/vc_column][vc_column width=\u00a0\u00bb1\/2&Prime;][vc_single_image image=\u00a0\u00bb32380&Prime; img_size=\u00a0\u00bbfull\u00a0\u00bb css=\u00a0\u00bb.vc_custom_1641302733459{margin-top: 0px !important;}\u00a0\u00bb][vc_column_text css=\u00a0\u00bb.vc_custom_1646312671841{margin-top: 20px !important;margin-bottom: 20px !important;}\u00a0\u00bb el_class=\u00a0\u00bbcustom_image_title\u00a0\u00bb]<\/p>\n<h3><span style=\"color: #b32022;\">CHAUFFAGE AUXILIAIRE<\/span><\/h3>\n<p>\u00c0 l\u2019ext\u00e9rieur, un vent glacial, \u00e0 l\u2019int\u00e9rieur, une temp\u00e9rature douillette. Un climat agr\u00e9able est essentiel pour voyager en toute s\u00e9r\u00e9nit\u00e9 dans votre minibus ou v\u00e9hicule adapt\u00e9 au transport de fauteuil roulant. Si aucun chauffage auxiliaire n\u2019est disponible d\u2019usine ou si votre bus n&rsquo;en a pas pour une autre raison, sachez que nous pouvons vous proposer une solution appropri\u00e9e.[\/vc_column_text][\/vc_column][\/vc_row]<\/p>\n<\/div>","protected":false},"excerpt":{"rendered":"<p>[vc_row css=\u00a0\u00bb.vc_custom_1649933301727{margin-top: 90px !important;margin-bottom: 0px !important;padding-bottom: 0px !important;}\u00a0\u00bb mobile_margin_bottom=\u00a0\u00bb20&Prime;][vc_column css=\u00a0\u00bb.vc_custom_1649932901813{margin-top: 0px !important;margin-bottom: 0px !important;padding-top: 0px !important;padding-bottom: 0px !important;}\u00a0\u00bb][vc_column_text css=\u00a0\u00bb.vc_custom_1649932922728{margin-top: 20px&#8230;<\/p>\n","protected":false},"author":1,"featured_media":0,"parent":34781,"menu_order":0,"comment_status":"closed","ping_status":"closed","template":"","meta":{"footnotes":""},"class_list":["post-35013","page","type-page","status-publish"],"yoast_head":"<!-- This site is optimized with the Yoast SEO plugin v27.2 - https:\/\/yoast.com\/product\/yoast-seo-wordpress\/ -->\n<title>Climatisation &amp; Chauffage auxiliaire - Waldspurger SA<\/title>\n<meta name=\"robots\" content=\"index, follow, max-snippet:-1, max-image-preview:large, max-video-preview:-1\" \/>\n<link rel=\"canonical\" href=\"https:\/\/waldspurger.ch\/fr\/accessoires\/climatisation-chauffage-auxiliaire\/\" \/>\n<meta property=\"og:locale\" content=\"fr_FR\" \/>\n<meta property=\"og:type\" content=\"article\" \/>\n<meta property=\"og:title\" content=\"Climatisation &amp; Chauffage auxiliaire - Waldspurger SA\" \/>\n<meta property=\"og:description\" content=\"[vc_row css=\u00a0\u00bb.vc_custom_1649933301727{margin-top: 90px !important;margin-bottom: 0px !important;padding-bottom: 0px !important;}\u00a0\u00bb mobile_margin_bottom=\u00a0\u00bb20&Prime;][vc_column css=\u00a0\u00bb.vc_custom_1649932901813{margin-top: 0px !important;margin-bottom: 0px !important;padding-top: 0px !important;padding-bottom: 0px !important;}\u00a0\u00bb][vc_column_text css=\u00a0\u00bb.vc_custom_1649932922728{margin-top: 20px...\" \/>\n<meta property=\"og:url\" content=\"https:\/\/waldspurger.ch\/fr\/accessoires\/climatisation-chauffage-auxiliaire\/\" \/>\n<meta property=\"og:site_name\" content=\"Waldspurger SA\" \/>\n<meta property=\"article:modified_time\" content=\"2022-04-14T10:50:12+00:00\" \/>\n<meta property=\"og:image\" content=\"https:\/\/waldspurger.ch\/wp-content\/uploads\/2022\/02\/logo_de.png\" \/>\n\t<meta property=\"og:image:width\" content=\"320\" \/>\n\t<meta property=\"og:image:height\" content=\"223\" \/>\n\t<meta property=\"og:image:type\" content=\"image\/png\" \/>\n<meta name=\"twitter:card\" content=\"summary_large_image\" \/>\n<script type=\"application\/ld+json\" class=\"yoast-schema-graph\">{\"@context\":\"https:\/\/schema.org\",\"@graph\":[{\"@type\":\"Article\",\"@id\":\"https:\/\/waldspurger.ch\/fr\/accessoires\/climatisation-chauffage-auxiliaire\/#article\",\"isPartOf\":{\"@id\":\"https:\/\/waldspurger.ch\/fr\/accessoires\/climatisation-chauffage-auxiliaire\/\"},\"author\":{\"name\":\"Adminmoritzi\",\"@id\":\"https:\/\/waldspurger.ch\/fr\/#\/schema\/person\/e92a92f5b5a240afd932a5eba15ae94c\"},\"headline\":\"Climatisation &#038; Chauffage auxiliaire\",\"datePublished\":\"2021-02-09T09:46:40+00:00\",\"dateModified\":\"2022-04-14T10:50:12+00:00\",\"mainEntityOfPage\":{\"@id\":\"https:\/\/waldspurger.ch\/fr\/accessoires\/climatisation-chauffage-auxiliaire\/\"},\"wordCount\":354,\"publisher\":{\"@id\":\"https:\/\/waldspurger.ch\/fr\/#organization\"},\"inLanguage\":\"fr-FR\"},{\"@type\":\"WebPage\",\"@id\":\"https:\/\/waldspurger.ch\/fr\/accessoires\/climatisation-chauffage-auxiliaire\/\",\"url\":\"https:\/\/waldspurger.ch\/fr\/accessoires\/climatisation-chauffage-auxiliaire\/\",\"name\":\"Climatisation & Chauffage auxiliaire - Waldspurger SA\",\"isPartOf\":{\"@id\":\"https:\/\/waldspurger.ch\/fr\/#website\"},\"datePublished\":\"2021-02-09T09:46:40+00:00\",\"dateModified\":\"2022-04-14T10:50:12+00:00\",\"breadcrumb\":{\"@id\":\"https:\/\/waldspurger.ch\/fr\/accessoires\/climatisation-chauffage-auxiliaire\/#breadcrumb\"},\"inLanguage\":\"fr-FR\",\"potentialAction\":[{\"@type\":\"ReadAction\",\"target\":[\"https:\/\/waldspurger.ch\/fr\/accessoires\/climatisation-chauffage-auxiliaire\/\"]}]},{\"@type\":\"BreadcrumbList\",\"@id\":\"https:\/\/waldspurger.ch\/fr\/accessoires\/climatisation-chauffage-auxiliaire\/#breadcrumb\",\"itemListElement\":[{\"@type\":\"ListItem\",\"position\":1,\"name\":\"Startseite\",\"item\":\"https:\/\/waldspurger.ch\/fr\/\"},{\"@type\":\"ListItem\",\"position\":2,\"name\":\"Accessoires\",\"item\":\"https:\/\/waldspurger.ch\/fr\/accessoires\/\"},{\"@type\":\"ListItem\",\"position\":3,\"name\":\"Climatisation &#038; Chauffage auxiliaire\"}]},{\"@type\":\"WebSite\",\"@id\":\"https:\/\/waldspurger.ch\/fr\/#website\",\"url\":\"https:\/\/waldspurger.ch\/fr\/\",\"name\":\"Waldspurger SA\",\"description\":\"Am\u00e9nagement\",\"publisher\":{\"@id\":\"https:\/\/waldspurger.ch\/fr\/#organization\"},\"potentialAction\":[{\"@type\":\"SearchAction\",\"target\":{\"@type\":\"EntryPoint\",\"urlTemplate\":\"https:\/\/waldspurger.ch\/fr\/?s={search_term_string}\"},\"query-input\":{\"@type\":\"PropertyValueSpecification\",\"valueRequired\":true,\"valueName\":\"search_term_string\"}}],\"inLanguage\":\"fr-FR\"},{\"@type\":\"Organization\",\"@id\":\"https:\/\/waldspurger.ch\/fr\/#organization\",\"name\":\"Waldspurger AG\",\"url\":\"https:\/\/waldspurger.ch\/fr\/\",\"logo\":{\"@type\":\"ImageObject\",\"inLanguage\":\"fr-FR\",\"@id\":\"https:\/\/waldspurger.ch\/fr\/#\/schema\/logo\/image\/\",\"url\":\"https:\/\/waldspurger.ch\/wp-content\/uploads\/2022\/02\/logo_de.png\",\"contentUrl\":\"https:\/\/waldspurger.ch\/wp-content\/uploads\/2022\/02\/logo_de.png\",\"width\":320,\"height\":223,\"caption\":\"Waldspurger AG\"},\"image\":{\"@id\":\"https:\/\/waldspurger.ch\/fr\/#\/schema\/logo\/image\/\"},\"sameAs\":[\"https:\/\/ch.linkedin.com\/company\/waldspurger-bergdietikon\",\"https:\/\/www.youtube.com\/channel\/UC4BYucVfPuWzNF4hyfO3YTw\"]},{\"@type\":\"Person\",\"@id\":\"https:\/\/waldspurger.ch\/fr\/#\/schema\/person\/e92a92f5b5a240afd932a5eba15ae94c\",\"name\":\"Adminmoritzi\",\"image\":{\"@type\":\"ImageObject\",\"inLanguage\":\"fr-FR\",\"@id\":\"https:\/\/secure.gravatar.com\/avatar\/4f43fbec0cc1848d75d18da5595fa2e9d12bc02d9d761756323c70efe587d61a?s=96&d=mm&r=g\",\"url\":\"https:\/\/secure.gravatar.com\/avatar\/4f43fbec0cc1848d75d18da5595fa2e9d12bc02d9d761756323c70efe587d61a?s=96&d=mm&r=g\",\"contentUrl\":\"https:\/\/secure.gravatar.com\/avatar\/4f43fbec0cc1848d75d18da5595fa2e9d12bc02d9d761756323c70efe587d61a?s=96&d=mm&r=g\",\"caption\":\"Adminmoritzi\"}}]}<\/script>\n<!-- \/ Yoast SEO plugin. -->","yoast_head_json":{"title":"Climatisation & Chauffage auxiliaire - Waldspurger SA","robots":{"index":"index","follow":"follow","max-snippet":"max-snippet:-1","max-image-preview":"max-image-preview:large","max-video-preview":"max-video-preview:-1"},"canonical":"https:\/\/waldspurger.ch\/fr\/accessoires\/climatisation-chauffage-auxiliaire\/","og_locale":"fr_FR","og_type":"article","og_title":"Climatisation & Chauffage auxiliaire - Waldspurger SA","og_description":"[vc_row css=\u00a0\u00bb.vc_custom_1649933301727{margin-top: 90px !important;margin-bottom: 0px !important;padding-bottom: 0px !important;}\u00a0\u00bb mobile_margin_bottom=\u00a0\u00bb20&Prime;][vc_column css=\u00a0\u00bb.vc_custom_1649932901813{margin-top: 0px !important;margin-bottom: 0px !important;padding-top: 0px !important;padding-bottom: 0px !important;}\u00a0\u00bb][vc_column_text css=\u00a0\u00bb.vc_custom_1649932922728{margin-top: 20px...","og_url":"https:\/\/waldspurger.ch\/fr\/accessoires\/climatisation-chauffage-auxiliaire\/","og_site_name":"Waldspurger SA","article_modified_time":"2022-04-14T10:50:12+00:00","og_image":[{"width":320,"height":223,"url":"https:\/\/waldspurger.ch\/wp-content\/uploads\/2022\/02\/logo_de.png","type":"image\/png"}],"twitter_card":"summary_large_image","schema":{"@context":"https:\/\/schema.org","@graph":[{"@type":"Article","@id":"https:\/\/waldspurger.ch\/fr\/accessoires\/climatisation-chauffage-auxiliaire\/#article","isPartOf":{"@id":"https:\/\/waldspurger.ch\/fr\/accessoires\/climatisation-chauffage-auxiliaire\/"},"author":{"name":"Adminmoritzi","@id":"https:\/\/waldspurger.ch\/fr\/#\/schema\/person\/e92a92f5b5a240afd932a5eba15ae94c"},"headline":"Climatisation &#038; Chauffage auxiliaire","datePublished":"2021-02-09T09:46:40+00:00","dateModified":"2022-04-14T10:50:12+00:00","mainEntityOfPage":{"@id":"https:\/\/waldspurger.ch\/fr\/accessoires\/climatisation-chauffage-auxiliaire\/"},"wordCount":354,"publisher":{"@id":"https:\/\/waldspurger.ch\/fr\/#organization"},"inLanguage":"fr-FR"},{"@type":"WebPage","@id":"https:\/\/waldspurger.ch\/fr\/accessoires\/climatisation-chauffage-auxiliaire\/","url":"https:\/\/waldspurger.ch\/fr\/accessoires\/climatisation-chauffage-auxiliaire\/","name":"Climatisation & Chauffage auxiliaire - Waldspurger SA","isPartOf":{"@id":"https:\/\/waldspurger.ch\/fr\/#website"},"datePublished":"2021-02-09T09:46:40+00:00","dateModified":"2022-04-14T10:50:12+00:00","breadcrumb":{"@id":"https:\/\/waldspurger.ch\/fr\/accessoires\/climatisation-chauffage-auxiliaire\/#breadcrumb"},"inLanguage":"fr-FR","potentialAction":[{"@type":"ReadAction","target":["https:\/\/waldspurger.ch\/fr\/accessoires\/climatisation-chauffage-auxiliaire\/"]}]},{"@type":"BreadcrumbList","@id":"https:\/\/waldspurger.ch\/fr\/accessoires\/climatisation-chauffage-auxiliaire\/#breadcrumb","itemListElement":[{"@type":"ListItem","position":1,"name":"Startseite","item":"https:\/\/waldspurger.ch\/fr\/"},{"@type":"ListItem","position":2,"name":"Accessoires","item":"https:\/\/waldspurger.ch\/fr\/accessoires\/"},{"@type":"ListItem","position":3,"name":"Climatisation &#038; Chauffage auxiliaire"}]},{"@type":"WebSite","@id":"https:\/\/waldspurger.ch\/fr\/#website","url":"https:\/\/waldspurger.ch\/fr\/","name":"Waldspurger SA","description":"Am\u00e9nagement","publisher":{"@id":"https:\/\/waldspurger.ch\/fr\/#organization"},"potentialAction":[{"@type":"SearchAction","target":{"@type":"EntryPoint","urlTemplate":"https:\/\/waldspurger.ch\/fr\/?s={search_term_string}"},"query-input":{"@type":"PropertyValueSpecification","valueRequired":true,"valueName":"search_term_string"}}],"inLanguage":"fr-FR"},{"@type":"Organization","@id":"https:\/\/waldspurger.ch\/fr\/#organization","name":"Waldspurger AG","url":"https:\/\/waldspurger.ch\/fr\/","logo":{"@type":"ImageObject","inLanguage":"fr-FR","@id":"https:\/\/waldspurger.ch\/fr\/#\/schema\/logo\/image\/","url":"https:\/\/waldspurger.ch\/wp-content\/uploads\/2022\/02\/logo_de.png","contentUrl":"https:\/\/waldspurger.ch\/wp-content\/uploads\/2022\/02\/logo_de.png","width":320,"height":223,"caption":"Waldspurger AG"},"image":{"@id":"https:\/\/waldspurger.ch\/fr\/#\/schema\/logo\/image\/"},"sameAs":["https:\/\/ch.linkedin.com\/company\/waldspurger-bergdietikon","https:\/\/www.youtube.com\/channel\/UC4BYucVfPuWzNF4hyfO3YTw"]},{"@type":"Person","@id":"https:\/\/waldspurger.ch\/fr\/#\/schema\/person\/e92a92f5b5a240afd932a5eba15ae94c","name":"Adminmoritzi","image":{"@type":"ImageObject","inLanguage":"fr-FR","@id":"https:\/\/secure.gravatar.com\/avatar\/4f43fbec0cc1848d75d18da5595fa2e9d12bc02d9d761756323c70efe587d61a?s=96&d=mm&r=g","url":"https:\/\/secure.gravatar.com\/avatar\/4f43fbec0cc1848d75d18da5595fa2e9d12bc02d9d761756323c70efe587d61a?s=96&d=mm&r=g","contentUrl":"https:\/\/secure.gravatar.com\/avatar\/4f43fbec0cc1848d75d18da5595fa2e9d12bc02d9d761756323c70efe587d61a?s=96&d=mm&r=g","caption":"Adminmoritzi"}}]}},"_links":{"self":[{"href":"https:\/\/waldspurger.ch\/fr\/wp-json\/wp\/v2\/pages\/35013","targetHints":{"allow":["GET"]}}],"collection":[{"href":"https:\/\/waldspurger.ch\/fr\/wp-json\/wp\/v2\/pages"}],"about":[{"href":"https:\/\/waldspurger.ch\/fr\/wp-json\/wp\/v2\/types\/page"}],"author":[{"embeddable":true,"href":"https:\/\/waldspurger.ch\/fr\/wp-json\/wp\/v2\/users\/1"}],"replies":[{"embeddable":true,"href":"https:\/\/waldspurger.ch\/fr\/wp-json\/wp\/v2\/comments?post=35013"}],"version-history":[{"count":0,"href":"https:\/\/waldspurger.ch\/fr\/wp-json\/wp\/v2\/pages\/35013\/revisions"}],"up":[{"embeddable":true,"href":"https:\/\/waldspurger.ch\/fr\/wp-json\/wp\/v2\/pages\/34781"}],"wp:attachment":[{"href":"https:\/\/waldspurger.ch\/fr\/wp-json\/wp\/v2\/media?parent=35013"}],"curies":[{"name":"wp","href":"https:\/\/api.w.org\/{rel}","templated":true}]}}