{"id":35005,"date":"2021-02-09T10:46:39","date_gmt":"2021-02-09T09:46:39","guid":{"rendered":"https:\/\/waldspurger.getads.ch\/accessoires\/treuil-portable\/"},"modified":"2022-03-08T11:55:10","modified_gmt":"2022-03-08T10:55:10","slug":"treuil-portable","status":"publish","type":"page","link":"https:\/\/waldspurger.ch\/fr\/accessoires\/treuil-portable\/","title":{"rendered":"Treuil portable"},"content":{"rendered":"<div class=\"wpb-content-wrapper\"><p>[vc_row el_id=\u00a0\u00bbkopf_rueckenprotektor\u00a0\u00bb css=\u00a0\u00bb.vc_custom_1619538203417{margin-top: 90px !important;padding-bottom: 50px !important;}\u00a0\u00bb el_class=\u00a0\u00bbc_reverse_row_mobile\u00a0\u00bb][vc_column width=\u00a0\u00bb1\/2&Prime; css_animation=\u00a0\u00bbfadeInLeft\u00a0\u00bb mobile_margin_bottom=\u00a0\u00bb20&Prime;][vc_column_text css=\u00a0\u00bb.vc_custom_1646312425969{margin-top: 20px !important;}\u00a0\u00bb el_class=\u00a0\u00bbcustom_maxwidth\u00a0\u00bb]<\/p>\n<h2><strong>TREUIL PORTABLE<\/strong><\/h2>\n<h3>POUR M\u00c9NAGER VOS FORCES<\/h3>\n<p>Le passager en fauteuil roulant, la personne accompagnante, l\u2019angle de rampe ainsi que de nombreux autres facteurs peuvent compliquer, voire rendre impossible, le chargement du fauteuil roulant. Un treuil portable r\u00e9duit l\u2019effort physique et facilite le chargement du fauteuil roulant.[\/vc_column_text][\/vc_column][vc_column width=\u00a0\u00bb1\/2&Prime; css_animation=\u00a0\u00bbfadeInRight\u00a0\u00bb][vc_single_image image=\u00a0\u00bb32366&Prime; img_size=\u00a0\u00bbfull\u00a0\u00bb][\/vc_column][\/vc_row][vc_row][vc_column css_animation=\u00a0\u00bbfadeInUp\u00a0\u00bb][vc_icon icon_fontawesome=\u00a0\u00bbfas fa-video\u00a0\u00bb color=\u00a0\u00bbcustom\u00a0\u00bb background_style=\u00a0\u00bbrounded\u00a0\u00bb background_color=\u00a0\u00bbcustom\u00a0\u00bb size=\u00a0\u00bblg\u00a0\u00bb custom_color=\u00a0\u00bb#c3bab9&Prime; el_class=\u00a0\u00bbcustom_round_icon_border_floatleft\u00a0\u00bb][vc_column_text el_class=\u00a0\u00bbcustom_maxwidth\u00a0\u00bb css=\u00a0\u00bb.vc_custom_1646312444690{margin-bottom: 20px !important;}\u00a0\u00bb]<\/p>\n<h3><span style=\"color: #b32022;\">VID\u00c9OS<\/span><\/h3>\n<p>Vous avez d\u00e9j\u00e0 un v\u00e9hicule am\u00e9nag\u00e9 par Waldspurger SA et d\u00e9sirez un manuel d\u2019utilisation ? Vous aimeriez voir comment un v\u00e9hicule est transform\u00e9 ? Regardez nos vid\u00e9os.[\/vc_column_text][\/vc_column][\/vc_row][vc_row content_placement=\u00a0\u00bbmiddle\u00a0\u00bb css=\u00a0\u00bb.vc_custom_1619526128144{margin-top: 0px !important;margin-right: 0px !important;margin-left: -10px !important;padding-top: 0px !important;padding-right: 0px !important;padding-bottom: 120px !important;padding-left: 0px !important;}\u00a0\u00bb][vc_column width=\u00a0\u00bb1\/3&Prime; css_animation=\u00a0\u00bbfadeInUp\u00a0\u00bb css=\u00a0\u00bb.vc_custom_1633007869325{margin-top: 0px !important;margin-right: 0px !important;margin-bottom: 0px !important;margin-left: 0px !important;padding-top: 0px !important;padding-right: 10px !important;padding-bottom: 0px !important;padding-left: 10px !important;background-position: center !important;background-repeat: no-repeat !important;background-size: cover !important;}\u00a0\u00bb el_id=\u00a0\u00bbentstehungsvideo\u00a0\u00bb][vc_column_text css=\u00a0\u00bb.vc_custom_1646403656652{margin-top: 0px !important;margin-right: 0px !important;margin-bottom: 0px !important;margin-left: 0px !important;padding-top: 0px !important;padding-right: 0px !important;padding-bottom: 0px !important;padding-left: 0px !important;}\u00a0\u00bb]<div class=\"wonderplugin-video\" style=\"width:600px;height:400px;position:relative;display:block;background-color:#000;overflow:hidden;max-width:100%;margin:0 auto\" data-aspectratio=\"1.5\"><div class=\"wpve-videoplayer\" style=\"display:block;position:relative;width:100%;height:100%\" data-mp4=\"https:\/\/waldspurger.ch\/wp-content\/uploads\/2022\/03\/Seilwinde-FR.mp4\" data-skinfolder=\"https:\/\/waldspurger.ch\/wp-content\/plugins\/wonderplugin-video-embed\/engine\/\" data-playbutton=\"https:\/\/waldspurger.ch\/wp-content\/plugins\/wonderplugin-video-embed\/engine\/playvideo-64-64-0.png\"><\/div><\/div>[\/vc_column_text][\/vc_column][vc_column width=\u00a0\u00bb1\/3&Prime; css=\u00a0\u00bb.vc_custom_1612313446091{margin-top: 0px !important;margin-right: 0px !important;margin-bottom: 0px !important;margin-left: 0px !important;padding-top: 0px !important;padding-right: 10px !important;padding-bottom: 0px !important;padding-left: 10px !important;background-position: center !important;background-repeat: no-repeat !important;background-size: cover !important;}\u00a0\u00bb][\/vc_column][vc_column width=\u00a0\u00bb1\/3&Prime;][\/vc_column][\/vc_row]<\/p>\n<\/div>","protected":false},"excerpt":{"rendered":"<p>[vc_row el_id=\u00a0\u00bbkopf_rueckenprotektor\u00a0\u00bb css=\u00a0\u00bb.vc_custom_1619538203417{margin-top: 90px !important;padding-bottom: 50px !important;}\u00a0\u00bb el_class=\u00a0\u00bbc_reverse_row_mobile\u00a0\u00bb][vc_column width=\u00a0\u00bb1\/2&Prime; css_animation=\u00a0\u00bbfadeInLeft\u00a0\u00bb mobile_margin_bottom=\u00a0\u00bb20&Prime;][vc_column_text css=\u00a0\u00bb.vc_custom_1646312425969{margin-top: 20px !important;}\u00a0\u00bb el_class=\u00a0\u00bbcustom_maxwidth\u00a0\u00bb] TREUIL PORTABLE POUR M\u00c9NAGER VOS&#8230;<\/p>\n","protected":false},"author":1,"featured_media":0,"parent":34781,"menu_order":0,"comment_status":"closed","ping_status":"closed","template":"","meta":{"footnotes":""},"class_list":["post-35005","page","type-page","status-publish"],"yoast_head":"<!-- This site is optimized with the Yoast SEO plugin v27.2 - https:\/\/yoast.com\/product\/yoast-seo-wordpress\/ -->\n<title>Treuil portable - Waldspurger SA<\/title>\n<meta name=\"robots\" content=\"index, follow, max-snippet:-1, max-image-preview:large, max-video-preview:-1\" \/>\n<link rel=\"canonical\" href=\"https:\/\/waldspurger.ch\/fr\/accessoires\/treuil-portable\/\" \/>\n<meta property=\"og:locale\" content=\"fr_FR\" \/>\n<meta property=\"og:type\" content=\"article\" \/>\n<meta property=\"og:title\" content=\"Treuil portable - Waldspurger SA\" \/>\n<meta property=\"og:description\" content=\"[vc_row el_id=\u00a0\u00bbkopf_rueckenprotektor\u00a0\u00bb css=\u00a0\u00bb.vc_custom_1619538203417{margin-top: 90px !important;padding-bottom: 50px !important;}\u00a0\u00bb el_class=\u00a0\u00bbc_reverse_row_mobile\u00a0\u00bb][vc_column width=\u00a0\u00bb1\/2&Prime; css_animation=\u00a0\u00bbfadeInLeft\u00a0\u00bb mobile_margin_bottom=\u00a0\u00bb20&Prime;][vc_column_text css=\u00a0\u00bb.vc_custom_1646312425969{margin-top: 20px !important;}\u00a0\u00bb el_class=\u00a0\u00bbcustom_maxwidth\u00a0\u00bb] TREUIL PORTABLE POUR M\u00c9NAGER VOS...\" \/>\n<meta property=\"og:url\" content=\"https:\/\/waldspurger.ch\/fr\/accessoires\/treuil-portable\/\" \/>\n<meta property=\"og:site_name\" content=\"Waldspurger SA\" \/>\n<meta property=\"article:modified_time\" content=\"2022-03-08T10:55:10+00:00\" \/>\n<meta property=\"og:image\" content=\"https:\/\/waldspurger.ch\/wp-content\/uploads\/2022\/02\/logo_de.png\" \/>\n\t<meta property=\"og:image:width\" content=\"320\" \/>\n\t<meta property=\"og:image:height\" content=\"223\" \/>\n\t<meta property=\"og:image:type\" content=\"image\/png\" \/>\n<meta name=\"twitter:card\" content=\"summary_large_image\" \/>\n<script type=\"application\/ld+json\" class=\"yoast-schema-graph\">{\"@context\":\"https:\/\/schema.org\",\"@graph\":[{\"@type\":\"Article\",\"@id\":\"https:\/\/waldspurger.ch\/fr\/accessoires\/treuil-portable\/#article\",\"isPartOf\":{\"@id\":\"https:\/\/waldspurger.ch\/fr\/accessoires\/treuil-portable\/\"},\"author\":{\"name\":\"Adminmoritzi\",\"@id\":\"https:\/\/waldspurger.ch\/fr\/#\/schema\/person\/e92a92f5b5a240afd932a5eba15ae94c\"},\"headline\":\"Treuil portable\",\"datePublished\":\"2021-02-09T09:46:39+00:00\",\"dateModified\":\"2022-03-08T10:55:10+00:00\",\"mainEntityOfPage\":{\"@id\":\"https:\/\/waldspurger.ch\/fr\/accessoires\/treuil-portable\/\"},\"wordCount\":417,\"publisher\":{\"@id\":\"https:\/\/waldspurger.ch\/fr\/#organization\"},\"inLanguage\":\"fr-FR\"},{\"@type\":\"WebPage\",\"@id\":\"https:\/\/waldspurger.ch\/fr\/accessoires\/treuil-portable\/\",\"url\":\"https:\/\/waldspurger.ch\/fr\/accessoires\/treuil-portable\/\",\"name\":\"Treuil portable - Waldspurger SA\",\"isPartOf\":{\"@id\":\"https:\/\/waldspurger.ch\/fr\/#website\"},\"datePublished\":\"2021-02-09T09:46:39+00:00\",\"dateModified\":\"2022-03-08T10:55:10+00:00\",\"breadcrumb\":{\"@id\":\"https:\/\/waldspurger.ch\/fr\/accessoires\/treuil-portable\/#breadcrumb\"},\"inLanguage\":\"fr-FR\",\"potentialAction\":[{\"@type\":\"ReadAction\",\"target\":[\"https:\/\/waldspurger.ch\/fr\/accessoires\/treuil-portable\/\"]}]},{\"@type\":\"BreadcrumbList\",\"@id\":\"https:\/\/waldspurger.ch\/fr\/accessoires\/treuil-portable\/#breadcrumb\",\"itemListElement\":[{\"@type\":\"ListItem\",\"position\":1,\"name\":\"Startseite\",\"item\":\"https:\/\/waldspurger.ch\/fr\/\"},{\"@type\":\"ListItem\",\"position\":2,\"name\":\"Accessoires\",\"item\":\"https:\/\/waldspurger.ch\/fr\/accessoires\/\"},{\"@type\":\"ListItem\",\"position\":3,\"name\":\"Treuil portable\"}]},{\"@type\":\"WebSite\",\"@id\":\"https:\/\/waldspurger.ch\/fr\/#website\",\"url\":\"https:\/\/waldspurger.ch\/fr\/\",\"name\":\"Waldspurger SA\",\"description\":\"Am\u00e9nagement\",\"publisher\":{\"@id\":\"https:\/\/waldspurger.ch\/fr\/#organization\"},\"potentialAction\":[{\"@type\":\"SearchAction\",\"target\":{\"@type\":\"EntryPoint\",\"urlTemplate\":\"https:\/\/waldspurger.ch\/fr\/?s={search_term_string}\"},\"query-input\":{\"@type\":\"PropertyValueSpecification\",\"valueRequired\":true,\"valueName\":\"search_term_string\"}}],\"inLanguage\":\"fr-FR\"},{\"@type\":\"Organization\",\"@id\":\"https:\/\/waldspurger.ch\/fr\/#organization\",\"name\":\"Waldspurger AG\",\"url\":\"https:\/\/waldspurger.ch\/fr\/\",\"logo\":{\"@type\":\"ImageObject\",\"inLanguage\":\"fr-FR\",\"@id\":\"https:\/\/waldspurger.ch\/fr\/#\/schema\/logo\/image\/\",\"url\":\"https:\/\/waldspurger.ch\/wp-content\/uploads\/2022\/02\/logo_de.png\",\"contentUrl\":\"https:\/\/waldspurger.ch\/wp-content\/uploads\/2022\/02\/logo_de.png\",\"width\":320,\"height\":223,\"caption\":\"Waldspurger AG\"},\"image\":{\"@id\":\"https:\/\/waldspurger.ch\/fr\/#\/schema\/logo\/image\/\"},\"sameAs\":[\"https:\/\/ch.linkedin.com\/company\/waldspurger-bergdietikon\",\"https:\/\/www.youtube.com\/channel\/UC4BYucVfPuWzNF4hyfO3YTw\"]},{\"@type\":\"Person\",\"@id\":\"https:\/\/waldspurger.ch\/fr\/#\/schema\/person\/e92a92f5b5a240afd932a5eba15ae94c\",\"name\":\"Adminmoritzi\",\"image\":{\"@type\":\"ImageObject\",\"inLanguage\":\"fr-FR\",\"@id\":\"https:\/\/secure.gravatar.com\/avatar\/4f43fbec0cc1848d75d18da5595fa2e9d12bc02d9d761756323c70efe587d61a?s=96&d=mm&r=g\",\"url\":\"https:\/\/secure.gravatar.com\/avatar\/4f43fbec0cc1848d75d18da5595fa2e9d12bc02d9d761756323c70efe587d61a?s=96&d=mm&r=g\",\"contentUrl\":\"https:\/\/secure.gravatar.com\/avatar\/4f43fbec0cc1848d75d18da5595fa2e9d12bc02d9d761756323c70efe587d61a?s=96&d=mm&r=g\",\"caption\":\"Adminmoritzi\"}}]}<\/script>\n<!-- \/ Yoast SEO plugin. -->","yoast_head_json":{"title":"Treuil portable - Waldspurger SA","robots":{"index":"index","follow":"follow","max-snippet":"max-snippet:-1","max-image-preview":"max-image-preview:large","max-video-preview":"max-video-preview:-1"},"canonical":"https:\/\/waldspurger.ch\/fr\/accessoires\/treuil-portable\/","og_locale":"fr_FR","og_type":"article","og_title":"Treuil portable - Waldspurger SA","og_description":"[vc_row el_id=\u00a0\u00bbkopf_rueckenprotektor\u00a0\u00bb css=\u00a0\u00bb.vc_custom_1619538203417{margin-top: 90px !important;padding-bottom: 50px !important;}\u00a0\u00bb el_class=\u00a0\u00bbc_reverse_row_mobile\u00a0\u00bb][vc_column width=\u00a0\u00bb1\/2&Prime; css_animation=\u00a0\u00bbfadeInLeft\u00a0\u00bb mobile_margin_bottom=\u00a0\u00bb20&Prime;][vc_column_text css=\u00a0\u00bb.vc_custom_1646312425969{margin-top: 20px !important;}\u00a0\u00bb el_class=\u00a0\u00bbcustom_maxwidth\u00a0\u00bb] TREUIL PORTABLE POUR M\u00c9NAGER VOS...","og_url":"https:\/\/waldspurger.ch\/fr\/accessoires\/treuil-portable\/","og_site_name":"Waldspurger SA","article_modified_time":"2022-03-08T10:55:10+00:00","og_image":[{"width":320,"height":223,"url":"https:\/\/waldspurger.ch\/wp-content\/uploads\/2022\/02\/logo_de.png","type":"image\/png"}],"twitter_card":"summary_large_image","schema":{"@context":"https:\/\/schema.org","@graph":[{"@type":"Article","@id":"https:\/\/waldspurger.ch\/fr\/accessoires\/treuil-portable\/#article","isPartOf":{"@id":"https:\/\/waldspurger.ch\/fr\/accessoires\/treuil-portable\/"},"author":{"name":"Adminmoritzi","@id":"https:\/\/waldspurger.ch\/fr\/#\/schema\/person\/e92a92f5b5a240afd932a5eba15ae94c"},"headline":"Treuil portable","datePublished":"2021-02-09T09:46:39+00:00","dateModified":"2022-03-08T10:55:10+00:00","mainEntityOfPage":{"@id":"https:\/\/waldspurger.ch\/fr\/accessoires\/treuil-portable\/"},"wordCount":417,"publisher":{"@id":"https:\/\/waldspurger.ch\/fr\/#organization"},"inLanguage":"fr-FR"},{"@type":"WebPage","@id":"https:\/\/waldspurger.ch\/fr\/accessoires\/treuil-portable\/","url":"https:\/\/waldspurger.ch\/fr\/accessoires\/treuil-portable\/","name":"Treuil portable - Waldspurger SA","isPartOf":{"@id":"https:\/\/waldspurger.ch\/fr\/#website"},"datePublished":"2021-02-09T09:46:39+00:00","dateModified":"2022-03-08T10:55:10+00:00","breadcrumb":{"@id":"https:\/\/waldspurger.ch\/fr\/accessoires\/treuil-portable\/#breadcrumb"},"inLanguage":"fr-FR","potentialAction":[{"@type":"ReadAction","target":["https:\/\/waldspurger.ch\/fr\/accessoires\/treuil-portable\/"]}]},{"@type":"BreadcrumbList","@id":"https:\/\/waldspurger.ch\/fr\/accessoires\/treuil-portable\/#breadcrumb","itemListElement":[{"@type":"ListItem","position":1,"name":"Startseite","item":"https:\/\/waldspurger.ch\/fr\/"},{"@type":"ListItem","position":2,"name":"Accessoires","item":"https:\/\/waldspurger.ch\/fr\/accessoires\/"},{"@type":"ListItem","position":3,"name":"Treuil portable"}]},{"@type":"WebSite","@id":"https:\/\/waldspurger.ch\/fr\/#website","url":"https:\/\/waldspurger.ch\/fr\/","name":"Waldspurger SA","description":"Am\u00e9nagement","publisher":{"@id":"https:\/\/waldspurger.ch\/fr\/#organization"},"potentialAction":[{"@type":"SearchAction","target":{"@type":"EntryPoint","urlTemplate":"https:\/\/waldspurger.ch\/fr\/?s={search_term_string}"},"query-input":{"@type":"PropertyValueSpecification","valueRequired":true,"valueName":"search_term_string"}}],"inLanguage":"fr-FR"},{"@type":"Organization","@id":"https:\/\/waldspurger.ch\/fr\/#organization","name":"Waldspurger AG","url":"https:\/\/waldspurger.ch\/fr\/","logo":{"@type":"ImageObject","inLanguage":"fr-FR","@id":"https:\/\/waldspurger.ch\/fr\/#\/schema\/logo\/image\/","url":"https:\/\/waldspurger.ch\/wp-content\/uploads\/2022\/02\/logo_de.png","contentUrl":"https:\/\/waldspurger.ch\/wp-content\/uploads\/2022\/02\/logo_de.png","width":320,"height":223,"caption":"Waldspurger AG"},"image":{"@id":"https:\/\/waldspurger.ch\/fr\/#\/schema\/logo\/image\/"},"sameAs":["https:\/\/ch.linkedin.com\/company\/waldspurger-bergdietikon","https:\/\/www.youtube.com\/channel\/UC4BYucVfPuWzNF4hyfO3YTw"]},{"@type":"Person","@id":"https:\/\/waldspurger.ch\/fr\/#\/schema\/person\/e92a92f5b5a240afd932a5eba15ae94c","name":"Adminmoritzi","image":{"@type":"ImageObject","inLanguage":"fr-FR","@id":"https:\/\/secure.gravatar.com\/avatar\/4f43fbec0cc1848d75d18da5595fa2e9d12bc02d9d761756323c70efe587d61a?s=96&d=mm&r=g","url":"https:\/\/secure.gravatar.com\/avatar\/4f43fbec0cc1848d75d18da5595fa2e9d12bc02d9d761756323c70efe587d61a?s=96&d=mm&r=g","contentUrl":"https:\/\/secure.gravatar.com\/avatar\/4f43fbec0cc1848d75d18da5595fa2e9d12bc02d9d761756323c70efe587d61a?s=96&d=mm&r=g","caption":"Adminmoritzi"}}]}},"_links":{"self":[{"href":"https:\/\/waldspurger.ch\/fr\/wp-json\/wp\/v2\/pages\/35005","targetHints":{"allow":["GET"]}}],"collection":[{"href":"https:\/\/waldspurger.ch\/fr\/wp-json\/wp\/v2\/pages"}],"about":[{"href":"https:\/\/waldspurger.ch\/fr\/wp-json\/wp\/v2\/types\/page"}],"author":[{"embeddable":true,"href":"https:\/\/waldspurger.ch\/fr\/wp-json\/wp\/v2\/users\/1"}],"replies":[{"embeddable":true,"href":"https:\/\/waldspurger.ch\/fr\/wp-json\/wp\/v2\/comments?post=35005"}],"version-history":[{"count":0,"href":"https:\/\/waldspurger.ch\/fr\/wp-json\/wp\/v2\/pages\/35005\/revisions"}],"up":[{"embeddable":true,"href":"https:\/\/waldspurger.ch\/fr\/wp-json\/wp\/v2\/pages\/34781"}],"wp:attachment":[{"href":"https:\/\/waldspurger.ch\/fr\/wp-json\/wp\/v2\/media?parent=35005"}],"curies":[{"name":"wp","href":"https:\/\/api.w.org\/{rel}","templated":true}]}}