{"id":34999,"date":"2021-02-09T10:40:14","date_gmt":"2021-02-09T09:40:14","guid":{"rendered":"https:\/\/waldspurger.getads.ch\/accessoires\/platefome-elevatrice\/"},"modified":"2024-04-03T16:55:55","modified_gmt":"2024-04-03T14:55:55","slug":"platefome-elevatrice","status":"publish","type":"page","link":"https:\/\/waldspurger.ch\/fr\/accessoires\/platefome-elevatrice\/","title":{"rendered":"Platefome \u00e9l\u00e9vatrice"},"content":{"rendered":"<div class=\"wpb-content-wrapper\"><p>[vc_row css=\u00a0\u00bb.vc_custom_1640212586130{margin-top: 90px !important;margin-bottom: 0px !important;padding-bottom: 0px !important;}\u00a0\u00bb][vc_column css_animation=\u00a0\u00bbfadeInUp\u00a0\u00bb css=\u00a0\u00bb.vc_custom_1640212677438{margin-bottom: 0px !important;padding-bottom: 0px !important;}\u00a0\u00bb][vc_column_text el_class=\u00a0\u00bbcustom_maxwidth\u00a0\u00bb css=\u00a0\u00bb.vc_custom_1646312126230{margin-top: 20px !important;padding-bottom: 50px !important;}\u00a0\u00bb]<\/p>\n<h2><strong>\u00c9L\u00c9VATEURS POUR FAUTEUIL ROULANT<\/strong><\/h2>\n<h3>S\u00dbR ET N\u00c9CESSITANT PEU D\u2019EFFORT<\/h3>\n<p>Nos diff\u00e9rentes plateformes \u00e9l\u00e9vatrices ou solutions d\u2019\u00e9l\u00e9vateurs facilitent le chargement du fauteuil roulant et exigent moins d&rsquo;effort physique de la personne accompagnante. [\/vc_column_text][\/vc_column][\/vc_row][vc_row full_width=\u00a0\u00bbstretch_row\u00a0\u00bb css=\u00a0\u00bb.vc_custom_1640212659145{margin-top: 0px !important;margin-bottom: 0px !important;padding-top: 0px !important;padding-bottom: 0px !important;}\u00a0\u00bb el_class=\u00a0\u00bbc_reverse_row_mobile\u00a0\u00bb][vc_column width=\u00a0\u00bb1\/2&Prime; css_animation=\u00a0\u00bbfadeInUp\u00a0\u00bb css=\u00a0\u00bb.vc_custom_1640212646735{margin-bottom: 0px !important;padding-bottom: 50px !important;}\u00a0\u00bb][vc_single_image image=\u00a0\u00bb32356&Prime; img_size=\u00a0\u00bbfull\u00a0\u00bb css=\u00a0\u00bb.vc_custom_1641302640545{margin-top: 0px !important;}\u00a0\u00bb][vc_column_text el_class=\u00a0\u00bbcustom_maxwidth\u00a0\u00bb el_id=\u00a0\u00bbcustom_rollstuhllift\u00a0\u00bb]<\/p>\n<h3><strong>PLATEFORME \u00c9L\u00c9VATRICE<\/strong><\/h3>\n<p>Avec notre plateforme \u00e9l\u00e9vatrice pour fauteuil roulant, le chargement de passagers avec et sans fauteuil roulant dans le compartiment passagers se fait facilement et en toute s\u00e9curit\u00e9. L\u2019\u00e9l\u00e9vateur fait partie de la derni\u00e8re g\u00e9n\u00e9ration de syst\u00e8mes \u00e9l\u00e9vateurs enti\u00e8rement automatis\u00e9s. Malgr\u00e9 la l\u00e9g\u00e8ret\u00e9 de la conception, qui vous permet de disposer d&rsquo;une charge utile maximale, notre solution offre une stabilit\u00e9 maximale de la plateforme gr\u00e2ce \u00e0 une construction renforc\u00e9e avec deux bras de levage. Pour le passager en fauteuil roulant et la personne accompagnante, cela signifie plus de s\u00e9curit\u00e9 et de confort. La s\u00e9curit\u00e9 est encore accrue par le volet de retournement automatique qui est utilis\u00e9 pour surmonter la distance entre la plateforme de levage et l&rsquo;int\u00e9rieur du v\u00e9hicule et qui prot\u00e8ge en plus la personne en fauteuil roulant contre le risque d\u2019encastrement pendant l\u2019op\u00e9ration de levage et de descente, par les barres de protection lat\u00e9rales et par un volet automatique pour le d\u00e9roulement.[\/vc_column_text][\/vc_column][vc_column width=\u00a0\u00bb1\/2&Prime; css_animation=\u00a0\u00bbfadeInUp\u00a0\u00bb effects_enabled_delay=\u00a0\u00bb200&Prime; css=\u00a0\u00bb.vc_custom_1640212639086{margin-bottom: 0px !important;padding-bottom: 50px !important;}\u00a0\u00bb][vc_single_image image=\u00a0\u00bb32354&Prime; img_size=\u00a0\u00bbfull\u00a0\u00bb css=\u00a0\u00bb.vc_custom_1641302646102{margin-top: 0px !important;}\u00a0\u00bb][vc_column_text el_class=\u00a0\u00bbcustom_maxwidth\u00a0\u00bb el_id=\u00a0\u00bbcustom_rollstuhllift2&Prime;]<\/p>\n<h3><strong>PLATEFORME \u00c9L\u00c9VATRICE EN DEUX PARTIES<\/strong><\/h3>\n<p>Vous souhaitez une vue arri\u00e8re d\u00e9gag\u00e9e ou la hauteur \u00e0 l\u2019int\u00e9rieur de votre v\u00e9hicule est limit\u00e9e ? Dans ce cas, une plateforme \u00e9l\u00e9vatrice en deux parties est la solution parfaite. La plateforme \u00e9l\u00e9vatrice de l\u2019\u00e9l\u00e9vateur lin\u00e9aire se d\u00e9plie vers le centre, cr\u00e9ant ainsi une surface plus grande. Apr\u00e8s utilisation, l\u2019\u00e9l\u00e9vateur lin\u00e9aire est ramen\u00e9 \u00e0 l&rsquo;int\u00e9rieur du v\u00e9hicule en appuyant sur un bouton et la plateforme \u00e9l\u00e9vatrice se d\u00e9plie. La s\u00e9curit\u00e9 est encore accrue par le volet de retournement automatique qui est utilis\u00e9 pour surmonter la distance entre la plateforme de levage et l&rsquo;int\u00e9rieur du v\u00e9hicule et qui prot\u00e8ge en plus la personne en fauteuil roulant contre le risque d&rsquo;encastrement pendant l\u2019op\u00e9ration de levage et de descente, par les barres de protection lat\u00e9rales et par un volet automatique pour le d\u00e9roulement.[\/vc_column_text][\/vc_column][\/vc_row][vc_row full_width=\u00a0\u00bbstretch_row\u00a0\u00bb css=\u00a0\u00bb.vc_custom_1640212698364{margin-top: 0px !important;margin-bottom: 0px !important;padding-top: 50px !important;padding-bottom: 0px !important;background-color: #f2f2f2 !important;}\u00a0\u00bb el_class=\u00a0\u00bbc_reverse_row_mobile\u00a0\u00bb][vc_column width=\u00a0\u00bb1\/2&Prime; css_animation=\u00a0\u00bbfadeInUp\u00a0\u00bb css=\u00a0\u00bb.vc_custom_1640212710648{margin-top: 0px !important;margin-bottom: 0px !important;padding-top: 0px !important;padding-bottom: 50px !important;}\u00a0\u00bb][vc_single_image image=\u00a0\u00bb32352&Prime; img_size=\u00a0\u00bbfull\u00a0\u00bb css=\u00a0\u00bb.vc_custom_1641302655304{margin-top: 0px !important;}\u00a0\u00bb][vc_column_text el_class=\u00a0\u00bbcustom_maxwidth\u00a0\u00bb el_id=\u00a0\u00bbcustom_kasettenlift\u00a0\u00bb]<\/p>\n<h3><strong>\u00c9L\u00c9VATEUR \u00c0 CASSETTE \u00c0 LA PORTE COULISSANTE<\/strong><\/h3>\n<p>Avec l\u2019\u00e9l\u00e9vateur pour l&rsquo;entr\u00e9e par la porte coulissante, nous proposons une alternative peu encombrante aux plateformes \u00e9l\u00e9vatrices courantes. La cassette est mont\u00e9e sur le c\u00f4t\u00e9, sous le v\u00e9hicule, et ne g\u00eane pas l&rsquo;acc\u00e8s ni l&rsquo;utilisation du compartiment passagers. La conception plate offre la plus grande garde au sol possible et la construction ferm\u00e9e assure une protection parfaite de l\u2019\u00e9l\u00e9vateur, m\u00eame dans des conditions m\u00e9t\u00e9orologiques d\u00e9favorables avec pluie, neige et glace.[\/vc_column_text][\/vc_column][vc_column width=\u00a0\u00bb1\/2&Prime;][\/vc_column][\/vc_row][vc_row css=\u00a0\u00bb.vc_custom_1641483370748{margin-top: 50px !important;}\u00a0\u00bb el_id=\u00a0\u00bbvideo_manual\u00a0\u00bb mobile_margin_bottom=\u00a0\u00bb0&Prime;][vc_column css_animation=\u00a0\u00bbfadeInUp\u00a0\u00bb css=\u00a0\u00bb.vc_custom_1641804682134{margin-top: 0px !important;padding-top: 0px !important;}\u00a0\u00bb mobile_margin_bottom=\u00a0\u00bb30&Prime;][vc_icon icon_fontawesome=\u00a0\u00bbfas fa-video\u00a0\u00bb color=\u00a0\u00bbcustom\u00a0\u00bb background_style=\u00a0\u00bbrounded\u00a0\u00bb background_color=\u00a0\u00bbcustom\u00a0\u00bb size=\u00a0\u00bblg\u00a0\u00bb custom_color=\u00a0\u00bb#c3bab9&Prime; el_class=\u00a0\u00bbcustom_round_icon_border_floatleft\u00a0\u00bb][vc_column_text el_class=\u00a0\u00bbcustom_maxwidth\u00a0\u00bb css=\u00a0\u00bb.vc_custom_1646299658222{margin-bottom: 20px !important;}\u00a0\u00bb]<\/p>\n<h3><span style=\"color: #b32022;\">VID\u00c9OS<\/span><\/h3>\n<p>Vous avez d\u00e9j\u00e0 un v\u00e9hicule am\u00e9nag\u00e9 par nous et d\u00e9sirez un manuel d\u2019utilisation ? Vous aimeriez voir comment un v\u00e9hicule est transform\u00e9 ? Regardez nos vid\u00e9os.[\/vc_column_text][\/vc_column][\/vc_row][vc_row content_placement=\u00a0\u00bbmiddle\u00a0\u00bb css=\u00a0\u00bb.vc_custom_1712156133827{margin-top: 0px !important;margin-right: 0px !important;margin-bottom: 0px !important;margin-left: -10px !important;padding-top: 0px !important;padding-right: 0px !important;padding-bottom: 0px !important;padding-left: 0px !important;}\u00a0\u00bb][vc_column width=\u00a0\u00bb1\/3&Prime; css_animation=\u00a0\u00bbfadeInUp\u00a0\u00bb css=\u00a0\u00bb.vc_custom_1712156139123{margin-top: 0px !important;margin-right: 0px !important;margin-bottom: 0px !important;margin-left: 0px !important;padding-top: 0px !important;padding-right: 10px !important;padding-bottom: 0px !important;padding-left: 10px !important;background-position: center !important;background-repeat: no-repeat !important;background-size: cover !important;}\u00a0\u00bb mobile_margin_bottom=\u00a0\u00bb30&Prime;][vc_column_text css=\u00a0\u00bb.vc_custom_1712156145481{margin-top: 0px !important;margin-right: 0px !important;margin-bottom: 0px !important;margin-left: 0px !important;padding-top: 0px !important;padding-right: 0px !important;padding-bottom: 0px !important;padding-left: 0px !important;}\u00a0\u00bb]<div class=\"wonderplugin-video\" style=\"width:600px;height:400px;position:relative;display:block;background-color:#000;overflow:hidden;max-width:100%;margin:0 auto\" data-aspectratio=\"1.5\"><div class=\"wpve-videoplayer\" style=\"display:block;position:relative;width:100%;height:100%\" data-mp4=\"https:\/\/waldspurger.ch\/wp-content\/uploads\/2024\/04\/Waldspurger_AG_Kassettenlift.mp4\" data-skinfolder=\"https:\/\/waldspurger.ch\/wp-content\/plugins\/wonderplugin-video-embed\/engine\/\" data-poster=\"https:\/\/waldspurger.ch\/wp-content\/uploads\/2024\/04\/Waldspurger_AG_Poster_Rollstuhllift.jpg\" data-playbutton=\"https:\/\/waldspurger.ch\/wp-content\/plugins\/wonderplugin-video-embed\/engine\/playvideo-64-64-0.png\"><\/div><\/div>[\/vc_column_text][\/vc_column][\/vc_row]<\/p>\n<\/div>","protected":false},"excerpt":{"rendered":"<p>[vc_row css=\u00a0\u00bb.vc_custom_1640212586130{margin-top: 90px !important;margin-bottom: 0px !important;padding-bottom: 0px !important;}\u00a0\u00bb][vc_column css_animation=\u00a0\u00bbfadeInUp\u00a0\u00bb css=\u00a0\u00bb.vc_custom_1640212677438{margin-bottom: 0px !important;padding-bottom: 0px !important;}\u00a0\u00bb][vc_column_text el_class=\u00a0\u00bbcustom_maxwidth\u00a0\u00bb css=\u00a0\u00bb.vc_custom_1646312126230{margin-top: 20px !important;padding-bottom: 50px !important;}\u00a0\u00bb]&#8230;<\/p>\n","protected":false},"author":1,"featured_media":0,"parent":34781,"menu_order":0,"comment_status":"closed","ping_status":"closed","template":"","meta":{"footnotes":""},"class_list":["post-34999","page","type-page","status-publish"],"yoast_head":"<!-- This site is optimized with the Yoast SEO plugin v27.2 - https:\/\/yoast.com\/product\/yoast-seo-wordpress\/ -->\n<title>Platefome \u00e9l\u00e9vatrice - Waldspurger SA<\/title>\n<meta name=\"robots\" content=\"index, follow, max-snippet:-1, max-image-preview:large, max-video-preview:-1\" \/>\n<link rel=\"canonical\" href=\"https:\/\/waldspurger.ch\/fr\/accessoires\/platefome-elevatrice\/\" \/>\n<meta property=\"og:locale\" content=\"fr_FR\" \/>\n<meta property=\"og:type\" content=\"article\" \/>\n<meta property=\"og:title\" content=\"Platefome \u00e9l\u00e9vatrice - Waldspurger SA\" \/>\n<meta property=\"og:description\" content=\"[vc_row css=\u00a0\u00bb.vc_custom_1640212586130{margin-top: 90px !important;margin-bottom: 0px !important;padding-bottom: 0px !important;}\u00a0\u00bb][vc_column css_animation=\u00a0\u00bbfadeInUp\u00a0\u00bb css=\u00a0\u00bb.vc_custom_1640212677438{margin-bottom: 0px !important;padding-bottom: 0px !important;}\u00a0\u00bb][vc_column_text el_class=\u00a0\u00bbcustom_maxwidth\u00a0\u00bb css=\u00a0\u00bb.vc_custom_1646312126230{margin-top: 20px !important;padding-bottom: 50px !important;}\u00a0\u00bb]...\" \/>\n<meta property=\"og:url\" content=\"https:\/\/waldspurger.ch\/fr\/accessoires\/platefome-elevatrice\/\" \/>\n<meta property=\"og:site_name\" content=\"Waldspurger SA\" \/>\n<meta property=\"article:modified_time\" content=\"2024-04-03T14:55:55+00:00\" \/>\n<meta property=\"og:image\" content=\"https:\/\/waldspurger.ch\/wp-content\/uploads\/2022\/02\/logo_de.png\" \/>\n\t<meta property=\"og:image:width\" content=\"320\" \/>\n\t<meta property=\"og:image:height\" content=\"223\" \/>\n\t<meta property=\"og:image:type\" content=\"image\/png\" \/>\n<meta name=\"twitter:card\" content=\"summary_large_image\" \/>\n<script type=\"application\/ld+json\" class=\"yoast-schema-graph\">{\"@context\":\"https:\/\/schema.org\",\"@graph\":[{\"@type\":\"Article\",\"@id\":\"https:\/\/waldspurger.ch\/fr\/accessoires\/platefome-elevatrice\/#article\",\"isPartOf\":{\"@id\":\"https:\/\/waldspurger.ch\/fr\/accessoires\/platefome-elevatrice\/\"},\"author\":{\"name\":\"Adminmoritzi\",\"@id\":\"https:\/\/waldspurger.ch\/fr\/#\/schema\/person\/e92a92f5b5a240afd932a5eba15ae94c\"},\"headline\":\"Platefome \u00e9l\u00e9vatrice\",\"datePublished\":\"2021-02-09T09:40:14+00:00\",\"dateModified\":\"2024-04-03T14:55:55+00:00\",\"mainEntityOfPage\":{\"@id\":\"https:\/\/waldspurger.ch\/fr\/accessoires\/platefome-elevatrice\/\"},\"wordCount\":1039,\"publisher\":{\"@id\":\"https:\/\/waldspurger.ch\/fr\/#organization\"},\"inLanguage\":\"fr-FR\"},{\"@type\":\"WebPage\",\"@id\":\"https:\/\/waldspurger.ch\/fr\/accessoires\/platefome-elevatrice\/\",\"url\":\"https:\/\/waldspurger.ch\/fr\/accessoires\/platefome-elevatrice\/\",\"name\":\"Platefome \u00e9l\u00e9vatrice - Waldspurger SA\",\"isPartOf\":{\"@id\":\"https:\/\/waldspurger.ch\/fr\/#website\"},\"datePublished\":\"2021-02-09T09:40:14+00:00\",\"dateModified\":\"2024-04-03T14:55:55+00:00\",\"breadcrumb\":{\"@id\":\"https:\/\/waldspurger.ch\/fr\/accessoires\/platefome-elevatrice\/#breadcrumb\"},\"inLanguage\":\"fr-FR\",\"potentialAction\":[{\"@type\":\"ReadAction\",\"target\":[\"https:\/\/waldspurger.ch\/fr\/accessoires\/platefome-elevatrice\/\"]}]},{\"@type\":\"BreadcrumbList\",\"@id\":\"https:\/\/waldspurger.ch\/fr\/accessoires\/platefome-elevatrice\/#breadcrumb\",\"itemListElement\":[{\"@type\":\"ListItem\",\"position\":1,\"name\":\"Startseite\",\"item\":\"https:\/\/waldspurger.ch\/fr\/\"},{\"@type\":\"ListItem\",\"position\":2,\"name\":\"Accessoires\",\"item\":\"https:\/\/waldspurger.ch\/fr\/accessoires\/\"},{\"@type\":\"ListItem\",\"position\":3,\"name\":\"Platefome \u00e9l\u00e9vatrice\"}]},{\"@type\":\"WebSite\",\"@id\":\"https:\/\/waldspurger.ch\/fr\/#website\",\"url\":\"https:\/\/waldspurger.ch\/fr\/\",\"name\":\"Waldspurger SA\",\"description\":\"Am\u00e9nagement\",\"publisher\":{\"@id\":\"https:\/\/waldspurger.ch\/fr\/#organization\"},\"potentialAction\":[{\"@type\":\"SearchAction\",\"target\":{\"@type\":\"EntryPoint\",\"urlTemplate\":\"https:\/\/waldspurger.ch\/fr\/?s={search_term_string}\"},\"query-input\":{\"@type\":\"PropertyValueSpecification\",\"valueRequired\":true,\"valueName\":\"search_term_string\"}}],\"inLanguage\":\"fr-FR\"},{\"@type\":\"Organization\",\"@id\":\"https:\/\/waldspurger.ch\/fr\/#organization\",\"name\":\"Waldspurger AG\",\"url\":\"https:\/\/waldspurger.ch\/fr\/\",\"logo\":{\"@type\":\"ImageObject\",\"inLanguage\":\"fr-FR\",\"@id\":\"https:\/\/waldspurger.ch\/fr\/#\/schema\/logo\/image\/\",\"url\":\"https:\/\/waldspurger.ch\/wp-content\/uploads\/2022\/02\/logo_de.png\",\"contentUrl\":\"https:\/\/waldspurger.ch\/wp-content\/uploads\/2022\/02\/logo_de.png\",\"width\":320,\"height\":223,\"caption\":\"Waldspurger AG\"},\"image\":{\"@id\":\"https:\/\/waldspurger.ch\/fr\/#\/schema\/logo\/image\/\"},\"sameAs\":[\"https:\/\/ch.linkedin.com\/company\/waldspurger-bergdietikon\",\"https:\/\/www.youtube.com\/channel\/UC4BYucVfPuWzNF4hyfO3YTw\"]},{\"@type\":\"Person\",\"@id\":\"https:\/\/waldspurger.ch\/fr\/#\/schema\/person\/e92a92f5b5a240afd932a5eba15ae94c\",\"name\":\"Adminmoritzi\",\"image\":{\"@type\":\"ImageObject\",\"inLanguage\":\"fr-FR\",\"@id\":\"https:\/\/secure.gravatar.com\/avatar\/4f43fbec0cc1848d75d18da5595fa2e9d12bc02d9d761756323c70efe587d61a?s=96&d=mm&r=g\",\"url\":\"https:\/\/secure.gravatar.com\/avatar\/4f43fbec0cc1848d75d18da5595fa2e9d12bc02d9d761756323c70efe587d61a?s=96&d=mm&r=g\",\"contentUrl\":\"https:\/\/secure.gravatar.com\/avatar\/4f43fbec0cc1848d75d18da5595fa2e9d12bc02d9d761756323c70efe587d61a?s=96&d=mm&r=g\",\"caption\":\"Adminmoritzi\"}}]}<\/script>\n<!-- \/ Yoast SEO plugin. -->","yoast_head_json":{"title":"Platefome \u00e9l\u00e9vatrice - Waldspurger SA","robots":{"index":"index","follow":"follow","max-snippet":"max-snippet:-1","max-image-preview":"max-image-preview:large","max-video-preview":"max-video-preview:-1"},"canonical":"https:\/\/waldspurger.ch\/fr\/accessoires\/platefome-elevatrice\/","og_locale":"fr_FR","og_type":"article","og_title":"Platefome \u00e9l\u00e9vatrice - Waldspurger SA","og_description":"[vc_row css=\u00a0\u00bb.vc_custom_1640212586130{margin-top: 90px !important;margin-bottom: 0px !important;padding-bottom: 0px !important;}\u00a0\u00bb][vc_column css_animation=\u00a0\u00bbfadeInUp\u00a0\u00bb css=\u00a0\u00bb.vc_custom_1640212677438{margin-bottom: 0px !important;padding-bottom: 0px !important;}\u00a0\u00bb][vc_column_text el_class=\u00a0\u00bbcustom_maxwidth\u00a0\u00bb css=\u00a0\u00bb.vc_custom_1646312126230{margin-top: 20px !important;padding-bottom: 50px !important;}\u00a0\u00bb]...","og_url":"https:\/\/waldspurger.ch\/fr\/accessoires\/platefome-elevatrice\/","og_site_name":"Waldspurger SA","article_modified_time":"2024-04-03T14:55:55+00:00","og_image":[{"width":320,"height":223,"url":"https:\/\/waldspurger.ch\/wp-content\/uploads\/2022\/02\/logo_de.png","type":"image\/png"}],"twitter_card":"summary_large_image","schema":{"@context":"https:\/\/schema.org","@graph":[{"@type":"Article","@id":"https:\/\/waldspurger.ch\/fr\/accessoires\/platefome-elevatrice\/#article","isPartOf":{"@id":"https:\/\/waldspurger.ch\/fr\/accessoires\/platefome-elevatrice\/"},"author":{"name":"Adminmoritzi","@id":"https:\/\/waldspurger.ch\/fr\/#\/schema\/person\/e92a92f5b5a240afd932a5eba15ae94c"},"headline":"Platefome \u00e9l\u00e9vatrice","datePublished":"2021-02-09T09:40:14+00:00","dateModified":"2024-04-03T14:55:55+00:00","mainEntityOfPage":{"@id":"https:\/\/waldspurger.ch\/fr\/accessoires\/platefome-elevatrice\/"},"wordCount":1039,"publisher":{"@id":"https:\/\/waldspurger.ch\/fr\/#organization"},"inLanguage":"fr-FR"},{"@type":"WebPage","@id":"https:\/\/waldspurger.ch\/fr\/accessoires\/platefome-elevatrice\/","url":"https:\/\/waldspurger.ch\/fr\/accessoires\/platefome-elevatrice\/","name":"Platefome \u00e9l\u00e9vatrice - Waldspurger SA","isPartOf":{"@id":"https:\/\/waldspurger.ch\/fr\/#website"},"datePublished":"2021-02-09T09:40:14+00:00","dateModified":"2024-04-03T14:55:55+00:00","breadcrumb":{"@id":"https:\/\/waldspurger.ch\/fr\/accessoires\/platefome-elevatrice\/#breadcrumb"},"inLanguage":"fr-FR","potentialAction":[{"@type":"ReadAction","target":["https:\/\/waldspurger.ch\/fr\/accessoires\/platefome-elevatrice\/"]}]},{"@type":"BreadcrumbList","@id":"https:\/\/waldspurger.ch\/fr\/accessoires\/platefome-elevatrice\/#breadcrumb","itemListElement":[{"@type":"ListItem","position":1,"name":"Startseite","item":"https:\/\/waldspurger.ch\/fr\/"},{"@type":"ListItem","position":2,"name":"Accessoires","item":"https:\/\/waldspurger.ch\/fr\/accessoires\/"},{"@type":"ListItem","position":3,"name":"Platefome \u00e9l\u00e9vatrice"}]},{"@type":"WebSite","@id":"https:\/\/waldspurger.ch\/fr\/#website","url":"https:\/\/waldspurger.ch\/fr\/","name":"Waldspurger SA","description":"Am\u00e9nagement","publisher":{"@id":"https:\/\/waldspurger.ch\/fr\/#organization"},"potentialAction":[{"@type":"SearchAction","target":{"@type":"EntryPoint","urlTemplate":"https:\/\/waldspurger.ch\/fr\/?s={search_term_string}"},"query-input":{"@type":"PropertyValueSpecification","valueRequired":true,"valueName":"search_term_string"}}],"inLanguage":"fr-FR"},{"@type":"Organization","@id":"https:\/\/waldspurger.ch\/fr\/#organization","name":"Waldspurger AG","url":"https:\/\/waldspurger.ch\/fr\/","logo":{"@type":"ImageObject","inLanguage":"fr-FR","@id":"https:\/\/waldspurger.ch\/fr\/#\/schema\/logo\/image\/","url":"https:\/\/waldspurger.ch\/wp-content\/uploads\/2022\/02\/logo_de.png","contentUrl":"https:\/\/waldspurger.ch\/wp-content\/uploads\/2022\/02\/logo_de.png","width":320,"height":223,"caption":"Waldspurger AG"},"image":{"@id":"https:\/\/waldspurger.ch\/fr\/#\/schema\/logo\/image\/"},"sameAs":["https:\/\/ch.linkedin.com\/company\/waldspurger-bergdietikon","https:\/\/www.youtube.com\/channel\/UC4BYucVfPuWzNF4hyfO3YTw"]},{"@type":"Person","@id":"https:\/\/waldspurger.ch\/fr\/#\/schema\/person\/e92a92f5b5a240afd932a5eba15ae94c","name":"Adminmoritzi","image":{"@type":"ImageObject","inLanguage":"fr-FR","@id":"https:\/\/secure.gravatar.com\/avatar\/4f43fbec0cc1848d75d18da5595fa2e9d12bc02d9d761756323c70efe587d61a?s=96&d=mm&r=g","url":"https:\/\/secure.gravatar.com\/avatar\/4f43fbec0cc1848d75d18da5595fa2e9d12bc02d9d761756323c70efe587d61a?s=96&d=mm&r=g","contentUrl":"https:\/\/secure.gravatar.com\/avatar\/4f43fbec0cc1848d75d18da5595fa2e9d12bc02d9d761756323c70efe587d61a?s=96&d=mm&r=g","caption":"Adminmoritzi"}}]}},"_links":{"self":[{"href":"https:\/\/waldspurger.ch\/fr\/wp-json\/wp\/v2\/pages\/34999","targetHints":{"allow":["GET"]}}],"collection":[{"href":"https:\/\/waldspurger.ch\/fr\/wp-json\/wp\/v2\/pages"}],"about":[{"href":"https:\/\/waldspurger.ch\/fr\/wp-json\/wp\/v2\/types\/page"}],"author":[{"embeddable":true,"href":"https:\/\/waldspurger.ch\/fr\/wp-json\/wp\/v2\/users\/1"}],"replies":[{"embeddable":true,"href":"https:\/\/waldspurger.ch\/fr\/wp-json\/wp\/v2\/comments?post=34999"}],"version-history":[{"count":0,"href":"https:\/\/waldspurger.ch\/fr\/wp-json\/wp\/v2\/pages\/34999\/revisions"}],"up":[{"embeddable":true,"href":"https:\/\/waldspurger.ch\/fr\/wp-json\/wp\/v2\/pages\/34781"}],"wp:attachment":[{"href":"https:\/\/waldspurger.ch\/fr\/wp-json\/wp\/v2\/media?parent=34999"}],"curies":[{"name":"wp","href":"https:\/\/api.w.org\/{rel}","templated":true}]}}