{"id":34977,"date":"2021-02-02T11:30:32","date_gmt":"2021-02-02T10:30:32","guid":{"rendered":"https:\/\/waldspurger.getads.ch\/vehicule-adapte-au-transport-en-fauteuil-roulant\/decoupe-a-larriere\/vw-caddy-vw-caddy-maxi-avec-rampe-pour-fauteuil-roulant\/"},"modified":"2024-02-09T09:53:36","modified_gmt":"2024-02-09T08:53:36","slug":"vw-caddy-vw-caddy-maxi-avec-rampe-pour-fauteuil-roulant","status":"publish","type":"page","link":"https:\/\/waldspurger.ch\/fr\/transport-de-pmr\/decaissement-arriere\/vw-caddy-vw-caddy-maxi-avec-rampe-pour-fauteuil-roulant\/","title":{"rendered":"VW caddy\/VW caddy maxi avec rampe pour fauteuil roulant"},"content":{"rendered":"<div class=\"wpb-content-wrapper\"><p>[vc_row content_placement=\u00a0\u00bbmiddle\u00a0\u00bb css=\u00a0\u00bb.vc_custom_1640704155929{margin-top: 20px !important;padding-bottom: 30px !important;}\u00a0\u00bb][vc_column][vc_column_text css=\u00a0\u00bb.vc_custom_1646311207647{margin-top: 50px !important;margin-bottom: 50px !important;padding-bottom: 20px !important;}\u00a0\u00bb]<\/p>\n<h1 style=\"text-align: center;\">VW Caddy \/ VW Caddy Maxi<br \/>\n<span style=\"color: #333333;\">AVEC RAMPE POUR FAUTEUIL ROULANT<\/span><\/h1>\n<p>[\/vc_column_text]<div class=\"preloader\"><div class=\"preloader-spin\"><\/div><\/div> <div id=\"gem-gallery-69f3a101bea87\" class=\"gem-gallery gem-gallery-hover-horizontal-sliding no-thumbs\" data-autoscroll=\"3000\"> <div class=\"gem-gallery-item\"> <div class=\"gem-gallery-item-image\"> <a href=\"https:\/\/waldspurger.ch\/wp-content\/uploads\/2022\/01\/caddy-scaled-thegem-gallery-fullwidth.jpg\" data-fancybox-group=\"gallery-69f3a101bea87\" data-full-image-url=\"https:\/\/waldspurger.ch\/wp-content\/uploads\/2022\/01\/caddy-scaled.jpg\"> <svg width=\"20\" height=\"10\"><path d=\"M 0,10 Q 9,9 10,0 Q 11,9 20,10\" \/><\/svg> <img src=\"https:\/\/waldspurger.ch\/wp-content\/uploads\/2022\/01\/caddy-scaled-thegem-post-thumb-small.jpg\" alt=\"\" class=\"img-responsive\"> <span class=\"gem-gallery-caption slide-info\"> <\/span> <\/a> <span class=\"gem-gallery-line\"><\/span> <\/div> <\/div> <div class=\"gem-gallery-item\"> <div class=\"gem-gallery-item-image\"> <a href=\"https:\/\/waldspurger.ch\/wp-content\/uploads\/2021\/06\/Rollipro-Heckausschnitt-Rollstuhlrampe-Rollstuhl-VW_Caddy-Waldspurger-thegem-gallery-fullwidth.jpg\" data-fancybox-group=\"gallery-69f3a101bea87\" data-full-image-url=\"https:\/\/waldspurger.ch\/wp-content\/uploads\/2021\/06\/Rollipro-Heckausschnitt-Rollstuhlrampe-Rollstuhl-VW_Caddy-Waldspurger.jpg\"> <svg width=\"20\" height=\"10\"><path d=\"M 0,10 Q 9,9 10,0 Q 11,9 20,10\" \/><\/svg> <img src=\"https:\/\/waldspurger.ch\/wp-content\/uploads\/2021\/06\/Rollipro-Heckausschnitt-Rollstuhlrampe-Rollstuhl-VW_Caddy-Waldspurger-thegem-post-thumb-small.jpg\" alt=\"\" class=\"img-responsive\"> <span class=\"gem-gallery-caption slide-info\"> <\/span> <\/a> <span class=\"gem-gallery-line\"><\/span> <\/div> <\/div> <div class=\"gem-gallery-item\"> <div class=\"gem-gallery-item-image\"> <a href=\"https:\/\/waldspurger.ch\/wp-content\/uploads\/2021\/05\/vw_caddy_maxi_side-thegem-gallery-fullwidth.png\" data-fancybox-group=\"gallery-69f3a101bea87\" data-full-image-url=\"https:\/\/waldspurger.ch\/wp-content\/uploads\/2021\/05\/vw_caddy_maxi_side.png\"> <svg width=\"20\" height=\"10\"><path d=\"M 0,10 Q 9,9 10,0 Q 11,9 20,10\" \/><\/svg> <img src=\"https:\/\/waldspurger.ch\/wp-content\/uploads\/2021\/05\/vw_caddy_maxi_side-thegem-post-thumb-small.png\" alt=\"\" class=\"img-responsive\"> <span class=\"gem-gallery-caption slide-info\"> <\/span> <\/a> <span class=\"gem-gallery-line\"><\/span> <\/div> <\/div> <div class=\"gem-gallery-item\"> <div class=\"gem-gallery-item-image\"> <a href=\"https:\/\/waldspurger.ch\/wp-content\/uploads\/2021\/06\/Rollipro-Heckausschnitt-Rollstuhlrampe-Flexiramp-VW_Caddy-Waldspurger-thegem-gallery-fullwidth.jpg\" data-fancybox-group=\"gallery-69f3a101bea87\" data-full-image-url=\"https:\/\/waldspurger.ch\/wp-content\/uploads\/2021\/06\/Rollipro-Heckausschnitt-Rollstuhlrampe-Flexiramp-VW_Caddy-Waldspurger.jpg\"> <svg width=\"20\" height=\"10\"><path d=\"M 0,10 Q 9,9 10,0 Q 11,9 20,10\" \/><\/svg> <img src=\"https:\/\/waldspurger.ch\/wp-content\/uploads\/2021\/06\/Rollipro-Heckausschnitt-Rollstuhlrampe-Flexiramp-VW_Caddy-Waldspurger-thegem-post-thumb-small.jpg\" alt=\"\" class=\"img-responsive\"> <span class=\"gem-gallery-caption slide-info\"> <\/span> <\/a> <span class=\"gem-gallery-line\"><\/span> <\/div> <\/div> <div class=\"gem-gallery-item\"> <div class=\"gem-gallery-item-image\"> <a href=\"https:\/\/waldspurger.ch\/wp-content\/uploads\/2021\/06\/Rollipro-Heckausschnitt-Rollstuhlrampe-Flexiramp-VW_Caddy_Maxi-Waldspurger-thegem-gallery-fullwidth.jpg\" data-fancybox-group=\"gallery-69f3a101bea87\" data-full-image-url=\"https:\/\/waldspurger.ch\/wp-content\/uploads\/2021\/06\/Rollipro-Heckausschnitt-Rollstuhlrampe-Flexiramp-VW_Caddy_Maxi-Waldspurger.jpg\"> <svg width=\"20\" height=\"10\"><path d=\"M 0,10 Q 9,9 10,0 Q 11,9 20,10\" \/><\/svg> <img src=\"https:\/\/waldspurger.ch\/wp-content\/uploads\/2021\/06\/Rollipro-Heckausschnitt-Rollstuhlrampe-Flexiramp-VW_Caddy_Maxi-Waldspurger-thegem-post-thumb-small.jpg\" alt=\"\" class=\"img-responsive\"> <span class=\"gem-gallery-caption slide-info\"> <\/span> <\/a> <span class=\"gem-gallery-line\"><\/span> <\/div> <\/div> <\/div>[\/vc_column][\/vc_row][vc_row full_width=\u00a0\u00bbstretch_row\u00a0\u00bb css=\u00a0\u00bb.vc_custom_1640695243407{margin-top: 0px !important;margin-bottom: 0px !important;padding-top: 50px !important;padding-bottom: 50px !important;background-color: #f3f5f6 !important;}\u00a0\u00bb][vc_column width=\u00a0\u00bb1\/6&Prime;][\/vc_column][vc_column width=\u00a0\u00bb2\/3&Prime; css=\u00a0\u00bb.vc_custom_1640695476030{margin-top: 0px !important;margin-bottom: 0px !important;padding-top: 0px !important;padding-bottom: 0px !important;}\u00a0\u00bb][vc_column_text css=\u00a0\u00bb.vc_custom_1654161546466{margin-top: 0px !important;margin-bottom: 0px !important;padding-top: 0px !important;padding-bottom: 0px !important;}\u00a0\u00bb el_class=\u00a0\u00bbcustom_maxwidth_900&Prime;]<\/p>\n<h3>VW CADDY ET VW CADDY MAXI ADAPT\u00c9E AU TRANSPORT DE PMR<\/h3>\n<p>Chez Waldspurger, nous adaptons votre mod\u00e8le VW Caddy en un tournemain pour le transport de fauteuil roulant. Gr\u00e2ce \u00e0 la d\u00e9caissement arri\u00e8re et \u00e0 la rampe d\u2019acc\u00e8s, le passager en fauteuil roulant voyage confortablement, m\u00eame dans un v\u00e9hicule o\u00f9 la hauteur int\u00e9rieure ne suffirait normalement pas.<\/p>\n<p>La perte de capacit\u00e9 de charge est minime. Cet am\u00e9nagement sp\u00e9cial est approuv\u00e9 par les fabricants et il va sans dire que la garantie d\u2019usine de votre VW Caddy reste en vigueur apr\u00e8s l\u2019installation de la rampe pour fauteuil roulant. Les mat\u00e9riaux utilis\u00e9s pour l\u2019am\u00e9nagement, notamment l&rsquo;acier inoxydable et les \u00e9l\u00e9ments en aluminium rev\u00eatus, garantissent une longue dur\u00e9e de vie. Des syst\u00e8mes innovants pour l&rsquo;ancrage et l&rsquo;arrimage des ceintures et des r\u00e9tracteurs font partie int\u00e9grante du concept de s\u00e9curit\u00e9 install\u00e9 dans votre voiture. Le dossier de fauteuil roulant Safetrans\u2122\/SafetransPlus\u2122 est peu encombrant et offre un confort accru et une protection optimale de la t\u00eate et du dos.[\/vc_column_text][\/vc_column][vc_column width=\u00a0\u00bb1\/6&Prime;][\/vc_column][\/vc_row][vc_row][vc_column width=\u00a0\u00bb1\/6&Prime;][\/vc_column][vc_column width=\u00a0\u00bb2\/3&Prime;][vc_single_image image=\u00a0\u00bb30781&Prime; img_size=\u00a0\u00bbfull\u00a0\u00bb alignment=\u00a0\u00bbcenter\u00a0\u00bb css=\u00a0\u00bb.vc_custom_1640695289700{padding-top: 0px !important;padding-bottom: 20px !important;}\u00a0\u00bb el_class=\u00a0\u00bbcustom_maxwidth_500&Prime;][vc_column_text]<\/p>\n<h3>ADAPTATION POUR LE TRANSPORT DE FAUTEUIL ROULANT D\u2019UNE VW CADDY<\/h3>\n<p>Sur la VW Caddy \u00e0 empattement court, compl\u00e9t\u00e9e par une rampe d&rsquo;acc\u00e8s pour fauteuils roulants, toute la banquette arri\u00e8re d&rsquo;origine peut \u00eatre rabattue vers l&rsquo;avant pour accueillir de grands fauteuils roulants. Cela permet de transporter deux personnes sans et une personne en fauteuil roulant. Avec des fauteuils roulants de taille standard, l\u2019un des si\u00e8ges rabattus vers l&rsquo;avant peut \u00eatre utilis\u00e9 normalement. Ainsi vous pouvez transporter trois personnes sans et une personne en fauteuil roulant dans votre VW Caddy. Et sans fauteuil roulant, elle peut accueillir jusqu\u2019\u00e0 cinq personnes.[\/vc_column_text][\/vc_column][vc_column width=\u00a0\u00bb1\/6&Prime;][\/vc_column][\/vc_row][vc_row][vc_column width=\u00a0\u00bb1\/6&Prime;][\/vc_column][vc_column width=\u00a0\u00bb2\/3&Prime;][vc_single_image image=\u00a0\u00bb30761&Prime; img_size=\u00a0\u00bb600&#215;400&Prime; alignment=\u00a0\u00bbcenter\u00a0\u00bb css=\u00a0\u00bb.vc_custom_1640695333552{padding-bottom: 20px !important;}\u00a0\u00bb][vc_column_text]<\/p>\n<h3>ADAPTATION POUR LE TRANSPORT DE FAUTEUIL ROULANT D\u2019UNE VW CADDY MAXI<\/h3>\n<p>Une VW Caddy Maxi \u00e0 empattement long est id\u00e9ale pour les familles nombreuses ainsi que pour les entreprises de transport ou les foyers qui transportent \u00e0 la fois des personnes avec et sans fauteuil roulant. En version de base, le banc d\u2019origine \u00e0 3 personnes reste en place ce qui permet de transporter cinq personnes sans et une personne en fauteuil roulant.<br \/>\nEn option, un ou deux si\u00e8ges rabattables et pivotants suppl\u00e9mentaires peuvent \u00eatre install\u00e9s \u00e0 la troisi\u00e8me rang\u00e9e de si\u00e8ges de la VW Caddy Maxi. Lorsque les si\u00e8ges sont repli\u00e9s, le v\u00e9hicule peut accueillir, comme en version de base, cinq personnes sans et une personne en fauteuil roulant. Lorsque les si\u00e8ges sont d\u00e9pli\u00e9s, le v\u00e9hicule peut accueillir six personnes et le conducteur, mais pas de fauteuil roulant.[\/vc_column_text][\/vc_column][vc_column width=\u00a0\u00bb1\/6&Prime;][\/vc_column][\/vc_row][vc_row][vc_column width=\u00a0\u00bb1\/6&Prime;][\/vc_column][vc_column width=\u00a0\u00bb2\/3&Prime;][vc_single_image image=\u00a0\u00bb41445&Prime; img_size=\u00a0\u00bb400&#215;267&Prime; alignment=\u00a0\u00bbcenter\u00a0\u00bb css=\u00a0\u00bb.vc_custom_1654182883880{padding-bottom: 20px !important;}\u00a0\u00bb][vc_column_text]<\/p>\n<h3>VW Caddy Maxi pour transport en position couch\u00e9e<\/h3>\n<p>Une d\u00e9caissement XL arri\u00e8re pour le transport en position couch\u00e9e vous donne un maximum de flexibilit\u00e9. Notre solution d\u2019am\u00e9nagement innovante vous permet de transformer un petit v\u00e9hicule VW Caddy Maxi en un champion de l&rsquo;espace. Le v\u00e9hicule trouve place dans chaque garage et se transforme en un tournemain, selon les besoins, en v\u00e9hicule \u00e0 7 places, \u00e0 5 places plus un fauteuil roulant ou en 3 places plus un chariot brancard. Gr\u00e2ce \u00e0 la grande largeur int\u00e9rieure de la cuve, il est possible de transporter simultan\u00e9ment le chariot brancard et une personne accompagnante sur un si\u00e8ge d\u2019origine dans l\u2019espace de chargement.[\/vc_column_text][\/vc_column][vc_column width=\u00a0\u00bb1\/6&Prime;][\/vc_column][\/vc_row][vc_row full_width=\u00a0\u00bbstretch_row\u00a0\u00bb css_animation=\u00a0\u00bbfadeInUp\u00a0\u00bb css=\u00a0\u00bb.vc_custom_1640695386006{margin-top: 0px !important;padding-top: 30px !important;padding-bottom: 30px !important;}\u00a0\u00bb][vc_column width=\u00a0\u00bb1\/6&Prime;][vc_row_inner][vc_column_inner][\/vc_column_inner][\/vc_row_inner][\/vc_column][vc_column width=\u00a0\u00bb2\/3&Prime;][vc_icon icon_fontawesome=\u00a0\u00bbfas fa-file-alt\u00a0\u00bb color=\u00a0\u00bbcustom\u00a0\u00bb background_style=\u00a0\u00bbrounded\u00a0\u00bb background_color=\u00a0\u00bbcustom\u00a0\u00bb size=\u00a0\u00bblg\u00a0\u00bb custom_color=\u00a0\u00bb#c3bab9&Prime; el_class=\u00a0\u00bbcustom_round_icon_border_floatleft\u00a0\u00bb][vc_column_text css=\u00a0\u00bb.vc_custom_1640695393935{margin-bottom: 20px !important;}\u00a0\u00bb]<\/p>\n<h3><span style=\"color: #b32022;\">Brochures<\/span><\/h3>\n<p>Vous trouverez des d\u00e9tails sur nos offres dans les brochures que vous pouvez t\u00e9l\u00e9charger ici.[\/vc_column_text][vc_row_inner][vc_column_inner mobile_margin_top=\u00a0\u00bb20&Prime;][vc_raw_html css=\u00a0\u00bb.vc_custom_1707468813337{margin-bottom: 25px !important;}\u00a0\u00bb]JTNDYSUyMGhyZWYlM0QlMjJodHRwcyUzQSUyRiUyRndhbGRzcHVyZ2VyLmNoJTJGd3AtY29udGVudCUyRnVwbG9hZHMlMkYyMDI0JTJGMDIlMkZSb2xsaVByb19WV19DYWRkeV9GLnBkZiUyMiUyMHRhcmdldCUzRCUyMl9ibGFuayUyMiUyMHJlbCUzRCUyMm5vb3BlbmVyJTIyJTIwc3R5bGUlM0QlMjJjb2xvciUzQSUyM2MzYmFiOSUyMCUyMWltcG9ydGFudCUyMiUzRSUzQ3NwYW4lMjBjbGFzcyUzRCUyMnZjX2ljb25fZWxlbWVudC1pY29uJTIwZmFyJTIwZmEtYXJyb3ctYWx0LWNpcmNsZS1kb3duJTIwY19pbmxpbmVfaWNvbiUyMiUzRSUzQyUyRnNwYW4lM0UlM0NoNSUyMHN0eWxlJTNEJTIyY29sb3IlM0ElMjAlMjNiMzIwMjIlM0IlMjIlM0UlM0NzdHJvbmclM0VWVyUyMENhZGR5JTIwJTJGJTIwVlclMjBDYWRkeSUyME1heGklM0MlMkZzdHJvbmclM0UlM0MlMkZoNSUzRSUzQyUyRmElM0U=[\/vc_raw_html][\/vc_column_inner][\/vc_row_inner][\/vc_column][vc_column width=\u00a0\u00bb1\/6&Prime;][\/vc_column][\/vc_row][vc_row full_width=\u00a0\u00bbstretch_row\u00a0\u00bb css_animation=\u00a0\u00bbfadeInUp\u00a0\u00bb css=\u00a0\u00bb.vc_custom_1640695416639{margin-top: 0px !important;margin-bottom: 0px !important;padding-top: 0px !important;padding-bottom: 70px !important;}\u00a0\u00bb][vc_column width=\u00a0\u00bb1\/6&Prime;][vc_row_inner][vc_column_inner][\/vc_column_inner][\/vc_row_inner][\/vc_column][vc_column width=\u00a0\u00bb2\/3&Prime;][vc_icon icon_fontawesome=\u00a0\u00bbfar fa-edit\u00a0\u00bb color=\u00a0\u00bbcustom\u00a0\u00bb background_style=\u00a0\u00bbrounded\u00a0\u00bb background_color=\u00a0\u00bbcustom\u00a0\u00bb size=\u00a0\u00bblg\u00a0\u00bb custom_color=\u00a0\u00bb#c3bab9&Prime; el_class=\u00a0\u00bbcustom_round_icon_border_floatleft\u00a0\u00bb][vc_column_text el_class=\u00a0\u00bbcustom_maxwidth\u00a0\u00bb css=\u00a0\u00bb.vc_custom_1633047223689{margin-bottom: 40px !important;}\u00a0\u00bb]<\/p>\n<h3><span style=\"color: #b32022;\">Demandes d&rsquo;offre d\u00e9caissement arri\u00e8re<br \/>\nVW Caddy \/ VW Caddy Maxi<br \/>\n<\/span><\/h3>\n<p>Remplissez notre formulaire de demande d&rsquo;offre et nous vous soumettrons volontiers une offre.[\/vc_column_text][vc_tta_accordion active_section=\u00a0\u00bb1&Prime; css_animation=\u00a0\u00bbfadeInUp\u00a0\u00bb collapsible_all=\u00a0\u00bbtrue\u00a0\u00bb css=\u00a0\u00bb.vc_custom_1640695584042{margin-bottom: 50px !important;padding-top: 0px !important;background-color: #f3f5f6 !important;}\u00a0\u00bb][vc_tta_section add_icon=\u00a0\u00bbtrue\u00a0\u00bb title=\u00a0\u00bbCo\u00fbts Demandes\u00a0\u00bb tab_id=\u00a0\u00bboffertenanfrage\u00a0\u00bb][vc_column_text]\n<div class=\"wpcf7 no-js\" id=\"wpcf7-f38827-o1\" lang=\"fr-FR\" dir=\"ltr\" data-wpcf7-id=\"38827\">\n<div class=\"screen-reader-response\"><p role=\"status\" aria-live=\"polite\" aria-atomic=\"true\"><\/p> <ul><\/ul><\/div>\n<form action=\"\/fr\/wp-json\/wp\/v2\/pages\/34977#wpcf7-f38827-o1\" method=\"post\" class=\"wpcf7-form init\" aria-label=\"Formulaire de contact\" novalidate=\"novalidate\" data-status=\"init\">\n<fieldset class=\"hidden-fields-container\"><legend class=\"screen-reader-text\">Hidden fields<\/legend><input type=\"hidden\" name=\"_wpcf7\" value=\"38827\" \/><input type=\"hidden\" name=\"_wpcf7_version\" value=\"6.1.5\" \/><input type=\"hidden\" name=\"_wpcf7_locale\" value=\"fr_FR\" \/><input type=\"hidden\" name=\"_wpcf7_unit_tag\" value=\"wpcf7-f38827-o1\" \/><input type=\"hidden\" name=\"_wpcf7_container_post\" value=\"0\" \/><input type=\"hidden\" name=\"_wpcf7_posted_data_hash\" value=\"\" \/><input type=\"hidden\" name=\"_wpcf7_recaptcha_response\" value=\"\" \/>\n<\/fieldset>\n<span id=\"wpcf7-69f3a101c3349-wrapper\" class=\"wpcf7-form-control-wrap hop-wrap\" style=\"display:none !important; visibility:hidden !important;\"><input type=\"hidden\" name=\"hop-time-start\" value=\"1777574145\"><input type=\"hidden\" name=\"hop-time-check\" value=\"15\"><label for=\"wpcf7-69f3a101c3349-field\" class=\"hp-message\">Veuillez laisser ce champ vide.<\/label><input id=\"wpcf7-69f3a101c3349-field\"  class=\"wpcf7-form-control wpcf7-text\" type=\"text\" name=\"hop\" value=\"\" size=\"40\" tabindex=\"-1\" autocomplete=\"new-password\" \/><\/span>\n<label> <h4><strong>Demande d'offre d\u00e9coupe arri\u00e8re - VW Caddy \/ VW Caddy Maxi<\/strong><\/h4>\n<p>Transformation en transporteur de fauteuil roulant avec un RolliPro<sup>TM<\/sup>-d\u00e9coupe \u00e0 l'arri\u00e8re.<\/p><br\/>\n<h4><strong>V\u00e9hicule<\/strong><\/h4>\n<span class=\"wpcf7-form-control-wrap\" data-name=\"fahrzeug\"><select class=\"wpcf7-form-control wpcf7-select\" aria-invalid=\"false\" name=\"fahrzeug\"><option value=\"VW Caddy\">VW Caddy<\/option><option value=\"VW Caddy Maxi\">VW Caddy Maxi<\/option><\/select><\/span><\/label><br\/>\n\n\n<label><h4><strong>Protection de la t\u00eate et du dos<\/strong><\/h4>\n<span class=\"wpcf7-form-control-wrap\" data-name=\"kopf_rueckenprotektor\"><select class=\"wpcf7-form-control wpcf7-select\" aria-invalid=\"false\" name=\"kopf_rueckenprotektor\"><option value=\"Encore ouvert\">Encore ouvert<\/option><option value=\"Safetrans\">Safetrans<\/option><option value=\"SafetransPlus\">SafetransPlus<\/option><option value=\"Non\">Non<\/option><\/select><\/span><\/label>\n\n<label><p><h4><strong>Fixation pour fauteuil roulant<\/strong><\/h4>Rangez les r\u00e9tracteurs arri\u00e8re dans le support lat\u00e9ral des r\u00e9tracteurs lorsque vous ne les utilisez pas ou faites encastrer les deux r\u00e9tracteurs arri\u00e8re dans le sol pour gagner de la place.<\/p><\/label>\n<label><p style=\"margin-top:-20px;\"><strong>Support pour \u00e9carteurs<\/strong><\/p>\n<span class=\"wpcf7-form-control-wrap\" data-name=\"halterung\"><select class=\"wpcf7-form-control wpcf7-select\" aria-invalid=\"false\" name=\"halterung\"><option value=\"Encore ouvert\">Encore ouvert<\/option><option value=\"Oui\">Oui<\/option><option value=\"Non\">Non<\/option><\/select><\/span><\/label>\n\n<label>\n<p><strong>Bac de sol<\/strong><\/p>\n<span class=\"wpcf7-form-control-wrap\" data-name=\"bodenmulde\"><select class=\"wpcf7-form-control wpcf7-select\" aria-invalid=\"false\" name=\"bodenmulde\"><option value=\"Encore ouvert\">Encore ouvert<\/option><option value=\"Oui\">Oui<\/option><option value=\"Non\">Non<\/option><\/select><\/span><\/label>\n\n\n<label><p><h4><strong>\u00c9clairage<\/strong><\/h4>\nGr\u00e2ce \u00e0 des sources lumineuses LED suppl\u00e9mentaires dans le ciel de pavillon ou au niveau du sol, la zone d'entr\u00e9e est automatiquement \u00e9clair\u00e9e.<\/p><\/label>\n<label><p style=\"margin-top:-20px;\"><strong>Toiture<\/strong><\/p>\n<span class=\"wpcf7-form-control-wrap\" data-name=\"beleuchtung_dach\"><select class=\"wpcf7-form-control wpcf7-select\" aria-invalid=\"false\" name=\"beleuchtung_dach\"><option value=\"Encore ouvert\">Encore ouvert<\/option><option value=\"Oui\">Oui<\/option><option value=\"Non\">Non<\/option><\/select><\/span><\/label>\n<label><p><strong>Sol<\/strong><\/p>\n<span class=\"wpcf7-form-control-wrap\" data-name=\"beleuchtung_boden\"><select class=\"wpcf7-form-control wpcf7-select\" aria-invalid=\"false\" name=\"beleuchtung_boden\"><option value=\"Encore ouvert\">Encore ouvert<\/option><option value=\"Oui\">Oui<\/option><option value=\"Non\">Non<\/option><\/select><\/span><\/label>\n<br\/>\n\n<label>\n<h4><strong>FlexiRamp<sup>TM<\/sup><\/strong><\/h4>\n<p>V\u00e9hicules \u00e9quip\u00e9s de capteurs de recul en usine. D\u00e9placement des capteurs de recul existants.<\/p>\n<span class=\"wpcf7-form-control-wrap\" data-name=\"flexiramp\"><select class=\"wpcf7-form-control wpcf7-select\" aria-invalid=\"false\" name=\"flexiramp\"><option value=\"Encore ouvert\">Encore ouvert<\/option><option value=\"Oui\">Oui<\/option><option value=\"Non\">Non<\/option><\/select><\/span><\/label>\n<br\/>\n\n<label>\n<h4><strong>D\u00e9tecteurs de recul<\/strong><\/h4>\n<p>V\u00e9hicules \u00e9quip\u00e9s de capteurs de recul en usine. D\u00e9placement des capteurs de recul existants.<\/p>\n<span class=\"wpcf7-form-control-wrap\" data-name=\"ruckfahrsensoren\"><select class=\"wpcf7-form-control wpcf7-select\" aria-invalid=\"false\" name=\"ruckfahrsensoren\"><option value=\"Encore ouvert\">Encore ouvert<\/option><option value=\"Oui\">Oui<\/option><option value=\"Non\">Non<\/option><\/select><\/span><\/label>\n<br>\n\n<label>\n<h4><strong>Treuil \u00e0 c\u00e2ble<\/strong><\/h4>\n<p>Aide \u00e0 l'entr\u00e9e pour une introduction presque sans effort de l'occupant du fauteuil roulant avec crochet de fixation. Commande par t\u00e9l\u00e9commande.<\/p>\n<span class=\"wpcf7-form-control-wrap\" data-name=\"seilwinde\"><select class=\"wpcf7-form-control wpcf7-select\" aria-invalid=\"false\" name=\"seilwinde\"><option value=\"Encore ouvert\">Encore ouvert<\/option><option value=\"Oui\">Oui<\/option><option value=\"Non\">Non<\/option><\/select><\/span><\/label>\n\n<label> <h4><strong>Informations sur l'exp\u00e9diteur<\/strong><\/h4><p>Nom\/entreprise<\/p><span class=\"wpcf7-form-control-wrap\" data-name=\"absender_namefirma\"><input size=\"40\" maxlength=\"400\" class=\"wpcf7-form-control wpcf7-text\" aria-invalid=\"false\" value=\"\" type=\"text\" name=\"absender_namefirma\" \/><\/span><\/label>\n\n<label><p>Personne de contact <span class=\"ws_red\">*<\/span><\/p><span class=\"wpcf7-form-control-wrap\" data-name=\"absender_ansprechperson\"><input size=\"40\" maxlength=\"400\" class=\"wpcf7-form-control wpcf7-text wpcf7-validates-as-required\" aria-required=\"true\" aria-invalid=\"false\" value=\"\" type=\"text\" name=\"absender_ansprechperson\" \/><\/span><\/label>\n\n<label><p>Rue <span class=\"ws_red\">*<\/span><\/p><span class=\"wpcf7-form-control-wrap\" data-name=\"absender_strasse\"><input size=\"40\" maxlength=\"400\" class=\"wpcf7-form-control wpcf7-text wpcf7-validates-as-required\" aria-required=\"true\" aria-invalid=\"false\" value=\"\" type=\"text\" name=\"absender_strasse\" \/><\/span><\/label>\n\n<label>\n<p>NPA\/localit\u00e9 <span class=\"ws_red\">*<\/span><\/p>\n<span class=\"wpcf7-form-control-wrap\" data-name=\"absender_plzort\"><input size=\"40\" maxlength=\"400\" class=\"wpcf7-form-control wpcf7-text wpcf7-validates-as-required\" aria-required=\"true\" aria-invalid=\"false\" value=\"\" type=\"text\" name=\"absender_plzort\" \/><\/span>\n<\/label>\n\n<label>\n<p>T\u00e9l\u00e9phone <span class=\"ws_red\">*<\/span><\/p>\n<span class=\"wpcf7-form-control-wrap\" data-name=\"absender_telefon\"><input size=\"40\" maxlength=\"400\" class=\"wpcf7-form-control wpcf7-text wpcf7-validates-as-required\" aria-required=\"true\" aria-invalid=\"false\" value=\"\" type=\"text\" name=\"absender_telefon\" \/><\/span>\n<\/label>\n\n<label>\n<p>E-mail <span class=\"ws_red\">*<\/span><\/p>\n<span class=\"wpcf7-form-control-wrap\" data-name=\"absender_email\"><input size=\"40\" maxlength=\"400\" class=\"wpcf7-form-control wpcf7-email wpcf7-validates-as-required wpcf7-text wpcf7-validates-as-email\" aria-required=\"true\" aria-invalid=\"false\" value=\"\" type=\"email\" name=\"absender_email\" \/><\/span>\n<\/label>\n\n<label> <h4 style=\"margin-bottom: 10px;\"><strong>Communiqu\u00e9<\/strong><\/h4>\n<p>Plus d'informations sur votre demande d'offre sans engagement.<\/p>\n<span class=\"wpcf7-form-control-wrap\" data-name=\"mitteilung\"><textarea cols=\"40\" rows=\"3\" maxlength=\"2000\" class=\"wpcf7-form-control wpcf7-textarea\" aria-invalid=\"false\" name=\"mitteilung\"><\/textarea><\/span>\n<\/label>\n\n\n<p>Apr\u00e8s l'envoi, vous recevrez un e-mail de confirmation avec vos donn\u00e9es pour v\u00e9rification.<\/p>\n<input class=\"wpcf7-form-control wpcf7-submit has-spinner\" type=\"submit\" value=\"Envoyer\" \/><div class=\"wpcf7-response-output\" aria-hidden=\"true\"><\/div>\n<\/form>\n<\/div>\n[\/vc_column_text][\/vc_tta_section][\/vc_tta_accordion][\/vc_column][vc_column width=\u00a0\u00bb1\/6&Prime;][\/vc_column][\/vc_row]<\/p>\n<\/div>","protected":false},"excerpt":{"rendered":"<p>[vc_row content_placement=\u00a0\u00bbmiddle\u00a0\u00bb css=\u00a0\u00bb.vc_custom_1640704155929{margin-top: 20px !important;padding-bottom: 30px !important;}\u00a0\u00bb][vc_column][vc_column_text css=\u00a0\u00bb.vc_custom_1646311207647{margin-top: 50px !important;margin-bottom: 50px !important;padding-bottom: 20px !important;}\u00a0\u00bb] VW Caddy \/ VW Caddy Maxi&#8230;<\/p>\n","protected":false},"author":1,"featured_media":0,"parent":34726,"menu_order":0,"comment_status":"closed","ping_status":"closed","template":"","meta":{"footnotes":""},"class_list":["post-34977","page","type-page","status-publish"],"yoast_head":"<!-- This site is optimized with the Yoast SEO plugin v27.2 - https:\/\/yoast.com\/product\/yoast-seo-wordpress\/ -->\n<title>VW caddy\/VW caddy maxi avec rampe pour fauteuil roulant - Waldspurger SA<\/title>\n<meta name=\"robots\" content=\"index, follow, max-snippet:-1, max-image-preview:large, max-video-preview:-1\" \/>\n<link rel=\"canonical\" href=\"https:\/\/waldspurger.ch\/fr\/transport-de-pmr\/decaissement-arriere\/vw-caddy-vw-caddy-maxi-avec-rampe-pour-fauteuil-roulant\/\" \/>\n<meta property=\"og:locale\" content=\"fr_FR\" \/>\n<meta property=\"og:type\" content=\"article\" \/>\n<meta property=\"og:title\" content=\"VW caddy\/VW caddy maxi avec rampe pour fauteuil roulant - Waldspurger SA\" \/>\n<meta property=\"og:description\" content=\"[vc_row content_placement=\u00a0\u00bbmiddle\u00a0\u00bb css=\u00a0\u00bb.vc_custom_1640704155929{margin-top: 20px !important;padding-bottom: 30px !important;}\u00a0\u00bb][vc_column][vc_column_text css=\u00a0\u00bb.vc_custom_1646311207647{margin-top: 50px !important;margin-bottom: 50px !important;padding-bottom: 20px !important;}\u00a0\u00bb] VW Caddy \/ VW Caddy Maxi...\" \/>\n<meta property=\"og:url\" content=\"https:\/\/waldspurger.ch\/fr\/transport-de-pmr\/decaissement-arriere\/vw-caddy-vw-caddy-maxi-avec-rampe-pour-fauteuil-roulant\/\" \/>\n<meta property=\"og:site_name\" content=\"Waldspurger SA\" \/>\n<meta property=\"article:modified_time\" content=\"2024-02-09T08:53:36+00:00\" \/>\n<meta property=\"og:image\" content=\"https:\/\/waldspurger.ch\/wp-content\/uploads\/2022\/02\/logo_de.png\" \/>\n\t<meta property=\"og:image:width\" content=\"320\" \/>\n\t<meta property=\"og:image:height\" content=\"223\" \/>\n\t<meta property=\"og:image:type\" content=\"image\/png\" \/>\n<meta name=\"twitter:card\" content=\"summary_large_image\" \/>\n<script type=\"application\/ld+json\" class=\"yoast-schema-graph\">{\"@context\":\"https:\/\/schema.org\",\"@graph\":[{\"@type\":\"Article\",\"@id\":\"https:\/\/waldspurger.ch\/fr\/transport-de-pmr\/decaissement-arriere\/vw-caddy-vw-caddy-maxi-avec-rampe-pour-fauteuil-roulant\/#article\",\"isPartOf\":{\"@id\":\"https:\/\/waldspurger.ch\/fr\/transport-de-pmr\/decaissement-arriere\/vw-caddy-vw-caddy-maxi-avec-rampe-pour-fauteuil-roulant\/\"},\"author\":{\"name\":\"Adminmoritzi\",\"@id\":\"https:\/\/waldspurger.ch\/fr\/#\/schema\/person\/e92a92f5b5a240afd932a5eba15ae94c\"},\"headline\":\"VW caddy\/VW caddy maxi avec rampe pour fauteuil roulant\",\"datePublished\":\"2021-02-02T10:30:32+00:00\",\"dateModified\":\"2024-02-09T08:53:36+00:00\",\"mainEntityOfPage\":{\"@id\":\"https:\/\/waldspurger.ch\/fr\/transport-de-pmr\/decaissement-arriere\/vw-caddy-vw-caddy-maxi-avec-rampe-pour-fauteuil-roulant\/\"},\"wordCount\":1218,\"publisher\":{\"@id\":\"https:\/\/waldspurger.ch\/fr\/#organization\"},\"inLanguage\":\"fr-FR\"},{\"@type\":\"WebPage\",\"@id\":\"https:\/\/waldspurger.ch\/fr\/transport-de-pmr\/decaissement-arriere\/vw-caddy-vw-caddy-maxi-avec-rampe-pour-fauteuil-roulant\/\",\"url\":\"https:\/\/waldspurger.ch\/fr\/transport-de-pmr\/decaissement-arriere\/vw-caddy-vw-caddy-maxi-avec-rampe-pour-fauteuil-roulant\/\",\"name\":\"VW caddy\/VW caddy maxi avec rampe pour fauteuil roulant - Waldspurger SA\",\"isPartOf\":{\"@id\":\"https:\/\/waldspurger.ch\/fr\/#website\"},\"datePublished\":\"2021-02-02T10:30:32+00:00\",\"dateModified\":\"2024-02-09T08:53:36+00:00\",\"breadcrumb\":{\"@id\":\"https:\/\/waldspurger.ch\/fr\/transport-de-pmr\/decaissement-arriere\/vw-caddy-vw-caddy-maxi-avec-rampe-pour-fauteuil-roulant\/#breadcrumb\"},\"inLanguage\":\"fr-FR\",\"potentialAction\":[{\"@type\":\"ReadAction\",\"target\":[\"https:\/\/waldspurger.ch\/fr\/transport-de-pmr\/decaissement-arriere\/vw-caddy-vw-caddy-maxi-avec-rampe-pour-fauteuil-roulant\/\"]}]},{\"@type\":\"BreadcrumbList\",\"@id\":\"https:\/\/waldspurger.ch\/fr\/transport-de-pmr\/decaissement-arriere\/vw-caddy-vw-caddy-maxi-avec-rampe-pour-fauteuil-roulant\/#breadcrumb\",\"itemListElement\":[{\"@type\":\"ListItem\",\"position\":1,\"name\":\"Startseite\",\"item\":\"https:\/\/waldspurger.ch\/fr\/\"},{\"@type\":\"ListItem\",\"position\":2,\"name\":\"V\u00e9hicule adapt\u00e9 au transport en fauteuil roulant\",\"item\":\"https:\/\/waldspurger.ch\/fr\/transport-de-pmr\/\"},{\"@type\":\"ListItem\",\"position\":3,\"name\":\"D\u00e9caissement arri\u00e8re\",\"item\":\"https:\/\/waldspurger.ch\/fr\/transport-de-pmr\/decaissement-arriere\/\"},{\"@type\":\"ListItem\",\"position\":4,\"name\":\"VW caddy\/VW caddy maxi avec rampe pour fauteuil roulant\"}]},{\"@type\":\"WebSite\",\"@id\":\"https:\/\/waldspurger.ch\/fr\/#website\",\"url\":\"https:\/\/waldspurger.ch\/fr\/\",\"name\":\"Waldspurger SA\",\"description\":\"Am\u00e9nagement\",\"publisher\":{\"@id\":\"https:\/\/waldspurger.ch\/fr\/#organization\"},\"potentialAction\":[{\"@type\":\"SearchAction\",\"target\":{\"@type\":\"EntryPoint\",\"urlTemplate\":\"https:\/\/waldspurger.ch\/fr\/?s={search_term_string}\"},\"query-input\":{\"@type\":\"PropertyValueSpecification\",\"valueRequired\":true,\"valueName\":\"search_term_string\"}}],\"inLanguage\":\"fr-FR\"},{\"@type\":\"Organization\",\"@id\":\"https:\/\/waldspurger.ch\/fr\/#organization\",\"name\":\"Waldspurger AG\",\"url\":\"https:\/\/waldspurger.ch\/fr\/\",\"logo\":{\"@type\":\"ImageObject\",\"inLanguage\":\"fr-FR\",\"@id\":\"https:\/\/waldspurger.ch\/fr\/#\/schema\/logo\/image\/\",\"url\":\"https:\/\/waldspurger.ch\/wp-content\/uploads\/2022\/02\/logo_de.png\",\"contentUrl\":\"https:\/\/waldspurger.ch\/wp-content\/uploads\/2022\/02\/logo_de.png\",\"width\":320,\"height\":223,\"caption\":\"Waldspurger AG\"},\"image\":{\"@id\":\"https:\/\/waldspurger.ch\/fr\/#\/schema\/logo\/image\/\"},\"sameAs\":[\"https:\/\/ch.linkedin.com\/company\/waldspurger-bergdietikon\",\"https:\/\/www.youtube.com\/channel\/UC4BYucVfPuWzNF4hyfO3YTw\"]},{\"@type\":\"Person\",\"@id\":\"https:\/\/waldspurger.ch\/fr\/#\/schema\/person\/e92a92f5b5a240afd932a5eba15ae94c\",\"name\":\"Adminmoritzi\",\"image\":{\"@type\":\"ImageObject\",\"inLanguage\":\"fr-FR\",\"@id\":\"https:\/\/secure.gravatar.com\/avatar\/4f43fbec0cc1848d75d18da5595fa2e9d12bc02d9d761756323c70efe587d61a?s=96&d=mm&r=g\",\"url\":\"https:\/\/secure.gravatar.com\/avatar\/4f43fbec0cc1848d75d18da5595fa2e9d12bc02d9d761756323c70efe587d61a?s=96&d=mm&r=g\",\"contentUrl\":\"https:\/\/secure.gravatar.com\/avatar\/4f43fbec0cc1848d75d18da5595fa2e9d12bc02d9d761756323c70efe587d61a?s=96&d=mm&r=g\",\"caption\":\"Adminmoritzi\"}}]}<\/script>\n<!-- \/ Yoast SEO plugin. -->","yoast_head_json":{"title":"VW caddy\/VW caddy maxi avec rampe pour fauteuil roulant - Waldspurger SA","robots":{"index":"index","follow":"follow","max-snippet":"max-snippet:-1","max-image-preview":"max-image-preview:large","max-video-preview":"max-video-preview:-1"},"canonical":"https:\/\/waldspurger.ch\/fr\/transport-de-pmr\/decaissement-arriere\/vw-caddy-vw-caddy-maxi-avec-rampe-pour-fauteuil-roulant\/","og_locale":"fr_FR","og_type":"article","og_title":"VW caddy\/VW caddy maxi avec rampe pour fauteuil roulant - Waldspurger SA","og_description":"[vc_row content_placement=\u00a0\u00bbmiddle\u00a0\u00bb css=\u00a0\u00bb.vc_custom_1640704155929{margin-top: 20px !important;padding-bottom: 30px !important;}\u00a0\u00bb][vc_column][vc_column_text css=\u00a0\u00bb.vc_custom_1646311207647{margin-top: 50px !important;margin-bottom: 50px !important;padding-bottom: 20px !important;}\u00a0\u00bb] VW Caddy \/ VW Caddy Maxi...","og_url":"https:\/\/waldspurger.ch\/fr\/transport-de-pmr\/decaissement-arriere\/vw-caddy-vw-caddy-maxi-avec-rampe-pour-fauteuil-roulant\/","og_site_name":"Waldspurger SA","article_modified_time":"2024-02-09T08:53:36+00:00","og_image":[{"width":320,"height":223,"url":"https:\/\/waldspurger.ch\/wp-content\/uploads\/2022\/02\/logo_de.png","type":"image\/png"}],"twitter_card":"summary_large_image","schema":{"@context":"https:\/\/schema.org","@graph":[{"@type":"Article","@id":"https:\/\/waldspurger.ch\/fr\/transport-de-pmr\/decaissement-arriere\/vw-caddy-vw-caddy-maxi-avec-rampe-pour-fauteuil-roulant\/#article","isPartOf":{"@id":"https:\/\/waldspurger.ch\/fr\/transport-de-pmr\/decaissement-arriere\/vw-caddy-vw-caddy-maxi-avec-rampe-pour-fauteuil-roulant\/"},"author":{"name":"Adminmoritzi","@id":"https:\/\/waldspurger.ch\/fr\/#\/schema\/person\/e92a92f5b5a240afd932a5eba15ae94c"},"headline":"VW caddy\/VW caddy maxi avec rampe pour fauteuil roulant","datePublished":"2021-02-02T10:30:32+00:00","dateModified":"2024-02-09T08:53:36+00:00","mainEntityOfPage":{"@id":"https:\/\/waldspurger.ch\/fr\/transport-de-pmr\/decaissement-arriere\/vw-caddy-vw-caddy-maxi-avec-rampe-pour-fauteuil-roulant\/"},"wordCount":1218,"publisher":{"@id":"https:\/\/waldspurger.ch\/fr\/#organization"},"inLanguage":"fr-FR"},{"@type":"WebPage","@id":"https:\/\/waldspurger.ch\/fr\/transport-de-pmr\/decaissement-arriere\/vw-caddy-vw-caddy-maxi-avec-rampe-pour-fauteuil-roulant\/","url":"https:\/\/waldspurger.ch\/fr\/transport-de-pmr\/decaissement-arriere\/vw-caddy-vw-caddy-maxi-avec-rampe-pour-fauteuil-roulant\/","name":"VW caddy\/VW caddy maxi avec rampe pour fauteuil roulant - Waldspurger SA","isPartOf":{"@id":"https:\/\/waldspurger.ch\/fr\/#website"},"datePublished":"2021-02-02T10:30:32+00:00","dateModified":"2024-02-09T08:53:36+00:00","breadcrumb":{"@id":"https:\/\/waldspurger.ch\/fr\/transport-de-pmr\/decaissement-arriere\/vw-caddy-vw-caddy-maxi-avec-rampe-pour-fauteuil-roulant\/#breadcrumb"},"inLanguage":"fr-FR","potentialAction":[{"@type":"ReadAction","target":["https:\/\/waldspurger.ch\/fr\/transport-de-pmr\/decaissement-arriere\/vw-caddy-vw-caddy-maxi-avec-rampe-pour-fauteuil-roulant\/"]}]},{"@type":"BreadcrumbList","@id":"https:\/\/waldspurger.ch\/fr\/transport-de-pmr\/decaissement-arriere\/vw-caddy-vw-caddy-maxi-avec-rampe-pour-fauteuil-roulant\/#breadcrumb","itemListElement":[{"@type":"ListItem","position":1,"name":"Startseite","item":"https:\/\/waldspurger.ch\/fr\/"},{"@type":"ListItem","position":2,"name":"V\u00e9hicule adapt\u00e9 au transport en fauteuil roulant","item":"https:\/\/waldspurger.ch\/fr\/transport-de-pmr\/"},{"@type":"ListItem","position":3,"name":"D\u00e9caissement arri\u00e8re","item":"https:\/\/waldspurger.ch\/fr\/transport-de-pmr\/decaissement-arriere\/"},{"@type":"ListItem","position":4,"name":"VW caddy\/VW caddy maxi avec rampe pour fauteuil roulant"}]},{"@type":"WebSite","@id":"https:\/\/waldspurger.ch\/fr\/#website","url":"https:\/\/waldspurger.ch\/fr\/","name":"Waldspurger SA","description":"Am\u00e9nagement","publisher":{"@id":"https:\/\/waldspurger.ch\/fr\/#organization"},"potentialAction":[{"@type":"SearchAction","target":{"@type":"EntryPoint","urlTemplate":"https:\/\/waldspurger.ch\/fr\/?s={search_term_string}"},"query-input":{"@type":"PropertyValueSpecification","valueRequired":true,"valueName":"search_term_string"}}],"inLanguage":"fr-FR"},{"@type":"Organization","@id":"https:\/\/waldspurger.ch\/fr\/#organization","name":"Waldspurger AG","url":"https:\/\/waldspurger.ch\/fr\/","logo":{"@type":"ImageObject","inLanguage":"fr-FR","@id":"https:\/\/waldspurger.ch\/fr\/#\/schema\/logo\/image\/","url":"https:\/\/waldspurger.ch\/wp-content\/uploads\/2022\/02\/logo_de.png","contentUrl":"https:\/\/waldspurger.ch\/wp-content\/uploads\/2022\/02\/logo_de.png","width":320,"height":223,"caption":"Waldspurger AG"},"image":{"@id":"https:\/\/waldspurger.ch\/fr\/#\/schema\/logo\/image\/"},"sameAs":["https:\/\/ch.linkedin.com\/company\/waldspurger-bergdietikon","https:\/\/www.youtube.com\/channel\/UC4BYucVfPuWzNF4hyfO3YTw"]},{"@type":"Person","@id":"https:\/\/waldspurger.ch\/fr\/#\/schema\/person\/e92a92f5b5a240afd932a5eba15ae94c","name":"Adminmoritzi","image":{"@type":"ImageObject","inLanguage":"fr-FR","@id":"https:\/\/secure.gravatar.com\/avatar\/4f43fbec0cc1848d75d18da5595fa2e9d12bc02d9d761756323c70efe587d61a?s=96&d=mm&r=g","url":"https:\/\/secure.gravatar.com\/avatar\/4f43fbec0cc1848d75d18da5595fa2e9d12bc02d9d761756323c70efe587d61a?s=96&d=mm&r=g","contentUrl":"https:\/\/secure.gravatar.com\/avatar\/4f43fbec0cc1848d75d18da5595fa2e9d12bc02d9d761756323c70efe587d61a?s=96&d=mm&r=g","caption":"Adminmoritzi"}}]}},"_links":{"self":[{"href":"https:\/\/waldspurger.ch\/fr\/wp-json\/wp\/v2\/pages\/34977","targetHints":{"allow":["GET"]}}],"collection":[{"href":"https:\/\/waldspurger.ch\/fr\/wp-json\/wp\/v2\/pages"}],"about":[{"href":"https:\/\/waldspurger.ch\/fr\/wp-json\/wp\/v2\/types\/page"}],"author":[{"embeddable":true,"href":"https:\/\/waldspurger.ch\/fr\/wp-json\/wp\/v2\/users\/1"}],"replies":[{"embeddable":true,"href":"https:\/\/waldspurger.ch\/fr\/wp-json\/wp\/v2\/comments?post=34977"}],"version-history":[{"count":0,"href":"https:\/\/waldspurger.ch\/fr\/wp-json\/wp\/v2\/pages\/34977\/revisions"}],"up":[{"embeddable":true,"href":"https:\/\/waldspurger.ch\/fr\/wp-json\/wp\/v2\/pages\/34726"}],"wp:attachment":[{"href":"https:\/\/waldspurger.ch\/fr\/wp-json\/wp\/v2\/media?parent=34977"}],"curies":[{"name":"wp","href":"https:\/\/api.w.org\/{rel}","templated":true}]}}