{"id":34829,"date":"2021-07-01T16:34:02","date_gmt":"2021-07-01T14:34:02","guid":{"rendered":"https:\/\/waldspurger.getads.ch\/demander-une-offre\/siege-individuel-banquette\/"},"modified":"2022-03-17T18:49:32","modified_gmt":"2022-03-17T17:49:32","slug":"siege-individuel-banquette","status":"publish","type":"page","link":"https:\/\/waldspurger.ch\/fr\/demander-une-offre\/siege-individuel-banquette\/","title":{"rendered":"Offre &#8211; Si\u00e8ge individuel &#038; banquette"},"content":{"rendered":"<div class=\"wpb-content-wrapper\"><p>[vc_row content_placement=\u00a0\u00bbmiddle\u00a0\u00bb css=\u00a0\u00bb.vc_custom_1623999837052{padding-top: 30px !important;}\u00a0\u00bb el_class=\u00a0\u00bbc_form_maxwidth\u00a0\u00bb][vc_column css_animation=\u00a0\u00bbfadeInUp\u00a0\u00bb][vc_column_text]<\/p>\n<p style=\"text-align: center;\">\n<div class=\"wpcf7 no-js\" id=\"wpcf7-f33933-o1\" lang=\"fr-FR\" dir=\"ltr\" data-wpcf7-id=\"33933\">\n<div class=\"screen-reader-response\"><p role=\"status\" aria-live=\"polite\" aria-atomic=\"true\"><\/p> <ul><\/ul><\/div>\n<form action=\"\/fr\/wp-json\/wp\/v2\/pages\/34829#wpcf7-f33933-o1\" method=\"post\" class=\"wpcf7-form init\" aria-label=\"Formulaire de contact\" novalidate=\"novalidate\" data-status=\"init\">\n<fieldset class=\"hidden-fields-container\"><legend class=\"screen-reader-text\">Hidden fields<\/legend><input type=\"hidden\" name=\"_wpcf7\" value=\"33933\" \/><input type=\"hidden\" name=\"_wpcf7_version\" value=\"6.1.5\" \/><input type=\"hidden\" name=\"_wpcf7_locale\" value=\"fr_FR\" \/><input type=\"hidden\" name=\"_wpcf7_unit_tag\" value=\"wpcf7-f33933-o1\" \/><input type=\"hidden\" name=\"_wpcf7_container_post\" value=\"0\" \/><input type=\"hidden\" name=\"_wpcf7_posted_data_hash\" value=\"\" \/><input type=\"hidden\" name=\"_wpcf7_recaptcha_response\" value=\"\" \/>\n<\/fieldset>\n<label><h4><strong>Demande d'offre Einzelsitze und Sitzb\u00e4nke<\/strong><\/h4>\n<p>Pour obtenir un compl\u00e9ment d'informations veuillez s.v.p. remplir le formulaire ci-apr\u00e8s.<\/p><\/label>\n\n<label> <h4><strong>V\u00e9hicule<\/strong><\/h4>\n<p>Pour quelle marque de v\u00e9hicule souhaitez-vous recevoir une offre?<\/p>\nMarque du v\u00e9hicule, mod\u00e8le, type<span class=\"wpcf7-form-control-wrap\" data-name=\"fahrzeugmarke\"><input size=\"40\" maxlength=\"400\" class=\"wpcf7-form-control wpcf7-text\" aria-invalid=\"false\" value=\"\" type=\"text\" name=\"fahrzeugmarke\" \/><\/span><\/label>\n\n<label> <h4><strong>Poids du v\u00e9hicule<\/strong><\/h4>\n<p>Veuillez indiquer le poids d\u00e9sir\u00e9<\/p>\n<span class=\"wpcf7-form-control-wrap\" data-name=\"fahrzeuggewicht\"><select class=\"wpcf7-form-control wpcf7-select\" aria-invalid=\"false\" name=\"fahrzeuggewicht\"><option value=\"Jusqu&#039;\u00e0 3.5t\">Jusqu&#039;\u00e0 3.5t<\/option><option value=\"Plus que 3.5t\">Plus que 3.5t<\/option><\/select><\/span><\/label>\n\n<label> <h4><strong>Nombre de si\u00e8ges<\/strong><\/h4>\n<p>Si\u00e8ges \u00e0 l'avant: Nombre d'adultes (sans conducteur)<\/p>\n<span class=\"wpcf7-form-control-wrap\" data-name=\"sitzplaetzevorne\"><select class=\"wpcf7-form-control wpcf7-select\" aria-invalid=\"false\" name=\"sitzplaetzevorne\"><option value=\"2\">2<\/option><option value=\"1\">1<\/option><\/select><\/span>\n<\/label>\n\n<label>\n<p>Si\u00e8ges \u00e0 l'arri\u00e8re: Nombre d'adultes<\/p><span class=\"wpcf7-form-control-wrap\" data-name=\"anzahl_erwachsene\"><input size=\"40\" maxlength=\"400\" class=\"wpcf7-form-control wpcf7-text\" aria-invalid=\"false\" value=\"\" type=\"text\" name=\"anzahl_erwachsene\" \/><\/span><\/label>\n\n<label><h4><strong>Disposition des si\u00e8ges\n<\/strong><\/h4>\n<p>Type de si\u00e8ges dans l'espace passagers<\/p>\n<span class=\"wpcf7-form-control-wrap\" data-name=\"sitztyp\"><select class=\"wpcf7-form-control wpcf7-select\" aria-invalid=\"false\" name=\"sitztyp\"><option value=\"Standardsitz\">Standardsitz<\/option><option value=\"Komfortsitz\">Komfortsitz<\/option><option value=\"Drehklappsitz\">Drehklappsitz<\/option><option value=\"Schlafliegebank\">Schlafliegebank<\/option><option value=\"Notsitz\">Notsitz<\/option><option value=\"Encore ouvert\">Encore ouvert<\/option><\/select><\/span>\n<\/label>\n\n<label>\n<p>R\u00e9glage du dossier<\/p>\n<span class=\"wpcf7-form-control-wrap\" data-name=\"rueckenverstellbar\"><select class=\"wpcf7-form-control wpcf7-select\" aria-invalid=\"false\" name=\"rueckenverstellbar\"><option value=\"Oui\">Oui<\/option><option value=\"Non\">Non<\/option><option value=\"Ind\u00e9cis\">Ind\u00e9cis<\/option><\/select><\/span>\n<\/label>\n\n<label>\n<p>Accoudoir rabattable<\/p>\n<span class=\"wpcf7-form-control-wrap\" data-name=\"klapparmlehnen\"><select class=\"wpcf7-form-control wpcf7-select\" aria-invalid=\"false\" name=\"klapparmlehnen\"><option value=\"Oui\">Oui<\/option><option value=\"Non\">Non<\/option><option value=\"Ind\u00e9cis\">Ind\u00e9cis<\/option><\/select><\/span>\n<\/label>\n\n<label>\n<p>Isofix<\/p>\n<span class=\"wpcf7-form-control-wrap\" data-name=\"isofix\"><select class=\"wpcf7-form-control wpcf7-select\" aria-invalid=\"false\" name=\"isofix\"><option value=\"Oui\">Oui<\/option><option value=\"Non\">Non<\/option><option value=\"Ind\u00e9cis\">Ind\u00e9cis<\/option><\/select><\/span>\n<\/label>\n\n<label> <h4><strong>Vos coordonn\u00e9es<\/strong><\/h4><p>Nom\/Soci\u00e9t\u00e9<\/p><span class=\"wpcf7-form-control-wrap\" data-name=\"absender_namefirma\"><input size=\"40\" maxlength=\"400\" class=\"wpcf7-form-control wpcf7-text\" aria-invalid=\"false\" value=\"\" type=\"text\" name=\"absender_namefirma\" \/><\/span><\/label>\n\n<label><p>Interlocuteur <span class=\"ws_red\">*<\/span><\/p><span class=\"wpcf7-form-control-wrap\" data-name=\"absender_ansprechperson\"><input size=\"40\" maxlength=\"400\" class=\"wpcf7-form-control wpcf7-text wpcf7-validates-as-required\" aria-required=\"true\" aria-invalid=\"false\" value=\"\" type=\"text\" name=\"absender_ansprechperson\" \/><\/span><\/label>\n\n<label><p>Rue<\/p><span class=\"wpcf7-form-control-wrap\" data-name=\"absender_strasse\"><input size=\"40\" maxlength=\"400\" class=\"wpcf7-form-control wpcf7-text\" aria-invalid=\"false\" value=\"\" type=\"text\" name=\"absender_strasse\" \/><\/span><\/label>\n\n<label>\n<p>NPA\/Localit\u00e9<\/p>\n<span class=\"wpcf7-form-control-wrap\" data-name=\"absender_plzort\"><input size=\"40\" maxlength=\"400\" class=\"wpcf7-form-control wpcf7-text\" aria-invalid=\"false\" value=\"\" type=\"text\" name=\"absender_plzort\" \/><\/span>\n<\/label>\n\n<label>\n<p>T\u00e9l\u00e9phone <span class=\"ws_red\">*<\/span><\/p>\n<span class=\"wpcf7-form-control-wrap\" data-name=\"absender_telefon\"><input size=\"40\" maxlength=\"400\" class=\"wpcf7-form-control wpcf7-text wpcf7-validates-as-required\" aria-required=\"true\" aria-invalid=\"false\" value=\"\" type=\"text\" name=\"absender_telefon\" \/><\/span>\n<\/label>\n\n<label>\n<p>E-mail <span class=\"ws_red\">*<\/span><\/p>\n<span class=\"wpcf7-form-control-wrap\" data-name=\"absender_email\"><input size=\"40\" maxlength=\"400\" class=\"wpcf7-form-control wpcf7-email wpcf7-validates-as-required wpcf7-text wpcf7-validates-as-email\" aria-required=\"true\" aria-invalid=\"false\" value=\"\" type=\"email\" name=\"absender_email\" \/><\/span>\n<\/label>\n\n<label>\n<p>Num\u00e9ro de client<\/p>\n<span class=\"wpcf7-form-control-wrap\" data-name=\"absender_kundennummer\"><input size=\"40\" maxlength=\"400\" class=\"wpcf7-form-control wpcf7-text\" aria-invalid=\"false\" value=\"\" type=\"text\" name=\"absender_kundennummer\" \/><\/span>\nS'il vous pla\u00eet laissez ce champ vide.\n<\/label>\n\n<label> <h4 style=\"margin-bottom: 10px;\"><strong>Remarques<\/strong><\/h4>\n<span class=\"wpcf7-form-control-wrap\" data-name=\"mitteilung\"><textarea cols=\"40\" rows=\"3\" maxlength=\"2000\" class=\"wpcf7-form-control wpcf7-textarea\" aria-invalid=\"false\" name=\"mitteilung\"><\/textarea><\/span>\n<p>De plus amples informations au sujet de votre demande d'offre non contraignante.<\/p>\n<\/label>\n\n\n<p>Apr\u00e8s l'envoi, vous recevrez un email de confirmation avec vos coordonn\u00e9es pour contr\u00f4ler.<\/p>\n<input class=\"wpcf7-form-control wpcf7-submit has-spinner\" type=\"submit\" value=\"Envoyer\" \/><div class=\"wpcf7-response-output\" aria-hidden=\"true\"><\/div>\n<\/form>\n<\/div>\n<p>[\/vc_column_text][\/vc_column][\/vc_row]<\/p>\n<\/div>","protected":false},"excerpt":{"rendered":"<p>[vc_row content_placement=\u00a0\u00bbmiddle\u00a0\u00bb css=\u00a0\u00bb.vc_custom_1623999837052{padding-top: 30px !important;}\u00a0\u00bb el_class=\u00a0\u00bbc_form_maxwidth\u00a0\u00bb][vc_column css_animation=\u00a0\u00bbfadeInUp\u00a0\u00bb][vc_column_text] [\/vc_column_text][\/vc_column][\/vc_row]<\/p>\n","protected":false},"author":1,"featured_media":0,"parent":34722,"menu_order":0,"comment_status":"closed","ping_status":"closed","template":"","meta":{"footnotes":""},"class_list":["post-34829","page","type-page","status-publish"],"yoast_head":"<!-- This site is optimized with the Yoast SEO plugin v27.2 - https:\/\/yoast.com\/product\/yoast-seo-wordpress\/ -->\n<title>Offre - Si\u00e8ge individuel &amp; banquette - Waldspurger SA<\/title>\n<meta name=\"robots\" content=\"index, follow, max-snippet:-1, max-image-preview:large, max-video-preview:-1\" \/>\n<link rel=\"canonical\" href=\"https:\/\/waldspurger.ch\/fr\/demander-une-offre\/siege-individuel-banquette\/\" \/>\n<meta property=\"og:locale\" content=\"fr_FR\" \/>\n<meta property=\"og:type\" content=\"article\" \/>\n<meta property=\"og:title\" content=\"Offre - Si\u00e8ge individuel &amp; banquette - Waldspurger SA\" \/>\n<meta property=\"og:description\" content=\"[vc_row content_placement=\u00a0\u00bbmiddle\u00a0\u00bb css=\u00a0\u00bb.vc_custom_1623999837052{padding-top: 30px !important;}\u00a0\u00bb el_class=\u00a0\u00bbc_form_maxwidth\u00a0\u00bb][vc_column css_animation=\u00a0\u00bbfadeInUp\u00a0\u00bb][vc_column_text] [\/vc_column_text][\/vc_column][\/vc_row]\" \/>\n<meta property=\"og:url\" content=\"https:\/\/waldspurger.ch\/fr\/demander-une-offre\/siege-individuel-banquette\/\" \/>\n<meta property=\"og:site_name\" content=\"Waldspurger SA\" \/>\n<meta property=\"article:modified_time\" content=\"2022-03-17T17:49:32+00:00\" \/>\n<meta property=\"og:image\" content=\"https:\/\/waldspurger.ch\/wp-content\/uploads\/2022\/02\/logo_de.png\" \/>\n\t<meta property=\"og:image:width\" content=\"320\" \/>\n\t<meta property=\"og:image:height\" content=\"223\" \/>\n\t<meta property=\"og:image:type\" content=\"image\/png\" \/>\n<meta name=\"twitter:card\" content=\"summary_large_image\" \/>\n<script type=\"application\/ld+json\" class=\"yoast-schema-graph\">{\"@context\":\"https:\/\/schema.org\",\"@graph\":[{\"@type\":\"Article\",\"@id\":\"https:\/\/waldspurger.ch\/fr\/demander-une-offre\/siege-individuel-banquette\/#article\",\"isPartOf\":{\"@id\":\"https:\/\/waldspurger.ch\/fr\/demander-une-offre\/siege-individuel-banquette\/\"},\"author\":{\"name\":\"Adminmoritzi\",\"@id\":\"https:\/\/waldspurger.ch\/fr\/#\/schema\/person\/e92a92f5b5a240afd932a5eba15ae94c\"},\"headline\":\"Offre &#8211; Si\u00e8ge individuel &#038; banquette\",\"datePublished\":\"2021-07-01T14:34:02+00:00\",\"dateModified\":\"2022-03-17T17:49:32+00:00\",\"mainEntityOfPage\":{\"@id\":\"https:\/\/waldspurger.ch\/fr\/demander-une-offre\/siege-individuel-banquette\/\"},\"wordCount\":44,\"publisher\":{\"@id\":\"https:\/\/waldspurger.ch\/fr\/#organization\"},\"inLanguage\":\"fr-FR\"},{\"@type\":\"WebPage\",\"@id\":\"https:\/\/waldspurger.ch\/fr\/demander-une-offre\/siege-individuel-banquette\/\",\"url\":\"https:\/\/waldspurger.ch\/fr\/demander-une-offre\/siege-individuel-banquette\/\",\"name\":\"Offre - Si\u00e8ge individuel & banquette - Waldspurger SA\",\"isPartOf\":{\"@id\":\"https:\/\/waldspurger.ch\/fr\/#website\"},\"datePublished\":\"2021-07-01T14:34:02+00:00\",\"dateModified\":\"2022-03-17T17:49:32+00:00\",\"breadcrumb\":{\"@id\":\"https:\/\/waldspurger.ch\/fr\/demander-une-offre\/siege-individuel-banquette\/#breadcrumb\"},\"inLanguage\":\"fr-FR\",\"potentialAction\":[{\"@type\":\"ReadAction\",\"target\":[\"https:\/\/waldspurger.ch\/fr\/demander-une-offre\/siege-individuel-banquette\/\"]}]},{\"@type\":\"BreadcrumbList\",\"@id\":\"https:\/\/waldspurger.ch\/fr\/demander-une-offre\/siege-individuel-banquette\/#breadcrumb\",\"itemListElement\":[{\"@type\":\"ListItem\",\"position\":1,\"name\":\"Startseite\",\"item\":\"https:\/\/waldspurger.ch\/fr\/\"},{\"@type\":\"ListItem\",\"position\":2,\"name\":\"Demander une offre\",\"item\":\"https:\/\/waldspurger.ch\/fr\/demander-une-offre\/\"},{\"@type\":\"ListItem\",\"position\":3,\"name\":\"Offre &#8211; Si\u00e8ge individuel &#038; banquette\"}]},{\"@type\":\"WebSite\",\"@id\":\"https:\/\/waldspurger.ch\/fr\/#website\",\"url\":\"https:\/\/waldspurger.ch\/fr\/\",\"name\":\"Waldspurger SA\",\"description\":\"Am\u00e9nagement\",\"publisher\":{\"@id\":\"https:\/\/waldspurger.ch\/fr\/#organization\"},\"potentialAction\":[{\"@type\":\"SearchAction\",\"target\":{\"@type\":\"EntryPoint\",\"urlTemplate\":\"https:\/\/waldspurger.ch\/fr\/?s={search_term_string}\"},\"query-input\":{\"@type\":\"PropertyValueSpecification\",\"valueRequired\":true,\"valueName\":\"search_term_string\"}}],\"inLanguage\":\"fr-FR\"},{\"@type\":\"Organization\",\"@id\":\"https:\/\/waldspurger.ch\/fr\/#organization\",\"name\":\"Waldspurger AG\",\"url\":\"https:\/\/waldspurger.ch\/fr\/\",\"logo\":{\"@type\":\"ImageObject\",\"inLanguage\":\"fr-FR\",\"@id\":\"https:\/\/waldspurger.ch\/fr\/#\/schema\/logo\/image\/\",\"url\":\"https:\/\/waldspurger.ch\/wp-content\/uploads\/2022\/02\/logo_de.png\",\"contentUrl\":\"https:\/\/waldspurger.ch\/wp-content\/uploads\/2022\/02\/logo_de.png\",\"width\":320,\"height\":223,\"caption\":\"Waldspurger AG\"},\"image\":{\"@id\":\"https:\/\/waldspurger.ch\/fr\/#\/schema\/logo\/image\/\"},\"sameAs\":[\"https:\/\/ch.linkedin.com\/company\/waldspurger-bergdietikon\",\"https:\/\/www.youtube.com\/channel\/UC4BYucVfPuWzNF4hyfO3YTw\"]},{\"@type\":\"Person\",\"@id\":\"https:\/\/waldspurger.ch\/fr\/#\/schema\/person\/e92a92f5b5a240afd932a5eba15ae94c\",\"name\":\"Adminmoritzi\",\"image\":{\"@type\":\"ImageObject\",\"inLanguage\":\"fr-FR\",\"@id\":\"https:\/\/secure.gravatar.com\/avatar\/4f43fbec0cc1848d75d18da5595fa2e9d12bc02d9d761756323c70efe587d61a?s=96&d=mm&r=g\",\"url\":\"https:\/\/secure.gravatar.com\/avatar\/4f43fbec0cc1848d75d18da5595fa2e9d12bc02d9d761756323c70efe587d61a?s=96&d=mm&r=g\",\"contentUrl\":\"https:\/\/secure.gravatar.com\/avatar\/4f43fbec0cc1848d75d18da5595fa2e9d12bc02d9d761756323c70efe587d61a?s=96&d=mm&r=g\",\"caption\":\"Adminmoritzi\"}}]}<\/script>\n<!-- \/ Yoast SEO plugin. -->","yoast_head_json":{"title":"Offre - Si\u00e8ge individuel & banquette - Waldspurger SA","robots":{"index":"index","follow":"follow","max-snippet":"max-snippet:-1","max-image-preview":"max-image-preview:large","max-video-preview":"max-video-preview:-1"},"canonical":"https:\/\/waldspurger.ch\/fr\/demander-une-offre\/siege-individuel-banquette\/","og_locale":"fr_FR","og_type":"article","og_title":"Offre - Si\u00e8ge individuel & banquette - Waldspurger SA","og_description":"[vc_row content_placement=\u00a0\u00bbmiddle\u00a0\u00bb css=\u00a0\u00bb.vc_custom_1623999837052{padding-top: 30px !important;}\u00a0\u00bb el_class=\u00a0\u00bbc_form_maxwidth\u00a0\u00bb][vc_column css_animation=\u00a0\u00bbfadeInUp\u00a0\u00bb][vc_column_text] [\/vc_column_text][\/vc_column][\/vc_row]","og_url":"https:\/\/waldspurger.ch\/fr\/demander-une-offre\/siege-individuel-banquette\/","og_site_name":"Waldspurger SA","article_modified_time":"2022-03-17T17:49:32+00:00","og_image":[{"width":320,"height":223,"url":"https:\/\/waldspurger.ch\/wp-content\/uploads\/2022\/02\/logo_de.png","type":"image\/png"}],"twitter_card":"summary_large_image","schema":{"@context":"https:\/\/schema.org","@graph":[{"@type":"Article","@id":"https:\/\/waldspurger.ch\/fr\/demander-une-offre\/siege-individuel-banquette\/#article","isPartOf":{"@id":"https:\/\/waldspurger.ch\/fr\/demander-une-offre\/siege-individuel-banquette\/"},"author":{"name":"Adminmoritzi","@id":"https:\/\/waldspurger.ch\/fr\/#\/schema\/person\/e92a92f5b5a240afd932a5eba15ae94c"},"headline":"Offre &#8211; Si\u00e8ge individuel &#038; banquette","datePublished":"2021-07-01T14:34:02+00:00","dateModified":"2022-03-17T17:49:32+00:00","mainEntityOfPage":{"@id":"https:\/\/waldspurger.ch\/fr\/demander-une-offre\/siege-individuel-banquette\/"},"wordCount":44,"publisher":{"@id":"https:\/\/waldspurger.ch\/fr\/#organization"},"inLanguage":"fr-FR"},{"@type":"WebPage","@id":"https:\/\/waldspurger.ch\/fr\/demander-une-offre\/siege-individuel-banquette\/","url":"https:\/\/waldspurger.ch\/fr\/demander-une-offre\/siege-individuel-banquette\/","name":"Offre - Si\u00e8ge individuel & banquette - Waldspurger SA","isPartOf":{"@id":"https:\/\/waldspurger.ch\/fr\/#website"},"datePublished":"2021-07-01T14:34:02+00:00","dateModified":"2022-03-17T17:49:32+00:00","breadcrumb":{"@id":"https:\/\/waldspurger.ch\/fr\/demander-une-offre\/siege-individuel-banquette\/#breadcrumb"},"inLanguage":"fr-FR","potentialAction":[{"@type":"ReadAction","target":["https:\/\/waldspurger.ch\/fr\/demander-une-offre\/siege-individuel-banquette\/"]}]},{"@type":"BreadcrumbList","@id":"https:\/\/waldspurger.ch\/fr\/demander-une-offre\/siege-individuel-banquette\/#breadcrumb","itemListElement":[{"@type":"ListItem","position":1,"name":"Startseite","item":"https:\/\/waldspurger.ch\/fr\/"},{"@type":"ListItem","position":2,"name":"Demander une offre","item":"https:\/\/waldspurger.ch\/fr\/demander-une-offre\/"},{"@type":"ListItem","position":3,"name":"Offre &#8211; Si\u00e8ge individuel &#038; banquette"}]},{"@type":"WebSite","@id":"https:\/\/waldspurger.ch\/fr\/#website","url":"https:\/\/waldspurger.ch\/fr\/","name":"Waldspurger SA","description":"Am\u00e9nagement","publisher":{"@id":"https:\/\/waldspurger.ch\/fr\/#organization"},"potentialAction":[{"@type":"SearchAction","target":{"@type":"EntryPoint","urlTemplate":"https:\/\/waldspurger.ch\/fr\/?s={search_term_string}"},"query-input":{"@type":"PropertyValueSpecification","valueRequired":true,"valueName":"search_term_string"}}],"inLanguage":"fr-FR"},{"@type":"Organization","@id":"https:\/\/waldspurger.ch\/fr\/#organization","name":"Waldspurger AG","url":"https:\/\/waldspurger.ch\/fr\/","logo":{"@type":"ImageObject","inLanguage":"fr-FR","@id":"https:\/\/waldspurger.ch\/fr\/#\/schema\/logo\/image\/","url":"https:\/\/waldspurger.ch\/wp-content\/uploads\/2022\/02\/logo_de.png","contentUrl":"https:\/\/waldspurger.ch\/wp-content\/uploads\/2022\/02\/logo_de.png","width":320,"height":223,"caption":"Waldspurger AG"},"image":{"@id":"https:\/\/waldspurger.ch\/fr\/#\/schema\/logo\/image\/"},"sameAs":["https:\/\/ch.linkedin.com\/company\/waldspurger-bergdietikon","https:\/\/www.youtube.com\/channel\/UC4BYucVfPuWzNF4hyfO3YTw"]},{"@type":"Person","@id":"https:\/\/waldspurger.ch\/fr\/#\/schema\/person\/e92a92f5b5a240afd932a5eba15ae94c","name":"Adminmoritzi","image":{"@type":"ImageObject","inLanguage":"fr-FR","@id":"https:\/\/secure.gravatar.com\/avatar\/4f43fbec0cc1848d75d18da5595fa2e9d12bc02d9d761756323c70efe587d61a?s=96&d=mm&r=g","url":"https:\/\/secure.gravatar.com\/avatar\/4f43fbec0cc1848d75d18da5595fa2e9d12bc02d9d761756323c70efe587d61a?s=96&d=mm&r=g","contentUrl":"https:\/\/secure.gravatar.com\/avatar\/4f43fbec0cc1848d75d18da5595fa2e9d12bc02d9d761756323c70efe587d61a?s=96&d=mm&r=g","caption":"Adminmoritzi"}}]}},"_links":{"self":[{"href":"https:\/\/waldspurger.ch\/fr\/wp-json\/wp\/v2\/pages\/34829","targetHints":{"allow":["GET"]}}],"collection":[{"href":"https:\/\/waldspurger.ch\/fr\/wp-json\/wp\/v2\/pages"}],"about":[{"href":"https:\/\/waldspurger.ch\/fr\/wp-json\/wp\/v2\/types\/page"}],"author":[{"embeddable":true,"href":"https:\/\/waldspurger.ch\/fr\/wp-json\/wp\/v2\/users\/1"}],"replies":[{"embeddable":true,"href":"https:\/\/waldspurger.ch\/fr\/wp-json\/wp\/v2\/comments?post=34829"}],"version-history":[{"count":0,"href":"https:\/\/waldspurger.ch\/fr\/wp-json\/wp\/v2\/pages\/34829\/revisions"}],"up":[{"embeddable":true,"href":"https:\/\/waldspurger.ch\/fr\/wp-json\/wp\/v2\/pages\/34722"}],"wp:attachment":[{"href":"https:\/\/waldspurger.ch\/fr\/wp-json\/wp\/v2\/media?parent=34829"}],"curies":[{"name":"wp","href":"https:\/\/api.w.org\/{rel}","templated":true}]}}