{"id":34798,"date":"2021-02-05T13:54:27","date_gmt":"2021-02-05T12:54:27","guid":{"rendered":"https:\/\/waldspurger.getads.ch\/transport-de-personnes\/bus-scolaires\/"},"modified":"2024-10-08T10:00:25","modified_gmt":"2024-10-08T08:00:25","slug":"bus-scolaires","status":"publish","type":"page","link":"https:\/\/waldspurger.ch\/fr\/transport-de-personnes\/bus-scolaires\/","title":{"rendered":"Bus Scolaires"},"content":{"rendered":"<div class=\"wpb-content-wrapper\"><p>[vc_section full_width=\u00a0\u00bbstretch_row\u00a0\u00bb full_height=\u00a0\u00bbyes\u00a0\u00bb content_placement=\u00a0\u00bbtop\u00a0\u00bb css_animation=\u00a0\u00bbfadeIn\u00a0\u00bb css=\u00a0\u00bb.vc_custom_1713273820941{margin-top: 0px !important;border-top-width: 0px !important;padding-top: 0px !important;background-image: url(https:\/\/waldspurger.ch\/wp-content\/uploads\/2024\/04\/Waldspurger_AG_Schulbus-VW_Craffter-MAN_TGE.jpg?id=77520) !important;background-position: center !important;background-repeat: no-repeat !important;background-size: cover !important;}\u00a0\u00bb el_class=\u00a0\u00bbcustom-fullheight-section\u00a0\u00bb][vc_row full_height=\u00a0\u00bbyes\u00a0\u00bb content_placement=\u00a0\u00bbtop\u00a0\u00bb css_animation=\u00a0\u00bbfadeIn\u00a0\u00bb el_class=\u00a0\u00bbstretch-fullheight-innerrow\u00a0\u00bb effects_enabled_delay=\u00a0\u00bb500&Prime;][vc_column width=\u00a0\u00bb1\/4&Prime; css=\u00a0\u00bb.vc_custom_1582122319023{background-color: rgba(179,32,34,0.58) !important;background-position: center !important;background-repeat: no-repeat !important;background-size: cover !important;*background-color: rgb(179,32,34) !important;}\u00a0\u00bb el_class=\u00a0\u00bb.stretch-fullheight-innerrow-column main-visual-column\u00a0\u00bb][vc_column_text]<\/p>\n<h3 style=\"text-align: center;\"><span style=\"color: #ffffff;\">BUS SCOLAIRES<\/span><\/h3>\n<p style=\"text-align: center; color: #ffffff; padding-bottom: 35px;\">Des si\u00e8ges l\u00e9gers pour bus scolaire et un r\u00e9glage automatique de la hauteur des ceintures pour les enfants de 3 \u00e0 18 ans &#8211; avec Waldspurger, vous obtenez un bus parfaitement \u00e9quip\u00e9 pour le transport d\u2019\u00e9l\u00e8ves.<\/p>\n<p>[\/vc_column_text][\/vc_column][vc_column width=\u00a0\u00bb1\/4&Prime;][\/vc_column][vc_column width=\u00a0\u00bb1\/4&Prime;][\/vc_column][vc_column width=\u00a0\u00bb1\/4&Prime;][\/vc_column][\/vc_row][\/vc_section][vc_row el_class=\u00a0\u00bbc_reverse_row_mobile\u00a0\u00bb css=\u00a0\u00bb.vc_custom_1640198682001{margin-top: 0px !important;margin-bottom: 0px !important;padding-top: 70px !important;padding-bottom: 0px !important;}\u00a0\u00bb][vc_column width=\u00a0\u00bb1\/2&Prime; css_animation=\u00a0\u00bbfadeInLeft\u00a0\u00bb css=\u00a0\u00bb.vc_custom_1640201304511{margin-top: 0px !important;margin-bottom: 0px !important;padding-top: 0px !important;padding-bottom: 20px !important;}\u00a0\u00bb][vc_column_text css=\u00a0\u00bb.vc_custom_1715588164050{margin-top: 0px !important;margin-bottom: 0px !important;padding-bottom: 0px !important;}\u00a0\u00bb]<\/p>\n<h2><strong>BUS SCOLAIRES<\/strong><\/h2>\n<h3>QUALIT\u00c9 SUISSE POUR UN MAXIMUM DE S\u00c9CURIT\u00c9<\/h3>\n<p>Conduire un bus scolaire est une lourde responsabilit\u00e9, nous en avons parfaitement conscience. C&rsquo;est pourquoi nous avons d\u00e9velopp\u00e9 le si\u00e8ge Neo\u2122 pour bus scolaire. Ce si\u00e8ge est associ\u00e9 de s\u00e9rie avec le dispositif SafetyFix\u2122 pour le r\u00e9glage en hauteur de la ceinture de s\u00e9curit\u00e9. Gr\u00e2ce \u00e0 cette solution innovante, les ceintures de s\u00e9curit\u00e9 \u00e0 3 points s\u2019adaptent automatiquement \u00e0 la taille et \u00e0 la morphologie des enfants. Ainsi, la ceinture offre un maintien optimal, ce qui garantit une s\u00e9curit\u00e9 maximale. Nos ceintures de s\u00e9curit\u00e9 \u00e0 3 points s\u2019enroulent parfaitement et ne s&rsquo;effilochent pas.[\/vc_column_text][\/vc_column][vc_column width=\u00a0\u00bb1\/2&Prime; css_animation=\u00a0\u00bbfadeInRight\u00a0\u00bb css=\u00a0\u00bb.vc_custom_1641546488682{padding-bottom: 60px !important;}\u00a0\u00bb mobile_padding_bottom=\u00a0\u00bb50&Prime;][vc_single_image image=\u00a0\u00bb77523&Prime; img_size=\u00a0\u00bbfull\u00a0\u00bb][\/vc_column][\/vc_row][vc_row full_width=\u00a0\u00bbstretch_row\u00a0\u00bb css_animation=\u00a0\u00bbnone\u00a0\u00bb css=\u00a0\u00bb.vc_custom_1640198722189{margin-top: 0px !important;margin-bottom: 0px !important;padding-top: 50px !important;background-color: #f1eeef !important;}\u00a0\u00bb el_class=\u00a0\u00bbcustom-overflow-visible\u00a0\u00bb][vc_column css_animation=\u00a0\u00bbfadeInUp\u00a0\u00bb][vc_icon icon_fontawesome=\u00a0\u00bbfas fa-lightbulb\u00a0\u00bb color=\u00a0\u00bbcustom\u00a0\u00bb background_style=\u00a0\u00bbrounded\u00a0\u00bb background_color=\u00a0\u00bbcustom\u00a0\u00bb size=\u00a0\u00bblg\u00a0\u00bb custom_color=\u00a0\u00bb#c3bab9&Prime; el_class=\u00a0\u00bbcustom_round_icon_border_floatleft\u00a0\u00bb][vc_column_text css=\u00a0\u00bb.vc_custom_1715588189505{margin-top: -20px !important;}\u00a0\u00bb css_animation=\u00a0\u00bbnone\u00a0\u00bb el_class=\u00a0\u00bbd-inline\u00a0\u00bb]<\/p>\n<h3 style=\"margin-bottom: 0;\"><strong>4 BONNES RAISONS DE CONFIER L\u2019AM\u00c9NAGEMENT DE VOTRE BUS SCOLAIRE \u00c0 WALDSPURGER SA<\/strong><\/h3>\n<p>Nos priorit\u00e9s sont la s\u00e9curit\u00e9 des enfants et des adolescents, l\u2019utilisation optimale de l&rsquo;espace disponible et la facilit\u00e9 de maniement. Nous utilisons des mat\u00e9riaux durables et de haute qualit\u00e9 et tous les travaux sont effectu\u00e9s \u00e0 Bergdietikon.[\/vc_column_text][\/vc_column][\/vc_row][vc_row full_width=\u00a0\u00bbstretch_row\u00a0\u00bb css_animation=\u00a0\u00bbnone\u00a0\u00bb css=\u00a0\u00bb.vc_custom_1640198754959{margin-top: 0px !important;margin-bottom: 0px !important;padding-top: 0px !important;padding-bottom: 50px !important;background-color: #f1eeef !important;}\u00a0\u00bb el_class=\u00a0\u00bbcustom-overflow-visible\u00a0\u00bb][vc_column width=\u00a0\u00bb1\/4&Prime; css_animation=\u00a0\u00bbfadeInUp\u00a0\u00bb effects_enabled_delay=\u00a0\u00bb200&Prime;][vc_column_text css=\u00a0\u00bb.vc_custom_1619555221533{margin-top: 20px !important;}\u00a0\u00bb css_animation=\u00a0\u00bbnone\u00a0\u00bb el_class=\u00a0\u00bbcustom_zindex\u00a0\u00bb effects_enabled_delay=\u00a0\u00bb100&Prime;]<\/p>\n<div class=\"custom_redcircle\">1<\/div>\n<p>[\/vc_column_text][vc_single_image image=\u00a0\u00bb77542&Prime; img_size=\u00a0\u00bbfull\u00a0\u00bb css=\u00a0\u00bb.vc_custom_1713346489385{margin-bottom: 0px !important;}\u00a0\u00bb][vc_column_text css=\u00a0\u00bb.vc_custom_1715588306708{margin-top: 10px !important;}\u00a0\u00bb]<\/p>\n<h5><span style=\"color: #b32022;\">R\u00c9GLAGE EN HAUTEUR DES CEINTURES<\/span><\/h5>\n<p><strong>Gr\u00e2ce au dispositif de r\u00e9glage en hauteur SafetyFix<sup>TM<\/sup>, la ceinture de s\u00e9curit\u00e9 \u00e0 3 points s\u2019adapte automatiquement \u00e0 la taille et \u00e0 la morphologie de la personne. Des interventions ou des contr\u00f4les additionnels par une personne accompagnante ne sont plus n\u00e9cessaires.<\/strong>[\/vc_column_text][\/vc_column][vc_column width=\u00a0\u00bb1\/4&Prime; css_animation=\u00a0\u00bbfadeInUp\u00a0\u00bb effects_enabled_delay=\u00a0\u00bb300&Prime;][vc_column_text css=\u00a0\u00bb.vc_custom_1619555228225{margin-top: 20px !important;}\u00a0\u00bb css_animation=\u00a0\u00bbnone\u00a0\u00bb el_class=\u00a0\u00bbcustom_zindex\u00a0\u00bb effects_enabled_delay=\u00a0\u00bb200&Prime;]<\/p>\n<div class=\"custom_redcircle\">2<\/div>\n<p>[\/vc_column_text][vc_single_image image=\u00a0\u00bb77536&Prime; img_size=\u00a0\u00bbfull\u00a0\u00bb css=\u00a0\u00bb.vc_custom_1713346615585{margin-bottom: 0px !important;}\u00a0\u00bb][vc_column_text css=\u00a0\u00bb.vc_custom_1715588238620{margin-top: 10px !important;}\u00a0\u00bb]<\/p>\n<h5><strong>PROTECTION CONTRE LE VANDALISME<\/strong><\/h5>\n<p><strong>Le dos du si\u00e8ge est prot\u00e9g\u00e9 contre le vandalisme par une coque ABS en mati\u00e8re plastique robuste. Ainsi, nos si\u00e8ges ont une dur\u00e9e de vie particuli\u00e8rement longue et sont faciles \u00e0 nettoyer.<\/strong>[\/vc_column_text][\/vc_column][vc_column width=\u00a0\u00bb1\/4&Prime; css_animation=\u00a0\u00bbfadeInUp\u00a0\u00bb effects_enabled_delay=\u00a0\u00bb400&Prime;][vc_column_text css=\u00a0\u00bb.vc_custom_1619555235604{margin-top: 20px !important;}\u00a0\u00bb css_animation=\u00a0\u00bbnone\u00a0\u00bb el_class=\u00a0\u00bbcustom_zindex\u00a0\u00bb effects_enabled_delay=\u00a0\u00bb300&Prime;]<\/p>\n<div class=\"custom_redcircle\">3<\/div>\n<p>[\/vc_column_text][vc_single_image image=\u00a0\u00bb77530&Prime; img_size=\u00a0\u00bbfull\u00a0\u00bb css=\u00a0\u00bb.vc_custom_1713346511673{margin-bottom: 0px !important;}\u00a0\u00bb][vc_column_text css=\u00a0\u00bb.vc_custom_1715588263757{margin-top: 10px !important;}\u00a0\u00bb]<\/p>\n<h5><span style=\"color: #b32022;\">POIDS ET FORME<\/span><\/h5>\n<p><strong>Ce si\u00e8ge l\u00e9ger et peu encombrant permet d\u2019augmenter le nombre de si\u00e8ges dans votre v\u00e9hicule. La forme astucieuse du dossier et l\u2019appui-t\u00eate \u00e9troit assurent un maximum d\u2019espace pour les jambes et dans le couloir, ce qui facilite la mont\u00e9e et la descente.<\/strong>[\/vc_column_text][\/vc_column][vc_column width=\u00a0\u00bb1\/4&Prime; css_animation=\u00a0\u00bbfadeInUp\u00a0\u00bb effects_enabled_delay=\u00a0\u00bb500&Prime;][vc_column_text css=\u00a0\u00bb.vc_custom_1619555244135{margin-top: 20px !important;}\u00a0\u00bb css_animation=\u00a0\u00bbnone\u00a0\u00bb el_class=\u00a0\u00bbcustom_zindex\u00a0\u00bb effects_enabled_delay=\u00a0\u00bb400&Prime;]<\/p>\n<div class=\"custom_redcircle\">4<\/div>\n<p>[\/vc_column_text][vc_single_image image=\u00a0\u00bb77539&Prime; img_size=\u00a0\u00bb600&#215;500&Prime; css=\u00a0\u00bb.vc_custom_1713346520373{margin-bottom: 0px !important;}\u00a0\u00bb][vc_column_text css=\u00a0\u00bb.vc_custom_1715588290599{margin-top: 10px !important;}\u00a0\u00bb]<\/p>\n<h5><span style=\"color: #b32022;\">S\u00c9CURIT\u00c9<\/span><\/h5>\n<p><strong>Nos si\u00e8ges Neo<sup>TM<\/sup> doublement brevet\u00e9s et test\u00e9s au centre Dynamic Test Center (DTC) \u00e0 Vauffelin BE conviennent pour le transport d\u2019enfants et d\u2019adolescents de 3 \u00e0 18 ans. Un rehausseur ou si\u00e8ge enfant n&rsquo;est pas n\u00e9cessaire<\/strong>[\/vc_column_text][\/vc_column][\/vc_row][vc_row css_animation=\u00a0\u00bbfadeInUp\u00a0\u00bb css=\u00a0\u00bb.vc_custom_1641478591691{margin-top: 0px !important;padding-top: 50px !important;padding-bottom: 20px !important;}\u00a0\u00bb mobile_padding_bottom=\u00a0\u00bb0&Prime; mobile_margin_bottom=\u00a0\u00bb0&Prime;][vc_column css=\u00a0\u00bb.vc_custom_1641478584255{margin-top: 0px !important;padding-top: 0px !important;}\u00a0\u00bb mobile_margin_bottom=\u00a0\u00bb50&Prime;][vc_icon icon_fontawesome=\u00a0\u00bbfas fa-arrow-right\u00a0\u00bb color=\u00a0\u00bbcustom\u00a0\u00bb background_style=\u00a0\u00bbrounded\u00a0\u00bb background_color=\u00a0\u00bbcustom\u00a0\u00bb size=\u00a0\u00bblg\u00a0\u00bb custom_color=\u00a0\u00bb#c3bab9&Prime; el_class=\u00a0\u00bbcustom_round_icon_border_floatleft\u00a0\u00bb][vc_column_text el_class=\u00a0\u00bbcustom_maxwidth\u00a0\u00bb]<\/p>\n<h3 style=\"margin-bottom: 5px;\"><strong>\u00c9QUIPEMENTS &amp; PRODUITS<\/strong><\/h3>\n<p>Obtenez ici des informations sur les diff\u00e9rentes options. <span style=\"color: #333333;\"><a style=\"color: #333333; text-decoration: underline;\" href=\"https:\/\/waldspurger.ch\/fr\/contact\/\">Nous nous ferons un plaisir de vous conseiller par t\u00e9l\u00e9phone ou chez nous \u00e0 Bergdietikon.<\/a><\/span>[\/vc_column_text][\/vc_column][\/vc_row][vc_row css=\u00a0\u00bb.vc_custom_1640198786443{margin-top: 0px !important;margin-bottom: 0px !important;padding-top: 0px !important;padding-bottom: 0px !important;}\u00a0\u00bb][vc_column width=\u00a0\u00bb1\/2&Prime; css_animation=\u00a0\u00bbfadeInUp\u00a0\u00bb css=\u00a0\u00bb.vc_custom_1640197868590{margin-top: 0px !important;margin-bottom: 0px !important;padding-top: 0px !important;padding-bottom: 50px !important;}\u00a0\u00bb][vc_single_image image=\u00a0\u00bb32138&Prime; img_size=\u00a0\u00bbfull\u00a0\u00bb css=\u00a0\u00bb.vc_custom_1645111581894{margin-top: 0px !important;margin-bottom: 20px !important;}\u00a0\u00bb][vc_column_text css=\u00a0\u00bb.vc_custom_1646302243796{margin-top: 0px !important;}\u00a0\u00bb]<\/p>\n<h3><span style=\"color: #b32022;\">AIDES \u00c0 LA MONT\u00c9E<\/span><\/h3>\n<p>Monter et descendre du v\u00e9hicule en toute s\u00e9curit\u00e9 est tr\u00e8s important. C&rsquo;est pourquoi, nous proposons diverses aides \u00e0 la mont\u00e9e tels que des marchepieds \u00e9lectriques ou des barres de maintien.[\/vc_column_text][vc_btn title=\u00a0\u00bbEn savoir plus\u00a0\u00bb style=\u00a0\u00bboutline\u00a0\u00bb css=\u00a0\u00bb.vc_custom_1642499462172{margin-bottom: 0px !important;padding-bottom: 0px !important;}\u00a0\u00bb el_class=\u00a0\u00bbcustom_button_black\u00a0\u00bb link=\u00a0\u00bburl:https%3A%2F%2Fwaldspurger.ch%2Ffr%2Faccessoires%2Faides-a-la-montee%2F|title:Accessoires\u00a0\u00bb][\/vc_column][vc_column width=\u00a0\u00bb1\/2&Prime; css_animation=\u00a0\u00bbfadeInUp\u00a0\u00bb effects_enabled_delay=\u00a0\u00bb200&Prime; css=\u00a0\u00bb.vc_custom_1640197877889{margin-top: 0px !important;margin-bottom: 0px !important;padding-top: 0px !important;padding-bottom: 50px !important;}\u00a0\u00bb][vc_single_image image=\u00a0\u00bb77533&Prime; img_size=\u00a0\u00bbfull\u00a0\u00bb css=\u00a0\u00bb.vc_custom_1713275717446{margin-top: 0px !important;margin-bottom: 20px !important;}\u00a0\u00bb][vc_column_text css=\u00a0\u00bb.vc_custom_1646302262685{margin-top: 0px !important;}\u00a0\u00bb]<\/p>\n<h3><span style=\"color: #b32022;\">PORTE COULISSANTE AUTOMATIQUE<\/span><\/h3>\n<p>La porte coulissante \u00e9lectrique peut \u00eatre ouverte automatiquement par le conducteur par simple pression sur un bouton ou par t\u00e9l\u00e9commande. Cela permet aux passagers de monter et de descendre rapidement et en toute s\u00e9curit\u00e9. Elle dispose d&rsquo;un interrupteur de s\u00e9curit\u00e9 int\u00e9gr\u00e9. Les camionnettes et minibus sortant d\u2019usine sans cette option peuvent ainsi en \u00eatre \u00e9quip\u00e9s apr\u00e8s coup.[\/vc_column_text][\/vc_column][\/vc_row][vc_row css=\u00a0\u00bb.vc_custom_1640198802775{margin-top: 0px !important;margin-bottom: 0px !important;padding-top: 0px !important;padding-bottom: 0px !important;}\u00a0\u00bb][vc_column width=\u00a0\u00bb1\/2&Prime; css_animation=\u00a0\u00bbfadeInUp\u00a0\u00bb css=\u00a0\u00bb.vc_custom_1640197918256{margin-top: 0px !important;margin-bottom: 0px !important;padding-top: 0px !important;padding-bottom: 50px !important;}\u00a0\u00bb][vc_single_image image=\u00a0\u00bb32250&Prime; img_size=\u00a0\u00bbfull\u00a0\u00bb css=\u00a0\u00bb.vc_custom_1645111585861{margin-top: 0px !important;margin-bottom: 20px !important;}\u00a0\u00bb][vc_column_text css=\u00a0\u00bb.vc_custom_1646302280241{margin-top: 0px !important;}\u00a0\u00bb]<\/p>\n<h3><span style=\"color: #b32022;\">CLIMATISATION &amp; CHAUFFAGE AUXILIAIRE<\/span><\/h3>\n<p>Nous proposons des climatisations et chauffages auxiliaires \u00e0 installer ult\u00e9rieurement dans votre v\u00e9hicule. Cela permet d\u2019am\u00e9liorer le climat et le confort pour les passagers.[\/vc_column_text][vc_btn title=\u00a0\u00bbEn savoir plus\u00a0\u00bb style=\u00a0\u00bboutline\u00a0\u00bb css=\u00a0\u00bb.vc_custom_1642499480610{margin-bottom: 0px !important;padding-bottom: 0px !important;}\u00a0\u00bb el_class=\u00a0\u00bbcustom_button_black\u00a0\u00bb link=\u00a0\u00bburl:https%3A%2F%2Fwaldspurger.ch%2Ffr%2Faccessoires%2Fclimatisation-chauffage-auxiliaire%2F|title:Climatisation%20%26%20Chauffage%20auxiliaire\u00a0\u00bb][\/vc_column][vc_column width=\u00a0\u00bb1\/2&Prime; css_animation=\u00a0\u00bbfadeInUp\u00a0\u00bb effects_enabled_delay=\u00a0\u00bb200&Prime; css=\u00a0\u00bb.vc_custom_1640197932356{margin-top: 0px !important;margin-bottom: 0px !important;padding-top: 0px !important;padding-bottom: 50px !important;}\u00a0\u00bb][vc_single_image image=\u00a0\u00bb32248&Prime; img_size=\u00a0\u00bbfull\u00a0\u00bb css=\u00a0\u00bb.vc_custom_1645111594465{margin-top: 0px !important;margin-bottom: 20px !important;}\u00a0\u00bb][vc_column_text css=\u00a0\u00bb.vc_custom_1646302299230{margin-top: 0px !important;}\u00a0\u00bb]<\/p>\n<h3><span style=\"color: #b32022;\">HOTTE DE TOIT &amp; VENTILATEUR DE TOIT<\/span><\/h3>\n<p>Qu\u2019il s\u2019agisse de ventilateurs de toit \u00e9lectriques ou de toits ouvrants manuels; ces options assurent un climat int\u00e9rieur agr\u00e9able, une bonne ventilation et\/ou une lumi\u00e8re naturelle dans votre v\u00e9hicule. Nous installons votre ventilation de toit exactement l\u00e0 o\u00f9 vous le souhaitez.[\/vc_column_text][vc_btn title=\u00a0\u00bbEn savoir plus\u00a0\u00bb style=\u00a0\u00bboutline\u00a0\u00bb css=\u00a0\u00bb.vc_custom_1642499504867{margin-bottom: 0px !important;padding-bottom: 0px !important;}\u00a0\u00bb el_class=\u00a0\u00bbcustom_button_black\u00a0\u00bb link=\u00a0\u00bburl:https%3A%2F%2Fwaldspurger.ch%2Ffr%2Faccessoires%2Fhotte-de-toit-ventilateur-de-toit%2F|title:Hotte%20de%20toit%20%26%20ventilateur%20de%20toit\u00a0\u00bb][\/vc_column][\/vc_row][vc_row full_width=\u00a0\u00bbstretch_row\u00a0\u00bb css=\u00a0\u00bb.vc_custom_1641804401829{margin-bottom: 0px !important;padding-top: 15px !important;padding-bottom: 30px !important;background-color: #f1eeef !important;}\u00a0\u00bb mobile_padding_bottom=\u00a0\u00bb50&Prime;][vc_column width=\u00a0\u00bb1\/5&Prime; mobile_margin_bottom=\u00a0\u00bb-20&Prime;][vc_single_image image=\u00a0\u00bb28412&Prime; img_size=\u00a0\u00bb200&#215;200&Prime; css=\u00a0\u00bb.vc_custom_1640198202754{margin-top: -20px !important;}\u00a0\u00bb css_animation=\u00a0\u00bbfadeInLeft\u00a0\u00bb el_class=\u00a0\u00bbcustom_zero_emission_img\u00a0\u00bb][\/vc_column][vc_column width=\u00a0\u00bb3\/5&Prime;][vc_column_text css_animation=\u00a0\u00bbfadeInRight\u00a0\u00bb]<\/p>\n<h3>BUS SCOLAIRE \u00c9LECTRIQUE<\/h3>\n<p>Vous envisagez d\u2019acheter un bus scolaire avec moteur \u00e9lectrique et souhaitez en savoir davantage sur les alternatives aux moteurs thermiques ?<\/p>\n<p>Waldspurger SA a d\u00e9j\u00e0 adapt\u00e9 divers bus \u00e9lectriques pour le transport d\u2019\u00e9l\u00e8ves. Nous vous conseillons volontiers et vous renseignons sur les avantages et les inconv\u00e9nients d\u2019une telle solution.[\/vc_column_text][\/vc_column][\/vc_row][vc_row css_animation=\u00a0\u00bbfadeInUp\u00a0\u00bb css=\u00a0\u00bb.vc_custom_1641484065414{margin-top: 50px !important;padding-top: 0px !important;}\u00a0\u00bb mobile_padding_bottom=\u00a0\u00bb0&Prime; mobile_margin_bottom=\u00a0\u00bb0&Prime;][vc_column css=\u00a0\u00bb.vc_custom_1641804991476{margin-top: 0px !important;padding-top: 0px !important;}\u00a0\u00bb mobile_margin_bottom=\u00a0\u00bb30&Prime;][vc_icon icon_fontawesome=\u00a0\u00bbfas fa-video\u00a0\u00bb color=\u00a0\u00bbcustom\u00a0\u00bb background_style=\u00a0\u00bbrounded\u00a0\u00bb background_color=\u00a0\u00bbcustom\u00a0\u00bb size=\u00a0\u00bblg\u00a0\u00bb custom_color=\u00a0\u00bb#c3bab9&Prime; el_class=\u00a0\u00bbcustom_round_icon_border_floatleft\u00a0\u00bb][vc_column_text css=\u00a0\u00bb.vc_custom_1646302346677{margin-bottom: 20px !important;}\u00a0\u00bb el_class=\u00a0\u00bbcustom_maxwidth\u00a0\u00bb]<\/p>\n<h3><span style=\"color: #b32022;\">VID\u00c9O<\/span><\/h3>\n<p>Vous aimeriez savoir comment fonctionne un bus scolaire ? Regardez notre vid\u00e9o.[\/vc_column_text][\/vc_column][\/vc_row][vc_row content_placement=\u00a0\u00bbmiddle\u00a0\u00bb css_animation=\u00a0\u00bbfadeInUp\u00a0\u00bb css=\u00a0\u00bb.vc_custom_1641484082671{padding-right: 10px !important;padding-left: 10px !important;}\u00a0\u00bb mobile_padding_bottom=\u00a0\u00bb0&Prime; mobile_margin_bottom=\u00a0\u00bb0&Prime;][vc_column width=\u00a0\u00bb1\/3&Prime; css=\u00a0\u00bb.vc_custom_1641484162693{margin-top: 0px !important;margin-right: 0px !important;margin-bottom: 30px !important;margin-left: 0px !important;padding-top: 0px !important;padding-right: 10px !important;padding-bottom: 0px !important;padding-left: 10px !important;background-position: center !important;background-repeat: no-repeat !important;background-size: cover !important;}\u00a0\u00bb el_id=\u00a0\u00bbentstehungsvideo\u00a0\u00bb mobile_margin_bottom=\u00a0\u00bb0&Prime;][vc_column_text css=\u00a0\u00bb.vc_custom_1649848956794{margin-top: 0px !important;margin-right: 0px !important;margin-bottom: 0px !important;margin-left: 0px !important;padding-top: 0px !important;padding-right: 0px !important;padding-bottom: 0px !important;padding-left: 0px !important;}\u00a0\u00bb]<div class=\"wonderplugin-video\" style=\"width:600px;height:400px;position:relative;display:block;background-color:#000;overflow:hidden;max-width:100%;margin:0 auto\" data-aspectratio=\"1.5\"><div class=\"wpve-videoplayer\" style=\"display:block;position:relative;width:100%;height:100%\" data-mp4=\"https:\/\/waldspurger.ch\/wp-content\/uploads\/2022\/03\/Schulbus-FR.mp4\" data-skinfolder=\"https:\/\/waldspurger.ch\/wp-content\/plugins\/wonderplugin-video-embed\/engine\/\" data-poster=\"https:\/\/waldspurger.ch\/wp-content\/uploads\/2022\/04\/personen_01_schulbus_01_fr.jpg\" data-playbutton=\"https:\/\/waldspurger.ch\/wp-content\/plugins\/wonderplugin-video-embed\/engine\/playvideo-64-64-0.png\"><\/div><\/div>[\/vc_column_text][\/vc_column][\/vc_row][vc_row full_width=\u00a0\u00bbstretch_row\u00a0\u00bb css_animation=\u00a0\u00bbfadeInUp\u00a0\u00bb css=\u00a0\u00bb.vc_custom_1640198414752{margin-top: 40px !important;margin-bottom: 0px !important;padding-top: 0px !important;padding-bottom: 50px !important;}\u00a0\u00bb][vc_column][vc_icon icon_fontawesome=\u00a0\u00bbfas fa-file-alt\u00a0\u00bb color=\u00a0\u00bbcustom\u00a0\u00bb background_style=\u00a0\u00bbrounded\u00a0\u00bb background_color=\u00a0\u00bbcustom\u00a0\u00bb size=\u00a0\u00bblg\u00a0\u00bb custom_color=\u00a0\u00bb#c3bab9&Prime; el_class=\u00a0\u00bbcustom_round_icon_border_floatleft\u00a0\u00bb][vc_column_text css=\u00a0\u00bb.vc_custom_1646302367017{margin-bottom: 20px !important;}\u00a0\u00bb el_class=\u00a0\u00bbcustom_maxwidth\u00a0\u00bb]<\/p>\n<h3><span style=\"color: #b32022;\">BROCHURES<\/span><\/h3>\n<p>Dans nos brochures que vous pouvez t\u00e9l\u00e9charger ici, vous trouvez des informations compl\u00e9mentaires sur nos offres.[\/vc_column_text][vc_row_inner mobile_margin_top=\u00a0\u00bb20&Prime;][vc_column_inner][vc_icon icon_fontawesome=\u00a0\u00bbfar fa-arrow-alt-circle-down\u00a0\u00bb color=\u00a0\u00bbcustom\u00a0\u00bb background_style=\u00a0\u00bbrounded\u00a0\u00bb background_color=\u00a0\u00bbcustom\u00a0\u00bb size=\u00a0\u00bblg\u00a0\u00bb custom_color=\u00a0\u00bb#c3bab9&Prime; el_class=\u00a0\u00bbcustom_round_icon_border_floatleft_small\u00a0\u00bb][vc_column_text css=\u00a0\u00bb\u00a0\u00bb el_class=\u00a0\u00bbcustom_maxwidth\u00a0\u00bb]<\/p>\n<h5><a href=\"https:\/\/waldspurger.ch\/wp-content\/uploads\/2024\/10\/Schulbus_F.pdf\" target=\"_blank\" rel=\"noopener\"><strong>Bus scolaire<\/strong><\/a><\/h5>\n<p>[\/vc_column_text][\/vc_column_inner][\/vc_row_inner][\/vc_column][\/vc_row][vc_row full_width=\u00a0\u00bbstretch_row\u00a0\u00bb css_animation=\u00a0\u00bbfadeInUp\u00a0\u00bb css=\u00a0\u00bb.vc_custom_1640198434521{margin-top: 0px !important;padding-top: 0px !important;padding-bottom: 100px !important;}\u00a0\u00bb][vc_column][vc_icon icon_fontawesome=\u00a0\u00bbfar fa-edit\u00a0\u00bb color=\u00a0\u00bbcustom\u00a0\u00bb background_style=\u00a0\u00bbrounded\u00a0\u00bb background_color=\u00a0\u00bbcustom\u00a0\u00bb size=\u00a0\u00bblg\u00a0\u00bb custom_color=\u00a0\u00bb#c3bab9&Prime; el_class=\u00a0\u00bbcustom_round_icon_border_floatleft\u00a0\u00bb][vc_column_text css=\u00a0\u00bb.vc_custom_1632995388504{margin-bottom: 20px !important;}\u00a0\u00bb el_class=\u00a0\u00bbcustom_maxwidth\u00a0\u00bb]<\/p>\n<h3><span style=\"color: #b32022;\">Demande d&rsquo;offre pour un bus scolaire<\/span><\/h3>\n<p>Remplissez notre formulaire de demande d&rsquo;offre et nous vous soumettrons volontiers une offre.[\/vc_column_text][vc_row_inner mobile_margin_top=\u00a0\u00bb20&Prime;][vc_column_inner][vc_icon icon_fontawesome=\u00a0\u00bbfar fa-arrow-alt-circle-right\u00a0\u00bb color=\u00a0\u00bbcustom\u00a0\u00bb background_style=\u00a0\u00bbrounded\u00a0\u00bb background_color=\u00a0\u00bbcustom\u00a0\u00bb size=\u00a0\u00bblg\u00a0\u00bb custom_color=\u00a0\u00bb#c3bab9&Prime; el_class=\u00a0\u00bbcustom_round_icon_border_floatleft_small\u00a0\u00bb][vc_column_text css=\u00a0\u00bb.vc_custom_1646384040922{margin-top: 0px !important;margin-bottom: 0px !important;padding-top: 0px !important;padding-bottom: 0px !important;}\u00a0\u00bb el_class=\u00a0\u00bbcustom_maxwidth\u00a0\u00bb]<\/p>\n<h5><a href=\"https:\/\/waldspurger.ch\/fr\/demander-une-offre\/bus-scolaires\/\" target=\"_blank\" rel=\"noopener\"><strong>DEMANDE D&rsquo;OFFRE<\/strong><\/a><\/h5>\n<p>[\/vc_column_text][\/vc_column_inner][\/vc_row_inner][\/vc_column][\/vc_row]<\/p>\n<\/div>","protected":false},"excerpt":{"rendered":"<p>[vc_section full_width=\u00a0\u00bbstretch_row\u00a0\u00bb full_height=\u00a0\u00bbyes\u00a0\u00bb content_placement=\u00a0\u00bbtop\u00a0\u00bb css_animation=\u00a0\u00bbfadeIn\u00a0\u00bb css=\u00a0\u00bb.vc_custom_1713273820941{margin-top: 0px !important;border-top-width: 0px !important;padding-top: 0px !important;background-image: url(https:\/\/waldspurger.ch\/wp-content\/uploads\/2024\/04\/Waldspurger_AG_Schulbus-VW_Craffter-MAN_TGE.jpg?id=77520) !important;background-position: center !important;background-repeat: no-repeat !important;background-size: cover !important;}\u00a0\u00bb&#8230;<\/p>\n","protected":false},"author":1,"featured_media":0,"parent":34680,"menu_order":0,"comment_status":"closed","ping_status":"closed","template":"","meta":{"footnotes":""},"class_list":["post-34798","page","type-page","status-publish"],"yoast_head":"<!-- This site is optimized with the Yoast SEO plugin v27.2 - https:\/\/yoast.com\/product\/yoast-seo-wordpress\/ -->\n<title>Bus Scolaires - Waldspurger SA<\/title>\n<meta name=\"robots\" content=\"index, follow, max-snippet:-1, max-image-preview:large, max-video-preview:-1\" \/>\n<link rel=\"canonical\" href=\"https:\/\/waldspurger.ch\/fr\/transport-de-personnes\/bus-scolaires\/\" \/>\n<meta property=\"og:locale\" content=\"fr_FR\" \/>\n<meta property=\"og:type\" content=\"article\" \/>\n<meta property=\"og:title\" content=\"Bus Scolaires - Waldspurger SA\" \/>\n<meta property=\"og:description\" content=\"[vc_section full_width=\u00a0\u00bbstretch_row\u00a0\u00bb full_height=\u00a0\u00bbyes\u00a0\u00bb content_placement=\u00a0\u00bbtop\u00a0\u00bb css_animation=\u00a0\u00bbfadeIn\u00a0\u00bb css=\u00a0\u00bb.vc_custom_1713273820941{margin-top: 0px !important;border-top-width: 0px !important;padding-top: 0px !important;background-image: url(https:\/\/waldspurger.ch\/wp-content\/uploads\/2024\/04\/Waldspurger_AG_Schulbus-VW_Craffter-MAN_TGE.jpg?id=77520) !important;background-position: center !important;background-repeat: no-repeat !important;background-size: cover !important;}\u00a0\u00bb...\" \/>\n<meta property=\"og:url\" content=\"https:\/\/waldspurger.ch\/fr\/transport-de-personnes\/bus-scolaires\/\" \/>\n<meta property=\"og:site_name\" content=\"Waldspurger SA\" \/>\n<meta property=\"article:modified_time\" content=\"2024-10-08T08:00:25+00:00\" \/>\n<meta property=\"og:image\" content=\"https:\/\/waldspurger.ch\/wp-content\/uploads\/2022\/02\/logo_de.png\" \/>\n\t<meta property=\"og:image:width\" content=\"320\" \/>\n\t<meta property=\"og:image:height\" content=\"223\" \/>\n\t<meta property=\"og:image:type\" content=\"image\/png\" \/>\n<meta name=\"twitter:card\" content=\"summary_large_image\" \/>\n<script type=\"application\/ld+json\" class=\"yoast-schema-graph\">{\"@context\":\"https:\/\/schema.org\",\"@graph\":[{\"@type\":\"Article\",\"@id\":\"https:\/\/waldspurger.ch\/fr\/transport-de-personnes\/bus-scolaires\/#article\",\"isPartOf\":{\"@id\":\"https:\/\/waldspurger.ch\/fr\/transport-de-personnes\/bus-scolaires\/\"},\"author\":{\"name\":\"Adminmoritzi\",\"@id\":\"https:\/\/waldspurger.ch\/fr\/#\/schema\/person\/e92a92f5b5a240afd932a5eba15ae94c\"},\"headline\":\"Bus Scolaires\",\"datePublished\":\"2021-02-05T12:54:27+00:00\",\"dateModified\":\"2024-10-08T08:00:25+00:00\",\"mainEntityOfPage\":{\"@id\":\"https:\/\/waldspurger.ch\/fr\/transport-de-personnes\/bus-scolaires\/\"},\"wordCount\":2317,\"publisher\":{\"@id\":\"https:\/\/waldspurger.ch\/fr\/#organization\"},\"inLanguage\":\"fr-FR\"},{\"@type\":\"WebPage\",\"@id\":\"https:\/\/waldspurger.ch\/fr\/transport-de-personnes\/bus-scolaires\/\",\"url\":\"https:\/\/waldspurger.ch\/fr\/transport-de-personnes\/bus-scolaires\/\",\"name\":\"Bus Scolaires - Waldspurger SA\",\"isPartOf\":{\"@id\":\"https:\/\/waldspurger.ch\/fr\/#website\"},\"datePublished\":\"2021-02-05T12:54:27+00:00\",\"dateModified\":\"2024-10-08T08:00:25+00:00\",\"breadcrumb\":{\"@id\":\"https:\/\/waldspurger.ch\/fr\/transport-de-personnes\/bus-scolaires\/#breadcrumb\"},\"inLanguage\":\"fr-FR\",\"potentialAction\":[{\"@type\":\"ReadAction\",\"target\":[\"https:\/\/waldspurger.ch\/fr\/transport-de-personnes\/bus-scolaires\/\"]}]},{\"@type\":\"BreadcrumbList\",\"@id\":\"https:\/\/waldspurger.ch\/fr\/transport-de-personnes\/bus-scolaires\/#breadcrumb\",\"itemListElement\":[{\"@type\":\"ListItem\",\"position\":1,\"name\":\"Startseite\",\"item\":\"https:\/\/waldspurger.ch\/fr\/\"},{\"@type\":\"ListItem\",\"position\":2,\"name\":\"Transport de personnes\",\"item\":\"https:\/\/waldspurger.ch\/fr\/transport-de-personnes\/\"},{\"@type\":\"ListItem\",\"position\":3,\"name\":\"Bus Scolaires\"}]},{\"@type\":\"WebSite\",\"@id\":\"https:\/\/waldspurger.ch\/fr\/#website\",\"url\":\"https:\/\/waldspurger.ch\/fr\/\",\"name\":\"Waldspurger SA\",\"description\":\"Am\u00e9nagement\",\"publisher\":{\"@id\":\"https:\/\/waldspurger.ch\/fr\/#organization\"},\"potentialAction\":[{\"@type\":\"SearchAction\",\"target\":{\"@type\":\"EntryPoint\",\"urlTemplate\":\"https:\/\/waldspurger.ch\/fr\/?s={search_term_string}\"},\"query-input\":{\"@type\":\"PropertyValueSpecification\",\"valueRequired\":true,\"valueName\":\"search_term_string\"}}],\"inLanguage\":\"fr-FR\"},{\"@type\":\"Organization\",\"@id\":\"https:\/\/waldspurger.ch\/fr\/#organization\",\"name\":\"Waldspurger AG\",\"url\":\"https:\/\/waldspurger.ch\/fr\/\",\"logo\":{\"@type\":\"ImageObject\",\"inLanguage\":\"fr-FR\",\"@id\":\"https:\/\/waldspurger.ch\/fr\/#\/schema\/logo\/image\/\",\"url\":\"https:\/\/waldspurger.ch\/wp-content\/uploads\/2022\/02\/logo_de.png\",\"contentUrl\":\"https:\/\/waldspurger.ch\/wp-content\/uploads\/2022\/02\/logo_de.png\",\"width\":320,\"height\":223,\"caption\":\"Waldspurger AG\"},\"image\":{\"@id\":\"https:\/\/waldspurger.ch\/fr\/#\/schema\/logo\/image\/\"},\"sameAs\":[\"https:\/\/ch.linkedin.com\/company\/waldspurger-bergdietikon\",\"https:\/\/www.youtube.com\/channel\/UC4BYucVfPuWzNF4hyfO3YTw\"]},{\"@type\":\"Person\",\"@id\":\"https:\/\/waldspurger.ch\/fr\/#\/schema\/person\/e92a92f5b5a240afd932a5eba15ae94c\",\"name\":\"Adminmoritzi\",\"image\":{\"@type\":\"ImageObject\",\"inLanguage\":\"fr-FR\",\"@id\":\"https:\/\/secure.gravatar.com\/avatar\/4f43fbec0cc1848d75d18da5595fa2e9d12bc02d9d761756323c70efe587d61a?s=96&d=mm&r=g\",\"url\":\"https:\/\/secure.gravatar.com\/avatar\/4f43fbec0cc1848d75d18da5595fa2e9d12bc02d9d761756323c70efe587d61a?s=96&d=mm&r=g\",\"contentUrl\":\"https:\/\/secure.gravatar.com\/avatar\/4f43fbec0cc1848d75d18da5595fa2e9d12bc02d9d761756323c70efe587d61a?s=96&d=mm&r=g\",\"caption\":\"Adminmoritzi\"}}]}<\/script>\n<!-- \/ Yoast SEO plugin. -->","yoast_head_json":{"title":"Bus Scolaires - Waldspurger SA","robots":{"index":"index","follow":"follow","max-snippet":"max-snippet:-1","max-image-preview":"max-image-preview:large","max-video-preview":"max-video-preview:-1"},"canonical":"https:\/\/waldspurger.ch\/fr\/transport-de-personnes\/bus-scolaires\/","og_locale":"fr_FR","og_type":"article","og_title":"Bus Scolaires - Waldspurger SA","og_description":"[vc_section full_width=\u00a0\u00bbstretch_row\u00a0\u00bb full_height=\u00a0\u00bbyes\u00a0\u00bb content_placement=\u00a0\u00bbtop\u00a0\u00bb css_animation=\u00a0\u00bbfadeIn\u00a0\u00bb css=\u00a0\u00bb.vc_custom_1713273820941{margin-top: 0px !important;border-top-width: 0px !important;padding-top: 0px !important;background-image: url(https:\/\/waldspurger.ch\/wp-content\/uploads\/2024\/04\/Waldspurger_AG_Schulbus-VW_Craffter-MAN_TGE.jpg?id=77520) !important;background-position: center !important;background-repeat: no-repeat !important;background-size: cover !important;}\u00a0\u00bb...","og_url":"https:\/\/waldspurger.ch\/fr\/transport-de-personnes\/bus-scolaires\/","og_site_name":"Waldspurger SA","article_modified_time":"2024-10-08T08:00:25+00:00","og_image":[{"width":320,"height":223,"url":"https:\/\/waldspurger.ch\/wp-content\/uploads\/2022\/02\/logo_de.png","type":"image\/png"}],"twitter_card":"summary_large_image","schema":{"@context":"https:\/\/schema.org","@graph":[{"@type":"Article","@id":"https:\/\/waldspurger.ch\/fr\/transport-de-personnes\/bus-scolaires\/#article","isPartOf":{"@id":"https:\/\/waldspurger.ch\/fr\/transport-de-personnes\/bus-scolaires\/"},"author":{"name":"Adminmoritzi","@id":"https:\/\/waldspurger.ch\/fr\/#\/schema\/person\/e92a92f5b5a240afd932a5eba15ae94c"},"headline":"Bus Scolaires","datePublished":"2021-02-05T12:54:27+00:00","dateModified":"2024-10-08T08:00:25+00:00","mainEntityOfPage":{"@id":"https:\/\/waldspurger.ch\/fr\/transport-de-personnes\/bus-scolaires\/"},"wordCount":2317,"publisher":{"@id":"https:\/\/waldspurger.ch\/fr\/#organization"},"inLanguage":"fr-FR"},{"@type":"WebPage","@id":"https:\/\/waldspurger.ch\/fr\/transport-de-personnes\/bus-scolaires\/","url":"https:\/\/waldspurger.ch\/fr\/transport-de-personnes\/bus-scolaires\/","name":"Bus Scolaires - Waldspurger SA","isPartOf":{"@id":"https:\/\/waldspurger.ch\/fr\/#website"},"datePublished":"2021-02-05T12:54:27+00:00","dateModified":"2024-10-08T08:00:25+00:00","breadcrumb":{"@id":"https:\/\/waldspurger.ch\/fr\/transport-de-personnes\/bus-scolaires\/#breadcrumb"},"inLanguage":"fr-FR","potentialAction":[{"@type":"ReadAction","target":["https:\/\/waldspurger.ch\/fr\/transport-de-personnes\/bus-scolaires\/"]}]},{"@type":"BreadcrumbList","@id":"https:\/\/waldspurger.ch\/fr\/transport-de-personnes\/bus-scolaires\/#breadcrumb","itemListElement":[{"@type":"ListItem","position":1,"name":"Startseite","item":"https:\/\/waldspurger.ch\/fr\/"},{"@type":"ListItem","position":2,"name":"Transport de personnes","item":"https:\/\/waldspurger.ch\/fr\/transport-de-personnes\/"},{"@type":"ListItem","position":3,"name":"Bus Scolaires"}]},{"@type":"WebSite","@id":"https:\/\/waldspurger.ch\/fr\/#website","url":"https:\/\/waldspurger.ch\/fr\/","name":"Waldspurger SA","description":"Am\u00e9nagement","publisher":{"@id":"https:\/\/waldspurger.ch\/fr\/#organization"},"potentialAction":[{"@type":"SearchAction","target":{"@type":"EntryPoint","urlTemplate":"https:\/\/waldspurger.ch\/fr\/?s={search_term_string}"},"query-input":{"@type":"PropertyValueSpecification","valueRequired":true,"valueName":"search_term_string"}}],"inLanguage":"fr-FR"},{"@type":"Organization","@id":"https:\/\/waldspurger.ch\/fr\/#organization","name":"Waldspurger AG","url":"https:\/\/waldspurger.ch\/fr\/","logo":{"@type":"ImageObject","inLanguage":"fr-FR","@id":"https:\/\/waldspurger.ch\/fr\/#\/schema\/logo\/image\/","url":"https:\/\/waldspurger.ch\/wp-content\/uploads\/2022\/02\/logo_de.png","contentUrl":"https:\/\/waldspurger.ch\/wp-content\/uploads\/2022\/02\/logo_de.png","width":320,"height":223,"caption":"Waldspurger AG"},"image":{"@id":"https:\/\/waldspurger.ch\/fr\/#\/schema\/logo\/image\/"},"sameAs":["https:\/\/ch.linkedin.com\/company\/waldspurger-bergdietikon","https:\/\/www.youtube.com\/channel\/UC4BYucVfPuWzNF4hyfO3YTw"]},{"@type":"Person","@id":"https:\/\/waldspurger.ch\/fr\/#\/schema\/person\/e92a92f5b5a240afd932a5eba15ae94c","name":"Adminmoritzi","image":{"@type":"ImageObject","inLanguage":"fr-FR","@id":"https:\/\/secure.gravatar.com\/avatar\/4f43fbec0cc1848d75d18da5595fa2e9d12bc02d9d761756323c70efe587d61a?s=96&d=mm&r=g","url":"https:\/\/secure.gravatar.com\/avatar\/4f43fbec0cc1848d75d18da5595fa2e9d12bc02d9d761756323c70efe587d61a?s=96&d=mm&r=g","contentUrl":"https:\/\/secure.gravatar.com\/avatar\/4f43fbec0cc1848d75d18da5595fa2e9d12bc02d9d761756323c70efe587d61a?s=96&d=mm&r=g","caption":"Adminmoritzi"}}]}},"_links":{"self":[{"href":"https:\/\/waldspurger.ch\/fr\/wp-json\/wp\/v2\/pages\/34798","targetHints":{"allow":["GET"]}}],"collection":[{"href":"https:\/\/waldspurger.ch\/fr\/wp-json\/wp\/v2\/pages"}],"about":[{"href":"https:\/\/waldspurger.ch\/fr\/wp-json\/wp\/v2\/types\/page"}],"author":[{"embeddable":true,"href":"https:\/\/waldspurger.ch\/fr\/wp-json\/wp\/v2\/users\/1"}],"replies":[{"embeddable":true,"href":"https:\/\/waldspurger.ch\/fr\/wp-json\/wp\/v2\/comments?post=34798"}],"version-history":[{"count":1,"href":"https:\/\/waldspurger.ch\/fr\/wp-json\/wp\/v2\/pages\/34798\/revisions"}],"predecessor-version":[{"id":78097,"href":"https:\/\/waldspurger.ch\/fr\/wp-json\/wp\/v2\/pages\/34798\/revisions\/78097"}],"up":[{"embeddable":true,"href":"https:\/\/waldspurger.ch\/fr\/wp-json\/wp\/v2\/pages\/34680"}],"wp:attachment":[{"href":"https:\/\/waldspurger.ch\/fr\/wp-json\/wp\/v2\/media?parent=34798"}],"curies":[{"name":"wp","href":"https:\/\/api.w.org\/{rel}","templated":true}]}}