{"id":34781,"date":"2020-02-13T12:06:07","date_gmt":"2020-02-13T11:06:07","guid":{"rendered":"https:\/\/waldspurger.getads.ch\/accessoires\/"},"modified":"2024-05-06T11:22:43","modified_gmt":"2024-05-06T09:22:43","slug":"accessoires","status":"publish","type":"page","link":"https:\/\/waldspurger.ch\/fr\/accessoires\/","title":{"rendered":"Accessoires"},"content":{"rendered":"<div class=\"wpb-content-wrapper\"><p>[vc_section full_width=\u00a0\u00bbstretch_row\u00a0\u00bb full_height=\u00a0\u00bbyes\u00a0\u00bb content_placement=\u00a0\u00bbtop\u00a0\u00bb css_animation=\u00a0\u00bbfadeIn\u00a0\u00bb css=\u00a0\u00bb.vc_custom_1637681105920{margin-top: 0px !important;border-top-width: 0px !important;padding-top: 0px !important;background-image: url(https:\/\/waldspurger.ch\/wp-content\/uploads\/2021\/11\/Waldspurger_Rollstuhltransporter_Zubehoer_2560x1708.jpg?id=32309) !important;background-position: center !important;background-repeat: no-repeat !important;background-size: cover !important;}\u00a0\u00bb el_class=\u00a0\u00bbcustom-fullheight-section\u00a0\u00bb][vc_row full_height=\u00a0\u00bbyes\u00a0\u00bb content_placement=\u00a0\u00bbtop\u00a0\u00bb css_animation=\u00a0\u00bbfadeIn\u00a0\u00bb el_class=\u00a0\u00bbstretch-fullheight-innerrow\u00a0\u00bb effects_enabled_delay=\u00a0\u00bb500&Prime;][vc_column width=\u00a0\u00bb1\/4&Prime; css=\u00a0\u00bb.vc_custom_1582122319023{background-color: rgba(179,32,34,0.58) !important;background-position: center !important;background-repeat: no-repeat !important;background-size: cover !important;*background-color: rgb(179,32,34) !important;}\u00a0\u00bb el_class=\u00a0\u00bb.stretch-fullheight-innerrow-column main-visual-column\u00a0\u00bb][vc_column_text]<\/p>\n<h3 style=\"text-align: center;\"><span style=\"color: #ffffff;\">ACCESSOIRES<\/span><\/h3>\n<p style=\"text-align: center; padding-bottom: 35px;\"><span style=\"color: #ffffff;\">Vous souhaitez installer un appui-t\u00eate et support dorsal ou remplacer la rampe par une plateforme \u00e9l\u00e9vatrice ? Chez Waldspurger, vous trouvez la solution optimale pour adapter votre bus \u00e0 vos besoins sp\u00e9cifiques.<\/span><\/p>\n<p>[\/vc_column_text][\/vc_column][vc_column width=\u00a0\u00bb1\/4&Prime;][\/vc_column][vc_column width=\u00a0\u00bb1\/4&Prime;][\/vc_column][vc_column width=\u00a0\u00bb1\/4&Prime;][\/vc_column][\/vc_row][\/vc_section][vc_row css_animation=\u00a0\u00bbfadeInUp\u00a0\u00bb css=\u00a0\u00bb.vc_custom_1640211332840{margin-top: 0px !important;margin-bottom: 0px !important;padding-top: 70px !important;padding-bottom: 0px !important;}\u00a0\u00bb][vc_column css=\u00a0\u00bb.vc_custom_1640189604590{margin-top: 0px !important;margin-bottom: 0px !important;padding-top: 0px !important;padding-bottom: 0px !important;}\u00a0\u00bb][vc_column_text css=\u00a0\u00bb.vc_custom_1646301524224{margin-top: 0px !important;margin-bottom: 0px !important;padding-top: 0px !important;padding-bottom: 0px !important;}\u00a0\u00bb el_class=\u00a0\u00bbcustom_maxwidth\u00a0\u00bb]<\/p>\n<h2><strong>ACCESSOIRES<\/strong><\/h2>\n<h3>ADAPTATIONS DU V\u00c9HICULE SELON VOS BESOINS SP\u00c9CIFIQUES<\/h3>\n<p>Nous proposons un vaste choix d\u2019options pour am\u00e9nager votre v\u00e9hicule selon vos d\u00e9sirs individuels. Nous vous conseillons volontiers quand il s&rsquo;agit de faciliter \u00e0 vos passagers la mont\u00e9e et la descente du v\u00e9hicule, de renforcer la s\u00e9curit\u00e9 ou d\u2019am\u00e9liorer le climat dans votre bus. \u00c9quip\u00e9 de mani\u00e8re optimale, votre bus sera plus confortable, plus s\u00fbr et plus polyvalent. N\u2019h\u00e9sitez pas \u00e0 nous contacter. Quelle que soit votre question, nous avons une solution \u00e0 vous proposer.[\/vc_column_text][\/vc_column][\/vc_row][vc_row css=\u00a0\u00bb.vc_custom_1640211322072{margin-top: 50px !important;margin-bottom: 0px !important;padding-bottom: 0px !important;}\u00a0\u00bb][vc_column width=\u00a0\u00bb1\/2&Prime; css_animation=\u00a0\u00bbfadeInUp\u00a0\u00bb css=\u00a0\u00bb.vc_custom_1640211309168{margin-bottom: 0px !important;padding-bottom: 50px !important;}\u00a0\u00bb][vc_single_image image=\u00a0\u00bb32340&Prime; img_size=\u00a0\u00bbfull\u00a0\u00bb css=\u00a0\u00bb.vc_custom_1645108831639{margin-top: 0px !important;margin-bottom: 20px !important;}\u00a0\u00bb][vc_column_text css=\u00a0\u00bb.vc_custom_1646301557233{margin-top: 0px !important;}\u00a0\u00bb]<\/p>\n<h3><span style=\"color: #b32022;\">APPUI-T\u00caTE\/PROTECTION DORSALE<\/span><\/h3>\n<p>Les syst\u00e8mes Safetrans\u2122 et SafetransPlus\u2122 avec ceinture de s\u00e9curit\u00e9 \u00e0 3 points int\u00e9gr\u00e9e, avec appui-t\u00eate et protection dorsale offrent un maximum de s\u00e9curit\u00e9 au passager en fauteuil roulant. Les syst\u00e8mes de s\u00e9curit\u00e9 brevet\u00e9s sont install\u00e9s dans le plancher du v\u00e9hicule avec un ancrage de fauteuil roulant.[\/vc_column_text][vc_btn title=\u00a0\u00bbEn savoir plus\u00a0\u00bb style=\u00a0\u00bboutline\u00a0\u00bb el_class=\u00a0\u00bbcustom_button_black\u00a0\u00bb link=\u00a0\u00bburl:https%3A%2F%2Fwaldspurger.ch%2Ffr%2Faccessoires%2Fappui-tete-et-protection-dorsale%2F|title:Appui-t%C3%AAte%20et%20protection%20dorsale\u00a0\u00bb css=\u00a0\u00bb.vc_custom_1642500192006{margin-bottom: 0px !important;padding-bottom: 0px !important;}\u00a0\u00bb][\/vc_column][vc_column width=\u00a0\u00bb1\/2&Prime; css_animation=\u00a0\u00bbfadeInUp\u00a0\u00bb effects_enabled_delay=\u00a0\u00bb200&Prime; css=\u00a0\u00bb.vc_custom_1640210823110{margin-top: 0px !important;margin-bottom: 0px !important;padding-top: 0px !important;padding-bottom: 50px !important;}\u00a0\u00bb][vc_single_image image=\u00a0\u00bb32338&Prime; img_size=\u00a0\u00bbfull\u00a0\u00bb css=\u00a0\u00bb.vc_custom_1645108836990{margin-top: 0px !important;margin-bottom: 20px !important;}\u00a0\u00bb][vc_column_text css=\u00a0\u00bb.vc_custom_1646301645550{margin-top: 0px !important;}\u00a0\u00bb]<\/p>\n<h3><span style=\"color: #b32022;\">RAILS D\u2019ACC\u00c8S POUR FAUTEUIL ROULANT<\/span><\/h3>\n<p>Nos rails d\u2019acc\u00e8s sont une alternative peu co\u00fbteuse pour les transports occasionnels. Les rails d\u2019acc\u00e8s t\u00e9lescopiques en aluminium sont fix\u00e9s individuellement, l\u2019un \u00e0 c\u00f4t\u00e9 de l\u2019autre, sur le plancher du v\u00e9hicule.[\/vc_column_text][vc_btn title=\u00a0\u00bbEn savoir plus\u00a0\u00bb style=\u00a0\u00bboutline\u00a0\u00bb el_class=\u00a0\u00bbcustom_button_black\u00a0\u00bb link=\u00a0\u00bburl:https%3A%2F%2Fwaldspurger.ch%2Ffr%2Faccessoires%2Frails-dacces-pour-fauteuil%2F|title:Rails%20d&rsquo;acc%C3%A8s%20pour%20fauteuil\u00a0\u00bb css=\u00a0\u00bb.vc_custom_1642500206036{margin-bottom: 0px !important;padding-bottom: 0px !important;}\u00a0\u00bb][\/vc_column][\/vc_row][vc_row full_width=\u00a0\u00bbstretch_row\u00a0\u00bb css=\u00a0\u00bb.vc_custom_1640211296792{margin-top: 0px !important;margin-bottom: 0px !important;padding-top: 50px !important;padding-bottom: 0px !important;background-color: #f2f2f2 !important;}\u00a0\u00bb el_id=\u00a0\u00bbverladesysteme\u00a0\u00bb el_class=\u00a0\u00bbc_reverse_row_mobile\u00a0\u00bb][vc_column width=\u00a0\u00bb1\/2&Prime; css_animation=\u00a0\u00bbfadeInUp\u00a0\u00bb css=\u00a0\u00bb.vc_custom_1640211271570{margin-top: 0px !important;margin-bottom: 0px !important;padding-top: 0px !important;padding-bottom: 50px !important;}\u00a0\u00bb][vc_single_image image=\u00a0\u00bb32336&Prime; img_size=\u00a0\u00bbfull\u00a0\u00bb css=\u00a0\u00bb.vc_custom_1645108843225{margin-top: 0px !important;margin-bottom: 20px !important;}\u00a0\u00bb][vc_column_text css=\u00a0\u00bb.vc_custom_1646301663223{margin-top: 0px !important;}\u00a0\u00bb]<\/p>\n<h3><span style=\"color: #b32022;\">RAMPE POUR FAUTEUIL ROULANT<\/span><\/h3>\n<p>Nous proposons diff\u00e9rentes solutions avantageuses et s\u00fbres pour faciliter la mont\u00e9e et la descente du v\u00e9hicule pour le passager en fauteuil roulant.[\/vc_column_text][vc_btn title=\u00a0\u00bbEn savoir plus\u00a0\u00bb style=\u00a0\u00bboutline\u00a0\u00bb el_class=\u00a0\u00bbcustom_button_black\u00a0\u00bb link=\u00a0\u00bburl:https%3A%2F%2Fwaldspurger.ch%2Ffr%2Faccessoires%2Frampe-pour-fauteuil-roulant%2F|title:Rampe%20pour%20fauteuil%20roulant\u00a0\u00bb css=\u00a0\u00bb.vc_custom_1642500167874{margin-bottom: 0px !important;padding-bottom: 0px !important;}\u00a0\u00bb][\/vc_column][vc_column width=\u00a0\u00bb1\/2&Prime; css_animation=\u00a0\u00bbfadeInUp\u00a0\u00bb effects_enabled_delay=\u00a0\u00bb200&Prime; css=\u00a0\u00bb.vc_custom_1640211281909{margin-top: 0px !important;margin-bottom: 0px !important;padding-top: 0px !important;padding-bottom: 50px !important;}\u00a0\u00bb][vc_single_image image=\u00a0\u00bb32334&Prime; img_size=\u00a0\u00bbfull\u00a0\u00bb css=\u00a0\u00bb.vc_custom_1645108847859{margin-top: 0px !important;margin-bottom: 20px !important;}\u00a0\u00bb][vc_column_text css=\u00a0\u00bb.vc_custom_1646301680561{margin-top: 0px !important;}\u00a0\u00bb]<\/p>\n<h3><span style=\"color: #b32022;\">PLATEFORME \u00c9L\u00c9VATRICE<\/span><\/h3>\n<p>Nos diff\u00e9rentes plateformes \u00e9l\u00e9vatrices facilitent le chargement du fauteuil roulant et exigent moins d&rsquo;effort physique de la personne accompagnante.[\/vc_column_text][vc_btn title=\u00a0\u00bbEn savoir plus\u00a0\u00bb style=\u00a0\u00bboutline\u00a0\u00bb el_class=\u00a0\u00bbcustom_button_black\u00a0\u00bb link=\u00a0\u00bburl:https%3A%2F%2Fwaldspurger.ch%2Ffr%2Faccessoires%2Fplatefome-elevatrice%2F|title:Platefome%20%C3%A9l%C3%A9vatrice\u00a0\u00bb css=\u00a0\u00bb.vc_custom_1642500178888{margin-bottom: 0px !important;padding-bottom: 0px !important;}\u00a0\u00bb][\/vc_column][\/vc_row][vc_row css=\u00a0\u00bb.vc_custom_1640211224848{margin-top: 0px !important;margin-bottom: 0px !important;padding-top: 50px !important;padding-bottom: 0px !important;}\u00a0\u00bb][vc_column width=\u00a0\u00bb1\/2&Prime; css_animation=\u00a0\u00bbfadeInUp\u00a0\u00bb css=\u00a0\u00bb.vc_custom_1640211235322{margin-top: 0px !important;margin-bottom: 0px !important;padding-top: 0px !important;padding-bottom: 50px !important;}\u00a0\u00bb][vc_single_image image=\u00a0\u00bb32332&Prime; img_size=\u00a0\u00bbfull\u00a0\u00bb css=\u00a0\u00bb.vc_custom_1645109016844{margin-top: 0px !important;margin-bottom: 20px !important;}\u00a0\u00bb][vc_column_text css=\u00a0\u00bb.vc_custom_1646301699649{margin-top: 0px !important;}\u00a0\u00bb]<\/p>\n<h3><span style=\"color: #b32022;\">FIXATION DU FAUTEUIL ROULANT<\/span><\/h3>\n<p>Un syst\u00e8me de fixation pour tous les types de fauteuils roulants. Avec notre syst\u00e8me brevet\u00e9 \u00e0 4 points Safety, chaque fauteuil roulant peut \u00eatre arrim\u00e9 dans le v\u00e9hicule en toute s\u00e9curit\u00e9. Que ce soit un mod\u00e8le manuel, \u00e9lectrique ou sport.[\/vc_column_text][vc_btn title=\u00a0\u00bbEn savoir plus\u00a0\u00bb style=\u00a0\u00bboutline\u00a0\u00bb el_class=\u00a0\u00bbcustom_button_black\u00a0\u00bb link=\u00a0\u00bburl:https%3A%2F%2Fwaldspurger.ch%2Ffr%2Faccessoires%2Ffixation-du-fauteuil-roulant%2F|title:S%C3%A9curisation%20des%20fauteuils%20roulants\u00a0\u00bb css=\u00a0\u00bb.vc_custom_1642500136880{margin-bottom: 0px !important;padding-bottom: 0px !important;}\u00a0\u00bb][\/vc_column][vc_column width=\u00a0\u00bb1\/2&Prime; css_animation=\u00a0\u00bbfadeInUp\u00a0\u00bb effects_enabled_delay=\u00a0\u00bb200&Prime; css=\u00a0\u00bb.vc_custom_1640211244210{margin-top: 0px !important;margin-bottom: 0px !important;padding-top: 0px !important;padding-bottom: 50px !important;}\u00a0\u00bb][vc_single_image image=\u00a0\u00bb32330&Prime; img_size=\u00a0\u00bbfull\u00a0\u00bb css=\u00a0\u00bb.vc_custom_1645109024362{margin-top: 0px !important;margin-bottom: 20px !important;}\u00a0\u00bb][vc_column_text css=\u00a0\u00bb.vc_custom_1646301716989{margin-top: 0px !important;}\u00a0\u00bb]<\/p>\n<h3><span style=\"color: #b32022;\">TREUIL PORTABLE<\/span><\/h3>\n<p>Le passager en fauteuil roulant, la personne accompagnante, l\u2019angle de rampe ainsi que de nombreux autres facteurs peuvent compliquer, voire rendre impossible, le chargement du fauteuil roulant. Un treuil portable r\u00e9duit l\u2019effort physique et facilite le chargement du fauteuil roulant.[\/vc_column_text][vc_btn title=\u00a0\u00bbEn savoir plus\u00a0\u00bb style=\u00a0\u00bboutline\u00a0\u00bb el_class=\u00a0\u00bbcustom_button_black\u00a0\u00bb link=\u00a0\u00bburl:https%3A%2F%2Fwaldspurger.ch%2Ffr%2Faccessoires%2Ftreuil-portable%2F|title:Treuil%20portable\u00a0\u00bb css=\u00a0\u00bb.vc_custom_1642500151190{margin-bottom: 0px !important;padding-bottom: 0px !important;}\u00a0\u00bb][\/vc_column][\/vc_row][vc_row full_width=\u00a0\u00bbstretch_row\u00a0\u00bb css=\u00a0\u00bb.vc_custom_1640211208016{margin-top: 0px !important;margin-bottom: 0px !important;padding-top: 50px !important;padding-bottom: 0px !important;background-color: #f2f2f2 !important;}\u00a0\u00bb el_class=\u00a0\u00bbc_reverse_row_mobile\u00a0\u00bb][vc_column width=\u00a0\u00bb1\/2&Prime; css_animation=\u00a0\u00bbfadeInUp\u00a0\u00bb css=\u00a0\u00bb.vc_custom_1640211193213{margin-top: 0px !important;margin-bottom: 0px !important;padding-top: 0px !important;padding-bottom: 50px !important;}\u00a0\u00bb][vc_single_image image=\u00a0\u00bb32328&Prime; img_size=\u00a0\u00bbfull\u00a0\u00bb css=\u00a0\u00bb.vc_custom_1645109031381{margin-top: 0px !important;margin-bottom: 20px !important;}\u00a0\u00bb][vc_column_text css=\u00a0\u00bb.vc_custom_1646638219689{margin-top: 0px !important;}\u00a0\u00bb]<\/p>\n<h3><span style=\"color: #b32022;\">SYST\u00c8ME D\u2019AIDE AU CHARGEMENT DE FAUTEUIL ROULANT<\/span><\/h3>\n<p>Nous proposons des syst\u00e8mes d\u2019aide au chargement s\u00fbrs et pratiques pour votre v\u00e9hicule. Nos solutions conviennent tant pour les fauteuils l\u00e9gers \u00e0 propulsion manuelle que pour de gros et lourds fauteuils \u00e9lectriques. Une commande manuelle pour la mont\u00e9e \u00e9lectrique facilite le maniement. Gr\u00e2ce aux bras t\u00e9lescopiques, le fauteuil roulant se laisse man\u0153uvrer ais\u00e9ment \u00e0 travers des portes \u00e9troites et autour de pare-chocs volumineux.[\/vc_column_text][\/vc_column][vc_column width=\u00a0\u00bb1\/2&Prime; css_animation=\u00a0\u00bbfadeInUp\u00a0\u00bb effects_enabled_delay=\u00a0\u00bb200&Prime; css=\u00a0\u00bb.vc_custom_1640211183842{margin-top: 0px !important;margin-bottom: 0px !important;padding-top: 0px !important;padding-bottom: 50px !important;}\u00a0\u00bb][vc_single_image image=\u00a0\u00bb32326&Prime; img_size=\u00a0\u00bbfull\u00a0\u00bb alignment=\u00a0\u00bbcenter\u00a0\u00bb css=\u00a0\u00bb.vc_custom_1645109036233{margin-top: 0px !important;margin-bottom: 20px !important;}\u00a0\u00bb][vc_column_text css=\u00a0\u00bb.vc_custom_1646638149614{margin-top: 0px !important;}\u00a0\u00bb]<\/p>\n<h3><span style=\"color: #b32022;\">PROTECTION POUR BOUCLE DE CEINTURE<\/span><\/h3>\n<p>Ce dispositif de protection emp\u00eache l\u2019ouverture accidentelle de la ceinture de s\u00e9curit\u00e9 lorsque le v\u00e9hicule est en marche. En cas d\u2019utilisation de la protection, la boucle de ceinture se laisse ouvrir \u00e0 l\u2019aide d\u2019un objet fin, p.ex. une cl\u00e9 ou un stylo \u00e0 bille.[\/vc_column_text][\/vc_column][\/vc_row][vc_row css=\u00a0\u00bb.vc_custom_1640211144016{margin-top: 0px !important;margin-bottom: 0px !important;padding-top: 50px !important;padding-bottom: 0px !important;}\u00a0\u00bb][vc_column width=\u00a0\u00bb1\/2&Prime; css_animation=\u00a0\u00bbfadeInUp\u00a0\u00bb el_id=\u00a0\u00bbeinstiegshilfe\u00a0\u00bb css=\u00a0\u00bb.vc_custom_1640211157865{margin-top: 0px !important;margin-bottom: 0px !important;padding-top: 0px !important;padding-bottom: 50px !important;}\u00a0\u00bb][vc_single_image image=\u00a0\u00bb32324&Prime; img_size=\u00a0\u00bbfull\u00a0\u00bb css=\u00a0\u00bb.vc_custom_1645109107503{margin-top: 0px !important;margin-bottom: 20px !important;}\u00a0\u00bb][vc_column_text css=\u00a0\u00bb.vc_custom_1646638227454{margin-top: 20px !important;}\u00a0\u00bb]<\/p>\n<h3><span style=\"color: #b32022;\">AIDES \u00c0 LA MONT\u00c9E<\/span><\/h3>\n<p>Monter et descendre du v\u00e9hicule en toute s\u00e9curit\u00e9 est tr\u00e8s important. C&rsquo;est pourquoi, nous proposons diverses aides \u00e0 la mont\u00e9e tels que des marchepieds \u00e9lectriques ou des barres de maintien.[\/vc_column_text][vc_btn title=\u00a0\u00bbEn savoir plus\u00a0\u00bb style=\u00a0\u00bboutline\u00a0\u00bb el_class=\u00a0\u00bbcustom_button_black\u00a0\u00bb link=\u00a0\u00bburl:https%3A%2F%2Fwaldspurger.ch%2Ffr%2Faccessoires%2Faides-a-la-montee%2F|title:Syst%C3%A8me%20d&rsquo;aide%20au%20chargement%20de%20fauteuil%20roulant\u00a0\u00bb css=\u00a0\u00bb.vc_custom_1642500105988{margin-bottom: 0px !important;padding-bottom: 0px !important;}\u00a0\u00bb][\/vc_column][vc_column width=\u00a0\u00bb1\/2&Prime; css_animation=\u00a0\u00bbfadeInUp\u00a0\u00bb effects_enabled_delay=\u00a0\u00bb200&Prime; css=\u00a0\u00bb.vc_custom_1640211167181{margin-top: 0px !important;margin-bottom: 0px !important;padding-top: 0px !important;padding-bottom: 50px !important;}\u00a0\u00bb][vc_single_image image=\u00a0\u00bb32322&Prime; img_size=\u00a0\u00bbfull\u00a0\u00bb alignment=\u00a0\u00bbcenter\u00a0\u00bb css=\u00a0\u00bb.vc_custom_1645109114105{margin-top: 0px !important;margin-bottom: 20px !important;}\u00a0\u00bb][vc_column_text css=\u00a0\u00bb.vc_custom_1646301780891{margin-top: 0px !important;}\u00a0\u00bb]<\/p>\n<h3><span style=\"color: #b32022;\">CLIMATISATION &amp; CHAUFFAGE AUXILIAIRE<\/span><\/h3>\n<p>Nous proposons des climatisations et chauffages auxiliaires \u00e0 installer ult\u00e9rieurement dans votre v\u00e9hicule. Cela permet d\u2019am\u00e9liorer le climat et le confort pour les passagers.[\/vc_column_text][vc_btn title=\u00a0\u00bbEn savoir plus\u00a0\u00bb style=\u00a0\u00bboutline\u00a0\u00bb el_class=\u00a0\u00bbcustom_button_black\u00a0\u00bb link=\u00a0\u00bburl:https%3A%2F%2Fwaldspurger.ch%2Ffr%2Faccessoires%2Fclimatisation-chauffage-auxiliaire%2F|title:Climatisation%20%26%20Chauffage%20auxiliaire\u00a0\u00bb css=\u00a0\u00bb.vc_custom_1642500118779{margin-bottom: 0px !important;padding-bottom: 0px !important;}\u00a0\u00bb][\/vc_column][\/vc_row][vc_row full_width=\u00a0\u00bbstretch_row\u00a0\u00bb css=\u00a0\u00bb.vc_custom_1640211053814{margin-top: 0px !important;margin-bottom: 0px !important;padding-top: 50px !important;padding-bottom: 0px !important;background-color: #f2f2f2 !important;}\u00a0\u00bb el_class=\u00a0\u00bbc_reverse_row_mobile\u00a0\u00bb][vc_column width=\u00a0\u00bb1\/2&Prime; css_animation=\u00a0\u00bbfadeInUp\u00a0\u00bb css=\u00a0\u00bb.vc_custom_1640211065208{margin-top: 0px !important;margin-bottom: 0px !important;padding-top: 0px !important;padding-bottom: 50px !important;}\u00a0\u00bb][vc_single_image image=\u00a0\u00bb32320&Prime; img_size=\u00a0\u00bbfull\u00a0\u00bb css=\u00a0\u00bb.vc_custom_1645109210651{margin-top: 0px !important;margin-bottom: 20px !important;}\u00a0\u00bb][vc_column_text css=\u00a0\u00bb.vc_custom_1646301799847{margin-top: 0px !important;}\u00a0\u00bb]<\/p>\n<h3><span style=\"color: #b32022;\">HOTTE DE TOIT &amp; VENTILATEUR DE TOIT<\/span><\/h3>\n<p>Qu\u2019il s\u2019agisse de ventilateurs de toit \u00e9lectriques ou de hottes de toit manuelles; ces options assurent un climat int\u00e9rieur agr\u00e9able, une bonne ventilation et\/ou une lumi\u00e8re naturelle dans votre v\u00e9hicule. Nous installons votre ventilation de toit exactement l\u00e0 o\u00f9 vous le souhaitez.[\/vc_column_text][vc_btn title=\u00a0\u00bbEn savoir plus\u00a0\u00bb style=\u00a0\u00bboutline\u00a0\u00bb el_class=\u00a0\u00bbcustom_button_black\u00a0\u00bb link=\u00a0\u00bburl:https%3A%2F%2Fwaldspurger.ch%2Ffr%2Faccessoires%2Fhotte-de-toit-ventilateur-de-toit%2F|title:Hotte%20de%20toit%20%26%20ventilateur%20de%20toit\u00a0\u00bb css=\u00a0\u00bb.vc_custom_1642500087947{margin-bottom: 0px !important;padding-bottom: 0px !important;}\u00a0\u00bb][\/vc_column][vc_column width=\u00a0\u00bb1\/2&Prime; css_animation=\u00a0\u00bbfadeInUp\u00a0\u00bb effects_enabled_delay=\u00a0\u00bb200&Prime; css=\u00a0\u00bb.vc_custom_1640211106958{margin-top: 0px !important;margin-bottom: 0px !important;padding-top: 0px !important;padding-bottom: 50px !important;}\u00a0\u00bb][vc_single_image image=\u00a0\u00bb32318&Prime; img_size=\u00a0\u00bb600&#215;400&Prime; alignment=\u00a0\u00bbcenter\u00a0\u00bb css=\u00a0\u00bb.vc_custom_1645109190595{margin-top: 0px !important;margin-bottom: 20px !important;}\u00a0\u00bb][vc_column_text css=\u00a0\u00bb.vc_custom_1646301816735{margin-top: 0px !important;}\u00a0\u00bb]<\/p>\n<h3><span style=\"color: #b32022;\">PORTE-BAGAGES<\/span><\/h3>\n<p>Dans un bus transportant beaucoup de personnes, la quantit\u00e9 des bagages peut poser probl\u00e8me. Un porte-bagages est pratique pour cr\u00e9er de l\u2019ordre dans le v\u00e9hicule et utiliser de mani\u00e8re optimale l\u2019espace disponible.[\/vc_column_text][\/vc_column][\/vc_row][vc_row css=\u00a0\u00bb.vc_custom_1640210940219{margin-top: 0px !important;margin-bottom: 0px !important;padding-top: 50px !important;padding-bottom: 0px !important;}\u00a0\u00bb][vc_column width=\u00a0\u00bb1\/2&Prime; css_animation=\u00a0\u00bbfadeInUp\u00a0\u00bb css=\u00a0\u00bb.vc_custom_1640210963599{margin-top: 0px !important;margin-bottom: 0px !important;padding-top: 0px !important;padding-bottom: 50px !important;}\u00a0\u00bb][vc_single_image image=\u00a0\u00bb77533&Prime; img_size=\u00a0\u00bbfull\u00a0\u00bb css=\u00a0\u00bb.vc_custom_1714987357336{margin-top: 0px !important;margin-bottom: 20px !important;}\u00a0\u00bb][vc_column_text css=\u00a0\u00bb.vc_custom_1646301833641{margin-top: 0px !important;}\u00a0\u00bb]<\/p>\n<h3><span style=\"color: #b32022;\">PORTE COULISSANTE AUTOMATIQUE<\/span><\/h3>\n<p>La porte coulissante \u00e9lectrique peut \u00eatre ouverte automatiquement par le conducteur par simple pression sur un bouton ou par t\u00e9l\u00e9commande. Cela permet aux passagers de monter et de descendre rapidement et en toute s\u00e9curit\u00e9. Elle dispose d&rsquo;un interrupteur de s\u00e9curit\u00e9 int\u00e9gr\u00e9. Les camionnettes et minibus sortant d\u2019usine sans cette option peuvent ainsi en \u00eatre \u00e9quip\u00e9s apr\u00e8s coup.[\/vc_column_text][\/vc_column][vc_column width=\u00a0\u00bb1\/2&Prime; css_animation=\u00a0\u00bbfadeInUp\u00a0\u00bb effects_enabled_delay=\u00a0\u00bb200&Prime; css=\u00a0\u00bb.vc_custom_1640210977684{margin-top: 0px !important;margin-bottom: 0px !important;padding-top: 0px !important;padding-bottom: 50px !important;}\u00a0\u00bb][vc_single_image image=\u00a0\u00bb32314&Prime; img_size=\u00a0\u00bbfull\u00a0\u00bb css=\u00a0\u00bb.vc_custom_1641302939828{margin-top: 0px !important;}\u00a0\u00bb][vc_column_text css=\u00a0\u00bb.vc_custom_1645109300060{margin-top: 0px !important;margin-bottom: 20px !important;}\u00a0\u00bb]<\/p>\n<h3><span style=\"color: #b32022;\">STORE<\/span><\/h3>\n<p>Avec un store, vous \u00eates \u00e9quip\u00e9s pour faire face \u00e0 tous les temps. Une fois mont\u00e9 sur votre v\u00e9hicule, le store peut \u00eatre mis en place facilement et de mani\u00e8re stable gr\u00e2ce \u00e0 la manivelle pratique et aux pieds de support et offre une protection contre le soleil ou la pluie.[\/vc_column_text][\/vc_column][\/vc_row][vc_row full_width=\u00a0\u00bbstretch_row\u00a0\u00bb css=\u00a0\u00bb.vc_custom_1640211384723{margin-top: 0px !important;margin-bottom: 0px !important;padding-top: 50px !important;padding-bottom: 50px !important;background-color: #f2f2f2 !important;}\u00a0\u00bb el_class=\u00a0\u00bbc_reverse_row_mobile\u00a0\u00bb][vc_column width=\u00a0\u00bb1\/2&Prime; css_animation=\u00a0\u00bbfadeInUp\u00a0\u00bb css=\u00a0\u00bb.vc_custom_1640210992014{margin-top: 0px !important;margin-bottom: 0px !important;padding-top: 0px !important;padding-bottom: 50px !important;}\u00a0\u00bb][vc_single_image image=\u00a0\u00bb32312&Prime; img_size=\u00a0\u00bbfull\u00a0\u00bb alignment=\u00a0\u00bbcenter\u00a0\u00bb css=\u00a0\u00bb.vc_custom_1645109269852{margin-top: 0px !important;margin-bottom: 20px !important;}\u00a0\u00bb][vc_column_text css=\u00a0\u00bb.vc_custom_1645109535155{margin-top: 0px !important;}\u00a0\u00bb]<\/p>\n<h3><span style=\"color: #b32022;\">SOLUTION TABLE<\/span><\/h3>\n<p>Qu&rsquo;il s&rsquo;agisse d&rsquo;une table fixe, rabattable sur la paroi lat\u00e9rale ou mont\u00e9e sur un rail d&rsquo;ancrage et d\u00e9montable, qu&rsquo;il s&rsquo;agisse d&rsquo;une table de travail ou d&rsquo;une table \u00e0 manger, vous trouverez chez nous la solution optimale pour am\u00e9nager votre v\u00e9hicule de la meilleure fa\u00e7on possible.[\/vc_column_text][\/vc_column][\/vc_row]<\/p>\n<\/div>","protected":false},"excerpt":{"rendered":"<p>[vc_section full_width=\u00a0\u00bbstretch_row\u00a0\u00bb full_height=\u00a0\u00bbyes\u00a0\u00bb content_placement=\u00a0\u00bbtop\u00a0\u00bb css_animation=\u00a0\u00bbfadeIn\u00a0\u00bb css=\u00a0\u00bb.vc_custom_1637681105920{margin-top: 0px !important;border-top-width: 0px !important;padding-top: 0px !important;background-image: url(https:\/\/waldspurger.ch\/wp-content\/uploads\/2021\/11\/Waldspurger_Rollstuhltransporter_Zubehoer_2560x1708.jpg?id=32309) !important;background-position: center !important;background-repeat: no-repeat !important;background-size: cover !important;}\u00a0\u00bb&#8230;<\/p>\n","protected":false},"author":1,"featured_media":0,"parent":0,"menu_order":0,"comment_status":"closed","ping_status":"closed","template":"","meta":{"footnotes":""},"class_list":["post-34781","page","type-page","status-publish"],"yoast_head":"<!-- This site is optimized with the Yoast SEO plugin v27.2 - https:\/\/yoast.com\/product\/yoast-seo-wordpress\/ -->\n<title>Accessoires - Waldspurger SA<\/title>\n<meta name=\"robots\" content=\"index, follow, max-snippet:-1, max-image-preview:large, max-video-preview:-1\" \/>\n<link rel=\"canonical\" href=\"https:\/\/waldspurger.ch\/fr\/accessoires\/\" \/>\n<meta property=\"og:locale\" content=\"fr_FR\" \/>\n<meta property=\"og:type\" content=\"article\" \/>\n<meta property=\"og:title\" content=\"Accessoires - Waldspurger SA\" \/>\n<meta property=\"og:description\" content=\"[vc_section full_width=\u00a0\u00bbstretch_row\u00a0\u00bb full_height=\u00a0\u00bbyes\u00a0\u00bb content_placement=\u00a0\u00bbtop\u00a0\u00bb css_animation=\u00a0\u00bbfadeIn\u00a0\u00bb css=\u00a0\u00bb.vc_custom_1637681105920{margin-top: 0px !important;border-top-width: 0px !important;padding-top: 0px !important;background-image: url(https:\/\/waldspurger.ch\/wp-content\/uploads\/2021\/11\/Waldspurger_Rollstuhltransporter_Zubehoer_2560x1708.jpg?id=32309) !important;background-position: center !important;background-repeat: no-repeat !important;background-size: cover !important;}\u00a0\u00bb...\" \/>\n<meta property=\"og:url\" content=\"https:\/\/waldspurger.ch\/fr\/accessoires\/\" \/>\n<meta property=\"og:site_name\" content=\"Waldspurger SA\" \/>\n<meta property=\"article:modified_time\" content=\"2024-05-06T09:22:43+00:00\" \/>\n<meta property=\"og:image\" content=\"https:\/\/waldspurger.ch\/wp-content\/uploads\/2022\/02\/logo_de.png\" \/>\n\t<meta property=\"og:image:width\" content=\"320\" \/>\n\t<meta property=\"og:image:height\" content=\"223\" \/>\n\t<meta property=\"og:image:type\" content=\"image\/png\" \/>\n<meta name=\"twitter:card\" content=\"summary_large_image\" \/>\n<script type=\"application\/ld+json\" class=\"yoast-schema-graph\">{\"@context\":\"https:\/\/schema.org\",\"@graph\":[{\"@type\":\"Article\",\"@id\":\"https:\/\/waldspurger.ch\/fr\/accessoires\/#article\",\"isPartOf\":{\"@id\":\"https:\/\/waldspurger.ch\/fr\/accessoires\/\"},\"author\":{\"name\":\"Adminmoritzi\",\"@id\":\"https:\/\/waldspurger.ch\/fr\/#\/schema\/person\/e92a92f5b5a240afd932a5eba15ae94c\"},\"headline\":\"Accessoires\",\"datePublished\":\"2020-02-13T11:06:07+00:00\",\"dateModified\":\"2024-05-06T09:22:43+00:00\",\"mainEntityOfPage\":{\"@id\":\"https:\/\/waldspurger.ch\/fr\/accessoires\/\"},\"wordCount\":2418,\"publisher\":{\"@id\":\"https:\/\/waldspurger.ch\/fr\/#organization\"},\"inLanguage\":\"fr-FR\"},{\"@type\":\"WebPage\",\"@id\":\"https:\/\/waldspurger.ch\/fr\/accessoires\/\",\"url\":\"https:\/\/waldspurger.ch\/fr\/accessoires\/\",\"name\":\"Accessoires - Waldspurger SA\",\"isPartOf\":{\"@id\":\"https:\/\/waldspurger.ch\/fr\/#website\"},\"datePublished\":\"2020-02-13T11:06:07+00:00\",\"dateModified\":\"2024-05-06T09:22:43+00:00\",\"breadcrumb\":{\"@id\":\"https:\/\/waldspurger.ch\/fr\/accessoires\/#breadcrumb\"},\"inLanguage\":\"fr-FR\",\"potentialAction\":[{\"@type\":\"ReadAction\",\"target\":[\"https:\/\/waldspurger.ch\/fr\/accessoires\/\"]}]},{\"@type\":\"BreadcrumbList\",\"@id\":\"https:\/\/waldspurger.ch\/fr\/accessoires\/#breadcrumb\",\"itemListElement\":[{\"@type\":\"ListItem\",\"position\":1,\"name\":\"Startseite\",\"item\":\"https:\/\/waldspurger.ch\/fr\/\"},{\"@type\":\"ListItem\",\"position\":2,\"name\":\"Accessoires\"}]},{\"@type\":\"WebSite\",\"@id\":\"https:\/\/waldspurger.ch\/fr\/#website\",\"url\":\"https:\/\/waldspurger.ch\/fr\/\",\"name\":\"Waldspurger SA\",\"description\":\"Am\u00e9nagement\",\"publisher\":{\"@id\":\"https:\/\/waldspurger.ch\/fr\/#organization\"},\"potentialAction\":[{\"@type\":\"SearchAction\",\"target\":{\"@type\":\"EntryPoint\",\"urlTemplate\":\"https:\/\/waldspurger.ch\/fr\/?s={search_term_string}\"},\"query-input\":{\"@type\":\"PropertyValueSpecification\",\"valueRequired\":true,\"valueName\":\"search_term_string\"}}],\"inLanguage\":\"fr-FR\"},{\"@type\":\"Organization\",\"@id\":\"https:\/\/waldspurger.ch\/fr\/#organization\",\"name\":\"Waldspurger AG\",\"url\":\"https:\/\/waldspurger.ch\/fr\/\",\"logo\":{\"@type\":\"ImageObject\",\"inLanguage\":\"fr-FR\",\"@id\":\"https:\/\/waldspurger.ch\/fr\/#\/schema\/logo\/image\/\",\"url\":\"https:\/\/waldspurger.ch\/wp-content\/uploads\/2022\/02\/logo_de.png\",\"contentUrl\":\"https:\/\/waldspurger.ch\/wp-content\/uploads\/2022\/02\/logo_de.png\",\"width\":320,\"height\":223,\"caption\":\"Waldspurger AG\"},\"image\":{\"@id\":\"https:\/\/waldspurger.ch\/fr\/#\/schema\/logo\/image\/\"},\"sameAs\":[\"https:\/\/ch.linkedin.com\/company\/waldspurger-bergdietikon\",\"https:\/\/www.youtube.com\/channel\/UC4BYucVfPuWzNF4hyfO3YTw\"]},{\"@type\":\"Person\",\"@id\":\"https:\/\/waldspurger.ch\/fr\/#\/schema\/person\/e92a92f5b5a240afd932a5eba15ae94c\",\"name\":\"Adminmoritzi\",\"image\":{\"@type\":\"ImageObject\",\"inLanguage\":\"fr-FR\",\"@id\":\"https:\/\/secure.gravatar.com\/avatar\/4f43fbec0cc1848d75d18da5595fa2e9d12bc02d9d761756323c70efe587d61a?s=96&d=mm&r=g\",\"url\":\"https:\/\/secure.gravatar.com\/avatar\/4f43fbec0cc1848d75d18da5595fa2e9d12bc02d9d761756323c70efe587d61a?s=96&d=mm&r=g\",\"contentUrl\":\"https:\/\/secure.gravatar.com\/avatar\/4f43fbec0cc1848d75d18da5595fa2e9d12bc02d9d761756323c70efe587d61a?s=96&d=mm&r=g\",\"caption\":\"Adminmoritzi\"}}]}<\/script>\n<!-- \/ Yoast SEO plugin. -->","yoast_head_json":{"title":"Accessoires - Waldspurger SA","robots":{"index":"index","follow":"follow","max-snippet":"max-snippet:-1","max-image-preview":"max-image-preview:large","max-video-preview":"max-video-preview:-1"},"canonical":"https:\/\/waldspurger.ch\/fr\/accessoires\/","og_locale":"fr_FR","og_type":"article","og_title":"Accessoires - Waldspurger SA","og_description":"[vc_section full_width=\u00a0\u00bbstretch_row\u00a0\u00bb full_height=\u00a0\u00bbyes\u00a0\u00bb content_placement=\u00a0\u00bbtop\u00a0\u00bb css_animation=\u00a0\u00bbfadeIn\u00a0\u00bb css=\u00a0\u00bb.vc_custom_1637681105920{margin-top: 0px !important;border-top-width: 0px !important;padding-top: 0px !important;background-image: url(https:\/\/waldspurger.ch\/wp-content\/uploads\/2021\/11\/Waldspurger_Rollstuhltransporter_Zubehoer_2560x1708.jpg?id=32309) !important;background-position: center !important;background-repeat: no-repeat !important;background-size: cover !important;}\u00a0\u00bb...","og_url":"https:\/\/waldspurger.ch\/fr\/accessoires\/","og_site_name":"Waldspurger SA","article_modified_time":"2024-05-06T09:22:43+00:00","og_image":[{"width":320,"height":223,"url":"https:\/\/waldspurger.ch\/wp-content\/uploads\/2022\/02\/logo_de.png","type":"image\/png"}],"twitter_card":"summary_large_image","schema":{"@context":"https:\/\/schema.org","@graph":[{"@type":"Article","@id":"https:\/\/waldspurger.ch\/fr\/accessoires\/#article","isPartOf":{"@id":"https:\/\/waldspurger.ch\/fr\/accessoires\/"},"author":{"name":"Adminmoritzi","@id":"https:\/\/waldspurger.ch\/fr\/#\/schema\/person\/e92a92f5b5a240afd932a5eba15ae94c"},"headline":"Accessoires","datePublished":"2020-02-13T11:06:07+00:00","dateModified":"2024-05-06T09:22:43+00:00","mainEntityOfPage":{"@id":"https:\/\/waldspurger.ch\/fr\/accessoires\/"},"wordCount":2418,"publisher":{"@id":"https:\/\/waldspurger.ch\/fr\/#organization"},"inLanguage":"fr-FR"},{"@type":"WebPage","@id":"https:\/\/waldspurger.ch\/fr\/accessoires\/","url":"https:\/\/waldspurger.ch\/fr\/accessoires\/","name":"Accessoires - Waldspurger SA","isPartOf":{"@id":"https:\/\/waldspurger.ch\/fr\/#website"},"datePublished":"2020-02-13T11:06:07+00:00","dateModified":"2024-05-06T09:22:43+00:00","breadcrumb":{"@id":"https:\/\/waldspurger.ch\/fr\/accessoires\/#breadcrumb"},"inLanguage":"fr-FR","potentialAction":[{"@type":"ReadAction","target":["https:\/\/waldspurger.ch\/fr\/accessoires\/"]}]},{"@type":"BreadcrumbList","@id":"https:\/\/waldspurger.ch\/fr\/accessoires\/#breadcrumb","itemListElement":[{"@type":"ListItem","position":1,"name":"Startseite","item":"https:\/\/waldspurger.ch\/fr\/"},{"@type":"ListItem","position":2,"name":"Accessoires"}]},{"@type":"WebSite","@id":"https:\/\/waldspurger.ch\/fr\/#website","url":"https:\/\/waldspurger.ch\/fr\/","name":"Waldspurger SA","description":"Am\u00e9nagement","publisher":{"@id":"https:\/\/waldspurger.ch\/fr\/#organization"},"potentialAction":[{"@type":"SearchAction","target":{"@type":"EntryPoint","urlTemplate":"https:\/\/waldspurger.ch\/fr\/?s={search_term_string}"},"query-input":{"@type":"PropertyValueSpecification","valueRequired":true,"valueName":"search_term_string"}}],"inLanguage":"fr-FR"},{"@type":"Organization","@id":"https:\/\/waldspurger.ch\/fr\/#organization","name":"Waldspurger AG","url":"https:\/\/waldspurger.ch\/fr\/","logo":{"@type":"ImageObject","inLanguage":"fr-FR","@id":"https:\/\/waldspurger.ch\/fr\/#\/schema\/logo\/image\/","url":"https:\/\/waldspurger.ch\/wp-content\/uploads\/2022\/02\/logo_de.png","contentUrl":"https:\/\/waldspurger.ch\/wp-content\/uploads\/2022\/02\/logo_de.png","width":320,"height":223,"caption":"Waldspurger AG"},"image":{"@id":"https:\/\/waldspurger.ch\/fr\/#\/schema\/logo\/image\/"},"sameAs":["https:\/\/ch.linkedin.com\/company\/waldspurger-bergdietikon","https:\/\/www.youtube.com\/channel\/UC4BYucVfPuWzNF4hyfO3YTw"]},{"@type":"Person","@id":"https:\/\/waldspurger.ch\/fr\/#\/schema\/person\/e92a92f5b5a240afd932a5eba15ae94c","name":"Adminmoritzi","image":{"@type":"ImageObject","inLanguage":"fr-FR","@id":"https:\/\/secure.gravatar.com\/avatar\/4f43fbec0cc1848d75d18da5595fa2e9d12bc02d9d761756323c70efe587d61a?s=96&d=mm&r=g","url":"https:\/\/secure.gravatar.com\/avatar\/4f43fbec0cc1848d75d18da5595fa2e9d12bc02d9d761756323c70efe587d61a?s=96&d=mm&r=g","contentUrl":"https:\/\/secure.gravatar.com\/avatar\/4f43fbec0cc1848d75d18da5595fa2e9d12bc02d9d761756323c70efe587d61a?s=96&d=mm&r=g","caption":"Adminmoritzi"}}]}},"_links":{"self":[{"href":"https:\/\/waldspurger.ch\/fr\/wp-json\/wp\/v2\/pages\/34781","targetHints":{"allow":["GET"]}}],"collection":[{"href":"https:\/\/waldspurger.ch\/fr\/wp-json\/wp\/v2\/pages"}],"about":[{"href":"https:\/\/waldspurger.ch\/fr\/wp-json\/wp\/v2\/types\/page"}],"author":[{"embeddable":true,"href":"https:\/\/waldspurger.ch\/fr\/wp-json\/wp\/v2\/users\/1"}],"replies":[{"embeddable":true,"href":"https:\/\/waldspurger.ch\/fr\/wp-json\/wp\/v2\/comments?post=34781"}],"version-history":[{"count":0,"href":"https:\/\/waldspurger.ch\/fr\/wp-json\/wp\/v2\/pages\/34781\/revisions"}],"wp:attachment":[{"href":"https:\/\/waldspurger.ch\/fr\/wp-json\/wp\/v2\/media?parent=34781"}],"curies":[{"name":"wp","href":"https:\/\/api.w.org\/{rel}","templated":true}]}}